{"id":1372,"date":"2020-01-30T14:40:14","date_gmt":"2020-01-30T13:40:14","guid":{"rendered":"https:\/\/www.salon-achats-environnement-de-travail.fr\/arseg-wpm-conferences"},"modified":"2025-02-06T16:27:06","modified_gmt":"2025-02-06T15:27:06","slug":"arseg-wpm-conferences","status":"publish","type":"page","link":"https:\/\/www.salon-environnement-de-travail-achats.fr\/en\/arseg-wpm-conferences","title":{"rendered":"&#8211; IDET WPM conferences"},"content":{"rendered":"<div class=\"wpb-content-wrapper\"><p>[vc_row][vc_column]\n\t\t\t<!-- START Banni\u00e8re pages REVOLUTION SLIDER 6.6.7 --><p class=\"rs-p-wp-fix\"><\/p>\n\t\t\t<rs-module-wrap id=\"rev_slider_36_1_wrapper\" data-source=\"post\" style=\"visibility:hidden;background:#acacac;padding:0;margin:0px auto;margin-top:0;margin-bottom:0;\">\n\t\t\t\t<rs-module id=\"rev_slider_36_1\" style=\"\" data-version=\"6.6.7\">\n\t\t\t\t\t<rs-slides style=\"overflow: hidden; position: absolute;\">\n\t\t\t\t\t\t<rs-slide style=\"position: absolute;\" data-key=\"rs-1372\" data-title=\"&#8211; IDET WPM conferences\" data-in=\"o:0;\" data-out=\"a:false;\">\n\t\t\t\t\t\t\t<img decoding=\"async\" src=\"\/\/www.salon-environnement-de-travail-achats.fr\/wp-content\/plugins\/revslider\/public\/assets\/assets\/dummy.png\" alt=\"\" title=\"SETA_bandeau-rubriques-1920&#215;300-2023 copie\" width=\"1920\" height=\"300\" class=\"rev-slidebg tp-rs-img rs-lazyload\" data-lazyload=\"\/\/weyoumedia.blob.core.windows.net\/saet\/sites\/7\/2022\/12\/SETA_bandeau-rubriques-1920x300-2023-copie.jpg\" data-bg=\"p:40% 50%;\" data-no-retina>\n<!--\n\t\t\t\t\t\t\t--><rs-layer\n\t\t\t\t\t\t\t\tid=\"slider-36-slide-1372-layer-1\" \n\t\t\t\t\t\t\t\tdata-type=\"text\"\n\t\t\t\t\t\t\t\tdata-xy=\"x:l,l,l,c;y:m;\"\n\t\t\t\t\t\t\t\tdata-text=\"w:normal;s:50;l:53;fw:400,400,500,500;a:right,right,right,center;\"\n\t\t\t\t\t\t\t\tdata-dim=\"w:40%,50%,50%,90%;\"\n\t\t\t\t\t\t\t\tdata-frame_999=\"o:0;st:w;\"\n\t\t\t\t\t\t\t\tstyle=\"z-index:8;font-family:'Roboto';text-transform:uppercase;\"\n\t\t\t\t\t\t\t><h1>Arseg WPM conferences<\/h1><p><\/p> \n\t\t\t\t\t\t\t<\/rs-layer><!--\n-->\t\t\t\t\t\t<\/rs-slide>\n\t\t\t\t\t<\/rs-slides>\n\t\t\t\t\t<rs-static-layers><!--\n\t\t\t\t\t--><\/rs-static-layers>\n\t\t\t\t<\/rs-module>\n\t\t\t\t<script>\n\t\t\t\t\tsetREVStartSize({c: 'rev_slider_36_1',rl:[1240,1024,778,480],el:[300,200,300,300],gw:[1650,1024,778,480],gh:[300,300,300,300],type:'hero',justify:'',layout:'fullwidth',mh:\"450\"});if (window.RS_MODULES!==undefined && window.RS_MODULES.modules!==undefined && window.RS_MODULES.modules[\"revslider361\"]!==undefined) {window.RS_MODULES.modules[\"revslider361\"].once = false;window.revapi36 = undefined;if (window.RS_MODULES.checkMinimal!==undefined) window.RS_MODULES.checkMinimal()}\n\t\t\t\t<\/script>\n\t\t\t<\/rs-module-wrap>\n\t\t\t<!-- END REVOLUTION SLIDER -->\n[\/vc_column][\/vc_row][vc_section][vc_row][vc_column]<div id=\"wyvc-section-title-7734\" class=\"wyvc-section-title wyvc-shortcode wyvc-section-title-1 \">\r\n\t<div class=\"wyvc-st-inner\">\r\n\t\t\t\t\t<div class=\"wyvc-st-title\">\r\n\t\t\t\t<p>IDET &amp; WORKPLACE MAGAZINE CONFERENCES<\/p>\n\t\t\t<\/div>\r\n\t\t\t\t\t<\/div>\r\n<\/div>\r\n<style type=\"text\/css\">#wyvc-section-title-7734.wyvc-section-title-1 .wyvc-st-title::before{content:'SALON DES ACHATS'}<\/style>\r\n<div class=\"wyvc-conferences wyvc-shortcode \">\r\n\t\t<div class=\"weyou-exhibitions weyou-conferences-accordion\">\r\n\t\t<div class=\"conferences-search-wrapper\">\r\n\t\t\t<input type=\"search\" class=\"conferences-search\" name=\"q\" placeholder=\"Search by topic, location, organizer or speaker\u2026\">\r\n\r\n\t\t\t<button type=\"reset\" class=\"conferences-search-clear\" disabled>\r\n\t\t\t\t<svg width=\"32\" height=\"32\" viewBox=\"0 0 32 32\" fill=\"none\" xmlns=\"http:\/\/www.w3.org\/2000\/svg\">\r\n\t\t\t\t\t<rect width=\"32\" height=\"32\" rx=\"16\" fill=\"#F5F5F5\"><\/rect><rect width=\"16.9705\" height=\"1.13137\" rx=\"0.565684\" transform=\"matrix(0.707106 -0.707108 0.707106 0.707108 9.60034 21.6)\" fill=\"black\"><\/rect>\r\n\t\t\t\t\t<rect width=\"16.9705\" height=\"1.13137\" rx=\"0.565684\" transform=\"matrix(-0.707106 -0.707107 0.707106 -0.707108 21.6003 22.4)\" fill=\"black\"><\/rect>\r\n\t\t\t\t<\/svg>\r\n\t\t\t<\/button>\r\n\t\t<\/div>\r\n\t\t\r\n\t\t<div class=\"conferences-menu-wrapper\">\r\n\t\t\t<ul class=\"conferences-menu dates-list\">\r\n\t\t\t\t\t\t\t\t\t\t\t\t\t\t\t<li class=\"button menu-item primary-border\" data-date=\"2026-03-24T00:00:00\">\r\n\t\t\t\t\t\t\t24 March 2026\t\t\t\t\t\t<\/li>\r\n\t\t\t\t\t\t\t\t\t\t\t<li class=\"button menu-item primary-border\" data-date=\"2026-03-25T00:00:00\">\r\n\t\t\t\t\t\t\t25 March 2026\t\t\t\t\t\t<\/li>\r\n\t\t\t\t\t\t\t\t\t\t\t<li class=\"button menu-item primary-border\" data-date=\"2026-03-26T00:00:00\">\r\n\t\t\t\t\t\t\t26 March 2026\t\t\t\t\t\t<\/li>\r\n\t\t\t\t\t\t\t\t\t\t\t\t\t\t\r\n\t\t\t\t<li class=\"all button menu-item\">All<\/li>\r\n\t\t\t<\/ul>\r\n\t\t\t\r\n\t\t\t\t\t<\/div>\r\n\r\n\t\t<div class=\"conferences-accordion\">\r\n\t\t\t\t\t\t\t<div class=\"conferences-accordion-item\" data-date=\"2026-03-24T00:00:00\" data-type=\"idet-conference\">\r\n\t<div class=\"conferences-accordion-header\">\r\n\t\t<div class=\"conference-infos\">\r\n\t\t\t<span class=\"conference-date\">\r\n\t\t\t\t<svg xmlns=\"http:\/\/www.w3.org\/2000\/svg\" height=\"1em\" viewBox=\"0 0 448 512\"><path d=\"M96 32V64H48C21.5 64 0 85.5 0 112v48H448V112c0-26.5-21.5-48-48-48H352V32c0-17.7-14.3-32-32-32s-32 14.3-32 32V64H160V32c0-17.7-14.3-32-32-32S96 14.3 96 32zM448 192H0V464c0 26.5 21.5 48 48 48H400c26.5 0 48-21.5 48-48V192z\"\/><\/svg>\r\n\t\t\t\t24 March 2026\t\t\t<\/span>\r\n\t\t\t<span class=\"conference-time\">\r\n\t\t\t\t<svg xmlns=\"http:\/\/www.w3.org\/2000\/svg\" height=\"1em\" viewBox=\"0 0 512 512\"><path d=\"M256 0a256 256 0 1 1 0 512A256 256 0 1 1 256 0zM232 120V256c0 8 4 15.5 10.7 20l96 64c11 7.4 25.9 4.4 33.3-6.7s4.4-25.9-6.7-33.3L280 243.2V120c0-13.3-10.7-24-24-24s-24 10.7-24 24z\"\/><\/svg>\r\n\t\t\t\t10h30 to 11h15\t\t\t<\/span>\r\n\t\t\t<span class=\"conference-location\">\r\n\t\t\t\t<svg xmlns=\"http:\/\/www.w3.org\/2000\/svg\" height=\"1em\" viewBox=\"0 0 384 512\"><path d=\"M215.7 499.2C267 435 384 279.4 384 192C384 86 298 0 192 0S0 86 0 192c0 87.4 117 243 168.3 307.2c12.3 15.3 35.1 15.3 47.4 0zM192 128a64 64 0 1 1 0 128 64 64 0 1 1 0-128z\"\/><\/svg>\r\n\t\t\t\tPerspectives room\t\t\t<\/span>\r\n\t\t\t\r\n\t\t\t\t\t\t\t<span class=\"conference-type\">\r\n\t\t\t\t\t<svg xmlns=\"http:\/\/www.w3.org\/2000\/svg\" height=\"1em\" viewBox=\"0 0 384 512\"><path d=\"M0 48V487.7C0 501.1 10.9 512 24.3 512c5 0 9.9-1.5 14-4.4L192 400 345.7 507.6c4.1 2.9 9 4.4 14 4.4c13.4 0 24.3-10.9 24.3-24.3V48c0-26.5-21.5-48-48-48H48C21.5 0 0 21.5 0 48z\"\/><\/svg>\r\n\t\t\t\t\tIDET Conference\t\t\t\t<\/span>\r\n\t\t\t\t\t<\/div>\r\n\t\t\r\n\t\t<h3 class=\"conference-title\">Inclusion in action: understanding and supporting sensitive situations<\/h3>\r\n\t\t\r\n\t\t\t\t\t<p class=\"organized-by\">\r\n\t\t\t\tOrganized by IDET\t\t\t<\/p>\r\n\t\t\t\t\r\n\t\t<a class=\"read-more\" href=\"#\">Continue reading<\/a>\r\n\t<\/div>\r\n\t\t\t\t\t\t\t\t\r\n\t<div class=\"conferences-accordion-panel\">\r\n\t\t\r\n\t\t\t\t\t\t<img decoding=\"async\" src=\"https:\/\/weyou.blob.core.windows.net\/images\/exposant\/8e355e85-df27-4d0f-8e16-2dccfd59f805.jpg\" class=\"exhibitor-logo\" alt=\"IDET\">\r\n\t\t\t\t\t\r\n\t\t<div class=\"conference-description\">\r\n\t\t\t<p>Today, companies are faced with the challenge of taking greater account of sensitive situations that require specific responses. Accessibility, health, psychosocial risks, risks of disengagement: from prevention to response, how are companies integrating these individual issues into their QVCT approach?<\/p>\n\t\t<\/div>\r\n\t\t\t\r\n\t\t\t\t\r\n\t\t\t\t\t<p class=\"speakers-title\">Speakers:<\/p>\r\n\t\t\t<div class=\"speakers\">\r\n\t\t\t\t\t\t\t\t\t<div class=\"speaker\">\r\n\t<p><strong>Fr\u00e9d\u00e9ricke  SAUVAGEOT <\/strong><br\/>Director of Quality of Life at Work for Real Estate and Workspaces &ndash; ORANGE<\/p><\/div>\t\t\t\t\t\t\t\t\t<div class=\"speaker\">\r\n\t<p><strong>Marie LARSONNEAU <\/strong><br\/>Head of Outreach and External Relations &ndash; AFMD (ASSOCIATION FRAN\u00c7AISE DES MANAGERS DE LA DIVERSIT\u00c9)<\/p><\/div>\t\t\t\t\t\t\t\t\t<div class=\"speaker\">\r\n\t<p><strong>Sinem  BEAUJEAN <\/strong><br\/>Global Engagement Strategist &ndash; SEDUS<\/p><\/div>\t\t\t\t\t\t\t<\/div>\r\n\t\t\t\t\r\n\t\t\t\t\t<div class=\"exhibitor-share-box\">\r\n\t\t\t\t\t\t\t\t<a href=\"https:\/\/www.facebook.com\/sharer\/sharer.php?u=https%3A%2F%2Fwww.salon-environnement-de-travail-achats.fr%2Fen%2Fconference%2Fidet\" data-network=\"facebook\" aria-label=\"Facebook\" style=\"--official-color: #557dbc\" rel=\"noopener noreferrer nofollow\">\r\n\t\t\t\t\t<span class=\"icon-container\">\r\n\t\t\t\t\t\t<svg width=\"20px\" height=\"20px\" viewBox=\"0 0 20 20\" aria-hidden=\"true\">\r\n\t\t\t\t\t\t\t<path d=\"M20,10.1c0-5.5-4.5-10-10-10S0,4.5,0,10.1c0,5,3.7,9.1,8.4,9.9v-7H5.9v-2.9h2.5V7.9C8.4,5.4,9.9,4,12.2,4c1.1,0,2.2,0.2,2.2,0.2v2.5h-1.3c-1.2,0-1.6,0.8-1.6,1.6v1.9h2.8L13.9,13h-2.3v7C16.3,19.2,20,15.1,20,10.1z\"><\/path>\r\n\t\t\t\t\t\t<\/svg>\r\n\t\t\t\t\t<\/span>\r\n\t\t\t\t<\/a>\r\n\t\t\t\t\t\t\t\r\n\t\t\t\t<a href=\"https:\/\/twitter.com\/share?url=https%3A%2F%2Fwww.salon-environnement-de-travail-achats.fr%2Fen%2Fconference%2Fidet&text=Conferences & workshops organized by IDET - Le Salon des Achats et de L&#039;environnement de Travail\" data-network=\"twitter\" aria-label=\"Twitter\" style=\"--official-color: #7acdee\" rel=\"noopener noreferrer nofollow\">\r\n\t\t\t\t\t<span class=\"icon-container\">\r\n\t\t\t\t\t\t<svg width=\"20px\" height=\"20px\" viewBox=\"0 0 20 20\" aria-hidden=\"true\">\r\n\t\t\t\t\t\t\t<path d=\"M20,3.8c-0.7,0.3-1.5,0.5-2.4,0.6c0.8-0.5,1.5-1.3,1.8-2.3c-0.8,0.5-1.7,0.8-2.6,1c-0.7-0.8-1.8-1.3-3-1.3c-2.3,0-4.1,1.8-4.1,4.1c0,0.3,0,0.6,0.1,0.9C6.4,6.7,3.4,5.1,1.4,2.6C1,3.2,0.8,3.9,0.8,4.7c0,1.4,0.7,2.7,1.8,3.4C2,8.1,1.4,7.9,0.8,7.6c0,0,0,0,0,0.1c0,2,1.4,3.6,3.3,4c-0.3,0.1-0.7,0.1-1.1,0.1c-0.3,0-0.5,0-0.8-0.1c0.5,1.6,2,2.8,3.8,2.8c-1.4,1.1-3.2,1.8-5.1,1.8c-0.3,0-0.7,0-1-0.1c1.8,1.2,4,1.8,6.3,1.8c7.5,0,11.7-6.3,11.7-11.7c0-0.2,0-0.4,0-0.5C18.8,5.3,19.4,4.6,20,3.8z\"><\/path>\r\n\t\t\t\t\t\t<\/svg>\r\n\t\t\t\t\t<\/span>\r\n\t\t\t\t<\/a>\r\n\r\n\t\t\t\t<a href=\"https:\/\/www.linkedin.com\/shareArticle?url=https%3A%2F%2Fwww.salon-environnement-de-travail-achats.fr%2Fen%2Fconference%2Fidet&title=Conferences & workshops organized by IDET - Le Salon des Achats et de L&#039;environnement de Travail\" data-network=\"linkedin\" aria-label=\"LinkedIn\" style=\"--official-color: #1c86c6\" rel=\"noopener noreferrer nofollow\">\r\n\t\t\t\t\t<span class=\"icon-container\">\r\n\t\t\t\t\t\t<svg width=\"20px\" height=\"20px\" viewBox=\"0 0 20 20\" aria-hidden=\"true\">\r\n\t\t\t\t\t\t\t<path d=\"M18.6,0H1.4C0.6,0,0,0.6,0,1.4v17.1C0,19.4,0.6,20,1.4,20h17.1c0.8,0,1.4-0.6,1.4-1.4V1.4C20,0.6,19.4,0,18.6,0z M6,17.1h-3V7.6h3L6,17.1L6,17.1zM4.6,6.3c-1,0-1.7-0.8-1.7-1.7s0.8-1.7,1.7-1.7c0.9,0,1.7,0.8,1.7,1.7C6.3,5.5,5.5,6.3,4.6,6.3z M17.2,17.1h-3v-4.6c0-1.1,0-2.5-1.5-2.5c-1.5,0-1.8,1.2-1.8,2.5v4.7h-3V7.6h2.8v1.3h0c0.4-0.8,1.4-1.5,2.8-1.5c3,0,3.6,2,3.6,4.5V17.1z\"><\/path>\r\n\t\t\t\t\t\t<\/svg>\r\n\t\t\t\t\t<\/span>\r\n\t\t\t\t<\/a>\r\n\t\t\t\t\r\n\t\t\t\t<a href=\"whatsapp:\/\/send?text=https%3A%2F%2Fwww.salon-environnement-de-travail-achats.fr%2Fen%2Fconference%2Fidet\" data-network=\"whatsapp\" aria-label=\"WhatsApp\" style=\"--official-color: #5bba67\" rel=\"noopener noreferrer nofollow\">\r\n\t\t\t\t\t<span class=\"icon-container\">\r\n\t\t\t\t\t\t<svg width=\"20px\" height=\"20px\" viewBox=\"0 0 20 20\" aria-hidden=\"true\">\r\n\t\t\t\t\t\t\t<path d=\"M10,0C4.5,0,0,4.5,0,10c0,1.9,0.5,3.6,1.4,5.1L0.1,20l5-1.3C6.5,19.5,8.2,20,10,20c5.5,0,10-4.5,10-10S15.5,0,10,0zM6.6,5.3c0.2,0,0.3,0,0.5,0c0.2,0,0.4,0,0.6,0.4c0.2,0.5,0.7,1.7,0.8,1.8c0.1,0.1,0.1,0.3,0,0.4C8.3,8.2,8.3,8.3,8.1,8.5C8,8.6,7.9,8.8,7.8,8.9C7.7,9,7.5,9.1,7.7,9.4c0.1,0.2,0.6,1.1,1.4,1.7c0.9,0.8,1.7,1.1,2,1.2c0.2,0.1,0.4,0.1,0.5-0.1c0.1-0.2,0.6-0.7,0.8-1c0.2-0.2,0.3-0.2,0.6-0.1c0.2,0.1,1.4,0.7,1.7,0.8s0.4,0.2,0.5,0.3c0.1,0.1,0.1,0.6-0.1,1.2c-0.2,0.6-1.2,1.1-1.7,1.2c-0.5,0-0.9,0.2-3-0.6c-2.5-1-4.1-3.6-4.2-3.7c-0.1-0.2-1-1.3-1-2.6c0-1.2,0.6-1.8,0.9-2.1C6.1,5.4,6.4,5.3,6.6,5.3z\"><\/path>\r\n\t\t\t\t\t\t<\/svg>\r\n\t\t\t\t\t<\/span>\r\n\t\t\t\t<\/a>\r\n\t\t\t<\/div>\r\n\t\t\t<\/div>\r\n<\/div>\t\t\t\t\t\t\t<div class=\"conferences-accordion-item\" data-date=\"2026-03-24T00:00:00\" data-type=\"idet-conference\">\r\n\t<div class=\"conferences-accordion-header\">\r\n\t\t<div class=\"conference-infos\">\r\n\t\t\t<span class=\"conference-date\">\r\n\t\t\t\t<svg xmlns=\"http:\/\/www.w3.org\/2000\/svg\" height=\"1em\" viewBox=\"0 0 448 512\"><path d=\"M96 32V64H48C21.5 64 0 85.5 0 112v48H448V112c0-26.5-21.5-48-48-48H352V32c0-17.7-14.3-32-32-32s-32 14.3-32 32V64H160V32c0-17.7-14.3-32-32-32S96 14.3 96 32zM448 192H0V464c0 26.5 21.5 48 48 48H400c26.5 0 48-21.5 48-48V192z\"\/><\/svg>\r\n\t\t\t\t24 March 2026\t\t\t<\/span>\r\n\t\t\t<span class=\"conference-time\">\r\n\t\t\t\t<svg xmlns=\"http:\/\/www.w3.org\/2000\/svg\" height=\"1em\" viewBox=\"0 0 512 512\"><path d=\"M256 0a256 256 0 1 1 0 512A256 256 0 1 1 256 0zM232 120V256c0 8 4 15.5 10.7 20l96 64c11 7.4 25.9 4.4 33.3-6.7s4.4-25.9-6.7-33.3L280 243.2V120c0-13.3-10.7-24-24-24s-24 10.7-24 24z\"\/><\/svg>\r\n\t\t\t\t15h00 to 16h00\t\t\t<\/span>\r\n\t\t\t<span class=\"conference-location\">\r\n\t\t\t\t<svg xmlns=\"http:\/\/www.w3.org\/2000\/svg\" height=\"1em\" viewBox=\"0 0 384 512\"><path d=\"M215.7 499.2C267 435 384 279.4 384 192C384 86 298 0 192 0S0 86 0 192c0 87.4 117 243 168.3 307.2c12.3 15.3 35.1 15.3 47.4 0zM192 128a64 64 0 1 1 0 128 64 64 0 1 1 0-128z\"\/><\/svg>\r\n\t\t\t\tPerspectives room\t\t\t<\/span>\r\n\t\t\t\r\n\t\t\t\t\t\t\t<span class=\"conference-type\">\r\n\t\t\t\t\t<svg xmlns=\"http:\/\/www.w3.org\/2000\/svg\" height=\"1em\" viewBox=\"0 0 384 512\"><path d=\"M0 48V487.7C0 501.1 10.9 512 24.3 512c5 0 9.9-1.5 14-4.4L192 400 345.7 507.6c4.1 2.9 9 4.4 14 4.4c13.4 0 24.3-10.9 24.3-24.3V48c0-26.5-21.5-48-48-48H48C21.5 0 0 21.5 0 48z\"\/><\/svg>\r\n\t\t\t\t\tIDET Conference\t\t\t\t<\/span>\r\n\t\t\t\t\t<\/div>\r\n\t\t\r\n\t\t<h3 class=\"conference-title\">How has corporate catering reinvented itself in response to changing employee habits?  <\/h3>\r\n\t\t\r\n\t\t\t\t\t<p class=\"organized-by\">\r\n\t\t\t\tOrganized by IDET\t\t\t<\/p>\r\n\t\t\t\t\r\n\t\t<a class=\"read-more\" href=\"#\">Continue reading<\/a>\r\n\t<\/div>\r\n\t\t\t\t\t\t\t\t\r\n\t<div class=\"conferences-accordion-panel\">\r\n\t\t\r\n\t\t\t\t\t\t<img decoding=\"async\" src=\"https:\/\/weyou.blob.core.windows.net\/images\/exposant\/8e355e85-df27-4d0f-8e16-2dccfd59f805.jpg\" class=\"exhibitor-logo\" alt=\"IDET\">\r\n\t\t\t\t\t\r\n\t\t<div class=\"conference-description\">\r\n\t\t\t<p>Faced with changing habits, corporate catering has had to reinvent itself and rethink its model. Here is a brief overview of the diversity of initiatives in this area to understand how corporate catering remains at the heart of social interaction at work.<\/p>\n\t\t<\/div>\r\n\t\t\t\r\n\t\t\t\t\r\n\t\t\t\t\t<p class=\"speakers-title\">Speakers:<\/p>\r\n\t\t\t<div class=\"speakers\">\r\n\t\t\t\t\t\t\t\t\t<div class=\"speaker\">\r\n\t<p><strong>Ghyslain MORVAN<\/strong><br\/>Founder &ndash; TR\u00c8FLE RESTAURATION<\/p><\/div>\t\t\t\t\t\t\t\t\t<div class=\"speaker\">\r\n\t<p><strong>Manuel MARTINS<\/strong><br\/>Workplace Environment Deputy Director,   &ndash; DANONE<\/p><\/div>\t\t\t\t\t\t\t\t\t<div class=\"speaker\">\r\n\t<p><strong>Franck  \u2013 Deputy Facilites Director , Secr\u00e9taire G\u00e9n\u00e9ral De L\u2019idet DOUAU<\/strong><br\/>Deputy Facilites Director , Secr\u00e9taire G\u00e9n\u00e9ral De L\u2019IDET &ndash; LVMH<\/p><\/div>\t\t\t\t\t\t\t<\/div>\r\n\t\t\t\t\r\n\t\t\t\t\t<div class=\"exhibitor-share-box\">\r\n\t\t\t\t\t\t\t\t<a href=\"https:\/\/www.facebook.com\/sharer\/sharer.php?u=https%3A%2F%2Fwww.salon-environnement-de-travail-achats.fr%2Fen%2Fconference%2Fidet\" data-network=\"facebook\" aria-label=\"Facebook\" style=\"--official-color: #557dbc\" rel=\"noopener noreferrer nofollow\">\r\n\t\t\t\t\t<span class=\"icon-container\">\r\n\t\t\t\t\t\t<svg width=\"20px\" height=\"20px\" viewBox=\"0 0 20 20\" aria-hidden=\"true\">\r\n\t\t\t\t\t\t\t<path d=\"M20,10.1c0-5.5-4.5-10-10-10S0,4.5,0,10.1c0,5,3.7,9.1,8.4,9.9v-7H5.9v-2.9h2.5V7.9C8.4,5.4,9.9,4,12.2,4c1.1,0,2.2,0.2,2.2,0.2v2.5h-1.3c-1.2,0-1.6,0.8-1.6,1.6v1.9h2.8L13.9,13h-2.3v7C16.3,19.2,20,15.1,20,10.1z\"><\/path>\r\n\t\t\t\t\t\t<\/svg>\r\n\t\t\t\t\t<\/span>\r\n\t\t\t\t<\/a>\r\n\t\t\t\t\t\t\t\r\n\t\t\t\t<a href=\"https:\/\/twitter.com\/share?url=https%3A%2F%2Fwww.salon-environnement-de-travail-achats.fr%2Fen%2Fconference%2Fidet&text=Conferences & workshops organized by IDET - Le Salon des Achats et de L&#039;environnement de Travail\" data-network=\"twitter\" aria-label=\"Twitter\" style=\"--official-color: #7acdee\" rel=\"noopener noreferrer nofollow\">\r\n\t\t\t\t\t<span class=\"icon-container\">\r\n\t\t\t\t\t\t<svg width=\"20px\" height=\"20px\" viewBox=\"0 0 20 20\" aria-hidden=\"true\">\r\n\t\t\t\t\t\t\t<path d=\"M20,3.8c-0.7,0.3-1.5,0.5-2.4,0.6c0.8-0.5,1.5-1.3,1.8-2.3c-0.8,0.5-1.7,0.8-2.6,1c-0.7-0.8-1.8-1.3-3-1.3c-2.3,0-4.1,1.8-4.1,4.1c0,0.3,0,0.6,0.1,0.9C6.4,6.7,3.4,5.1,1.4,2.6C1,3.2,0.8,3.9,0.8,4.7c0,1.4,0.7,2.7,1.8,3.4C2,8.1,1.4,7.9,0.8,7.6c0,0,0,0,0,0.1c0,2,1.4,3.6,3.3,4c-0.3,0.1-0.7,0.1-1.1,0.1c-0.3,0-0.5,0-0.8-0.1c0.5,1.6,2,2.8,3.8,2.8c-1.4,1.1-3.2,1.8-5.1,1.8c-0.3,0-0.7,0-1-0.1c1.8,1.2,4,1.8,6.3,1.8c7.5,0,11.7-6.3,11.7-11.7c0-0.2,0-0.4,0-0.5C18.8,5.3,19.4,4.6,20,3.8z\"><\/path>\r\n\t\t\t\t\t\t<\/svg>\r\n\t\t\t\t\t<\/span>\r\n\t\t\t\t<\/a>\r\n\r\n\t\t\t\t<a href=\"https:\/\/www.linkedin.com\/shareArticle?url=https%3A%2F%2Fwww.salon-environnement-de-travail-achats.fr%2Fen%2Fconference%2Fidet&title=Conferences & workshops organized by IDET - Le Salon des Achats et de L&#039;environnement de Travail\" data-network=\"linkedin\" aria-label=\"LinkedIn\" style=\"--official-color: #1c86c6\" rel=\"noopener noreferrer nofollow\">\r\n\t\t\t\t\t<span class=\"icon-container\">\r\n\t\t\t\t\t\t<svg width=\"20px\" height=\"20px\" viewBox=\"0 0 20 20\" aria-hidden=\"true\">\r\n\t\t\t\t\t\t\t<path d=\"M18.6,0H1.4C0.6,0,0,0.6,0,1.4v17.1C0,19.4,0.6,20,1.4,20h17.1c0.8,0,1.4-0.6,1.4-1.4V1.4C20,0.6,19.4,0,18.6,0z M6,17.1h-3V7.6h3L6,17.1L6,17.1zM4.6,6.3c-1,0-1.7-0.8-1.7-1.7s0.8-1.7,1.7-1.7c0.9,0,1.7,0.8,1.7,1.7C6.3,5.5,5.5,6.3,4.6,6.3z M17.2,17.1h-3v-4.6c0-1.1,0-2.5-1.5-2.5c-1.5,0-1.8,1.2-1.8,2.5v4.7h-3V7.6h2.8v1.3h0c0.4-0.8,1.4-1.5,2.8-1.5c3,0,3.6,2,3.6,4.5V17.1z\"><\/path>\r\n\t\t\t\t\t\t<\/svg>\r\n\t\t\t\t\t<\/span>\r\n\t\t\t\t<\/a>\r\n\t\t\t\t\r\n\t\t\t\t<a href=\"whatsapp:\/\/send?text=https%3A%2F%2Fwww.salon-environnement-de-travail-achats.fr%2Fen%2Fconference%2Fidet\" data-network=\"whatsapp\" aria-label=\"WhatsApp\" style=\"--official-color: #5bba67\" rel=\"noopener noreferrer nofollow\">\r\n\t\t\t\t\t<span class=\"icon-container\">\r\n\t\t\t\t\t\t<svg width=\"20px\" height=\"20px\" viewBox=\"0 0 20 20\" aria-hidden=\"true\">\r\n\t\t\t\t\t\t\t<path d=\"M10,0C4.5,0,0,4.5,0,10c0,1.9,0.5,3.6,1.4,5.1L0.1,20l5-1.3C6.5,19.5,8.2,20,10,20c5.5,0,10-4.5,10-10S15.5,0,10,0zM6.6,5.3c0.2,0,0.3,0,0.5,0c0.2,0,0.4,0,0.6,0.4c0.2,0.5,0.7,1.7,0.8,1.8c0.1,0.1,0.1,0.3,0,0.4C8.3,8.2,8.3,8.3,8.1,8.5C8,8.6,7.9,8.8,7.8,8.9C7.7,9,7.5,9.1,7.7,9.4c0.1,0.2,0.6,1.1,1.4,1.7c0.9,0.8,1.7,1.1,2,1.2c0.2,0.1,0.4,0.1,0.5-0.1c0.1-0.2,0.6-0.7,0.8-1c0.2-0.2,0.3-0.2,0.6-0.1c0.2,0.1,1.4,0.7,1.7,0.8s0.4,0.2,0.5,0.3c0.1,0.1,0.1,0.6-0.1,1.2c-0.2,0.6-1.2,1.1-1.7,1.2c-0.5,0-0.9,0.2-3-0.6c-2.5-1-4.1-3.6-4.2-3.7c-0.1-0.2-1-1.3-1-2.6c0-1.2,0.6-1.8,0.9-2.1C6.1,5.4,6.4,5.3,6.6,5.3z\"><\/path>\r\n\t\t\t\t\t\t<\/svg>\r\n\t\t\t\t\t<\/span>\r\n\t\t\t\t<\/a>\r\n\t\t\t<\/div>\r\n\t\t\t<\/div>\r\n<\/div>\t\t\t\t\t\t\t<div class=\"conferences-accordion-item\" data-date=\"2026-03-25T00:00:00\" data-type=\"idet-conference\">\r\n\t<div class=\"conferences-accordion-header\">\r\n\t\t<div class=\"conference-infos\">\r\n\t\t\t<span class=\"conference-date\">\r\n\t\t\t\t<svg xmlns=\"http:\/\/www.w3.org\/2000\/svg\" height=\"1em\" viewBox=\"0 0 448 512\"><path d=\"M96 32V64H48C21.5 64 0 85.5 0 112v48H448V112c0-26.5-21.5-48-48-48H352V32c0-17.7-14.3-32-32-32s-32 14.3-32 32V64H160V32c0-17.7-14.3-32-32-32S96 14.3 96 32zM448 192H0V464c0 26.5 21.5 48 48 48H400c26.5 0 48-21.5 48-48V192z\"\/><\/svg>\r\n\t\t\t\t25 March 2026\t\t\t<\/span>\r\n\t\t\t<span class=\"conference-time\">\r\n\t\t\t\t<svg xmlns=\"http:\/\/www.w3.org\/2000\/svg\" height=\"1em\" viewBox=\"0 0 512 512\"><path d=\"M256 0a256 256 0 1 1 0 512A256 256 0 1 1 256 0zM232 120V256c0 8 4 15.5 10.7 20l96 64c11 7.4 25.9 4.4 33.3-6.7s4.4-25.9-6.7-33.3L280 243.2V120c0-13.3-10.7-24-24-24s-24 10.7-24 24z\"\/><\/svg>\r\n\t\t\t\t14H15 to 15H15\t\t\t<\/span>\r\n\t\t\t<span class=\"conference-location\">\r\n\t\t\t\t<svg xmlns=\"http:\/\/www.w3.org\/2000\/svg\" height=\"1em\" viewBox=\"0 0 384 512\"><path d=\"M215.7 499.2C267 435 384 279.4 384 192C384 86 298 0 192 0S0 86 0 192c0 87.4 117 243 168.3 307.2c12.3 15.3 35.1 15.3 47.4 0zM192 128a64 64 0 1 1 0 128 64 64 0 1 1 0-128z\"\/><\/svg>\r\n\t\t\t\tPerspectives room\t\t\t<\/span>\r\n\t\t\t\r\n\t\t\t\t\t\t\t<span class=\"conference-type\">\r\n\t\t\t\t\t<svg xmlns=\"http:\/\/www.w3.org\/2000\/svg\" height=\"1em\" viewBox=\"0 0 384 512\"><path d=\"M0 48V487.7C0 501.1 10.9 512 24.3 512c5 0 9.9-1.5 14-4.4L192 400 345.7 507.6c4.1 2.9 9 4.4 14 4.4c13.4 0 24.3-10.9 24.3-24.3V48c0-26.5-21.5-48-48-48H48C21.5 0 0 21.5 0 48z\"\/><\/svg>\r\n\t\t\t\t\tIDET Conference\t\t\t\t<\/span>\r\n\t\t\t\t\t<\/div>\r\n\t\t\r\n\t\t<h3 class=\"conference-title\">New ways of working: is the weakening of the collective inevitable?<\/h3>\r\n\t\t\r\n\t\t\t\t\t<p class=\"organized-by\">\r\n\t\t\t\tOrganized by IDET\t\t\t<\/p>\r\n\t\t\t\t\r\n\t\t<a class=\"read-more\" href=\"#\">Continue reading<\/a>\r\n\t<\/div>\r\n\t\t\t\t\t\t\t\t\r\n\t<div class=\"conferences-accordion-panel\">\r\n\t\t\r\n\t\t\t\t\t\t<img decoding=\"async\" src=\"https:\/\/weyou.blob.core.windows.net\/images\/exposant\/8e355e85-df27-4d0f-8e16-2dccfd59f805.jpg\" class=\"exhibitor-logo\" alt=\"IDET\">\r\n\t\t\t\t\t\r\n\t\t<div class=\"conference-description\">\r\n\t\t\t<p>New ways of working emphasize flexibility, which has many benefits, but also presents risks for the collective: isolation, rise of individualism, reduced commitment, loss of cohesion, reduced attachment to the company, etc. So how can we maintain collective momentum in this context? How can we reconcile flexibility and cohesion?&nbsp;<\/p>\n\t\t<\/div>\r\n\t\t\t\r\n\t\t\t\t\r\n\t\t\t\t\t<p class=\"speakers-title\">Speakers:<\/p>\r\n\t\t\t<div class=\"speakers\">\r\n\t\t\t\t\t\t\t\t\t<div class=\"speaker\">\r\n\t<p><strong>Pierre GRENIER<\/strong><br\/>Partner &ndash; MIO&CO<\/p><\/div>\t\t\t\t\t\t\t\t\t<div class=\"speaker\">\r\n\t<p><strong>Hubert LABOUCHE<\/strong><br\/>Director of Work Environment and Safety, Deputy Secretary General of IDET &ndash; BNP PARIBAS PERSONAL FINANCE<\/p><\/div>\t\t\t\t\t\t\t<\/div>\r\n\t\t\t\t\r\n\t\t\t\t\t<div class=\"exhibitor-share-box\">\r\n\t\t\t\t\t\t\t\t<a href=\"https:\/\/www.facebook.com\/sharer\/sharer.php?u=https%3A%2F%2Fwww.salon-environnement-de-travail-achats.fr%2Fen%2Fconference%2Fidet\" data-network=\"facebook\" aria-label=\"Facebook\" style=\"--official-color: #557dbc\" rel=\"noopener noreferrer nofollow\">\r\n\t\t\t\t\t<span class=\"icon-container\">\r\n\t\t\t\t\t\t<svg width=\"20px\" height=\"20px\" viewBox=\"0 0 20 20\" aria-hidden=\"true\">\r\n\t\t\t\t\t\t\t<path d=\"M20,10.1c0-5.5-4.5-10-10-10S0,4.5,0,10.1c0,5,3.7,9.1,8.4,9.9v-7H5.9v-2.9h2.5V7.9C8.4,5.4,9.9,4,12.2,4c1.1,0,2.2,0.2,2.2,0.2v2.5h-1.3c-1.2,0-1.6,0.8-1.6,1.6v1.9h2.8L13.9,13h-2.3v7C16.3,19.2,20,15.1,20,10.1z\"><\/path>\r\n\t\t\t\t\t\t<\/svg>\r\n\t\t\t\t\t<\/span>\r\n\t\t\t\t<\/a>\r\n\t\t\t\t\t\t\t\r\n\t\t\t\t<a href=\"https:\/\/twitter.com\/share?url=https%3A%2F%2Fwww.salon-environnement-de-travail-achats.fr%2Fen%2Fconference%2Fidet&text=Conferences & workshops organized by IDET - Le Salon des Achats et de L&#039;environnement de Travail\" data-network=\"twitter\" aria-label=\"Twitter\" style=\"--official-color: #7acdee\" rel=\"noopener noreferrer nofollow\">\r\n\t\t\t\t\t<span class=\"icon-container\">\r\n\t\t\t\t\t\t<svg width=\"20px\" height=\"20px\" viewBox=\"0 0 20 20\" aria-hidden=\"true\">\r\n\t\t\t\t\t\t\t<path d=\"M20,3.8c-0.7,0.3-1.5,0.5-2.4,0.6c0.8-0.5,1.5-1.3,1.8-2.3c-0.8,0.5-1.7,0.8-2.6,1c-0.7-0.8-1.8-1.3-3-1.3c-2.3,0-4.1,1.8-4.1,4.1c0,0.3,0,0.6,0.1,0.9C6.4,6.7,3.4,5.1,1.4,2.6C1,3.2,0.8,3.9,0.8,4.7c0,1.4,0.7,2.7,1.8,3.4C2,8.1,1.4,7.9,0.8,7.6c0,0,0,0,0,0.1c0,2,1.4,3.6,3.3,4c-0.3,0.1-0.7,0.1-1.1,0.1c-0.3,0-0.5,0-0.8-0.1c0.5,1.6,2,2.8,3.8,2.8c-1.4,1.1-3.2,1.8-5.1,1.8c-0.3,0-0.7,0-1-0.1c1.8,1.2,4,1.8,6.3,1.8c7.5,0,11.7-6.3,11.7-11.7c0-0.2,0-0.4,0-0.5C18.8,5.3,19.4,4.6,20,3.8z\"><\/path>\r\n\t\t\t\t\t\t<\/svg>\r\n\t\t\t\t\t<\/span>\r\n\t\t\t\t<\/a>\r\n\r\n\t\t\t\t<a href=\"https:\/\/www.linkedin.com\/shareArticle?url=https%3A%2F%2Fwww.salon-environnement-de-travail-achats.fr%2Fen%2Fconference%2Fidet&title=Conferences & workshops organized by IDET - Le Salon des Achats et de L&#039;environnement de Travail\" data-network=\"linkedin\" aria-label=\"LinkedIn\" style=\"--official-color: #1c86c6\" rel=\"noopener noreferrer nofollow\">\r\n\t\t\t\t\t<span class=\"icon-container\">\r\n\t\t\t\t\t\t<svg width=\"20px\" height=\"20px\" viewBox=\"0 0 20 20\" aria-hidden=\"true\">\r\n\t\t\t\t\t\t\t<path d=\"M18.6,0H1.4C0.6,0,0,0.6,0,1.4v17.1C0,19.4,0.6,20,1.4,20h17.1c0.8,0,1.4-0.6,1.4-1.4V1.4C20,0.6,19.4,0,18.6,0z M6,17.1h-3V7.6h3L6,17.1L6,17.1zM4.6,6.3c-1,0-1.7-0.8-1.7-1.7s0.8-1.7,1.7-1.7c0.9,0,1.7,0.8,1.7,1.7C6.3,5.5,5.5,6.3,4.6,6.3z M17.2,17.1h-3v-4.6c0-1.1,0-2.5-1.5-2.5c-1.5,0-1.8,1.2-1.8,2.5v4.7h-3V7.6h2.8v1.3h0c0.4-0.8,1.4-1.5,2.8-1.5c3,0,3.6,2,3.6,4.5V17.1z\"><\/path>\r\n\t\t\t\t\t\t<\/svg>\r\n\t\t\t\t\t<\/span>\r\n\t\t\t\t<\/a>\r\n\t\t\t\t\r\n\t\t\t\t<a href=\"whatsapp:\/\/send?text=https%3A%2F%2Fwww.salon-environnement-de-travail-achats.fr%2Fen%2Fconference%2Fidet\" data-network=\"whatsapp\" aria-label=\"WhatsApp\" style=\"--official-color: #5bba67\" rel=\"noopener noreferrer nofollow\">\r\n\t\t\t\t\t<span class=\"icon-container\">\r\n\t\t\t\t\t\t<svg width=\"20px\" height=\"20px\" viewBox=\"0 0 20 20\" aria-hidden=\"true\">\r\n\t\t\t\t\t\t\t<path d=\"M10,0C4.5,0,0,4.5,0,10c0,1.9,0.5,3.6,1.4,5.1L0.1,20l5-1.3C6.5,19.5,8.2,20,10,20c5.5,0,10-4.5,10-10S15.5,0,10,0zM6.6,5.3c0.2,0,0.3,0,0.5,0c0.2,0,0.4,0,0.6,0.4c0.2,0.5,0.7,1.7,0.8,1.8c0.1,0.1,0.1,0.3,0,0.4C8.3,8.2,8.3,8.3,8.1,8.5C8,8.6,7.9,8.8,7.8,8.9C7.7,9,7.5,9.1,7.7,9.4c0.1,0.2,0.6,1.1,1.4,1.7c0.9,0.8,1.7,1.1,2,1.2c0.2,0.1,0.4,0.1,0.5-0.1c0.1-0.2,0.6-0.7,0.8-1c0.2-0.2,0.3-0.2,0.6-0.1c0.2,0.1,1.4,0.7,1.7,0.8s0.4,0.2,0.5,0.3c0.1,0.1,0.1,0.6-0.1,1.2c-0.2,0.6-1.2,1.1-1.7,1.2c-0.5,0-0.9,0.2-3-0.6c-2.5-1-4.1-3.6-4.2-3.7c-0.1-0.2-1-1.3-1-2.6c0-1.2,0.6-1.8,0.9-2.1C6.1,5.4,6.4,5.3,6.6,5.3z\"><\/path>\r\n\t\t\t\t\t\t<\/svg>\r\n\t\t\t\t\t<\/span>\r\n\t\t\t\t<\/a>\r\n\t\t\t<\/div>\r\n\t\t\t<\/div>\r\n<\/div>\t\t\t\t\t\t\t<div class=\"conferences-accordion-item\" data-date=\"2026-03-25T00:00:00\" data-type=\"idet-conference\">\r\n\t<div class=\"conferences-accordion-header\">\r\n\t\t<div class=\"conference-infos\">\r\n\t\t\t<span class=\"conference-date\">\r\n\t\t\t\t<svg xmlns=\"http:\/\/www.w3.org\/2000\/svg\" height=\"1em\" viewBox=\"0 0 448 512\"><path d=\"M96 32V64H48C21.5 64 0 85.5 0 112v48H448V112c0-26.5-21.5-48-48-48H352V32c0-17.7-14.3-32-32-32s-32 14.3-32 32V64H160V32c0-17.7-14.3-32-32-32S96 14.3 96 32zM448 192H0V464c0 26.5 21.5 48 48 48H400c26.5 0 48-21.5 48-48V192z\"\/><\/svg>\r\n\t\t\t\t25 March 2026\t\t\t<\/span>\r\n\t\t\t<span class=\"conference-time\">\r\n\t\t\t\t<svg xmlns=\"http:\/\/www.w3.org\/2000\/svg\" height=\"1em\" viewBox=\"0 0 512 512\"><path d=\"M256 0a256 256 0 1 1 0 512A256 256 0 1 1 256 0zM232 120V256c0 8 4 15.5 10.7 20l96 64c11 7.4 25.9 4.4 33.3-6.7s4.4-25.9-6.7-33.3L280 243.2V120c0-13.3-10.7-24-24-24s-24 10.7-24 24z\"\/><\/svg>\r\n\t\t\t\t16h30 to 17h30\t\t\t<\/span>\r\n\t\t\t<span class=\"conference-location\">\r\n\t\t\t\t<svg xmlns=\"http:\/\/www.w3.org\/2000\/svg\" height=\"1em\" viewBox=\"0 0 384 512\"><path d=\"M215.7 499.2C267 435 384 279.4 384 192C384 86 298 0 192 0S0 86 0 192c0 87.4 117 243 168.3 307.2c12.3 15.3 35.1 15.3 47.4 0zM192 128a64 64 0 1 1 0 128 64 64 0 1 1 0-128z\"\/><\/svg>\r\n\t\t\t\tPerspectives room\t\t\t<\/span>\r\n\t\t\t\r\n\t\t\t\t\t\t\t<span class=\"conference-type\">\r\n\t\t\t\t\t<svg xmlns=\"http:\/\/www.w3.org\/2000\/svg\" height=\"1em\" viewBox=\"0 0 384 512\"><path d=\"M0 48V487.7C0 501.1 10.9 512 24.3 512c5 0 9.9-1.5 14-4.4L192 400 345.7 507.6c4.1 2.9 9 4.4 14 4.4c13.4 0 24.3-10.9 24.3-24.3V48c0-26.5-21.5-48-48-48H48C21.5 0 0 21.5 0 48z\"\/><\/svg>\r\n\t\t\t\t\tIDET Conference\t\t\t\t<\/span>\r\n\t\t\t\t\t<\/div>\r\n\t\t\r\n\t\t<h3 class=\"conference-title\">How can you promote a friendly atmosphere in the office? <\/h3>\r\n\t\t\r\n\t\t\t\t\t<p class=\"organized-by\">\r\n\t\t\t\tOrganized by IDET\t\t\t<\/p>\r\n\t\t\t\t\r\n\t\t<a class=\"read-more\" href=\"#\">Continue reading<\/a>\r\n\t<\/div>\r\n\t\t\t\t\t\t\t\t\r\n\t<div class=\"conferences-accordion-panel\">\r\n\t\t\r\n\t\t\t\t\t\t<img decoding=\"async\" src=\"https:\/\/weyou.blob.core.windows.net\/images\/exposant\/8e355e85-df27-4d0f-8e16-2dccfd59f805.jpg\" class=\"exhibitor-logo\" alt=\"IDET\">\r\n\t\t\t\t\t\r\n\t\t<div class=\"conference-description\">\r\n\t\t\t<p>When considering office occupancy, it is important to understand what makes a workplace pleasant and turns it into a lively place for interaction. The challenge is to explore the idea that people come to the office also (or mainly?) for the people who bring it to life. But to do that, we need to be able to meet them and talk to them in an atmosphere conducive to exchange...&nbsp;<br>Service experience, collaborative spaces, dynamic reception areas, living spaces, etc. What frameworks, systems, and layouts are likely to promote friendly interactions between employees?<\/p>\n\t\t<\/div>\r\n\t\t\t\r\n\t\t\t\t\t<p class=\"speakers-title\">Conference Moderator:<\/p>\r\n\t\t\t<div class=\"speakers\">\r\n\t\t\t\t\t\t\t\t\t<div class=\"speaker\">\r\n\t<img decoding=\"async\" src=\"https:\/\/www.salon-environnement-de-travail-achats.fr\/wp-content\/plugins\/weyou-exhibitions\/\/public\/img\/user.png\" alt=\"V\u00e9ronique GU\u00c9LAIN \"><p><strong>V\u00e9ronique GU\u00c9LAIN <\/strong><br\/>DET, COSUR IDET &ndash; MACIF<\/p><\/div>\t\t\t\t\t\t\t<\/div>\r\n\t\t\t\t\r\n\t\t\t\t\t<p class=\"speakers-title\">Speakers:<\/p>\r\n\t\t\t<div class=\"speakers\">\r\n\t\t\t\t\t\t\t\t\t<div class=\"speaker\">\r\n\t<p><strong>Dominique  DELATTRE DEMETZ <\/strong><br\/>Director of Workplace Operations, , Membre du Conseil de Surveillance de l\u2019IDET &ndash; CHATEAUFORM<\/p><\/div>\t\t\t\t\t\t\t\t\t<div class=\"speaker\">\r\n\t<p><strong>Laurence  THEBAULT <\/strong><br\/>OCS Market Manager &ndash; CAF\u00c9S RICHARD<\/p><\/div>\t\t\t\t\t\t\t<\/div>\r\n\t\t\t\t\r\n\t\t\t\t\t<div class=\"exhibitor-share-box\">\r\n\t\t\t\t\t\t\t\t<a href=\"https:\/\/www.facebook.com\/sharer\/sharer.php?u=https%3A%2F%2Fwww.salon-environnement-de-travail-achats.fr%2Fen%2Fconference%2Fidet\" data-network=\"facebook\" aria-label=\"Facebook\" style=\"--official-color: #557dbc\" rel=\"noopener noreferrer nofollow\">\r\n\t\t\t\t\t<span class=\"icon-container\">\r\n\t\t\t\t\t\t<svg width=\"20px\" height=\"20px\" viewBox=\"0 0 20 20\" aria-hidden=\"true\">\r\n\t\t\t\t\t\t\t<path d=\"M20,10.1c0-5.5-4.5-10-10-10S0,4.5,0,10.1c0,5,3.7,9.1,8.4,9.9v-7H5.9v-2.9h2.5V7.9C8.4,5.4,9.9,4,12.2,4c1.1,0,2.2,0.2,2.2,0.2v2.5h-1.3c-1.2,0-1.6,0.8-1.6,1.6v1.9h2.8L13.9,13h-2.3v7C16.3,19.2,20,15.1,20,10.1z\"><\/path>\r\n\t\t\t\t\t\t<\/svg>\r\n\t\t\t\t\t<\/span>\r\n\t\t\t\t<\/a>\r\n\t\t\t\t\t\t\t\r\n\t\t\t\t<a href=\"https:\/\/twitter.com\/share?url=https%3A%2F%2Fwww.salon-environnement-de-travail-achats.fr%2Fen%2Fconference%2Fidet&text=Conferences & workshops organized by IDET - Le Salon des Achats et de L&#039;environnement de Travail\" data-network=\"twitter\" aria-label=\"Twitter\" style=\"--official-color: #7acdee\" rel=\"noopener noreferrer nofollow\">\r\n\t\t\t\t\t<span class=\"icon-container\">\r\n\t\t\t\t\t\t<svg width=\"20px\" height=\"20px\" viewBox=\"0 0 20 20\" aria-hidden=\"true\">\r\n\t\t\t\t\t\t\t<path d=\"M20,3.8c-0.7,0.3-1.5,0.5-2.4,0.6c0.8-0.5,1.5-1.3,1.8-2.3c-0.8,0.5-1.7,0.8-2.6,1c-0.7-0.8-1.8-1.3-3-1.3c-2.3,0-4.1,1.8-4.1,4.1c0,0.3,0,0.6,0.1,0.9C6.4,6.7,3.4,5.1,1.4,2.6C1,3.2,0.8,3.9,0.8,4.7c0,1.4,0.7,2.7,1.8,3.4C2,8.1,1.4,7.9,0.8,7.6c0,0,0,0,0,0.1c0,2,1.4,3.6,3.3,4c-0.3,0.1-0.7,0.1-1.1,0.1c-0.3,0-0.5,0-0.8-0.1c0.5,1.6,2,2.8,3.8,2.8c-1.4,1.1-3.2,1.8-5.1,1.8c-0.3,0-0.7,0-1-0.1c1.8,1.2,4,1.8,6.3,1.8c7.5,0,11.7-6.3,11.7-11.7c0-0.2,0-0.4,0-0.5C18.8,5.3,19.4,4.6,20,3.8z\"><\/path>\r\n\t\t\t\t\t\t<\/svg>\r\n\t\t\t\t\t<\/span>\r\n\t\t\t\t<\/a>\r\n\r\n\t\t\t\t<a href=\"https:\/\/www.linkedin.com\/shareArticle?url=https%3A%2F%2Fwww.salon-environnement-de-travail-achats.fr%2Fen%2Fconference%2Fidet&title=Conferences & workshops organized by IDET - Le Salon des Achats et de L&#039;environnement de Travail\" data-network=\"linkedin\" aria-label=\"LinkedIn\" style=\"--official-color: #1c86c6\" rel=\"noopener noreferrer nofollow\">\r\n\t\t\t\t\t<span class=\"icon-container\">\r\n\t\t\t\t\t\t<svg width=\"20px\" height=\"20px\" viewBox=\"0 0 20 20\" aria-hidden=\"true\">\r\n\t\t\t\t\t\t\t<path d=\"M18.6,0H1.4C0.6,0,0,0.6,0,1.4v17.1C0,19.4,0.6,20,1.4,20h17.1c0.8,0,1.4-0.6,1.4-1.4V1.4C20,0.6,19.4,0,18.6,0z M6,17.1h-3V7.6h3L6,17.1L6,17.1zM4.6,6.3c-1,0-1.7-0.8-1.7-1.7s0.8-1.7,1.7-1.7c0.9,0,1.7,0.8,1.7,1.7C6.3,5.5,5.5,6.3,4.6,6.3z M17.2,17.1h-3v-4.6c0-1.1,0-2.5-1.5-2.5c-1.5,0-1.8,1.2-1.8,2.5v4.7h-3V7.6h2.8v1.3h0c0.4-0.8,1.4-1.5,2.8-1.5c3,0,3.6,2,3.6,4.5V17.1z\"><\/path>\r\n\t\t\t\t\t\t<\/svg>\r\n\t\t\t\t\t<\/span>\r\n\t\t\t\t<\/a>\r\n\t\t\t\t\r\n\t\t\t\t<a href=\"whatsapp:\/\/send?text=https%3A%2F%2Fwww.salon-environnement-de-travail-achats.fr%2Fen%2Fconference%2Fidet\" data-network=\"whatsapp\" aria-label=\"WhatsApp\" style=\"--official-color: #5bba67\" rel=\"noopener noreferrer nofollow\">\r\n\t\t\t\t\t<span class=\"icon-container\">\r\n\t\t\t\t\t\t<svg width=\"20px\" height=\"20px\" viewBox=\"0 0 20 20\" aria-hidden=\"true\">\r\n\t\t\t\t\t\t\t<path d=\"M10,0C4.5,0,0,4.5,0,10c0,1.9,0.5,3.6,1.4,5.1L0.1,20l5-1.3C6.5,19.5,8.2,20,10,20c5.5,0,10-4.5,10-10S15.5,0,10,0zM6.6,5.3c0.2,0,0.3,0,0.5,0c0.2,0,0.4,0,0.6,0.4c0.2,0.5,0.7,1.7,0.8,1.8c0.1,0.1,0.1,0.3,0,0.4C8.3,8.2,8.3,8.3,8.1,8.5C8,8.6,7.9,8.8,7.8,8.9C7.7,9,7.5,9.1,7.7,9.4c0.1,0.2,0.6,1.1,1.4,1.7c0.9,0.8,1.7,1.1,2,1.2c0.2,0.1,0.4,0.1,0.5-0.1c0.1-0.2,0.6-0.7,0.8-1c0.2-0.2,0.3-0.2,0.6-0.1c0.2,0.1,1.4,0.7,1.7,0.8s0.4,0.2,0.5,0.3c0.1,0.1,0.1,0.6-0.1,1.2c-0.2,0.6-1.2,1.1-1.7,1.2c-0.5,0-0.9,0.2-3-0.6c-2.5-1-4.1-3.6-4.2-3.7c-0.1-0.2-1-1.3-1-2.6c0-1.2,0.6-1.8,0.9-2.1C6.1,5.4,6.4,5.3,6.6,5.3z\"><\/path>\r\n\t\t\t\t\t\t<\/svg>\r\n\t\t\t\t\t<\/span>\r\n\t\t\t\t<\/a>\r\n\t\t\t<\/div>\r\n\t\t\t<\/div>\r\n<\/div>\t\t\t\t\t\t\t<div class=\"conferences-accordion-item\" data-date=\"2026-03-26T00:00:00\" data-type=\"idet-conference\">\r\n\t<div class=\"conferences-accordion-header\">\r\n\t\t<div class=\"conference-infos\">\r\n\t\t\t<span class=\"conference-date\">\r\n\t\t\t\t<svg xmlns=\"http:\/\/www.w3.org\/2000\/svg\" height=\"1em\" viewBox=\"0 0 448 512\"><path d=\"M96 32V64H48C21.5 64 0 85.5 0 112v48H448V112c0-26.5-21.5-48-48-48H352V32c0-17.7-14.3-32-32-32s-32 14.3-32 32V64H160V32c0-17.7-14.3-32-32-32S96 14.3 96 32zM448 192H0V464c0 26.5 21.5 48 48 48H400c26.5 0 48-21.5 48-48V192z\"\/><\/svg>\r\n\t\t\t\t26 March 2026\t\t\t<\/span>\r\n\t\t\t<span class=\"conference-time\">\r\n\t\t\t\t<svg xmlns=\"http:\/\/www.w3.org\/2000\/svg\" height=\"1em\" viewBox=\"0 0 512 512\"><path d=\"M256 0a256 256 0 1 1 0 512A256 256 0 1 1 256 0zM232 120V256c0 8 4 15.5 10.7 20l96 64c11 7.4 25.9 4.4 33.3-6.7s4.4-25.9-6.7-33.3L280 243.2V120c0-13.3-10.7-24-24-24s-24 10.7-24 24z\"\/><\/svg>\r\n\t\t\t\t09h45 to 10h45\t\t\t<\/span>\r\n\t\t\t<span class=\"conference-location\">\r\n\t\t\t\t<svg xmlns=\"http:\/\/www.w3.org\/2000\/svg\" height=\"1em\" viewBox=\"0 0 384 512\"><path d=\"M215.7 499.2C267 435 384 279.4 384 192C384 86 298 0 192 0S0 86 0 192c0 87.4 117 243 168.3 307.2c12.3 15.3 35.1 15.3 47.4 0zM192 128a64 64 0 1 1 0 128 64 64 0 1 1 0-128z\"\/><\/svg>\r\n\t\t\t\tPerspectives room\t\t\t<\/span>\r\n\t\t\t\r\n\t\t\t\t\t\t\t<span class=\"conference-type\">\r\n\t\t\t\t\t<svg xmlns=\"http:\/\/www.w3.org\/2000\/svg\" height=\"1em\" viewBox=\"0 0 384 512\"><path d=\"M0 48V487.7C0 501.1 10.9 512 24.3 512c5 0 9.9-1.5 14-4.4L192 400 345.7 507.6c4.1 2.9 9 4.4 14 4.4c13.4 0 24.3-10.9 24.3-24.3V48c0-26.5-21.5-48-48-48H48C21.5 0 0 21.5 0 48z\"\/><\/svg>\r\n\t\t\t\t\tIDET Conference\t\t\t\t<\/span>\r\n\t\t\t\t\t<\/div>\r\n\t\t\r\n\t\t<h3 class=\"conference-title\">Circular economy: recycling during a move<\/h3>\r\n\t\t\r\n\t\t\t\t\t<p class=\"organized-by\">\r\n\t\t\t\tOrganized by IDET\t\t\t<\/p>\r\n\t\t\t\t\r\n\t\t<a class=\"read-more\" href=\"#\">Continue reading<\/a>\r\n\t<\/div>\r\n\t\t\t\t\t\t\t\t\r\n\t<div class=\"conferences-accordion-panel\">\r\n\t\t\r\n\t\t\t\t\t\t<img decoding=\"async\" src=\"https:\/\/weyou.blob.core.windows.net\/images\/exposant\/8e355e85-df27-4d0f-8e16-2dccfd59f805.jpg\" class=\"exhibitor-logo\" alt=\"IDET\">\r\n\t\t\t\t\t\r\n\t\t<div class=\"conference-description\">\r\n\t\t\t<p>Managing a move is, in many ways, strategic for workplace managers. It has become particularly important in terms of environmental responsibility. Recycling, upcycling, reuse: how are workplace managers getting in tune with sustainability when moving?&nbsp;<\/p>\n\t\t<\/div>\r\n\t\t\t\r\n\t\t\t\t\r\n\t\t\t\t\t<p class=\"speakers-title\">Speakers:<\/p>\r\n\t\t\t<div class=\"speakers\">\r\n\t\t\t\t\t\t\t\t\t<div class=\"speaker\">\r\n\t<p><strong>Kamel AISSAOUI <\/strong><br\/>Head of Real Estate Operations for the Paris Region, Member of the Supervisory Board of IDET &ndash; BOUYGUES TELECOM<\/p><\/div>\t\t\t\t\t\t\t\t\t<div class=\"speaker\">\r\n\t<p><strong>Lionel  PITHOUD<\/strong><br\/>Director of Furniture Division &ndash; RE.YOU, <\/p><\/div>\t\t\t\t\t\t\t<\/div>\r\n\t\t\t\t\r\n\t\t\t\t\t<div class=\"exhibitor-share-box\">\r\n\t\t\t\t\t\t\t\t<a href=\"https:\/\/www.facebook.com\/sharer\/sharer.php?u=https%3A%2F%2Fwww.salon-environnement-de-travail-achats.fr%2Fen%2Fconference%2Fidet\" data-network=\"facebook\" aria-label=\"Facebook\" style=\"--official-color: #557dbc\" rel=\"noopener noreferrer nofollow\">\r\n\t\t\t\t\t<span class=\"icon-container\">\r\n\t\t\t\t\t\t<svg width=\"20px\" height=\"20px\" viewBox=\"0 0 20 20\" aria-hidden=\"true\">\r\n\t\t\t\t\t\t\t<path d=\"M20,10.1c0-5.5-4.5-10-10-10S0,4.5,0,10.1c0,5,3.7,9.1,8.4,9.9v-7H5.9v-2.9h2.5V7.9C8.4,5.4,9.9,4,12.2,4c1.1,0,2.2,0.2,2.2,0.2v2.5h-1.3c-1.2,0-1.6,0.8-1.6,1.6v1.9h2.8L13.9,13h-2.3v7C16.3,19.2,20,15.1,20,10.1z\"><\/path>\r\n\t\t\t\t\t\t<\/svg>\r\n\t\t\t\t\t<\/span>\r\n\t\t\t\t<\/a>\r\n\t\t\t\t\t\t\t\r\n\t\t\t\t<a href=\"https:\/\/twitter.com\/share?url=https%3A%2F%2Fwww.salon-environnement-de-travail-achats.fr%2Fen%2Fconference%2Fidet&text=Conferences & workshops organized by IDET - Le Salon des Achats et de L&#039;environnement de Travail\" data-network=\"twitter\" aria-label=\"Twitter\" style=\"--official-color: #7acdee\" rel=\"noopener noreferrer nofollow\">\r\n\t\t\t\t\t<span class=\"icon-container\">\r\n\t\t\t\t\t\t<svg width=\"20px\" height=\"20px\" viewBox=\"0 0 20 20\" aria-hidden=\"true\">\r\n\t\t\t\t\t\t\t<path d=\"M20,3.8c-0.7,0.3-1.5,0.5-2.4,0.6c0.8-0.5,1.5-1.3,1.8-2.3c-0.8,0.5-1.7,0.8-2.6,1c-0.7-0.8-1.8-1.3-3-1.3c-2.3,0-4.1,1.8-4.1,4.1c0,0.3,0,0.6,0.1,0.9C6.4,6.7,3.4,5.1,1.4,2.6C1,3.2,0.8,3.9,0.8,4.7c0,1.4,0.7,2.7,1.8,3.4C2,8.1,1.4,7.9,0.8,7.6c0,0,0,0,0,0.1c0,2,1.4,3.6,3.3,4c-0.3,0.1-0.7,0.1-1.1,0.1c-0.3,0-0.5,0-0.8-0.1c0.5,1.6,2,2.8,3.8,2.8c-1.4,1.1-3.2,1.8-5.1,1.8c-0.3,0-0.7,0-1-0.1c1.8,1.2,4,1.8,6.3,1.8c7.5,0,11.7-6.3,11.7-11.7c0-0.2,0-0.4,0-0.5C18.8,5.3,19.4,4.6,20,3.8z\"><\/path>\r\n\t\t\t\t\t\t<\/svg>\r\n\t\t\t\t\t<\/span>\r\n\t\t\t\t<\/a>\r\n\r\n\t\t\t\t<a href=\"https:\/\/www.linkedin.com\/shareArticle?url=https%3A%2F%2Fwww.salon-environnement-de-travail-achats.fr%2Fen%2Fconference%2Fidet&title=Conferences & workshops organized by IDET - Le Salon des Achats et de L&#039;environnement de Travail\" data-network=\"linkedin\" aria-label=\"LinkedIn\" style=\"--official-color: #1c86c6\" rel=\"noopener noreferrer nofollow\">\r\n\t\t\t\t\t<span class=\"icon-container\">\r\n\t\t\t\t\t\t<svg width=\"20px\" height=\"20px\" viewBox=\"0 0 20 20\" aria-hidden=\"true\">\r\n\t\t\t\t\t\t\t<path d=\"M18.6,0H1.4C0.6,0,0,0.6,0,1.4v17.1C0,19.4,0.6,20,1.4,20h17.1c0.8,0,1.4-0.6,1.4-1.4V1.4C20,0.6,19.4,0,18.6,0z M6,17.1h-3V7.6h3L6,17.1L6,17.1zM4.6,6.3c-1,0-1.7-0.8-1.7-1.7s0.8-1.7,1.7-1.7c0.9,0,1.7,0.8,1.7,1.7C6.3,5.5,5.5,6.3,4.6,6.3z M17.2,17.1h-3v-4.6c0-1.1,0-2.5-1.5-2.5c-1.5,0-1.8,1.2-1.8,2.5v4.7h-3V7.6h2.8v1.3h0c0.4-0.8,1.4-1.5,2.8-1.5c3,0,3.6,2,3.6,4.5V17.1z\"><\/path>\r\n\t\t\t\t\t\t<\/svg>\r\n\t\t\t\t\t<\/span>\r\n\t\t\t\t<\/a>\r\n\t\t\t\t\r\n\t\t\t\t<a href=\"whatsapp:\/\/send?text=https%3A%2F%2Fwww.salon-environnement-de-travail-achats.fr%2Fen%2Fconference%2Fidet\" data-network=\"whatsapp\" aria-label=\"WhatsApp\" style=\"--official-color: #5bba67\" rel=\"noopener noreferrer nofollow\">\r\n\t\t\t\t\t<span class=\"icon-container\">\r\n\t\t\t\t\t\t<svg width=\"20px\" height=\"20px\" viewBox=\"0 0 20 20\" aria-hidden=\"true\">\r\n\t\t\t\t\t\t\t<path d=\"M10,0C4.5,0,0,4.5,0,10c0,1.9,0.5,3.6,1.4,5.1L0.1,20l5-1.3C6.5,19.5,8.2,20,10,20c5.5,0,10-4.5,10-10S15.5,0,10,0zM6.6,5.3c0.2,0,0.3,0,0.5,0c0.2,0,0.4,0,0.6,0.4c0.2,0.5,0.7,1.7,0.8,1.8c0.1,0.1,0.1,0.3,0,0.4C8.3,8.2,8.3,8.3,8.1,8.5C8,8.6,7.9,8.8,7.8,8.9C7.7,9,7.5,9.1,7.7,9.4c0.1,0.2,0.6,1.1,1.4,1.7c0.9,0.8,1.7,1.1,2,1.2c0.2,0.1,0.4,0.1,0.5-0.1c0.1-0.2,0.6-0.7,0.8-1c0.2-0.2,0.3-0.2,0.6-0.1c0.2,0.1,1.4,0.7,1.7,0.8s0.4,0.2,0.5,0.3c0.1,0.1,0.1,0.6-0.1,1.2c-0.2,0.6-1.2,1.1-1.7,1.2c-0.5,0-0.9,0.2-3-0.6c-2.5-1-4.1-3.6-4.2-3.7c-0.1-0.2-1-1.3-1-2.6c0-1.2,0.6-1.8,0.9-2.1C6.1,5.4,6.4,5.3,6.6,5.3z\"><\/path>\r\n\t\t\t\t\t\t<\/svg>\r\n\t\t\t\t\t<\/span>\r\n\t\t\t\t<\/a>\r\n\t\t\t<\/div>\r\n\t\t\t<\/div>\r\n<\/div>\t\t\t\t\t\t\t<div class=\"conferences-accordion-item\" data-date=\"2026-03-26T00:00:00\" data-type=\"idet-conference\">\r\n\t<div class=\"conferences-accordion-header\">\r\n\t\t<div class=\"conference-infos\">\r\n\t\t\t<span class=\"conference-date\">\r\n\t\t\t\t<svg xmlns=\"http:\/\/www.w3.org\/2000\/svg\" height=\"1em\" viewBox=\"0 0 448 512\"><path d=\"M96 32V64H48C21.5 64 0 85.5 0 112v48H448V112c0-26.5-21.5-48-48-48H352V32c0-17.7-14.3-32-32-32s-32 14.3-32 32V64H160V32c0-17.7-14.3-32-32-32S96 14.3 96 32zM448 192H0V464c0 26.5 21.5 48 48 48H400c26.5 0 48-21.5 48-48V192z\"\/><\/svg>\r\n\t\t\t\t26 March 2026\t\t\t<\/span>\r\n\t\t\t<span class=\"conference-time\">\r\n\t\t\t\t<svg xmlns=\"http:\/\/www.w3.org\/2000\/svg\" height=\"1em\" viewBox=\"0 0 512 512\"><path d=\"M256 0a256 256 0 1 1 0 512A256 256 0 1 1 256 0zM232 120V256c0 8 4 15.5 10.7 20l96 64c11 7.4 25.9 4.4 33.3-6.7s4.4-25.9-6.7-33.3L280 243.2V120c0-13.3-10.7-24-24-24s-24 10.7-24 24z\"\/><\/svg>\r\n\t\t\t\t14H30 to 15H30\t\t\t<\/span>\r\n\t\t\t<span class=\"conference-location\">\r\n\t\t\t\t<svg xmlns=\"http:\/\/www.w3.org\/2000\/svg\" height=\"1em\" viewBox=\"0 0 384 512\"><path d=\"M215.7 499.2C267 435 384 279.4 384 192C384 86 298 0 192 0S0 86 0 192c0 87.4 117 243 168.3 307.2c12.3 15.3 35.1 15.3 47.4 0zM192 128a64 64 0 1 1 0 128 64 64 0 1 1 0-128z\"\/><\/svg>\r\n\t\t\t\tPerspectives room\t\t\t<\/span>\r\n\t\t\t\r\n\t\t\t\t\t\t\t<span class=\"conference-type\">\r\n\t\t\t\t\t<svg xmlns=\"http:\/\/www.w3.org\/2000\/svg\" height=\"1em\" viewBox=\"0 0 384 512\"><path d=\"M0 48V487.7C0 501.1 10.9 512 24.3 512c5 0 9.9-1.5 14-4.4L192 400 345.7 507.6c4.1 2.9 9 4.4 14 4.4c13.4 0 24.3-10.9 24.3-24.3V48c0-26.5-21.5-48-48-48H48C21.5 0 0 21.5 0 48z\"\/><\/svg>\r\n\t\t\t\t\tIDET Conference\t\t\t\t<\/span>\r\n\t\t\t\t\t<\/div>\r\n\t\t\r\n\t\t<h3 class=\"conference-title\">The mix of generations in the company<\/h3>\r\n\t\t\r\n\t\t\t\t\t<p class=\"organized-by\">\r\n\t\t\t\tOrganized by IDET\t\t\t<\/p>\r\n\t\t\t\t\r\n\t\t<a class=\"read-more\" href=\"#\">Continue reading<\/a>\r\n\t<\/div>\r\n\t\t\t\t\t\t\t\t\r\n\t<div class=\"conferences-accordion-panel\">\r\n\t\t\r\n\t\t\t\t\t\t<img decoding=\"async\" src=\"https:\/\/weyou.blob.core.windows.net\/images\/exposant\/8e355e85-df27-4d0f-8e16-2dccfd59f805.jpg\" class=\"exhibitor-logo\" alt=\"IDET\">\r\n\t\t\t\t\t\r\n\t\t<div class=\"conference-description\">\r\n\t\t\t<p>&ldquo;Generation X,&rdquo; &ldquo;Millennials,&rdquo; &ldquo;Generation Z&rdquo;: distinctions between generations have become increasingly popular, but what about their expectations of companies? More importantly, how do these generations mix and interact? What role can HR departments play in promoting intergenerational cohesion?<\/p>\n\t\t<\/div>\r\n\t\t\t\r\n\t\t\t\t\r\n\t\t\t\t\t<p class=\"speakers-title\">Speakers:<\/p>\r\n\t\t\t<div class=\"speakers\">\r\n\t\t\t\t\t\t\t\t\t<div class=\"speaker\">\r\n\t<p><strong>S\u00e9verine PILVERDIER <\/strong><br\/>Director of Work Environment and Real Estate, President of IDET &ndash; BNP PARIBAS RE, IDET<\/p><\/div>\t\t\t\t\t\t\t\t\t<div class=\"speaker\">\r\n\t<p><strong>Fanny  LAMARQUE <\/strong><br\/>Director of Real Estate and Work Environment, member of the IDET Supervisory Board  &ndash; PMU<\/p><\/div>\t\t\t\t\t\t\t<\/div>\r\n\t\t\t\t\r\n\t\t\t\t\t<div class=\"exhibitor-share-box\">\r\n\t\t\t\t\t\t\t\t<a href=\"https:\/\/www.facebook.com\/sharer\/sharer.php?u=https%3A%2F%2Fwww.salon-environnement-de-travail-achats.fr%2Fen%2Fconference%2Fidet\" data-network=\"facebook\" aria-label=\"Facebook\" style=\"--official-color: #557dbc\" rel=\"noopener noreferrer nofollow\">\r\n\t\t\t\t\t<span class=\"icon-container\">\r\n\t\t\t\t\t\t<svg width=\"20px\" height=\"20px\" viewBox=\"0 0 20 20\" aria-hidden=\"true\">\r\n\t\t\t\t\t\t\t<path d=\"M20,10.1c0-5.5-4.5-10-10-10S0,4.5,0,10.1c0,5,3.7,9.1,8.4,9.9v-7H5.9v-2.9h2.5V7.9C8.4,5.4,9.9,4,12.2,4c1.1,0,2.2,0.2,2.2,0.2v2.5h-1.3c-1.2,0-1.6,0.8-1.6,1.6v1.9h2.8L13.9,13h-2.3v7C16.3,19.2,20,15.1,20,10.1z\"><\/path>\r\n\t\t\t\t\t\t<\/svg>\r\n\t\t\t\t\t<\/span>\r\n\t\t\t\t<\/a>\r\n\t\t\t\t\t\t\t\r\n\t\t\t\t<a href=\"https:\/\/twitter.com\/share?url=https%3A%2F%2Fwww.salon-environnement-de-travail-achats.fr%2Fen%2Fconference%2Fidet&text=Conferences & workshops organized by IDET - Le Salon des Achats et de L&#039;environnement de Travail\" data-network=\"twitter\" aria-label=\"Twitter\" style=\"--official-color: #7acdee\" rel=\"noopener noreferrer nofollow\">\r\n\t\t\t\t\t<span class=\"icon-container\">\r\n\t\t\t\t\t\t<svg width=\"20px\" height=\"20px\" viewBox=\"0 0 20 20\" aria-hidden=\"true\">\r\n\t\t\t\t\t\t\t<path d=\"M20,3.8c-0.7,0.3-1.5,0.5-2.4,0.6c0.8-0.5,1.5-1.3,1.8-2.3c-0.8,0.5-1.7,0.8-2.6,1c-0.7-0.8-1.8-1.3-3-1.3c-2.3,0-4.1,1.8-4.1,4.1c0,0.3,0,0.6,0.1,0.9C6.4,6.7,3.4,5.1,1.4,2.6C1,3.2,0.8,3.9,0.8,4.7c0,1.4,0.7,2.7,1.8,3.4C2,8.1,1.4,7.9,0.8,7.6c0,0,0,0,0,0.1c0,2,1.4,3.6,3.3,4c-0.3,0.1-0.7,0.1-1.1,0.1c-0.3,0-0.5,0-0.8-0.1c0.5,1.6,2,2.8,3.8,2.8c-1.4,1.1-3.2,1.8-5.1,1.8c-0.3,0-0.7,0-1-0.1c1.8,1.2,4,1.8,6.3,1.8c7.5,0,11.7-6.3,11.7-11.7c0-0.2,0-0.4,0-0.5C18.8,5.3,19.4,4.6,20,3.8z\"><\/path>\r\n\t\t\t\t\t\t<\/svg>\r\n\t\t\t\t\t<\/span>\r\n\t\t\t\t<\/a>\r\n\r\n\t\t\t\t<a href=\"https:\/\/www.linkedin.com\/shareArticle?url=https%3A%2F%2Fwww.salon-environnement-de-travail-achats.fr%2Fen%2Fconference%2Fidet&title=Conferences & workshops organized by IDET - Le Salon des Achats et de L&#039;environnement de Travail\" data-network=\"linkedin\" aria-label=\"LinkedIn\" style=\"--official-color: #1c86c6\" rel=\"noopener noreferrer nofollow\">\r\n\t\t\t\t\t<span class=\"icon-container\">\r\n\t\t\t\t\t\t<svg width=\"20px\" height=\"20px\" viewBox=\"0 0 20 20\" aria-hidden=\"true\">\r\n\t\t\t\t\t\t\t<path d=\"M18.6,0H1.4C0.6,0,0,0.6,0,1.4v17.1C0,19.4,0.6,20,1.4,20h17.1c0.8,0,1.4-0.6,1.4-1.4V1.4C20,0.6,19.4,0,18.6,0z M6,17.1h-3V7.6h3L6,17.1L6,17.1zM4.6,6.3c-1,0-1.7-0.8-1.7-1.7s0.8-1.7,1.7-1.7c0.9,0,1.7,0.8,1.7,1.7C6.3,5.5,5.5,6.3,4.6,6.3z M17.2,17.1h-3v-4.6c0-1.1,0-2.5-1.5-2.5c-1.5,0-1.8,1.2-1.8,2.5v4.7h-3V7.6h2.8v1.3h0c0.4-0.8,1.4-1.5,2.8-1.5c3,0,3.6,2,3.6,4.5V17.1z\"><\/path>\r\n\t\t\t\t\t\t<\/svg>\r\n\t\t\t\t\t<\/span>\r\n\t\t\t\t<\/a>\r\n\t\t\t\t\r\n\t\t\t\t<a href=\"whatsapp:\/\/send?text=https%3A%2F%2Fwww.salon-environnement-de-travail-achats.fr%2Fen%2Fconference%2Fidet\" data-network=\"whatsapp\" aria-label=\"WhatsApp\" style=\"--official-color: #5bba67\" rel=\"noopener noreferrer nofollow\">\r\n\t\t\t\t\t<span class=\"icon-container\">\r\n\t\t\t\t\t\t<svg width=\"20px\" height=\"20px\" viewBox=\"0 0 20 20\" aria-hidden=\"true\">\r\n\t\t\t\t\t\t\t<path d=\"M10,0C4.5,0,0,4.5,0,10c0,1.9,0.5,3.6,1.4,5.1L0.1,20l5-1.3C6.5,19.5,8.2,20,10,20c5.5,0,10-4.5,10-10S15.5,0,10,0zM6.6,5.3c0.2,0,0.3,0,0.5,0c0.2,0,0.4,0,0.6,0.4c0.2,0.5,0.7,1.7,0.8,1.8c0.1,0.1,0.1,0.3,0,0.4C8.3,8.2,8.3,8.3,8.1,8.5C8,8.6,7.9,8.8,7.8,8.9C7.7,9,7.5,9.1,7.7,9.4c0.1,0.2,0.6,1.1,1.4,1.7c0.9,0.8,1.7,1.1,2,1.2c0.2,0.1,0.4,0.1,0.5-0.1c0.1-0.2,0.6-0.7,0.8-1c0.2-0.2,0.3-0.2,0.6-0.1c0.2,0.1,1.4,0.7,1.7,0.8s0.4,0.2,0.5,0.3c0.1,0.1,0.1,0.6-0.1,1.2c-0.2,0.6-1.2,1.1-1.7,1.2c-0.5,0-0.9,0.2-3-0.6c-2.5-1-4.1-3.6-4.2-3.7c-0.1-0.2-1-1.3-1-2.6c0-1.2,0.6-1.8,0.9-2.1C6.1,5.4,6.4,5.3,6.6,5.3z\"><\/path>\r\n\t\t\t\t\t\t<\/svg>\r\n\t\t\t\t\t<\/span>\r\n\t\t\t\t<\/a>\r\n\t\t\t<\/div>\r\n\t\t\t<\/div>\r\n<\/div>\t\t\t\t\t<\/div>\r\n\t<\/div>\r\n<\/div>[\/vc_column][\/vc_row][\/vc_section]<\/p>\n<\/div>","protected":false},"excerpt":{"rendered":"<p>[vc_row][vc_column][\/vc_column][\/vc_row][vc_section][vc_row][vc_column][\/vc_column][\/vc_row][\/vc_section]<\/p>\n","protected":false},"author":7,"featured_media":0,"parent":0,"menu_order":0,"comment_status":"closed","ping_status":"closed","template":"","meta":{"footnotes":""},"class_list":["post-1372","page","type-page","status-publish","hentry"],"yoast_head":"<!-- This site is optimized with the Yoast SEO plugin v26.9 - https:\/\/yoast.com\/product\/yoast-seo-wordpress\/ -->\n<title>- IDET WPM conferences - Le Salon des Achats et de L&#039;environnement de Travail<\/title>\n<meta name=\"robots\" content=\"index, follow, max-snippet:-1, max-image-preview:large, max-video-preview:-1\" \/>\n<link rel=\"canonical\" href=\"https:\/\/www.salon-environnement-de-travail-achats.fr\/en\/arseg-wpm-conferences\" \/>\n<meta property=\"og:locale\" content=\"en_US\" \/>\n<meta property=\"og:type\" content=\"article\" \/>\n<meta property=\"og:title\" content=\"- IDET WPM conferences - Le Salon des Achats et de L&#039;environnement de Travail\" \/>\n<meta property=\"og:description\" content=\"[vc_row][vc_column][\/vc_column][\/vc_row][vc_section][vc_row][vc_column][\/vc_column][\/vc_row][\/vc_section]\" \/>\n<meta property=\"og:url\" content=\"https:\/\/www.salon-environnement-de-travail-achats.fr\/en\/arseg-wpm-conferences\" \/>\n<meta property=\"og:site_name\" content=\"Le Salon des Achats et de L&#039;environnement de Travail\" \/>\n<meta property=\"article:publisher\" content=\"https:\/\/www.facebook.com\/achatsetenvrionnementdetravail\/\" \/>\n<meta property=\"article:modified_time\" content=\"2025-02-06T15:27:06+00:00\" \/>\n<meta name=\"twitter:card\" content=\"summary_large_image\" \/>\n<meta name=\"twitter:site\" content=\"@AchatsTravail\" \/>\n<meta name=\"twitter:label1\" content=\"Est. reading time\" \/>\n\t<meta name=\"twitter:data1\" content=\"1 minute\" \/>\n<script type=\"application\/ld+json\" class=\"yoast-schema-graph\">{\"@context\":\"https:\/\/schema.org\",\"@graph\":[{\"@type\":\"WebPage\",\"@id\":\"https:\/\/www.salon-environnement-de-travail-achats.fr\/en\/arseg-wpm-conferences\",\"url\":\"https:\/\/www.salon-environnement-de-travail-achats.fr\/en\/arseg-wpm-conferences\",\"name\":\"- IDET WPM conferences - Le Salon des Achats et de L&#039;environnement de Travail\",\"isPartOf\":{\"@id\":\"https:\/\/www.salon-environnement-de-travail-achats.fr\/en#website\"},\"datePublished\":\"2020-01-30T13:40:14+00:00\",\"dateModified\":\"2025-02-06T15:27:06+00:00\",\"breadcrumb\":{\"@id\":\"https:\/\/www.salon-environnement-de-travail-achats.fr\/en\/arseg-wpm-conferences#breadcrumb\"},\"inLanguage\":\"en-US\",\"potentialAction\":[{\"@type\":\"ReadAction\",\"target\":[\"https:\/\/www.salon-environnement-de-travail-achats.fr\/en\/arseg-wpm-conferences\"]}]},{\"@type\":\"BreadcrumbList\",\"@id\":\"https:\/\/www.salon-environnement-de-travail-achats.fr\/en\/arseg-wpm-conferences#breadcrumb\",\"itemListElement\":[{\"@type\":\"ListItem\",\"position\":1,\"name\":\"Home\",\"item\":\"https:\/\/salons.weyou-cms.com\/saet\/en\"},{\"@type\":\"ListItem\",\"position\":2,\"name\":\"&#8211; IDET WPM conferences\"}]},{\"@type\":\"WebSite\",\"@id\":\"https:\/\/www.salon-environnement-de-travail-achats.fr\/en#website\",\"url\":\"https:\/\/www.salon-environnement-de-travail-achats.fr\/en\",\"name\":\"Le Salon des Achats et de L&#039;environnement de Travail\",\"description\":\"\",\"publisher\":{\"@id\":\"https:\/\/www.salon-environnement-de-travail-achats.fr\/en#organization\"},\"potentialAction\":[{\"@type\":\"SearchAction\",\"target\":{\"@type\":\"EntryPoint\",\"urlTemplate\":\"https:\/\/www.salon-environnement-de-travail-achats.fr\/en?s={search_term_string}\"},\"query-input\":{\"@type\":\"PropertyValueSpecification\",\"valueRequired\":true,\"valueName\":\"search_term_string\"}}],\"inLanguage\":\"en-US\"},{\"@type\":\"Organization\",\"@id\":\"https:\/\/www.salon-environnement-de-travail-achats.fr\/en#organization\",\"name\":\"Le salon des Achats & Environnement de travail\",\"url\":\"https:\/\/www.salon-environnement-de-travail-achats.fr\/en\",\"logo\":{\"@type\":\"ImageObject\",\"inLanguage\":\"en-US\",\"@id\":\"https:\/\/www.salon-environnement-de-travail-achats.fr\/en#\/schema\/logo\/image\/\",\"url\":\"https:\/\/weyoumedia.blob.core.windows.net\/saet\/sites\/7\/2024\/04\/SETA_LOGO_2024_site_couleur.png\",\"contentUrl\":\"https:\/\/weyoumedia.blob.core.windows.net\/saet\/sites\/7\/2024\/04\/SETA_LOGO_2024_site_couleur.png\",\"width\":230,\"height\":111,\"caption\":\"Le salon des Achats & Environnement de travail\"},\"image\":{\"@id\":\"https:\/\/www.salon-environnement-de-travail-achats.fr\/en#\/schema\/logo\/image\/\"},\"sameAs\":[\"https:\/\/www.facebook.com\/achatsetenvrionnementdetravail\/\",\"https:\/\/x.com\/AchatsTravail\",\"https:\/\/www.linkedin.com\/company\/le-salon-des-achats-et-de-l'environnement-de-travail\/\"]}]}<\/script>\n<!-- \/ Yoast SEO plugin. -->","yoast_head_json":{"title":"- IDET WPM conferences - Le Salon des Achats et de L&#039;environnement de Travail","robots":{"index":"index","follow":"follow","max-snippet":"max-snippet:-1","max-image-preview":"max-image-preview:large","max-video-preview":"max-video-preview:-1"},"canonical":"https:\/\/www.salon-environnement-de-travail-achats.fr\/en\/arseg-wpm-conferences","og_locale":"en_US","og_type":"article","og_title":"- IDET WPM conferences - Le Salon des Achats et de L&#039;environnement de Travail","og_description":"[vc_row][vc_column][\/vc_column][\/vc_row][vc_section][vc_row][vc_column][\/vc_column][\/vc_row][\/vc_section]","og_url":"https:\/\/www.salon-environnement-de-travail-achats.fr\/en\/arseg-wpm-conferences","og_site_name":"Le Salon des Achats et de L&#039;environnement de Travail","article_publisher":"https:\/\/www.facebook.com\/achatsetenvrionnementdetravail\/","article_modified_time":"2025-02-06T15:27:06+00:00","twitter_card":"summary_large_image","twitter_site":"@AchatsTravail","twitter_misc":{"Est. reading time":"1 minute"},"schema":{"@context":"https:\/\/schema.org","@graph":[{"@type":"WebPage","@id":"https:\/\/www.salon-environnement-de-travail-achats.fr\/en\/arseg-wpm-conferences","url":"https:\/\/www.salon-environnement-de-travail-achats.fr\/en\/arseg-wpm-conferences","name":"- IDET WPM conferences - Le Salon des Achats et de L&#039;environnement de Travail","isPartOf":{"@id":"https:\/\/www.salon-environnement-de-travail-achats.fr\/en#website"},"datePublished":"2020-01-30T13:40:14+00:00","dateModified":"2025-02-06T15:27:06+00:00","breadcrumb":{"@id":"https:\/\/www.salon-environnement-de-travail-achats.fr\/en\/arseg-wpm-conferences#breadcrumb"},"inLanguage":"en-US","potentialAction":[{"@type":"ReadAction","target":["https:\/\/www.salon-environnement-de-travail-achats.fr\/en\/arseg-wpm-conferences"]}]},{"@type":"BreadcrumbList","@id":"https:\/\/www.salon-environnement-de-travail-achats.fr\/en\/arseg-wpm-conferences#breadcrumb","itemListElement":[{"@type":"ListItem","position":1,"name":"Home","item":"https:\/\/salons.weyou-cms.com\/saet\/en"},{"@type":"ListItem","position":2,"name":"&#8211; IDET WPM conferences"}]},{"@type":"WebSite","@id":"https:\/\/www.salon-environnement-de-travail-achats.fr\/en#website","url":"https:\/\/www.salon-environnement-de-travail-achats.fr\/en","name":"Le Salon des Achats et de L&#039;environnement de Travail","description":"","publisher":{"@id":"https:\/\/www.salon-environnement-de-travail-achats.fr\/en#organization"},"potentialAction":[{"@type":"SearchAction","target":{"@type":"EntryPoint","urlTemplate":"https:\/\/www.salon-environnement-de-travail-achats.fr\/en?s={search_term_string}"},"query-input":{"@type":"PropertyValueSpecification","valueRequired":true,"valueName":"search_term_string"}}],"inLanguage":"en-US"},{"@type":"Organization","@id":"https:\/\/www.salon-environnement-de-travail-achats.fr\/en#organization","name":"Le salon des Achats & Environnement de travail","url":"https:\/\/www.salon-environnement-de-travail-achats.fr\/en","logo":{"@type":"ImageObject","inLanguage":"en-US","@id":"https:\/\/www.salon-environnement-de-travail-achats.fr\/en#\/schema\/logo\/image\/","url":"https:\/\/weyoumedia.blob.core.windows.net\/saet\/sites\/7\/2024\/04\/SETA_LOGO_2024_site_couleur.png","contentUrl":"https:\/\/weyoumedia.blob.core.windows.net\/saet\/sites\/7\/2024\/04\/SETA_LOGO_2024_site_couleur.png","width":230,"height":111,"caption":"Le salon des Achats & Environnement de travail"},"image":{"@id":"https:\/\/www.salon-environnement-de-travail-achats.fr\/en#\/schema\/logo\/image\/"},"sameAs":["https:\/\/www.facebook.com\/achatsetenvrionnementdetravail\/","https:\/\/x.com\/AchatsTravail","https:\/\/www.linkedin.com\/company\/le-salon-des-achats-et-de-l'environnement-de-travail\/"]}]}},"_links":{"self":[{"href":"https:\/\/www.salon-environnement-de-travail-achats.fr\/en\/wp-json\/wp\/v2\/pages\/1372","targetHints":{"allow":["GET"]}}],"collection":[{"href":"https:\/\/www.salon-environnement-de-travail-achats.fr\/en\/wp-json\/wp\/v2\/pages"}],"about":[{"href":"https:\/\/www.salon-environnement-de-travail-achats.fr\/en\/wp-json\/wp\/v2\/types\/page"}],"author":[{"embeddable":true,"href":"https:\/\/www.salon-environnement-de-travail-achats.fr\/en\/wp-json\/wp\/v2\/users\/7"}],"replies":[{"embeddable":true,"href":"https:\/\/www.salon-environnement-de-travail-achats.fr\/en\/wp-json\/wp\/v2\/comments?post=1372"}],"version-history":[{"count":9,"href":"https:\/\/www.salon-environnement-de-travail-achats.fr\/en\/wp-json\/wp\/v2\/pages\/1372\/revisions"}],"predecessor-version":[{"id":4573,"href":"https:\/\/www.salon-environnement-de-travail-achats.fr\/en\/wp-json\/wp\/v2\/pages\/1372\/revisions\/4573"}],"wp:attachment":[{"href":"https:\/\/www.salon-environnement-de-travail-achats.fr\/en\/wp-json\/wp\/v2\/media?parent=1372"}],"curies":[{"name":"wp","href":"https:\/\/api.w.org\/{rel}","templated":true}]}}