{"id":855,"date":"2020-01-24T16:58:12","date_gmt":"2020-01-24T15:58:12","guid":{"rendered":"https:\/\/www.salon-achats-environnement-de-travail.fr\/whole-program"},"modified":"2026-02-02T15:31:09","modified_gmt":"2026-02-02T14:31:09","slug":"whole-program","status":"publish","type":"page","link":"https:\/\/www.salon-environnement-de-travail-achats.fr\/en\/whole-program","title":{"rendered":"Whole program"},"content":{"rendered":"<div class=\"wpb-content-wrapper\"><p>[vc_row][vc_column]\n\t\t\t<!-- START Banni\u00e8re pages REVOLUTION SLIDER 6.6.7 --><p class=\"rs-p-wp-fix\"><\/p>\n\t\t\t<rs-module-wrap id=\"rev_slider_36_1_wrapper\" data-source=\"post\" style=\"visibility:hidden;background:#acacac;padding:0;margin:0px auto;margin-top:0;margin-bottom:0;\">\n\t\t\t\t<rs-module id=\"rev_slider_36_1\" style=\"\" data-version=\"6.6.7\">\n\t\t\t\t\t<rs-slides style=\"overflow: hidden; position: absolute;\">\n\t\t\t\t\t\t<rs-slide style=\"position: absolute;\" data-key=\"rs-855\" data-title=\"Whole program\" data-in=\"o:0;\" data-out=\"a:false;\">\n\t\t\t\t\t\t\t<img decoding=\"async\" src=\"\/\/www.salon-environnement-de-travail-achats.fr\/wp-content\/plugins\/revslider\/public\/assets\/assets\/dummy.png\" alt=\"\" title=\"SETA_bandeau-rubriques-1920&#215;300-2023 copie\" width=\"1920\" height=\"300\" class=\"rev-slidebg tp-rs-img rs-lazyload\" data-lazyload=\"\/\/weyoumedia.blob.core.windows.net\/saet\/sites\/7\/2022\/12\/SETA_bandeau-rubriques-1920x300-2023-copie.jpg\" data-bg=\"p:40% 50%;\" data-no-retina>\n<!--\n\t\t\t\t\t\t\t--><rs-layer\n\t\t\t\t\t\t\t\tid=\"slider-36-slide-855-layer-1\" \n\t\t\t\t\t\t\t\tdata-type=\"text\"\n\t\t\t\t\t\t\t\tdata-xy=\"x:l,l,l,c;y:m;\"\n\t\t\t\t\t\t\t\tdata-text=\"w:normal;s:50;l:53;fw:400,400,500,500;a:right,right,right,center;\"\n\t\t\t\t\t\t\t\tdata-dim=\"w:40%,50%,50%,90%;\"\n\t\t\t\t\t\t\t\tdata-frame_999=\"o:0;st:w;\"\n\t\t\t\t\t\t\t\tstyle=\"z-index:8;font-family:'Roboto';text-transform:uppercase;\"\n\t\t\t\t\t\t\t><h1>Program<\/h1><p><\/p> \n\t\t\t\t\t\t\t<\/rs-layer><!--\n-->\t\t\t\t\t\t<\/rs-slide>\n\t\t\t\t\t<\/rs-slides>\n\t\t\t\t\t<rs-static-layers><!--\n\t\t\t\t\t--><\/rs-static-layers>\n\t\t\t\t<\/rs-module>\n\t\t\t\t<script>\n\t\t\t\t\tsetREVStartSize({c: 'rev_slider_36_1',rl:[1240,1024,778,480],el:[300,200,300,300],gw:[1650,1024,778,480],gh:[300,300,300,300],type:'hero',justify:'',layout:'fullwidth',mh:\"450\"});if (window.RS_MODULES!==undefined && window.RS_MODULES.modules!==undefined && window.RS_MODULES.modules[\"revslider361\"]!==undefined) {window.RS_MODULES.modules[\"revslider361\"].once = false;window.revapi36 = undefined;if (window.RS_MODULES.checkMinimal!==undefined) window.RS_MODULES.checkMinimal()}\n\t\t\t\t<\/script>\n\t\t\t<\/rs-module-wrap>\n\t\t\t<!-- END REVOLUTION SLIDER -->\n[\/vc_column][\/vc_row][vc_section][vc_row][vc_column]<div id=\"wyvc-section-title-8506\" class=\"wyvc-section-title wyvc-shortcode wyvc-section-title-1 \">\r\n\t<div class=\"wyvc-st-inner\">\r\n\t\t\t\t\t<div class=\"wyvc-st-title\">\r\n\t\t\t\t<p>whole program 2026<\/p>\n\t\t\t<\/div>\r\n\t\t\t\t\t<\/div>\r\n<\/div>\r\n<style type=\"text\/css\">#wyvc-section-title-8506.wyvc-section-title-1 .wyvc-st-title::before{content:'SALON DES ACHATS'}<\/style>\r\n[vc_row_inner][vc_column_inner]<div class=\"wyvc-conferences wyvc-shortcode \">\r\n\t\t<div class=\"weyou-exhibitions weyou-conferences-accordion\">\r\n\t\t<div class=\"conferences-search-wrapper\">\r\n\t\t\t<input type=\"search\" class=\"conferences-search\" name=\"q\" placeholder=\"Search by topic, location, organizer or speaker\u2026\">\r\n\r\n\t\t\t<button type=\"reset\" class=\"conferences-search-clear\" disabled>\r\n\t\t\t\t<svg width=\"32\" height=\"32\" viewBox=\"0 0 32 32\" fill=\"none\" xmlns=\"http:\/\/www.w3.org\/2000\/svg\">\r\n\t\t\t\t\t<rect width=\"32\" height=\"32\" rx=\"16\" fill=\"#F5F5F5\"><\/rect><rect width=\"16.9705\" height=\"1.13137\" rx=\"0.565684\" transform=\"matrix(0.707106 -0.707108 0.707106 0.707108 9.60034 21.6)\" fill=\"black\"><\/rect>\r\n\t\t\t\t\t<rect width=\"16.9705\" height=\"1.13137\" rx=\"0.565684\" transform=\"matrix(-0.707106 -0.707107 0.707106 -0.707108 21.6003 22.4)\" fill=\"black\"><\/rect>\r\n\t\t\t\t<\/svg>\r\n\t\t\t<\/button>\r\n\t\t<\/div>\r\n\t\t\r\n\t\t<div class=\"conferences-menu-wrapper\">\r\n\t\t\t<ul class=\"conferences-menu dates-list\">\r\n\t\t\t\t\t\t\t\t\t\t\t\t\t\t\t<li class=\"button menu-item primary-border\" data-date=\"2026-03-24T00:00:00\">\r\n\t\t\t\t\t\t\t24 March 2026\t\t\t\t\t\t<\/li>\r\n\t\t\t\t\t\t\t\t\t\t\t<li class=\"button menu-item primary-border\" data-date=\"2026-03-25T00:00:00\">\r\n\t\t\t\t\t\t\t25 March 2026\t\t\t\t\t\t<\/li>\r\n\t\t\t\t\t\t\t\t\t\t\t<li class=\"button menu-item primary-border\" data-date=\"2026-03-26T00:00:00\">\r\n\t\t\t\t\t\t\t26 March 2026\t\t\t\t\t\t<\/li>\r\n\t\t\t\t\t\t\t\t\t\t\t\t\t\t\r\n\t\t\t\t<li class=\"all button menu-item\">All<\/li>\r\n\t\t\t<\/ul>\r\n\t\t\t\r\n\t\t\t\r\n\t\t\t\t<form action=\"https:\/\/salons.weyou-cms.com\/saet\/wp-admin\/admin-ajax.php\" method=\"post\" class=\"type-filter\">\r\n\t\t\t\t\t<span class=\"option-label\">Filter<\/span>\r\n\t\t\t\t\t<select name=\"typefilter\">\r\n\t\t\t\t\t\t<option value=\"-1\">All conferences<\/option><option value=\"exhibitors-workshops\"\/>Exhibitors Workshops<\/option><option value=\"idet-conference\"\/>IDET Conference<\/option><option value=\"partner-conference\"\/>Partner Conference<\/option><\/select>\r\n\t\t\t\t\t<input type=\"hidden\" name=\"action\" value=\"weyou-conference-filter\">\r\n\t\t\t\t<\/form>\t\t<\/div>\r\n\r\n\t\t<div class=\"conferences-accordion\">\r\n\t\t\t\t\t\t\t<div class=\"conferences-accordion-item\" data-date=\"2026-03-24T00:00:00\" data-type=\"exhibitors-workshops\">\r\n\t<div class=\"conferences-accordion-header\">\r\n\t\t<div class=\"conference-infos\">\r\n\t\t\t<span class=\"conference-date\">\r\n\t\t\t\t<svg xmlns=\"http:\/\/www.w3.org\/2000\/svg\" height=\"1em\" viewBox=\"0 0 448 512\"><path d=\"M96 32V64H48C21.5 64 0 85.5 0 112v48H448V112c0-26.5-21.5-48-48-48H352V32c0-17.7-14.3-32-32-32s-32 14.3-32 32V64H160V32c0-17.7-14.3-32-32-32S96 14.3 96 32zM448 192H0V464c0 26.5 21.5 48 48 48H400c26.5 0 48-21.5 48-48V192z\"\/><\/svg>\r\n\t\t\t\t24 March 2026\t\t\t<\/span>\r\n\t\t\t<span class=\"conference-time\">\r\n\t\t\t\t<svg xmlns=\"http:\/\/www.w3.org\/2000\/svg\" height=\"1em\" viewBox=\"0 0 512 512\"><path d=\"M256 0a256 256 0 1 1 0 512A256 256 0 1 1 256 0zM232 120V256c0 8 4 15.5 10.7 20l96 64c11 7.4 25.9 4.4 33.3-6.7s4.4-25.9-6.7-33.3L280 243.2V120c0-13.3-10.7-24-24-24s-24 10.7-24 24z\"\/><\/svg>\r\n\t\t\t\t10h00 to 10h30\t\t\t<\/span>\r\n\t\t\t<span class=\"conference-location\">\r\n\t\t\t\t<svg xmlns=\"http:\/\/www.w3.org\/2000\/svg\" height=\"1em\" viewBox=\"0 0 384 512\"><path d=\"M215.7 499.2C267 435 384 279.4 384 192C384 86 298 0 192 0S0 86 0 192c0 87.4 117 243 168.3 307.2c12.3 15.3 35.1 15.3 47.4 0zM192 128a64 64 0 1 1 0 128 64 64 0 1 1 0-128z\"\/><\/svg>\r\n\t\t\t\tAgora\t\t\t<\/span>\r\n\t\t\t\r\n\t\t\t\t\t\t\t<span class=\"conference-type\">\r\n\t\t\t\t\t<svg xmlns=\"http:\/\/www.w3.org\/2000\/svg\" height=\"1em\" viewBox=\"0 0 384 512\"><path d=\"M0 48V487.7C0 501.1 10.9 512 24.3 512c5 0 9.9-1.5 14-4.4L192 400 345.7 507.6c4.1 2.9 9 4.4 14 4.4c13.4 0 24.3-10.9 24.3-24.3V48c0-26.5-21.5-48-48-48H48C21.5 0 0 21.5 0 48z\"\/><\/svg>\r\n\t\t\t\t\tExhibitors Workshops\t\t\t\t<\/span>\r\n\t\t\t\t\t<\/div>\r\n\t\t\r\n\t\t<h3 class=\"conference-title\">Connected devices and data: a new driver for managing your sites and spaces<\/h3>\r\n\t\t\r\n\t\t\t\t\t<p class=\"organized-by\">\r\n\t\t\t\tOrganized by CASTALIE\t\t\t<\/p>\r\n\t\t\t\t\r\n\t\t<a class=\"read-more\" href=\"#\">Continue reading<\/a>\r\n\t<\/div>\r\n\t\t\t\t\t\t\t\t\r\n\t<div class=\"conferences-accordion-panel\">\r\n\t\t\r\n\t\t\t\t\t\t<img decoding=\"async\" src=\"https:\/\/weyou.blob.core.windows.net\/images\/exposant\/85ae24ca-015e-4ed5-84ac-9ee2056133dd.jpg\" class=\"exhibitor-logo\" alt=\"CASTALIE\">\r\n\t\t\t\t\t\r\n\t\t<div class=\"conference-description\">\r\n\t\t\t\r\n\r\n\r\n<p>Managing equipment spread across multiple spaces or sites is often tricky: limited visibility, scattered data, and reactive rather than proactive maintenance.<\/p>\r\n<p>Thanks to connected devices and data, it\u2019s now possible to centralize information, monitor usage in real time, and manage operations more efficiently, while also strengthening the consistency of your sustainability strategy.<\/p>\r\n<p>But in practice, how can you use this data to better manage your sites, optimize your equipment, and improve the employee experience?<br>In this roundtable, our speakers will share their hands-on experiences, the challenges they\u2019ve faced, and the solutions they\u2019ve implemented to turn data into a real management tool.<br>A practical discussion designed to give you actionable best practices that you can apply directly in your organization.<\/p>\r\n<p>Speakers:<\/p>\r\n<ul>\r\n<li>\r\n<p>Thibault Lamarque, Founder &amp; CEO of Castalie<\/p>\r\n<\/li><li>\r\n<p>Cl\u00e9ment Bonhomme, Co-founder of Foodles<\/p>\r\n<\/li><li>\r\n<p>Jean-Marc Meheut, Purchasing &amp; Partnerships Director at Ch\u00e2teauform\u2019<\/p>\r\n<\/li><\/ul>\r\n\r\n\r\n\t\t<\/div>\r\n\t\t\t\r\n\t\t\t\t\t<p class=\"speakers-title\">Conference Moderator:<\/p>\r\n\t\t\t<div class=\"speakers\">\r\n\t\t\t\t\t\t\t\t\t<div class=\"speaker\">\r\n\t<img decoding=\"async\" src=\"https:\/\/weyou.blob.core.windows.net\/images\/conferencier\/04f650eb-6f83-4832-a1d6-42881c1bd8ac.jpg\" alt=\"Thibault LAMARQUE\"><p><strong>Thibault LAMARQUE<\/strong><br\/>Founder &ndash; CASTALIE<\/p><\/div>\t\t\t\t\t\t\t<\/div>\r\n\t\t\t\t\r\n\t\t\t\t\t<p class=\"speakers-title\">Speakers:<\/p>\r\n\t\t\t<div class=\"speakers\">\r\n\t\t\t\t\t\t\t\t\t<div class=\"speaker\">\r\n\t<img decoding=\"async\" src=\"https:\/\/weyou.blob.core.windows.net\/images\/conferencier\/5f99c557-114b-4f21-814c-378e8d063c5d.jpg\" alt=\"Cl\u00e9ment BONHOMME\"><p><strong>Cl\u00e9ment BONHOMME<\/strong><br\/>Co-CEO &ndash; FOODLES<\/p><\/div>\t\t\t\t\t\t\t\t\t<div class=\"speaker\">\r\n\t<img decoding=\"async\" src=\"https:\/\/weyou.blob.core.windows.net\/images\/conferencier\/a8c900fd-a32e-4f26-96e3-8c21d3fa8728.jpg\" alt=\"Jean-Marc MEHEUT\"><p><strong>Jean-Marc MEHEUT<\/strong><br\/>Director of Procurement and Partnerships at Ch\u00e2teauform\u2019 &ndash; CHATEAUFORM'<\/p><\/div>\t\t\t\t\t\t\t<\/div>\r\n\t\t\t\t\r\n\t\t\t\t\t<div class=\"exhibitor-share-box\">\r\n\t\t\t\t\t\t\t\t<a href=\"https:\/\/www.facebook.com\/sharer\/sharer.php?u=https%3A%2F%2Fwww.salon-environnement-de-travail-achats.fr%2Fen%2Fconference%2Fcastalie\" data-network=\"facebook\" aria-label=\"Facebook\" style=\"--official-color: #557dbc\" rel=\"noopener noreferrer nofollow\">\r\n\t\t\t\t\t<span class=\"icon-container\">\r\n\t\t\t\t\t\t<svg width=\"20px\" height=\"20px\" viewBox=\"0 0 20 20\" aria-hidden=\"true\">\r\n\t\t\t\t\t\t\t<path d=\"M20,10.1c0-5.5-4.5-10-10-10S0,4.5,0,10.1c0,5,3.7,9.1,8.4,9.9v-7H5.9v-2.9h2.5V7.9C8.4,5.4,9.9,4,12.2,4c1.1,0,2.2,0.2,2.2,0.2v2.5h-1.3c-1.2,0-1.6,0.8-1.6,1.6v1.9h2.8L13.9,13h-2.3v7C16.3,19.2,20,15.1,20,10.1z\"><\/path>\r\n\t\t\t\t\t\t<\/svg>\r\n\t\t\t\t\t<\/span>\r\n\t\t\t\t<\/a>\r\n\t\t\t\t\t\t\t\r\n\t\t\t\t<a href=\"https:\/\/twitter.com\/share?url=https%3A%2F%2Fwww.salon-environnement-de-travail-achats.fr%2Fen%2Fconference%2Fcastalie&text=Conferences & workshops organized by CASTALIE - Le Salon des Achats et de L&#039;environnement de Travail\" data-network=\"twitter\" aria-label=\"Twitter\" style=\"--official-color: #7acdee\" rel=\"noopener noreferrer nofollow\">\r\n\t\t\t\t\t<span class=\"icon-container\">\r\n\t\t\t\t\t\t<svg width=\"20px\" height=\"20px\" viewBox=\"0 0 20 20\" aria-hidden=\"true\">\r\n\t\t\t\t\t\t\t<path d=\"M20,3.8c-0.7,0.3-1.5,0.5-2.4,0.6c0.8-0.5,1.5-1.3,1.8-2.3c-0.8,0.5-1.7,0.8-2.6,1c-0.7-0.8-1.8-1.3-3-1.3c-2.3,0-4.1,1.8-4.1,4.1c0,0.3,0,0.6,0.1,0.9C6.4,6.7,3.4,5.1,1.4,2.6C1,3.2,0.8,3.9,0.8,4.7c0,1.4,0.7,2.7,1.8,3.4C2,8.1,1.4,7.9,0.8,7.6c0,0,0,0,0,0.1c0,2,1.4,3.6,3.3,4c-0.3,0.1-0.7,0.1-1.1,0.1c-0.3,0-0.5,0-0.8-0.1c0.5,1.6,2,2.8,3.8,2.8c-1.4,1.1-3.2,1.8-5.1,1.8c-0.3,0-0.7,0-1-0.1c1.8,1.2,4,1.8,6.3,1.8c7.5,0,11.7-6.3,11.7-11.7c0-0.2,0-0.4,0-0.5C18.8,5.3,19.4,4.6,20,3.8z\"><\/path>\r\n\t\t\t\t\t\t<\/svg>\r\n\t\t\t\t\t<\/span>\r\n\t\t\t\t<\/a>\r\n\r\n\t\t\t\t<a href=\"https:\/\/www.linkedin.com\/shareArticle?url=https%3A%2F%2Fwww.salon-environnement-de-travail-achats.fr%2Fen%2Fconference%2Fcastalie&title=Conferences & workshops organized by CASTALIE - Le Salon des Achats et de L&#039;environnement de Travail\" data-network=\"linkedin\" aria-label=\"LinkedIn\" style=\"--official-color: #1c86c6\" rel=\"noopener noreferrer nofollow\">\r\n\t\t\t\t\t<span class=\"icon-container\">\r\n\t\t\t\t\t\t<svg width=\"20px\" height=\"20px\" viewBox=\"0 0 20 20\" aria-hidden=\"true\">\r\n\t\t\t\t\t\t\t<path d=\"M18.6,0H1.4C0.6,0,0,0.6,0,1.4v17.1C0,19.4,0.6,20,1.4,20h17.1c0.8,0,1.4-0.6,1.4-1.4V1.4C20,0.6,19.4,0,18.6,0z M6,17.1h-3V7.6h3L6,17.1L6,17.1zM4.6,6.3c-1,0-1.7-0.8-1.7-1.7s0.8-1.7,1.7-1.7c0.9,0,1.7,0.8,1.7,1.7C6.3,5.5,5.5,6.3,4.6,6.3z M17.2,17.1h-3v-4.6c0-1.1,0-2.5-1.5-2.5c-1.5,0-1.8,1.2-1.8,2.5v4.7h-3V7.6h2.8v1.3h0c0.4-0.8,1.4-1.5,2.8-1.5c3,0,3.6,2,3.6,4.5V17.1z\"><\/path>\r\n\t\t\t\t\t\t<\/svg>\r\n\t\t\t\t\t<\/span>\r\n\t\t\t\t<\/a>\r\n\t\t\t\t\r\n\t\t\t\t<a href=\"whatsapp:\/\/send?text=https%3A%2F%2Fwww.salon-environnement-de-travail-achats.fr%2Fen%2Fconference%2Fcastalie\" data-network=\"whatsapp\" aria-label=\"WhatsApp\" style=\"--official-color: #5bba67\" rel=\"noopener noreferrer nofollow\">\r\n\t\t\t\t\t<span class=\"icon-container\">\r\n\t\t\t\t\t\t<svg width=\"20px\" height=\"20px\" viewBox=\"0 0 20 20\" aria-hidden=\"true\">\r\n\t\t\t\t\t\t\t<path d=\"M10,0C4.5,0,0,4.5,0,10c0,1.9,0.5,3.6,1.4,5.1L0.1,20l5-1.3C6.5,19.5,8.2,20,10,20c5.5,0,10-4.5,10-10S15.5,0,10,0zM6.6,5.3c0.2,0,0.3,0,0.5,0c0.2,0,0.4,0,0.6,0.4c0.2,0.5,0.7,1.7,0.8,1.8c0.1,0.1,0.1,0.3,0,0.4C8.3,8.2,8.3,8.3,8.1,8.5C8,8.6,7.9,8.8,7.8,8.9C7.7,9,7.5,9.1,7.7,9.4c0.1,0.2,0.6,1.1,1.4,1.7c0.9,0.8,1.7,1.1,2,1.2c0.2,0.1,0.4,0.1,0.5-0.1c0.1-0.2,0.6-0.7,0.8-1c0.2-0.2,0.3-0.2,0.6-0.1c0.2,0.1,1.4,0.7,1.7,0.8s0.4,0.2,0.5,0.3c0.1,0.1,0.1,0.6-0.1,1.2c-0.2,0.6-1.2,1.1-1.7,1.2c-0.5,0-0.9,0.2-3-0.6c-2.5-1-4.1-3.6-4.2-3.7c-0.1-0.2-1-1.3-1-2.6c0-1.2,0.6-1.8,0.9-2.1C6.1,5.4,6.4,5.3,6.6,5.3z\"><\/path>\r\n\t\t\t\t\t\t<\/svg>\r\n\t\t\t\t\t<\/span>\r\n\t\t\t\t<\/a>\r\n\t\t\t<\/div>\r\n\t\t\t<\/div>\r\n<\/div>\t\t\t\t\t\t\t<div class=\"conferences-accordion-item\" data-date=\"2026-03-24T00:00:00\" data-type=\"idet-conference\">\r\n\t<div class=\"conferences-accordion-header\">\r\n\t\t<div class=\"conference-infos\">\r\n\t\t\t<span class=\"conference-date\">\r\n\t\t\t\t<svg xmlns=\"http:\/\/www.w3.org\/2000\/svg\" height=\"1em\" viewBox=\"0 0 448 512\"><path d=\"M96 32V64H48C21.5 64 0 85.5 0 112v48H448V112c0-26.5-21.5-48-48-48H352V32c0-17.7-14.3-32-32-32s-32 14.3-32 32V64H160V32c0-17.7-14.3-32-32-32S96 14.3 96 32zM448 192H0V464c0 26.5 21.5 48 48 48H400c26.5 0 48-21.5 48-48V192z\"\/><\/svg>\r\n\t\t\t\t24 March 2026\t\t\t<\/span>\r\n\t\t\t<span class=\"conference-time\">\r\n\t\t\t\t<svg xmlns=\"http:\/\/www.w3.org\/2000\/svg\" height=\"1em\" viewBox=\"0 0 512 512\"><path d=\"M256 0a256 256 0 1 1 0 512A256 256 0 1 1 256 0zM232 120V256c0 8 4 15.5 10.7 20l96 64c11 7.4 25.9 4.4 33.3-6.7s4.4-25.9-6.7-33.3L280 243.2V120c0-13.3-10.7-24-24-24s-24 10.7-24 24z\"\/><\/svg>\r\n\t\t\t\t10h30 to 11h15\t\t\t<\/span>\r\n\t\t\t<span class=\"conference-location\">\r\n\t\t\t\t<svg xmlns=\"http:\/\/www.w3.org\/2000\/svg\" height=\"1em\" viewBox=\"0 0 384 512\"><path d=\"M215.7 499.2C267 435 384 279.4 384 192C384 86 298 0 192 0S0 86 0 192c0 87.4 117 243 168.3 307.2c12.3 15.3 35.1 15.3 47.4 0zM192 128a64 64 0 1 1 0 128 64 64 0 1 1 0-128z\"\/><\/svg>\r\n\t\t\t\tPerspectives room\t\t\t<\/span>\r\n\t\t\t\r\n\t\t\t\t\t\t\t<span class=\"conference-type\">\r\n\t\t\t\t\t<svg xmlns=\"http:\/\/www.w3.org\/2000\/svg\" height=\"1em\" viewBox=\"0 0 384 512\"><path d=\"M0 48V487.7C0 501.1 10.9 512 24.3 512c5 0 9.9-1.5 14-4.4L192 400 345.7 507.6c4.1 2.9 9 4.4 14 4.4c13.4 0 24.3-10.9 24.3-24.3V48c0-26.5-21.5-48-48-48H48C21.5 0 0 21.5 0 48z\"\/><\/svg>\r\n\t\t\t\t\tIDET Conference\t\t\t\t<\/span>\r\n\t\t\t\t\t<\/div>\r\n\t\t\r\n\t\t<h3 class=\"conference-title\">Inclusion in action: understanding and supporting sensitive situations<\/h3>\r\n\t\t\r\n\t\t\t\t\t<p class=\"organized-by\">\r\n\t\t\t\tOrganized by IDET\t\t\t<\/p>\r\n\t\t\t\t\r\n\t\t<a class=\"read-more\" href=\"#\">Continue reading<\/a>\r\n\t<\/div>\r\n\t\t\t\t\t\t\t\t\r\n\t<div class=\"conferences-accordion-panel\">\r\n\t\t\r\n\t\t\t\t\t\t<img decoding=\"async\" src=\"https:\/\/weyou.blob.core.windows.net\/images\/exposant\/8e355e85-df27-4d0f-8e16-2dccfd59f805.jpg\" class=\"exhibitor-logo\" alt=\"IDET\">\r\n\t\t\t\t\t\r\n\t\t<div class=\"conference-description\">\r\n\t\t\t<p>Today, companies are faced with the challenge of taking greater account of sensitive situations that require specific responses. Accessibility, health, psychosocial risks, risks of disengagement: from prevention to response, how are companies integrating these individual issues into their QVCT approach?<\/p>\n\t\t<\/div>\r\n\t\t\t\r\n\t\t\t\t\r\n\t\t\t\t\t<p class=\"speakers-title\">Speakers:<\/p>\r\n\t\t\t<div class=\"speakers\">\r\n\t\t\t\t\t\t\t\t\t<div class=\"speaker\">\r\n\t<p><strong>Fr\u00e9d\u00e9ricke  SAUVAGEOT <\/strong><br\/>Director of Quality of Life at Work for Real Estate and Workspaces &ndash; ORANGE<\/p><\/div>\t\t\t\t\t\t\t\t\t<div class=\"speaker\">\r\n\t<p><strong>Marie LARSONNEAU <\/strong><br\/>Head of Outreach and External Relations &ndash; AFMD (ASSOCIATION FRAN\u00c7AISE DES MANAGERS DE LA DIVERSIT\u00c9)<\/p><\/div>\t\t\t\t\t\t\t\t\t<div class=\"speaker\">\r\n\t<p><strong>Sinem  BEAUJEAN <\/strong><br\/>Global Engagement Strategist &ndash; SEDUS<\/p><\/div>\t\t\t\t\t\t\t<\/div>\r\n\t\t\t\t\r\n\t\t\t\t\t<div class=\"exhibitor-share-box\">\r\n\t\t\t\t\t\t\t\t<a href=\"https:\/\/www.facebook.com\/sharer\/sharer.php?u=https%3A%2F%2Fwww.salon-environnement-de-travail-achats.fr%2Fen%2Fconference%2Fidet\" data-network=\"facebook\" aria-label=\"Facebook\" style=\"--official-color: #557dbc\" rel=\"noopener noreferrer nofollow\">\r\n\t\t\t\t\t<span class=\"icon-container\">\r\n\t\t\t\t\t\t<svg width=\"20px\" height=\"20px\" viewBox=\"0 0 20 20\" aria-hidden=\"true\">\r\n\t\t\t\t\t\t\t<path d=\"M20,10.1c0-5.5-4.5-10-10-10S0,4.5,0,10.1c0,5,3.7,9.1,8.4,9.9v-7H5.9v-2.9h2.5V7.9C8.4,5.4,9.9,4,12.2,4c1.1,0,2.2,0.2,2.2,0.2v2.5h-1.3c-1.2,0-1.6,0.8-1.6,1.6v1.9h2.8L13.9,13h-2.3v7C16.3,19.2,20,15.1,20,10.1z\"><\/path>\r\n\t\t\t\t\t\t<\/svg>\r\n\t\t\t\t\t<\/span>\r\n\t\t\t\t<\/a>\r\n\t\t\t\t\t\t\t\r\n\t\t\t\t<a href=\"https:\/\/twitter.com\/share?url=https%3A%2F%2Fwww.salon-environnement-de-travail-achats.fr%2Fen%2Fconference%2Fidet&text=Conferences & workshops organized by IDET - Le Salon des Achats et de L&#039;environnement de Travail\" data-network=\"twitter\" aria-label=\"Twitter\" style=\"--official-color: #7acdee\" rel=\"noopener noreferrer nofollow\">\r\n\t\t\t\t\t<span class=\"icon-container\">\r\n\t\t\t\t\t\t<svg width=\"20px\" height=\"20px\" viewBox=\"0 0 20 20\" aria-hidden=\"true\">\r\n\t\t\t\t\t\t\t<path d=\"M20,3.8c-0.7,0.3-1.5,0.5-2.4,0.6c0.8-0.5,1.5-1.3,1.8-2.3c-0.8,0.5-1.7,0.8-2.6,1c-0.7-0.8-1.8-1.3-3-1.3c-2.3,0-4.1,1.8-4.1,4.1c0,0.3,0,0.6,0.1,0.9C6.4,6.7,3.4,5.1,1.4,2.6C1,3.2,0.8,3.9,0.8,4.7c0,1.4,0.7,2.7,1.8,3.4C2,8.1,1.4,7.9,0.8,7.6c0,0,0,0,0,0.1c0,2,1.4,3.6,3.3,4c-0.3,0.1-0.7,0.1-1.1,0.1c-0.3,0-0.5,0-0.8-0.1c0.5,1.6,2,2.8,3.8,2.8c-1.4,1.1-3.2,1.8-5.1,1.8c-0.3,0-0.7,0-1-0.1c1.8,1.2,4,1.8,6.3,1.8c7.5,0,11.7-6.3,11.7-11.7c0-0.2,0-0.4,0-0.5C18.8,5.3,19.4,4.6,20,3.8z\"><\/path>\r\n\t\t\t\t\t\t<\/svg>\r\n\t\t\t\t\t<\/span>\r\n\t\t\t\t<\/a>\r\n\r\n\t\t\t\t<a href=\"https:\/\/www.linkedin.com\/shareArticle?url=https%3A%2F%2Fwww.salon-environnement-de-travail-achats.fr%2Fen%2Fconference%2Fidet&title=Conferences & workshops organized by IDET - Le Salon des Achats et de L&#039;environnement de Travail\" data-network=\"linkedin\" aria-label=\"LinkedIn\" style=\"--official-color: #1c86c6\" rel=\"noopener noreferrer nofollow\">\r\n\t\t\t\t\t<span class=\"icon-container\">\r\n\t\t\t\t\t\t<svg width=\"20px\" height=\"20px\" viewBox=\"0 0 20 20\" aria-hidden=\"true\">\r\n\t\t\t\t\t\t\t<path d=\"M18.6,0H1.4C0.6,0,0,0.6,0,1.4v17.1C0,19.4,0.6,20,1.4,20h17.1c0.8,0,1.4-0.6,1.4-1.4V1.4C20,0.6,19.4,0,18.6,0z M6,17.1h-3V7.6h3L6,17.1L6,17.1zM4.6,6.3c-1,0-1.7-0.8-1.7-1.7s0.8-1.7,1.7-1.7c0.9,0,1.7,0.8,1.7,1.7C6.3,5.5,5.5,6.3,4.6,6.3z M17.2,17.1h-3v-4.6c0-1.1,0-2.5-1.5-2.5c-1.5,0-1.8,1.2-1.8,2.5v4.7h-3V7.6h2.8v1.3h0c0.4-0.8,1.4-1.5,2.8-1.5c3,0,3.6,2,3.6,4.5V17.1z\"><\/path>\r\n\t\t\t\t\t\t<\/svg>\r\n\t\t\t\t\t<\/span>\r\n\t\t\t\t<\/a>\r\n\t\t\t\t\r\n\t\t\t\t<a href=\"whatsapp:\/\/send?text=https%3A%2F%2Fwww.salon-environnement-de-travail-achats.fr%2Fen%2Fconference%2Fidet\" data-network=\"whatsapp\" aria-label=\"WhatsApp\" style=\"--official-color: #5bba67\" rel=\"noopener noreferrer nofollow\">\r\n\t\t\t\t\t<span class=\"icon-container\">\r\n\t\t\t\t\t\t<svg width=\"20px\" height=\"20px\" viewBox=\"0 0 20 20\" aria-hidden=\"true\">\r\n\t\t\t\t\t\t\t<path d=\"M10,0C4.5,0,0,4.5,0,10c0,1.9,0.5,3.6,1.4,5.1L0.1,20l5-1.3C6.5,19.5,8.2,20,10,20c5.5,0,10-4.5,10-10S15.5,0,10,0zM6.6,5.3c0.2,0,0.3,0,0.5,0c0.2,0,0.4,0,0.6,0.4c0.2,0.5,0.7,1.7,0.8,1.8c0.1,0.1,0.1,0.3,0,0.4C8.3,8.2,8.3,8.3,8.1,8.5C8,8.6,7.9,8.8,7.8,8.9C7.7,9,7.5,9.1,7.7,9.4c0.1,0.2,0.6,1.1,1.4,1.7c0.9,0.8,1.7,1.1,2,1.2c0.2,0.1,0.4,0.1,0.5-0.1c0.1-0.2,0.6-0.7,0.8-1c0.2-0.2,0.3-0.2,0.6-0.1c0.2,0.1,1.4,0.7,1.7,0.8s0.4,0.2,0.5,0.3c0.1,0.1,0.1,0.6-0.1,1.2c-0.2,0.6-1.2,1.1-1.7,1.2c-0.5,0-0.9,0.2-3-0.6c-2.5-1-4.1-3.6-4.2-3.7c-0.1-0.2-1-1.3-1-2.6c0-1.2,0.6-1.8,0.9-2.1C6.1,5.4,6.4,5.3,6.6,5.3z\"><\/path>\r\n\t\t\t\t\t\t<\/svg>\r\n\t\t\t\t\t<\/span>\r\n\t\t\t\t<\/a>\r\n\t\t\t<\/div>\r\n\t\t\t<\/div>\r\n<\/div>\t\t\t\t\t\t\t<div class=\"conferences-accordion-item\" data-date=\"2026-03-24T00:00:00\" data-type=\"partner-conference\">\r\n\t<div class=\"conferences-accordion-header\">\r\n\t\t<div class=\"conference-infos\">\r\n\t\t\t<span class=\"conference-date\">\r\n\t\t\t\t<svg xmlns=\"http:\/\/www.w3.org\/2000\/svg\" height=\"1em\" viewBox=\"0 0 448 512\"><path d=\"M96 32V64H48C21.5 64 0 85.5 0 112v48H448V112c0-26.5-21.5-48-48-48H352V32c0-17.7-14.3-32-32-32s-32 14.3-32 32V64H160V32c0-17.7-14.3-32-32-32S96 14.3 96 32zM448 192H0V464c0 26.5 21.5 48 48 48H400c26.5 0 48-21.5 48-48V192z\"\/><\/svg>\r\n\t\t\t\t24 March 2026\t\t\t<\/span>\r\n\t\t\t<span class=\"conference-time\">\r\n\t\t\t\t<svg xmlns=\"http:\/\/www.w3.org\/2000\/svg\" height=\"1em\" viewBox=\"0 0 512 512\"><path d=\"M256 0a256 256 0 1 1 0 512A256 256 0 1 1 256 0zM232 120V256c0 8 4 15.5 10.7 20l96 64c11 7.4 25.9 4.4 33.3-6.7s4.4-25.9-6.7-33.3L280 243.2V120c0-13.3-10.7-24-24-24s-24 10.7-24 24z\"\/><\/svg>\r\n\t\t\t\t10H45 to 11H45\t\t\t<\/span>\r\n\t\t\t<span class=\"conference-location\">\r\n\t\t\t\t<svg xmlns=\"http:\/\/www.w3.org\/2000\/svg\" height=\"1em\" viewBox=\"0 0 384 512\"><path d=\"M215.7 499.2C267 435 384 279.4 384 192C384 86 298 0 192 0S0 86 0 192c0 87.4 117 243 168.3 307.2c12.3 15.3 35.1 15.3 47.4 0zM192 128a64 64 0 1 1 0 128 64 64 0 1 1 0-128z\"\/><\/svg>\r\n\t\t\t\tAgora\t\t\t<\/span>\r\n\t\t\t\r\n\t\t\t\t\t\t\t<span class=\"conference-type\">\r\n\t\t\t\t\t<svg xmlns=\"http:\/\/www.w3.org\/2000\/svg\" height=\"1em\" viewBox=\"0 0 384 512\"><path d=\"M0 48V487.7C0 501.1 10.9 512 24.3 512c5 0 9.9-1.5 14-4.4L192 400 345.7 507.6c4.1 2.9 9 4.4 14 4.4c13.4 0 24.3-10.9 24.3-24.3V48c0-26.5-21.5-48-48-48H48C21.5 0 0 21.5 0 48z\"\/><\/svg>\r\n\t\t\t\t\tPartner Conference\t\t\t\t<\/span>\r\n\t\t\t\t\t<\/div>\r\n\t\t\r\n\t\t<h3 class=\"conference-title\">Bringing the city into the office<\/h3>\r\n\t\t\r\n\t\t\t\t\t<p class=\"organized-by\">\r\n\t\t\t\tOrganized by WORKPLACE MAGAZINE\t\t\t<\/p>\r\n\t\t\t\t\r\n\t\t<a class=\"read-more\" href=\"#\">Continue reading<\/a>\r\n\t<\/div>\r\n\t\t\t\t\t\t\t\t\r\n\t<div class=\"conferences-accordion-panel\">\r\n\t\t\r\n\t\t\t\t\r\n\t\t<div class=\"conference-description\">\r\n\t\t\t<p>For decades, office real estate was designed in isolation. High-performance, secure &ldquo;fortress&rdquo; buildings, but often disconnected from their surroundings, empty in the evenings and deserted on weekends. A paradox at a time when every square meter counts. &nbsp;<\/p>\n\n<p>But recently, another interpretation has emerged: that of the office as an urban resource. Open ground floors, active bases, interior streets, shared services (restaurants, gyms, daycare centers, etc.), cultural programming... The most advanced projects no longer seek to isolate themselves but to interact with the city, intensify uses, and extend life cycles.&nbsp;<\/p>\n\t\t<\/div>\r\n\t\t\t\r\n\t\t\t\t\r\n\t\t\t\t\t<p class=\"speakers-title\">Speakers:<\/p>\r\n\t\t\t<div class=\"speakers\">\r\n\t\t\t\t\t\t\t\t\t<div class=\"speaker\">\r\n\t<p><strong>Claire DE LA CASA<\/strong><br\/>Head of Sustainable Development and Social Real Estate &ndash; NOVAXIA<\/p><\/div>\t\t\t\t\t\t\t\t\t<div class=\"speaker\">\r\n\t<p><strong>Fr\u00e9d\u00e9ric  MOREL<\/strong><br\/>Project architect &ndash; VIGUIER ARCHITECTURE<\/p><\/div>\t\t\t\t\t\t\t<\/div>\r\n\t\t\t\t\r\n\t\t\t\t\t<div class=\"exhibitor-share-box\">\r\n\t\t\t\t\t\t\t\t<a href=\"https:\/\/www.facebook.com\/sharer\/sharer.php?u=https%3A%2F%2Fwww.salon-environnement-de-travail-achats.fr%2Fen%2Fconference%2Fworkplace-magazine\" data-network=\"facebook\" aria-label=\"Facebook\" style=\"--official-color: #557dbc\" rel=\"noopener noreferrer nofollow\">\r\n\t\t\t\t\t<span class=\"icon-container\">\r\n\t\t\t\t\t\t<svg width=\"20px\" height=\"20px\" viewBox=\"0 0 20 20\" aria-hidden=\"true\">\r\n\t\t\t\t\t\t\t<path d=\"M20,10.1c0-5.5-4.5-10-10-10S0,4.5,0,10.1c0,5,3.7,9.1,8.4,9.9v-7H5.9v-2.9h2.5V7.9C8.4,5.4,9.9,4,12.2,4c1.1,0,2.2,0.2,2.2,0.2v2.5h-1.3c-1.2,0-1.6,0.8-1.6,1.6v1.9h2.8L13.9,13h-2.3v7C16.3,19.2,20,15.1,20,10.1z\"><\/path>\r\n\t\t\t\t\t\t<\/svg>\r\n\t\t\t\t\t<\/span>\r\n\t\t\t\t<\/a>\r\n\t\t\t\t\t\t\t\r\n\t\t\t\t<a href=\"https:\/\/twitter.com\/share?url=https%3A%2F%2Fwww.salon-environnement-de-travail-achats.fr%2Fen%2Fconference%2Fworkplace-magazine&text=Conferences & workshops organized by WORKPLACE MAGAZINE - Le Salon des Achats et de L&#039;environnement de Travail\" data-network=\"twitter\" aria-label=\"Twitter\" style=\"--official-color: #7acdee\" rel=\"noopener noreferrer nofollow\">\r\n\t\t\t\t\t<span class=\"icon-container\">\r\n\t\t\t\t\t\t<svg width=\"20px\" height=\"20px\" viewBox=\"0 0 20 20\" aria-hidden=\"true\">\r\n\t\t\t\t\t\t\t<path d=\"M20,3.8c-0.7,0.3-1.5,0.5-2.4,0.6c0.8-0.5,1.5-1.3,1.8-2.3c-0.8,0.5-1.7,0.8-2.6,1c-0.7-0.8-1.8-1.3-3-1.3c-2.3,0-4.1,1.8-4.1,4.1c0,0.3,0,0.6,0.1,0.9C6.4,6.7,3.4,5.1,1.4,2.6C1,3.2,0.8,3.9,0.8,4.7c0,1.4,0.7,2.7,1.8,3.4C2,8.1,1.4,7.9,0.8,7.6c0,0,0,0,0,0.1c0,2,1.4,3.6,3.3,4c-0.3,0.1-0.7,0.1-1.1,0.1c-0.3,0-0.5,0-0.8-0.1c0.5,1.6,2,2.8,3.8,2.8c-1.4,1.1-3.2,1.8-5.1,1.8c-0.3,0-0.7,0-1-0.1c1.8,1.2,4,1.8,6.3,1.8c7.5,0,11.7-6.3,11.7-11.7c0-0.2,0-0.4,0-0.5C18.8,5.3,19.4,4.6,20,3.8z\"><\/path>\r\n\t\t\t\t\t\t<\/svg>\r\n\t\t\t\t\t<\/span>\r\n\t\t\t\t<\/a>\r\n\r\n\t\t\t\t<a href=\"https:\/\/www.linkedin.com\/shareArticle?url=https%3A%2F%2Fwww.salon-environnement-de-travail-achats.fr%2Fen%2Fconference%2Fworkplace-magazine&title=Conferences & workshops organized by WORKPLACE MAGAZINE - Le Salon des Achats et de L&#039;environnement de Travail\" data-network=\"linkedin\" aria-label=\"LinkedIn\" style=\"--official-color: #1c86c6\" rel=\"noopener noreferrer nofollow\">\r\n\t\t\t\t\t<span class=\"icon-container\">\r\n\t\t\t\t\t\t<svg width=\"20px\" height=\"20px\" viewBox=\"0 0 20 20\" aria-hidden=\"true\">\r\n\t\t\t\t\t\t\t<path d=\"M18.6,0H1.4C0.6,0,0,0.6,0,1.4v17.1C0,19.4,0.6,20,1.4,20h17.1c0.8,0,1.4-0.6,1.4-1.4V1.4C20,0.6,19.4,0,18.6,0z M6,17.1h-3V7.6h3L6,17.1L6,17.1zM4.6,6.3c-1,0-1.7-0.8-1.7-1.7s0.8-1.7,1.7-1.7c0.9,0,1.7,0.8,1.7,1.7C6.3,5.5,5.5,6.3,4.6,6.3z M17.2,17.1h-3v-4.6c0-1.1,0-2.5-1.5-2.5c-1.5,0-1.8,1.2-1.8,2.5v4.7h-3V7.6h2.8v1.3h0c0.4-0.8,1.4-1.5,2.8-1.5c3,0,3.6,2,3.6,4.5V17.1z\"><\/path>\r\n\t\t\t\t\t\t<\/svg>\r\n\t\t\t\t\t<\/span>\r\n\t\t\t\t<\/a>\r\n\t\t\t\t\r\n\t\t\t\t<a href=\"whatsapp:\/\/send?text=https%3A%2F%2Fwww.salon-environnement-de-travail-achats.fr%2Fen%2Fconference%2Fworkplace-magazine\" data-network=\"whatsapp\" aria-label=\"WhatsApp\" style=\"--official-color: #5bba67\" rel=\"noopener noreferrer nofollow\">\r\n\t\t\t\t\t<span class=\"icon-container\">\r\n\t\t\t\t\t\t<svg width=\"20px\" height=\"20px\" viewBox=\"0 0 20 20\" aria-hidden=\"true\">\r\n\t\t\t\t\t\t\t<path d=\"M10,0C4.5,0,0,4.5,0,10c0,1.9,0.5,3.6,1.4,5.1L0.1,20l5-1.3C6.5,19.5,8.2,20,10,20c5.5,0,10-4.5,10-10S15.5,0,10,0zM6.6,5.3c0.2,0,0.3,0,0.5,0c0.2,0,0.4,0,0.6,0.4c0.2,0.5,0.7,1.7,0.8,1.8c0.1,0.1,0.1,0.3,0,0.4C8.3,8.2,8.3,8.3,8.1,8.5C8,8.6,7.9,8.8,7.8,8.9C7.7,9,7.5,9.1,7.7,9.4c0.1,0.2,0.6,1.1,1.4,1.7c0.9,0.8,1.7,1.1,2,1.2c0.2,0.1,0.4,0.1,0.5-0.1c0.1-0.2,0.6-0.7,0.8-1c0.2-0.2,0.3-0.2,0.6-0.1c0.2,0.1,1.4,0.7,1.7,0.8s0.4,0.2,0.5,0.3c0.1,0.1,0.1,0.6-0.1,1.2c-0.2,0.6-1.2,1.1-1.7,1.2c-0.5,0-0.9,0.2-3-0.6c-2.5-1-4.1-3.6-4.2-3.7c-0.1-0.2-1-1.3-1-2.6c0-1.2,0.6-1.8,0.9-2.1C6.1,5.4,6.4,5.3,6.6,5.3z\"><\/path>\r\n\t\t\t\t\t\t<\/svg>\r\n\t\t\t\t\t<\/span>\r\n\t\t\t\t<\/a>\r\n\t\t\t<\/div>\r\n\t\t\t<\/div>\r\n<\/div>\t\t\t\t\t\t\t<div class=\"conferences-accordion-item\" data-date=\"2026-03-24T00:00:00\" data-type=\"exhibitors-workshops\">\r\n\t<div class=\"conferences-accordion-header\">\r\n\t\t<div class=\"conference-infos\">\r\n\t\t\t<span class=\"conference-date\">\r\n\t\t\t\t<svg xmlns=\"http:\/\/www.w3.org\/2000\/svg\" height=\"1em\" viewBox=\"0 0 448 512\"><path d=\"M96 32V64H48C21.5 64 0 85.5 0 112v48H448V112c0-26.5-21.5-48-48-48H352V32c0-17.7-14.3-32-32-32s-32 14.3-32 32V64H160V32c0-17.7-14.3-32-32-32S96 14.3 96 32zM448 192H0V464c0 26.5 21.5 48 48 48H400c26.5 0 48-21.5 48-48V192z\"\/><\/svg>\r\n\t\t\t\t24 March 2026\t\t\t<\/span>\r\n\t\t\t<span class=\"conference-time\">\r\n\t\t\t\t<svg xmlns=\"http:\/\/www.w3.org\/2000\/svg\" height=\"1em\" viewBox=\"0 0 512 512\"><path d=\"M256 0a256 256 0 1 1 0 512A256 256 0 1 1 256 0zM232 120V256c0 8 4 15.5 10.7 20l96 64c11 7.4 25.9 4.4 33.3-6.7s4.4-25.9-6.7-33.3L280 243.2V120c0-13.3-10.7-24-24-24s-24 10.7-24 24z\"\/><\/svg>\r\n\t\t\t\t12h00 to 12h30\t\t\t<\/span>\r\n\t\t\t<span class=\"conference-location\">\r\n\t\t\t\t<svg xmlns=\"http:\/\/www.w3.org\/2000\/svg\" height=\"1em\" viewBox=\"0 0 384 512\"><path d=\"M215.7 499.2C267 435 384 279.4 384 192C384 86 298 0 192 0S0 86 0 192c0 87.4 117 243 168.3 307.2c12.3 15.3 35.1 15.3 47.4 0zM192 128a64 64 0 1 1 0 128 64 64 0 1 1 0-128z\"\/><\/svg>\r\n\t\t\t\tAgora\t\t\t<\/span>\r\n\t\t\t\r\n\t\t\t\t\t\t\t<span class=\"conference-type\">\r\n\t\t\t\t\t<svg xmlns=\"http:\/\/www.w3.org\/2000\/svg\" height=\"1em\" viewBox=\"0 0 384 512\"><path d=\"M0 48V487.7C0 501.1 10.9 512 24.3 512c5 0 9.9-1.5 14-4.4L192 400 345.7 507.6c4.1 2.9 9 4.4 14 4.4c13.4 0 24.3-10.9 24.3-24.3V48c0-26.5-21.5-48-48-48H48C21.5 0 0 21.5 0 48z\"\/><\/svg>\r\n\t\t\t\t\tExhibitors Workshops\t\t\t\t<\/span>\r\n\t\t\t\t\t<\/div>\r\n\t\t\r\n\t\t<h3 class=\"conference-title\">Electric Mobility : Everything You Need to Know to Successfully Roll It Out and Get Employees On Board<\/h3>\r\n\t\t\r\n\t\t\t\t\t<p class=\"organized-by\">\r\n\t\t\t\tOrganized by Theblueway - E-Mobility Expert\t\t\t<\/p>\r\n\t\t\t\t\r\n\t\t<a class=\"read-more\" href=\"#\">Continue reading<\/a>\r\n\t<\/div>\r\n\t\t\t\t\t\t\t\t\r\n\t<div class=\"conferences-accordion-panel\">\r\n\t\t\r\n\t\t\t\t\t\t<img decoding=\"async\" src=\"https:\/\/weyou.blob.core.windows.net\/images\/exposant\/e71efb67-6c07-491c-b30d-3531845c90ec.jpg\" class=\"exhibitor-logo\" alt=\"Theblueway - E-Mobility Expert\">\r\n\t\t\t\t\t\r\n\t\t<div class=\"conference-description\">\r\n\t\t\t\r\n<p>Benefits in kind, annual incentive tax, etc. : taxation is pushing companies to make a rapid transition to electric vehicles.<\/p>\r\n<p><br>Choice of models, TCO, infrastructure deployment, and home charging are the ingredients for successful deployment.<\/p>\r\n<p><br>One major challenge remains: how to convince and support employees ?<br><\/p>\r\n\t\t<\/div>\r\n\t\t\t\r\n\t\t\t\t\t<p class=\"speakers-title\">Conference Moderators:<\/p>\r\n\t\t\t<div class=\"speakers\">\r\n\t\t\t\t\t\t\t\t\t<div class=\"speaker\">\r\n\t<img decoding=\"async\" src=\"https:\/\/weyou.blob.core.windows.net\/images\/conferencier\/2be2c188-3ef2-4cc1-b6d3-c01e6b1ecf63.jpg\" alt=\"S\u00e9bastien PINAULDT\"><p><strong>S\u00e9bastien PINAULDT<\/strong><br\/>Founder &ndash; THEBLUEWAY<\/p><\/div>\t\t\t\t\t\t\t\t\t<div class=\"speaker\">\r\n\t<img decoding=\"async\" src=\"https:\/\/weyou.blob.core.windows.net\/images\/conferencier\/271aee52-8cd1-4391-8a27-31eb3149ecd5.jpg\" alt=\"Daniel KOVACS\"><p><strong>Daniel KOVACS<\/strong><br\/>Funder &ndash; E-MOBILITY EXPERT<\/p><\/div>\t\t\t\t\t\t\t<\/div>\r\n\t\t\t\t\r\n\t\t\t\t\r\n\t\t\t\t\t<div class=\"exhibitor-share-box\">\r\n\t\t\t\t\t\t\t\t<a href=\"https:\/\/www.facebook.com\/sharer\/sharer.php?u=https%3A%2F%2Fwww.salon-environnement-de-travail-achats.fr%2Fen%2Fconference%2Ftheblueway-e-mobility-expert\" data-network=\"facebook\" aria-label=\"Facebook\" style=\"--official-color: #557dbc\" rel=\"noopener noreferrer nofollow\">\r\n\t\t\t\t\t<span class=\"icon-container\">\r\n\t\t\t\t\t\t<svg width=\"20px\" height=\"20px\" viewBox=\"0 0 20 20\" aria-hidden=\"true\">\r\n\t\t\t\t\t\t\t<path d=\"M20,10.1c0-5.5-4.5-10-10-10S0,4.5,0,10.1c0,5,3.7,9.1,8.4,9.9v-7H5.9v-2.9h2.5V7.9C8.4,5.4,9.9,4,12.2,4c1.1,0,2.2,0.2,2.2,0.2v2.5h-1.3c-1.2,0-1.6,0.8-1.6,1.6v1.9h2.8L13.9,13h-2.3v7C16.3,19.2,20,15.1,20,10.1z\"><\/path>\r\n\t\t\t\t\t\t<\/svg>\r\n\t\t\t\t\t<\/span>\r\n\t\t\t\t<\/a>\r\n\t\t\t\t\t\t\t\r\n\t\t\t\t<a href=\"https:\/\/twitter.com\/share?url=https%3A%2F%2Fwww.salon-environnement-de-travail-achats.fr%2Fen%2Fconference%2Ftheblueway-e-mobility-expert&text=Conferences & workshops organized by Theblueway - E-Mobility Expert - Le Salon des Achats et de L&#039;environnement de Travail\" data-network=\"twitter\" aria-label=\"Twitter\" style=\"--official-color: #7acdee\" rel=\"noopener noreferrer nofollow\">\r\n\t\t\t\t\t<span class=\"icon-container\">\r\n\t\t\t\t\t\t<svg width=\"20px\" height=\"20px\" viewBox=\"0 0 20 20\" aria-hidden=\"true\">\r\n\t\t\t\t\t\t\t<path d=\"M20,3.8c-0.7,0.3-1.5,0.5-2.4,0.6c0.8-0.5,1.5-1.3,1.8-2.3c-0.8,0.5-1.7,0.8-2.6,1c-0.7-0.8-1.8-1.3-3-1.3c-2.3,0-4.1,1.8-4.1,4.1c0,0.3,0,0.6,0.1,0.9C6.4,6.7,3.4,5.1,1.4,2.6C1,3.2,0.8,3.9,0.8,4.7c0,1.4,0.7,2.7,1.8,3.4C2,8.1,1.4,7.9,0.8,7.6c0,0,0,0,0,0.1c0,2,1.4,3.6,3.3,4c-0.3,0.1-0.7,0.1-1.1,0.1c-0.3,0-0.5,0-0.8-0.1c0.5,1.6,2,2.8,3.8,2.8c-1.4,1.1-3.2,1.8-5.1,1.8c-0.3,0-0.7,0-1-0.1c1.8,1.2,4,1.8,6.3,1.8c7.5,0,11.7-6.3,11.7-11.7c0-0.2,0-0.4,0-0.5C18.8,5.3,19.4,4.6,20,3.8z\"><\/path>\r\n\t\t\t\t\t\t<\/svg>\r\n\t\t\t\t\t<\/span>\r\n\t\t\t\t<\/a>\r\n\r\n\t\t\t\t<a href=\"https:\/\/www.linkedin.com\/shareArticle?url=https%3A%2F%2Fwww.salon-environnement-de-travail-achats.fr%2Fen%2Fconference%2Ftheblueway-e-mobility-expert&title=Conferences & workshops organized by Theblueway - E-Mobility Expert - Le Salon des Achats et de L&#039;environnement de Travail\" data-network=\"linkedin\" aria-label=\"LinkedIn\" style=\"--official-color: #1c86c6\" rel=\"noopener noreferrer nofollow\">\r\n\t\t\t\t\t<span class=\"icon-container\">\r\n\t\t\t\t\t\t<svg width=\"20px\" height=\"20px\" viewBox=\"0 0 20 20\" aria-hidden=\"true\">\r\n\t\t\t\t\t\t\t<path d=\"M18.6,0H1.4C0.6,0,0,0.6,0,1.4v17.1C0,19.4,0.6,20,1.4,20h17.1c0.8,0,1.4-0.6,1.4-1.4V1.4C20,0.6,19.4,0,18.6,0z M6,17.1h-3V7.6h3L6,17.1L6,17.1zM4.6,6.3c-1,0-1.7-0.8-1.7-1.7s0.8-1.7,1.7-1.7c0.9,0,1.7,0.8,1.7,1.7C6.3,5.5,5.5,6.3,4.6,6.3z M17.2,17.1h-3v-4.6c0-1.1,0-2.5-1.5-2.5c-1.5,0-1.8,1.2-1.8,2.5v4.7h-3V7.6h2.8v1.3h0c0.4-0.8,1.4-1.5,2.8-1.5c3,0,3.6,2,3.6,4.5V17.1z\"><\/path>\r\n\t\t\t\t\t\t<\/svg>\r\n\t\t\t\t\t<\/span>\r\n\t\t\t\t<\/a>\r\n\t\t\t\t\r\n\t\t\t\t<a href=\"whatsapp:\/\/send?text=https%3A%2F%2Fwww.salon-environnement-de-travail-achats.fr%2Fen%2Fconference%2Ftheblueway-e-mobility-expert\" data-network=\"whatsapp\" aria-label=\"WhatsApp\" style=\"--official-color: #5bba67\" rel=\"noopener noreferrer nofollow\">\r\n\t\t\t\t\t<span class=\"icon-container\">\r\n\t\t\t\t\t\t<svg width=\"20px\" height=\"20px\" viewBox=\"0 0 20 20\" aria-hidden=\"true\">\r\n\t\t\t\t\t\t\t<path d=\"M10,0C4.5,0,0,4.5,0,10c0,1.9,0.5,3.6,1.4,5.1L0.1,20l5-1.3C6.5,19.5,8.2,20,10,20c5.5,0,10-4.5,10-10S15.5,0,10,0zM6.6,5.3c0.2,0,0.3,0,0.5,0c0.2,0,0.4,0,0.6,0.4c0.2,0.5,0.7,1.7,0.8,1.8c0.1,0.1,0.1,0.3,0,0.4C8.3,8.2,8.3,8.3,8.1,8.5C8,8.6,7.9,8.8,7.8,8.9C7.7,9,7.5,9.1,7.7,9.4c0.1,0.2,0.6,1.1,1.4,1.7c0.9,0.8,1.7,1.1,2,1.2c0.2,0.1,0.4,0.1,0.5-0.1c0.1-0.2,0.6-0.7,0.8-1c0.2-0.2,0.3-0.2,0.6-0.1c0.2,0.1,1.4,0.7,1.7,0.8s0.4,0.2,0.5,0.3c0.1,0.1,0.1,0.6-0.1,1.2c-0.2,0.6-1.2,1.1-1.7,1.2c-0.5,0-0.9,0.2-3-0.6c-2.5-1-4.1-3.6-4.2-3.7c-0.1-0.2-1-1.3-1-2.6c0-1.2,0.6-1.8,0.9-2.1C6.1,5.4,6.4,5.3,6.6,5.3z\"><\/path>\r\n\t\t\t\t\t\t<\/svg>\r\n\t\t\t\t\t<\/span>\r\n\t\t\t\t<\/a>\r\n\t\t\t<\/div>\r\n\t\t\t<\/div>\r\n<\/div>\t\t\t\t\t\t\t<div class=\"conferences-accordion-item\" data-date=\"2026-03-24T00:00:00\" data-type=\"exhibitors-workshops\">\r\n\t<div class=\"conferences-accordion-header\">\r\n\t\t<div class=\"conference-infos\">\r\n\t\t\t<span class=\"conference-date\">\r\n\t\t\t\t<svg xmlns=\"http:\/\/www.w3.org\/2000\/svg\" height=\"1em\" viewBox=\"0 0 448 512\"><path d=\"M96 32V64H48C21.5 64 0 85.5 0 112v48H448V112c0-26.5-21.5-48-48-48H352V32c0-17.7-14.3-32-32-32s-32 14.3-32 32V64H160V32c0-17.7-14.3-32-32-32S96 14.3 96 32zM448 192H0V464c0 26.5 21.5 48 48 48H400c26.5 0 48-21.5 48-48V192z\"\/><\/svg>\r\n\t\t\t\t24 March 2026\t\t\t<\/span>\r\n\t\t\t<span class=\"conference-time\">\r\n\t\t\t\t<svg xmlns=\"http:\/\/www.w3.org\/2000\/svg\" height=\"1em\" viewBox=\"0 0 512 512\"><path d=\"M256 0a256 256 0 1 1 0 512A256 256 0 1 1 256 0zM232 120V256c0 8 4 15.5 10.7 20l96 64c11 7.4 25.9 4.4 33.3-6.7s4.4-25.9-6.7-33.3L280 243.2V120c0-13.3-10.7-24-24-24s-24 10.7-24 24z\"\/><\/svg>\r\n\t\t\t\t14h00 to 14h30\t\t\t<\/span>\r\n\t\t\t<span class=\"conference-location\">\r\n\t\t\t\t<svg xmlns=\"http:\/\/www.w3.org\/2000\/svg\" height=\"1em\" viewBox=\"0 0 384 512\"><path d=\"M215.7 499.2C267 435 384 279.4 384 192C384 86 298 0 192 0S0 86 0 192c0 87.4 117 243 168.3 307.2c12.3 15.3 35.1 15.3 47.4 0zM192 128a64 64 0 1 1 0 128 64 64 0 1 1 0-128z\"\/><\/svg>\r\n\t\t\t\tAgora\t\t\t<\/span>\r\n\t\t\t\r\n\t\t\t\t\t\t\t<span class=\"conference-type\">\r\n\t\t\t\t\t<svg xmlns=\"http:\/\/www.w3.org\/2000\/svg\" height=\"1em\" viewBox=\"0 0 384 512\"><path d=\"M0 48V487.7C0 501.1 10.9 512 24.3 512c5 0 9.9-1.5 14-4.4L192 400 345.7 507.6c4.1 2.9 9 4.4 14 4.4c13.4 0 24.3-10.9 24.3-24.3V48c0-26.5-21.5-48-48-48H48C21.5 0 0 21.5 0 48z\"\/><\/svg>\r\n\t\t\t\t\tExhibitors Workshops\t\t\t\t<\/span>\r\n\t\t\t\t\t<\/div>\r\n\t\t\r\n\t\t<h3 class=\"conference-title\">Hydration: the forgotten fuel of performance (From the marathon\u2026 to the office)<\/h3>\r\n\t\t\r\n\t\t\t\t\t<p class=\"organized-by\">\r\n\t\t\t\tOrganized by BRITA FRANCE\t\t\t<\/p>\r\n\t\t\t\t\r\n\t\t<a class=\"read-more\" href=\"#\">Continue reading<\/a>\r\n\t<\/div>\r\n\t\t\t\t\t\t\t\t\r\n\t<div class=\"conferences-accordion-panel\">\r\n\t\t\r\n\t\t\t\t\t\t<img decoding=\"async\" src=\"https:\/\/weyou.blob.core.windows.net\/images\/exposant\/2d0331e3-50ca-433c-87c7-a749c630c2f1.jpg\" class=\"exhibitor-logo\" alt=\"BRITA FRANCE\">\r\n\t\t\t\t\t\r\n\t\t<div class=\"conference-description\">\r\n\t\t\t\r\n\r\n\r\n\r\n\r\n\r\n\r\n\r\n\r\n<p>In the workplace, performance is not only about skills or motivation. \r\nHydration, often overlooked in everyday office life, plays a crucial role in focus, energy levels, decision-making and overall well-being at work.<\/p>\r\n<p>Together with Guillaume Centracchio, founder of Dans la t\u00eate d\u2019un coureur, this conference draws strong parallels between endurance sports and professional environments. Whether on the road or at the desk, the same physiological principles apply: a well-hydrated body and brain perform better.<\/p>\r\n<p>The session highlights:<\/p>\r\n<ul>\r\n<li>The direct impact of hydration on cognitive performance at work <\/li><li>The importance of water dispensers as a simple and effective way to encourage healthy hydration habits in offices\r\n<\/li><li>How BRITA\u2019s water solutions support sustainable, high-quality hydration and contribute to better performance and quality of life in the workplace<\/li><\/ul>\r\n\r\n<br>\t\t<\/div>\r\n\t\t\t\r\n\t\t\t\t\r\n\t\t\t\t\t<p class=\"speakers-title\">Speaker:<\/p>\r\n\t\t\t<div class=\"speakers\">\r\n\t\t\t\t\t\t\t\t\t<div class=\"speaker\">\r\n\t<img decoding=\"async\" src=\"https:\/\/weyou.blob.core.windows.net\/images\/conferencier\/fb4a4963-3131-4b2c-a474-9788a1cc5bf0.jpg\" alt=\"Guillaume CENTRACCHIO\"><p><strong>Guillaume CENTRACCHIO<\/strong><br\/>Founder &ndash; DANS LA T\u00caTE D'UN COUREUR<\/p><\/div>\t\t\t\t\t\t\t<\/div>\r\n\t\t\t\t\r\n\t\t\t\t\t<div class=\"exhibitor-share-box\">\r\n\t\t\t\t\t\t\t\t<a href=\"https:\/\/www.facebook.com\/sharer\/sharer.php?u=https%3A%2F%2Fwww.salon-environnement-de-travail-achats.fr%2Fen%2Fconference%2Fbrita-france\" data-network=\"facebook\" aria-label=\"Facebook\" style=\"--official-color: #557dbc\" rel=\"noopener noreferrer nofollow\">\r\n\t\t\t\t\t<span class=\"icon-container\">\r\n\t\t\t\t\t\t<svg width=\"20px\" height=\"20px\" viewBox=\"0 0 20 20\" aria-hidden=\"true\">\r\n\t\t\t\t\t\t\t<path d=\"M20,10.1c0-5.5-4.5-10-10-10S0,4.5,0,10.1c0,5,3.7,9.1,8.4,9.9v-7H5.9v-2.9h2.5V7.9C8.4,5.4,9.9,4,12.2,4c1.1,0,2.2,0.2,2.2,0.2v2.5h-1.3c-1.2,0-1.6,0.8-1.6,1.6v1.9h2.8L13.9,13h-2.3v7C16.3,19.2,20,15.1,20,10.1z\"><\/path>\r\n\t\t\t\t\t\t<\/svg>\r\n\t\t\t\t\t<\/span>\r\n\t\t\t\t<\/a>\r\n\t\t\t\t\t\t\t\r\n\t\t\t\t<a href=\"https:\/\/twitter.com\/share?url=https%3A%2F%2Fwww.salon-environnement-de-travail-achats.fr%2Fen%2Fconference%2Fbrita-france&text=Conferences & workshops organized by BRITA FRANCE - Le Salon des Achats et de L&#039;environnement de Travail\" data-network=\"twitter\" aria-label=\"Twitter\" style=\"--official-color: #7acdee\" rel=\"noopener noreferrer nofollow\">\r\n\t\t\t\t\t<span class=\"icon-container\">\r\n\t\t\t\t\t\t<svg width=\"20px\" height=\"20px\" viewBox=\"0 0 20 20\" aria-hidden=\"true\">\r\n\t\t\t\t\t\t\t<path d=\"M20,3.8c-0.7,0.3-1.5,0.5-2.4,0.6c0.8-0.5,1.5-1.3,1.8-2.3c-0.8,0.5-1.7,0.8-2.6,1c-0.7-0.8-1.8-1.3-3-1.3c-2.3,0-4.1,1.8-4.1,4.1c0,0.3,0,0.6,0.1,0.9C6.4,6.7,3.4,5.1,1.4,2.6C1,3.2,0.8,3.9,0.8,4.7c0,1.4,0.7,2.7,1.8,3.4C2,8.1,1.4,7.9,0.8,7.6c0,0,0,0,0,0.1c0,2,1.4,3.6,3.3,4c-0.3,0.1-0.7,0.1-1.1,0.1c-0.3,0-0.5,0-0.8-0.1c0.5,1.6,2,2.8,3.8,2.8c-1.4,1.1-3.2,1.8-5.1,1.8c-0.3,0-0.7,0-1-0.1c1.8,1.2,4,1.8,6.3,1.8c7.5,0,11.7-6.3,11.7-11.7c0-0.2,0-0.4,0-0.5C18.8,5.3,19.4,4.6,20,3.8z\"><\/path>\r\n\t\t\t\t\t\t<\/svg>\r\n\t\t\t\t\t<\/span>\r\n\t\t\t\t<\/a>\r\n\r\n\t\t\t\t<a href=\"https:\/\/www.linkedin.com\/shareArticle?url=https%3A%2F%2Fwww.salon-environnement-de-travail-achats.fr%2Fen%2Fconference%2Fbrita-france&title=Conferences & workshops organized by BRITA FRANCE - Le Salon des Achats et de L&#039;environnement de Travail\" data-network=\"linkedin\" aria-label=\"LinkedIn\" style=\"--official-color: #1c86c6\" rel=\"noopener noreferrer nofollow\">\r\n\t\t\t\t\t<span class=\"icon-container\">\r\n\t\t\t\t\t\t<svg width=\"20px\" height=\"20px\" viewBox=\"0 0 20 20\" aria-hidden=\"true\">\r\n\t\t\t\t\t\t\t<path d=\"M18.6,0H1.4C0.6,0,0,0.6,0,1.4v17.1C0,19.4,0.6,20,1.4,20h17.1c0.8,0,1.4-0.6,1.4-1.4V1.4C20,0.6,19.4,0,18.6,0z M6,17.1h-3V7.6h3L6,17.1L6,17.1zM4.6,6.3c-1,0-1.7-0.8-1.7-1.7s0.8-1.7,1.7-1.7c0.9,0,1.7,0.8,1.7,1.7C6.3,5.5,5.5,6.3,4.6,6.3z M17.2,17.1h-3v-4.6c0-1.1,0-2.5-1.5-2.5c-1.5,0-1.8,1.2-1.8,2.5v4.7h-3V7.6h2.8v1.3h0c0.4-0.8,1.4-1.5,2.8-1.5c3,0,3.6,2,3.6,4.5V17.1z\"><\/path>\r\n\t\t\t\t\t\t<\/svg>\r\n\t\t\t\t\t<\/span>\r\n\t\t\t\t<\/a>\r\n\t\t\t\t\r\n\t\t\t\t<a href=\"whatsapp:\/\/send?text=https%3A%2F%2Fwww.salon-environnement-de-travail-achats.fr%2Fen%2Fconference%2Fbrita-france\" data-network=\"whatsapp\" aria-label=\"WhatsApp\" style=\"--official-color: #5bba67\" rel=\"noopener noreferrer nofollow\">\r\n\t\t\t\t\t<span class=\"icon-container\">\r\n\t\t\t\t\t\t<svg width=\"20px\" height=\"20px\" viewBox=\"0 0 20 20\" aria-hidden=\"true\">\r\n\t\t\t\t\t\t\t<path d=\"M10,0C4.5,0,0,4.5,0,10c0,1.9,0.5,3.6,1.4,5.1L0.1,20l5-1.3C6.5,19.5,8.2,20,10,20c5.5,0,10-4.5,10-10S15.5,0,10,0zM6.6,5.3c0.2,0,0.3,0,0.5,0c0.2,0,0.4,0,0.6,0.4c0.2,0.5,0.7,1.7,0.8,1.8c0.1,0.1,0.1,0.3,0,0.4C8.3,8.2,8.3,8.3,8.1,8.5C8,8.6,7.9,8.8,7.8,8.9C7.7,9,7.5,9.1,7.7,9.4c0.1,0.2,0.6,1.1,1.4,1.7c0.9,0.8,1.7,1.1,2,1.2c0.2,0.1,0.4,0.1,0.5-0.1c0.1-0.2,0.6-0.7,0.8-1c0.2-0.2,0.3-0.2,0.6-0.1c0.2,0.1,1.4,0.7,1.7,0.8s0.4,0.2,0.5,0.3c0.1,0.1,0.1,0.6-0.1,1.2c-0.2,0.6-1.2,1.1-1.7,1.2c-0.5,0-0.9,0.2-3-0.6c-2.5-1-4.1-3.6-4.2-3.7c-0.1-0.2-1-1.3-1-2.6c0-1.2,0.6-1.8,0.9-2.1C6.1,5.4,6.4,5.3,6.6,5.3z\"><\/path>\r\n\t\t\t\t\t\t<\/svg>\r\n\t\t\t\t\t<\/span>\r\n\t\t\t\t<\/a>\r\n\t\t\t<\/div>\r\n\t\t\t<\/div>\r\n<\/div>\t\t\t\t\t\t\t<div class=\"conferences-accordion-item\" data-date=\"2026-03-24T00:00:00\" data-type=\"partner-conference\">\r\n\t<div class=\"conferences-accordion-header\">\r\n\t\t<div class=\"conference-infos\">\r\n\t\t\t<span class=\"conference-date\">\r\n\t\t\t\t<svg xmlns=\"http:\/\/www.w3.org\/2000\/svg\" height=\"1em\" viewBox=\"0 0 448 512\"><path d=\"M96 32V64H48C21.5 64 0 85.5 0 112v48H448V112c0-26.5-21.5-48-48-48H352V32c0-17.7-14.3-32-32-32s-32 14.3-32 32V64H160V32c0-17.7-14.3-32-32-32S96 14.3 96 32zM448 192H0V464c0 26.5 21.5 48 48 48H400c26.5 0 48-21.5 48-48V192z\"\/><\/svg>\r\n\t\t\t\t24 March 2026\t\t\t<\/span>\r\n\t\t\t<span class=\"conference-time\">\r\n\t\t\t\t<svg xmlns=\"http:\/\/www.w3.org\/2000\/svg\" height=\"1em\" viewBox=\"0 0 512 512\"><path d=\"M256 0a256 256 0 1 1 0 512A256 256 0 1 1 256 0zM232 120V256c0 8 4 15.5 10.7 20l96 64c11 7.4 25.9 4.4 33.3-6.7s4.4-25.9-6.7-33.3L280 243.2V120c0-13.3-10.7-24-24-24s-24 10.7-24 24z\"\/><\/svg>\r\n\t\t\t\t14H30 to 15H30\t\t\t<\/span>\r\n\t\t\t<span class=\"conference-location\">\r\n\t\t\t\t<svg xmlns=\"http:\/\/www.w3.org\/2000\/svg\" height=\"1em\" viewBox=\"0 0 384 512\"><path d=\"M215.7 499.2C267 435 384 279.4 384 192C384 86 298 0 192 0S0 86 0 192c0 87.4 117 243 168.3 307.2c12.3 15.3 35.1 15.3 47.4 0zM192 128a64 64 0 1 1 0 128 64 64 0 1 1 0-128z\"\/><\/svg>\r\n\t\t\t\tAgora\t\t\t<\/span>\r\n\t\t\t\r\n\t\t\t\t\t\t\t<span class=\"conference-type\">\r\n\t\t\t\t\t<svg xmlns=\"http:\/\/www.w3.org\/2000\/svg\" height=\"1em\" viewBox=\"0 0 384 512\"><path d=\"M0 48V487.7C0 501.1 10.9 512 24.3 512c5 0 9.9-1.5 14-4.4L192 400 345.7 507.6c4.1 2.9 9 4.4 14 4.4c13.4 0 24.3-10.9 24.3-24.3V48c0-26.5-21.5-48-48-48H48C21.5 0 0 21.5 0 48z\"\/><\/svg>\r\n\t\t\t\t\tPartner Conference\t\t\t\t<\/span>\r\n\t\t\t\t\t<\/div>\r\n\t\t\r\n\t\t<h3 class=\"conference-title\">Parenting, the great forgotten issue in QWL policies? <\/h3>\r\n\t\t\r\n\t\t\t\t\t<p class=\"organized-by\">\r\n\t\t\t\tOrganized by WORKPLACE MAGAZINE\t\t\t<\/p>\r\n\t\t\t\t\r\n\t\t<a class=\"read-more\" href=\"#\">Continue reading<\/a>\r\n\t<\/div>\r\n\t\t\t\t\t\t\t\t\r\n\t<div class=\"conferences-accordion-panel\">\r\n\t\t\r\n\t\t\t\t\r\n\t\t<div class=\"conference-description\">\r\n\t\t\t<p>The year 2025 saw one of the lowest birth rates since the end of World War I. Among the causes regularly cited is the lack of support for parents, both in their personal lives and in the workplace. For example, 77% of working parents still find it difficult to balance their professional and parental lives. This phenomenon has consequences: stress, anxiety, exhaustion, absenteeism... But how did we get here? Have French companies missed the boat? And above all, what concrete role can they play to better support working parents?<\/p>\n\t\t<\/div>\r\n\t\t\t\r\n\t\t\t\t\r\n\t\t\t\t\t<p class=\"speakers-title\">Speakers:<\/p>\r\n\t\t\t<div class=\"speakers\">\r\n\t\t\t\t\t\t\t\t\t<div class=\"speaker\">\r\n\t<p><strong>Tiphaine MAYOLLE<\/strong><br\/>Parenting and work-life balance consultant &ndash; UNE VIE DE FAMILLE<\/p><\/div>\t\t\t\t\t\t\t\t\t<div class=\"speaker\">\r\n\t<p><strong>Pauline  SEVEGRAND<\/strong><br\/>DRGH &ndash; OCTOPUS ENERGY<\/p><\/div>\t\t\t\t\t\t\t\t\t<div class=\"speaker\">\r\n\t<p><strong>Fran\u00e7oise CARDOSO<\/strong><br\/>Pr\u00e9sidente &ndash; BE FAMILY<\/p><\/div>\t\t\t\t\t\t\t\t\t<div class=\"speaker\">\r\n\t<p><strong>Pauline FILLASTRE<\/strong><br\/>Responsable Key Account &ndash; GECINA<\/p><\/div>\t\t\t\t\t\t\t<\/div>\r\n\t\t\t\t\r\n\t\t\t\t\t<div class=\"exhibitor-share-box\">\r\n\t\t\t\t\t\t\t\t<a href=\"https:\/\/www.facebook.com\/sharer\/sharer.php?u=https%3A%2F%2Fwww.salon-environnement-de-travail-achats.fr%2Fen%2Fconference%2Fworkplace-magazine\" data-network=\"facebook\" aria-label=\"Facebook\" style=\"--official-color: #557dbc\" rel=\"noopener noreferrer nofollow\">\r\n\t\t\t\t\t<span class=\"icon-container\">\r\n\t\t\t\t\t\t<svg width=\"20px\" height=\"20px\" viewBox=\"0 0 20 20\" aria-hidden=\"true\">\r\n\t\t\t\t\t\t\t<path d=\"M20,10.1c0-5.5-4.5-10-10-10S0,4.5,0,10.1c0,5,3.7,9.1,8.4,9.9v-7H5.9v-2.9h2.5V7.9C8.4,5.4,9.9,4,12.2,4c1.1,0,2.2,0.2,2.2,0.2v2.5h-1.3c-1.2,0-1.6,0.8-1.6,1.6v1.9h2.8L13.9,13h-2.3v7C16.3,19.2,20,15.1,20,10.1z\"><\/path>\r\n\t\t\t\t\t\t<\/svg>\r\n\t\t\t\t\t<\/span>\r\n\t\t\t\t<\/a>\r\n\t\t\t\t\t\t\t\r\n\t\t\t\t<a href=\"https:\/\/twitter.com\/share?url=https%3A%2F%2Fwww.salon-environnement-de-travail-achats.fr%2Fen%2Fconference%2Fworkplace-magazine&text=Conferences & workshops organized by WORKPLACE MAGAZINE - Le Salon des Achats et de L&#039;environnement de Travail\" data-network=\"twitter\" aria-label=\"Twitter\" style=\"--official-color: #7acdee\" rel=\"noopener noreferrer nofollow\">\r\n\t\t\t\t\t<span class=\"icon-container\">\r\n\t\t\t\t\t\t<svg width=\"20px\" height=\"20px\" viewBox=\"0 0 20 20\" aria-hidden=\"true\">\r\n\t\t\t\t\t\t\t<path d=\"M20,3.8c-0.7,0.3-1.5,0.5-2.4,0.6c0.8-0.5,1.5-1.3,1.8-2.3c-0.8,0.5-1.7,0.8-2.6,1c-0.7-0.8-1.8-1.3-3-1.3c-2.3,0-4.1,1.8-4.1,4.1c0,0.3,0,0.6,0.1,0.9C6.4,6.7,3.4,5.1,1.4,2.6C1,3.2,0.8,3.9,0.8,4.7c0,1.4,0.7,2.7,1.8,3.4C2,8.1,1.4,7.9,0.8,7.6c0,0,0,0,0,0.1c0,2,1.4,3.6,3.3,4c-0.3,0.1-0.7,0.1-1.1,0.1c-0.3,0-0.5,0-0.8-0.1c0.5,1.6,2,2.8,3.8,2.8c-1.4,1.1-3.2,1.8-5.1,1.8c-0.3,0-0.7,0-1-0.1c1.8,1.2,4,1.8,6.3,1.8c7.5,0,11.7-6.3,11.7-11.7c0-0.2,0-0.4,0-0.5C18.8,5.3,19.4,4.6,20,3.8z\"><\/path>\r\n\t\t\t\t\t\t<\/svg>\r\n\t\t\t\t\t<\/span>\r\n\t\t\t\t<\/a>\r\n\r\n\t\t\t\t<a href=\"https:\/\/www.linkedin.com\/shareArticle?url=https%3A%2F%2Fwww.salon-environnement-de-travail-achats.fr%2Fen%2Fconference%2Fworkplace-magazine&title=Conferences & workshops organized by WORKPLACE MAGAZINE - Le Salon des Achats et de L&#039;environnement de Travail\" data-network=\"linkedin\" aria-label=\"LinkedIn\" style=\"--official-color: #1c86c6\" rel=\"noopener noreferrer nofollow\">\r\n\t\t\t\t\t<span class=\"icon-container\">\r\n\t\t\t\t\t\t<svg width=\"20px\" height=\"20px\" viewBox=\"0 0 20 20\" aria-hidden=\"true\">\r\n\t\t\t\t\t\t\t<path d=\"M18.6,0H1.4C0.6,0,0,0.6,0,1.4v17.1C0,19.4,0.6,20,1.4,20h17.1c0.8,0,1.4-0.6,1.4-1.4V1.4C20,0.6,19.4,0,18.6,0z M6,17.1h-3V7.6h3L6,17.1L6,17.1zM4.6,6.3c-1,0-1.7-0.8-1.7-1.7s0.8-1.7,1.7-1.7c0.9,0,1.7,0.8,1.7,1.7C6.3,5.5,5.5,6.3,4.6,6.3z M17.2,17.1h-3v-4.6c0-1.1,0-2.5-1.5-2.5c-1.5,0-1.8,1.2-1.8,2.5v4.7h-3V7.6h2.8v1.3h0c0.4-0.8,1.4-1.5,2.8-1.5c3,0,3.6,2,3.6,4.5V17.1z\"><\/path>\r\n\t\t\t\t\t\t<\/svg>\r\n\t\t\t\t\t<\/span>\r\n\t\t\t\t<\/a>\r\n\t\t\t\t\r\n\t\t\t\t<a href=\"whatsapp:\/\/send?text=https%3A%2F%2Fwww.salon-environnement-de-travail-achats.fr%2Fen%2Fconference%2Fworkplace-magazine\" data-network=\"whatsapp\" aria-label=\"WhatsApp\" style=\"--official-color: #5bba67\" rel=\"noopener noreferrer nofollow\">\r\n\t\t\t\t\t<span class=\"icon-container\">\r\n\t\t\t\t\t\t<svg width=\"20px\" height=\"20px\" viewBox=\"0 0 20 20\" aria-hidden=\"true\">\r\n\t\t\t\t\t\t\t<path d=\"M10,0C4.5,0,0,4.5,0,10c0,1.9,0.5,3.6,1.4,5.1L0.1,20l5-1.3C6.5,19.5,8.2,20,10,20c5.5,0,10-4.5,10-10S15.5,0,10,0zM6.6,5.3c0.2,0,0.3,0,0.5,0c0.2,0,0.4,0,0.6,0.4c0.2,0.5,0.7,1.7,0.8,1.8c0.1,0.1,0.1,0.3,0,0.4C8.3,8.2,8.3,8.3,8.1,8.5C8,8.6,7.9,8.8,7.8,8.9C7.7,9,7.5,9.1,7.7,9.4c0.1,0.2,0.6,1.1,1.4,1.7c0.9,0.8,1.7,1.1,2,1.2c0.2,0.1,0.4,0.1,0.5-0.1c0.1-0.2,0.6-0.7,0.8-1c0.2-0.2,0.3-0.2,0.6-0.1c0.2,0.1,1.4,0.7,1.7,0.8s0.4,0.2,0.5,0.3c0.1,0.1,0.1,0.6-0.1,1.2c-0.2,0.6-1.2,1.1-1.7,1.2c-0.5,0-0.9,0.2-3-0.6c-2.5-1-4.1-3.6-4.2-3.7c-0.1-0.2-1-1.3-1-2.6c0-1.2,0.6-1.8,0.9-2.1C6.1,5.4,6.4,5.3,6.6,5.3z\"><\/path>\r\n\t\t\t\t\t\t<\/svg>\r\n\t\t\t\t\t<\/span>\r\n\t\t\t\t<\/a>\r\n\t\t\t<\/div>\r\n\t\t\t<\/div>\r\n<\/div>\t\t\t\t\t\t\t<div class=\"conferences-accordion-item\" data-date=\"2026-03-24T00:00:00\" data-type=\"idet-conference\">\r\n\t<div class=\"conferences-accordion-header\">\r\n\t\t<div class=\"conference-infos\">\r\n\t\t\t<span class=\"conference-date\">\r\n\t\t\t\t<svg xmlns=\"http:\/\/www.w3.org\/2000\/svg\" height=\"1em\" viewBox=\"0 0 448 512\"><path d=\"M96 32V64H48C21.5 64 0 85.5 0 112v48H448V112c0-26.5-21.5-48-48-48H352V32c0-17.7-14.3-32-32-32s-32 14.3-32 32V64H160V32c0-17.7-14.3-32-32-32S96 14.3 96 32zM448 192H0V464c0 26.5 21.5 48 48 48H400c26.5 0 48-21.5 48-48V192z\"\/><\/svg>\r\n\t\t\t\t24 March 2026\t\t\t<\/span>\r\n\t\t\t<span class=\"conference-time\">\r\n\t\t\t\t<svg xmlns=\"http:\/\/www.w3.org\/2000\/svg\" height=\"1em\" viewBox=\"0 0 512 512\"><path d=\"M256 0a256 256 0 1 1 0 512A256 256 0 1 1 256 0zM232 120V256c0 8 4 15.5 10.7 20l96 64c11 7.4 25.9 4.4 33.3-6.7s4.4-25.9-6.7-33.3L280 243.2V120c0-13.3-10.7-24-24-24s-24 10.7-24 24z\"\/><\/svg>\r\n\t\t\t\t15h00 to 16h00\t\t\t<\/span>\r\n\t\t\t<span class=\"conference-location\">\r\n\t\t\t\t<svg xmlns=\"http:\/\/www.w3.org\/2000\/svg\" height=\"1em\" viewBox=\"0 0 384 512\"><path d=\"M215.7 499.2C267 435 384 279.4 384 192C384 86 298 0 192 0S0 86 0 192c0 87.4 117 243 168.3 307.2c12.3 15.3 35.1 15.3 47.4 0zM192 128a64 64 0 1 1 0 128 64 64 0 1 1 0-128z\"\/><\/svg>\r\n\t\t\t\tPerspectives room\t\t\t<\/span>\r\n\t\t\t\r\n\t\t\t\t\t\t\t<span class=\"conference-type\">\r\n\t\t\t\t\t<svg xmlns=\"http:\/\/www.w3.org\/2000\/svg\" height=\"1em\" viewBox=\"0 0 384 512\"><path d=\"M0 48V487.7C0 501.1 10.9 512 24.3 512c5 0 9.9-1.5 14-4.4L192 400 345.7 507.6c4.1 2.9 9 4.4 14 4.4c13.4 0 24.3-10.9 24.3-24.3V48c0-26.5-21.5-48-48-48H48C21.5 0 0 21.5 0 48z\"\/><\/svg>\r\n\t\t\t\t\tIDET Conference\t\t\t\t<\/span>\r\n\t\t\t\t\t<\/div>\r\n\t\t\r\n\t\t<h3 class=\"conference-title\">How has corporate catering reinvented itself in response to changing employee habits?  <\/h3>\r\n\t\t\r\n\t\t\t\t\t<p class=\"organized-by\">\r\n\t\t\t\tOrganized by IDET\t\t\t<\/p>\r\n\t\t\t\t\r\n\t\t<a class=\"read-more\" href=\"#\">Continue reading<\/a>\r\n\t<\/div>\r\n\t\t\t\t\t\t\t\t\r\n\t<div class=\"conferences-accordion-panel\">\r\n\t\t\r\n\t\t\t\t\t\t<img decoding=\"async\" src=\"https:\/\/weyou.blob.core.windows.net\/images\/exposant\/8e355e85-df27-4d0f-8e16-2dccfd59f805.jpg\" class=\"exhibitor-logo\" alt=\"IDET\">\r\n\t\t\t\t\t\r\n\t\t<div class=\"conference-description\">\r\n\t\t\t<p>Faced with changing habits, corporate catering has had to reinvent itself and rethink its model. Here is a brief overview of the diversity of initiatives in this area to understand how corporate catering remains at the heart of social interaction at work.<\/p>\n\t\t<\/div>\r\n\t\t\t\r\n\t\t\t\t\r\n\t\t\t\t\t<p class=\"speakers-title\">Speakers:<\/p>\r\n\t\t\t<div class=\"speakers\">\r\n\t\t\t\t\t\t\t\t\t<div class=\"speaker\">\r\n\t<p><strong>Ghyslain MORVAN<\/strong><br\/>Founder &ndash; TR\u00c8FLE RESTAURATION<\/p><\/div>\t\t\t\t\t\t\t\t\t<div class=\"speaker\">\r\n\t<p><strong>Manuel MARTINS<\/strong><br\/>Workplace Environment Deputy Director,   &ndash; DANONE<\/p><\/div>\t\t\t\t\t\t\t\t\t<div class=\"speaker\">\r\n\t<p><strong>Franck  \u2013 Deputy Facilites Director , Secr\u00e9taire G\u00e9n\u00e9ral De L\u2019idet DOUAU<\/strong><br\/>Deputy Facilites Director , Secr\u00e9taire G\u00e9n\u00e9ral De L\u2019IDET &ndash; LVMH<\/p><\/div>\t\t\t\t\t\t\t<\/div>\r\n\t\t\t\t\r\n\t\t\t\t\t<div class=\"exhibitor-share-box\">\r\n\t\t\t\t\t\t\t\t<a href=\"https:\/\/www.facebook.com\/sharer\/sharer.php?u=https%3A%2F%2Fwww.salon-environnement-de-travail-achats.fr%2Fen%2Fconference%2Fidet\" data-network=\"facebook\" aria-label=\"Facebook\" style=\"--official-color: #557dbc\" rel=\"noopener noreferrer nofollow\">\r\n\t\t\t\t\t<span class=\"icon-container\">\r\n\t\t\t\t\t\t<svg width=\"20px\" height=\"20px\" viewBox=\"0 0 20 20\" aria-hidden=\"true\">\r\n\t\t\t\t\t\t\t<path d=\"M20,10.1c0-5.5-4.5-10-10-10S0,4.5,0,10.1c0,5,3.7,9.1,8.4,9.9v-7H5.9v-2.9h2.5V7.9C8.4,5.4,9.9,4,12.2,4c1.1,0,2.2,0.2,2.2,0.2v2.5h-1.3c-1.2,0-1.6,0.8-1.6,1.6v1.9h2.8L13.9,13h-2.3v7C16.3,19.2,20,15.1,20,10.1z\"><\/path>\r\n\t\t\t\t\t\t<\/svg>\r\n\t\t\t\t\t<\/span>\r\n\t\t\t\t<\/a>\r\n\t\t\t\t\t\t\t\r\n\t\t\t\t<a href=\"https:\/\/twitter.com\/share?url=https%3A%2F%2Fwww.salon-environnement-de-travail-achats.fr%2Fen%2Fconference%2Fidet&text=Conferences & workshops organized by IDET - Le Salon des Achats et de L&#039;environnement de Travail\" data-network=\"twitter\" aria-label=\"Twitter\" style=\"--official-color: #7acdee\" rel=\"noopener noreferrer nofollow\">\r\n\t\t\t\t\t<span class=\"icon-container\">\r\n\t\t\t\t\t\t<svg width=\"20px\" height=\"20px\" viewBox=\"0 0 20 20\" aria-hidden=\"true\">\r\n\t\t\t\t\t\t\t<path d=\"M20,3.8c-0.7,0.3-1.5,0.5-2.4,0.6c0.8-0.5,1.5-1.3,1.8-2.3c-0.8,0.5-1.7,0.8-2.6,1c-0.7-0.8-1.8-1.3-3-1.3c-2.3,0-4.1,1.8-4.1,4.1c0,0.3,0,0.6,0.1,0.9C6.4,6.7,3.4,5.1,1.4,2.6C1,3.2,0.8,3.9,0.8,4.7c0,1.4,0.7,2.7,1.8,3.4C2,8.1,1.4,7.9,0.8,7.6c0,0,0,0,0,0.1c0,2,1.4,3.6,3.3,4c-0.3,0.1-0.7,0.1-1.1,0.1c-0.3,0-0.5,0-0.8-0.1c0.5,1.6,2,2.8,3.8,2.8c-1.4,1.1-3.2,1.8-5.1,1.8c-0.3,0-0.7,0-1-0.1c1.8,1.2,4,1.8,6.3,1.8c7.5,0,11.7-6.3,11.7-11.7c0-0.2,0-0.4,0-0.5C18.8,5.3,19.4,4.6,20,3.8z\"><\/path>\r\n\t\t\t\t\t\t<\/svg>\r\n\t\t\t\t\t<\/span>\r\n\t\t\t\t<\/a>\r\n\r\n\t\t\t\t<a href=\"https:\/\/www.linkedin.com\/shareArticle?url=https%3A%2F%2Fwww.salon-environnement-de-travail-achats.fr%2Fen%2Fconference%2Fidet&title=Conferences & workshops organized by IDET - Le Salon des Achats et de L&#039;environnement de Travail\" data-network=\"linkedin\" aria-label=\"LinkedIn\" style=\"--official-color: #1c86c6\" rel=\"noopener noreferrer nofollow\">\r\n\t\t\t\t\t<span class=\"icon-container\">\r\n\t\t\t\t\t\t<svg width=\"20px\" height=\"20px\" viewBox=\"0 0 20 20\" aria-hidden=\"true\">\r\n\t\t\t\t\t\t\t<path d=\"M18.6,0H1.4C0.6,0,0,0.6,0,1.4v17.1C0,19.4,0.6,20,1.4,20h17.1c0.8,0,1.4-0.6,1.4-1.4V1.4C20,0.6,19.4,0,18.6,0z M6,17.1h-3V7.6h3L6,17.1L6,17.1zM4.6,6.3c-1,0-1.7-0.8-1.7-1.7s0.8-1.7,1.7-1.7c0.9,0,1.7,0.8,1.7,1.7C6.3,5.5,5.5,6.3,4.6,6.3z M17.2,17.1h-3v-4.6c0-1.1,0-2.5-1.5-2.5c-1.5,0-1.8,1.2-1.8,2.5v4.7h-3V7.6h2.8v1.3h0c0.4-0.8,1.4-1.5,2.8-1.5c3,0,3.6,2,3.6,4.5V17.1z\"><\/path>\r\n\t\t\t\t\t\t<\/svg>\r\n\t\t\t\t\t<\/span>\r\n\t\t\t\t<\/a>\r\n\t\t\t\t\r\n\t\t\t\t<a href=\"whatsapp:\/\/send?text=https%3A%2F%2Fwww.salon-environnement-de-travail-achats.fr%2Fen%2Fconference%2Fidet\" data-network=\"whatsapp\" aria-label=\"WhatsApp\" style=\"--official-color: #5bba67\" rel=\"noopener noreferrer nofollow\">\r\n\t\t\t\t\t<span class=\"icon-container\">\r\n\t\t\t\t\t\t<svg width=\"20px\" height=\"20px\" viewBox=\"0 0 20 20\" aria-hidden=\"true\">\r\n\t\t\t\t\t\t\t<path d=\"M10,0C4.5,0,0,4.5,0,10c0,1.9,0.5,3.6,1.4,5.1L0.1,20l5-1.3C6.5,19.5,8.2,20,10,20c5.5,0,10-4.5,10-10S15.5,0,10,0zM6.6,5.3c0.2,0,0.3,0,0.5,0c0.2,0,0.4,0,0.6,0.4c0.2,0.5,0.7,1.7,0.8,1.8c0.1,0.1,0.1,0.3,0,0.4C8.3,8.2,8.3,8.3,8.1,8.5C8,8.6,7.9,8.8,7.8,8.9C7.7,9,7.5,9.1,7.7,9.4c0.1,0.2,0.6,1.1,1.4,1.7c0.9,0.8,1.7,1.1,2,1.2c0.2,0.1,0.4,0.1,0.5-0.1c0.1-0.2,0.6-0.7,0.8-1c0.2-0.2,0.3-0.2,0.6-0.1c0.2,0.1,1.4,0.7,1.7,0.8s0.4,0.2,0.5,0.3c0.1,0.1,0.1,0.6-0.1,1.2c-0.2,0.6-1.2,1.1-1.7,1.2c-0.5,0-0.9,0.2-3-0.6c-2.5-1-4.1-3.6-4.2-3.7c-0.1-0.2-1-1.3-1-2.6c0-1.2,0.6-1.8,0.9-2.1C6.1,5.4,6.4,5.3,6.6,5.3z\"><\/path>\r\n\t\t\t\t\t\t<\/svg>\r\n\t\t\t\t\t<\/span>\r\n\t\t\t\t<\/a>\r\n\t\t\t<\/div>\r\n\t\t\t<\/div>\r\n<\/div>\t\t\t\t\t\t\t<div class=\"conferences-accordion-item\" data-date=\"2026-03-24T00:00:00\" data-type=\"exhibitors-workshops\">\r\n\t<div class=\"conferences-accordion-header\">\r\n\t\t<div class=\"conference-infos\">\r\n\t\t\t<span class=\"conference-date\">\r\n\t\t\t\t<svg xmlns=\"http:\/\/www.w3.org\/2000\/svg\" height=\"1em\" viewBox=\"0 0 448 512\"><path d=\"M96 32V64H48C21.5 64 0 85.5 0 112v48H448V112c0-26.5-21.5-48-48-48H352V32c0-17.7-14.3-32-32-32s-32 14.3-32 32V64H160V32c0-17.7-14.3-32-32-32S96 14.3 96 32zM448 192H0V464c0 26.5 21.5 48 48 48H400c26.5 0 48-21.5 48-48V192z\"\/><\/svg>\r\n\t\t\t\t24 March 2026\t\t\t<\/span>\r\n\t\t\t<span class=\"conference-time\">\r\n\t\t\t\t<svg xmlns=\"http:\/\/www.w3.org\/2000\/svg\" height=\"1em\" viewBox=\"0 0 512 512\"><path d=\"M256 0a256 256 0 1 1 0 512A256 256 0 1 1 256 0zM232 120V256c0 8 4 15.5 10.7 20l96 64c11 7.4 25.9 4.4 33.3-6.7s4.4-25.9-6.7-33.3L280 243.2V120c0-13.3-10.7-24-24-24s-24 10.7-24 24z\"\/><\/svg>\r\n\t\t\t\t16H00 to 16H30\t\t\t<\/span>\r\n\t\t\t<span class=\"conference-location\">\r\n\t\t\t\t<svg xmlns=\"http:\/\/www.w3.org\/2000\/svg\" height=\"1em\" viewBox=\"0 0 384 512\"><path d=\"M215.7 499.2C267 435 384 279.4 384 192C384 86 298 0 192 0S0 86 0 192c0 87.4 117 243 168.3 307.2c12.3 15.3 35.1 15.3 47.4 0zM192 128a64 64 0 1 1 0 128 64 64 0 1 1 0-128z\"\/><\/svg>\r\n\t\t\t\tAgora\t\t\t<\/span>\r\n\t\t\t\r\n\t\t\t\t\t\t\t<span class=\"conference-type\">\r\n\t\t\t\t\t<svg xmlns=\"http:\/\/www.w3.org\/2000\/svg\" height=\"1em\" viewBox=\"0 0 384 512\"><path d=\"M0 48V487.7C0 501.1 10.9 512 24.3 512c5 0 9.9-1.5 14-4.4L192 400 345.7 507.6c4.1 2.9 9 4.4 14 4.4c13.4 0 24.3-10.9 24.3-24.3V48c0-26.5-21.5-48-48-48H48C21.5 0 0 21.5 0 48z\"\/><\/svg>\r\n\t\t\t\t\tExhibitors Workshops\t\t\t\t<\/span>\r\n\t\t\t\t\t<\/div>\r\n\t\t\r\n\t\t<h3 class=\"conference-title\">Transforming office space into solidarity-based accommodation: host companies answer your questions<\/h3>\r\n\t\t\r\n\t\t\t\t\t<p class=\"organized-by\">\r\n\t\t\t\tOrganized by BUREAUX DU COEUR \t\t\t<\/p>\r\n\t\t\t\t\r\n\t\t<a class=\"read-more\" href=\"#\">Continue reading<\/a>\r\n\t<\/div>\r\n\t\t\t\t\t\t\t\t\r\n\t<div class=\"conferences-accordion-panel\">\r\n\t\t\r\n\t\t\t\t\t\t<img decoding=\"async\" src=\"https:\/\/weyou.blob.core.windows.net\/images\/exposant\/b9e2deda-2a11-4947-9dd3-c481d2e9fc80.jpg\" class=\"exhibitor-logo\" alt=\"BUREAUX DU COEUR \">\r\n\t\t\t\t\t\r\n\t\t<div class=\"conference-description\">\r\n\t\t\t\r\n\r\n<p>Technical constraints, security, insurance, legal framework, employee engagement: a practical and straightforward discussion to understand how the\r\nBureaux du C\u0153ur initiative can be integrated into an existing workplace environment.<\/p>\r\n<p>Host companies share first-hand experience of transforming their office premises into temporary, solidarity-based accommodation.<\/p>\r\n\r\n\t\t<\/div>\r\n\t\t\t\r\n\t\t\t\t\r\n\t\t\t\t\r\n\t\t\t\t\t<div class=\"exhibitor-share-box\">\r\n\t\t\t\t\t\t\t\t<a href=\"https:\/\/www.facebook.com\/sharer\/sharer.php?u=https%3A%2F%2Fwww.salon-environnement-de-travail-achats.fr%2Fen%2Fconference%2Fbureaux-du-coeur\" data-network=\"facebook\" aria-label=\"Facebook\" style=\"--official-color: #557dbc\" rel=\"noopener noreferrer nofollow\">\r\n\t\t\t\t\t<span class=\"icon-container\">\r\n\t\t\t\t\t\t<svg width=\"20px\" height=\"20px\" viewBox=\"0 0 20 20\" aria-hidden=\"true\">\r\n\t\t\t\t\t\t\t<path d=\"M20,10.1c0-5.5-4.5-10-10-10S0,4.5,0,10.1c0,5,3.7,9.1,8.4,9.9v-7H5.9v-2.9h2.5V7.9C8.4,5.4,9.9,4,12.2,4c1.1,0,2.2,0.2,2.2,0.2v2.5h-1.3c-1.2,0-1.6,0.8-1.6,1.6v1.9h2.8L13.9,13h-2.3v7C16.3,19.2,20,15.1,20,10.1z\"><\/path>\r\n\t\t\t\t\t\t<\/svg>\r\n\t\t\t\t\t<\/span>\r\n\t\t\t\t<\/a>\r\n\t\t\t\t\t\t\t\r\n\t\t\t\t<a href=\"https:\/\/twitter.com\/share?url=https%3A%2F%2Fwww.salon-environnement-de-travail-achats.fr%2Fen%2Fconference%2Fbureaux-du-coeur&text=Conferences & workshops organized by BUREAUX DU COEUR  - Le Salon des Achats et de L&#039;environnement de Travail\" data-network=\"twitter\" aria-label=\"Twitter\" style=\"--official-color: #7acdee\" rel=\"noopener noreferrer nofollow\">\r\n\t\t\t\t\t<span class=\"icon-container\">\r\n\t\t\t\t\t\t<svg width=\"20px\" height=\"20px\" viewBox=\"0 0 20 20\" aria-hidden=\"true\">\r\n\t\t\t\t\t\t\t<path d=\"M20,3.8c-0.7,0.3-1.5,0.5-2.4,0.6c0.8-0.5,1.5-1.3,1.8-2.3c-0.8,0.5-1.7,0.8-2.6,1c-0.7-0.8-1.8-1.3-3-1.3c-2.3,0-4.1,1.8-4.1,4.1c0,0.3,0,0.6,0.1,0.9C6.4,6.7,3.4,5.1,1.4,2.6C1,3.2,0.8,3.9,0.8,4.7c0,1.4,0.7,2.7,1.8,3.4C2,8.1,1.4,7.9,0.8,7.6c0,0,0,0,0,0.1c0,2,1.4,3.6,3.3,4c-0.3,0.1-0.7,0.1-1.1,0.1c-0.3,0-0.5,0-0.8-0.1c0.5,1.6,2,2.8,3.8,2.8c-1.4,1.1-3.2,1.8-5.1,1.8c-0.3,0-0.7,0-1-0.1c1.8,1.2,4,1.8,6.3,1.8c7.5,0,11.7-6.3,11.7-11.7c0-0.2,0-0.4,0-0.5C18.8,5.3,19.4,4.6,20,3.8z\"><\/path>\r\n\t\t\t\t\t\t<\/svg>\r\n\t\t\t\t\t<\/span>\r\n\t\t\t\t<\/a>\r\n\r\n\t\t\t\t<a href=\"https:\/\/www.linkedin.com\/shareArticle?url=https%3A%2F%2Fwww.salon-environnement-de-travail-achats.fr%2Fen%2Fconference%2Fbureaux-du-coeur&title=Conferences & workshops organized by BUREAUX DU COEUR  - Le Salon des Achats et de L&#039;environnement de Travail\" data-network=\"linkedin\" aria-label=\"LinkedIn\" style=\"--official-color: #1c86c6\" rel=\"noopener noreferrer nofollow\">\r\n\t\t\t\t\t<span class=\"icon-container\">\r\n\t\t\t\t\t\t<svg width=\"20px\" height=\"20px\" viewBox=\"0 0 20 20\" aria-hidden=\"true\">\r\n\t\t\t\t\t\t\t<path d=\"M18.6,0H1.4C0.6,0,0,0.6,0,1.4v17.1C0,19.4,0.6,20,1.4,20h17.1c0.8,0,1.4-0.6,1.4-1.4V1.4C20,0.6,19.4,0,18.6,0z M6,17.1h-3V7.6h3L6,17.1L6,17.1zM4.6,6.3c-1,0-1.7-0.8-1.7-1.7s0.8-1.7,1.7-1.7c0.9,0,1.7,0.8,1.7,1.7C6.3,5.5,5.5,6.3,4.6,6.3z M17.2,17.1h-3v-4.6c0-1.1,0-2.5-1.5-2.5c-1.5,0-1.8,1.2-1.8,2.5v4.7h-3V7.6h2.8v1.3h0c0.4-0.8,1.4-1.5,2.8-1.5c3,0,3.6,2,3.6,4.5V17.1z\"><\/path>\r\n\t\t\t\t\t\t<\/svg>\r\n\t\t\t\t\t<\/span>\r\n\t\t\t\t<\/a>\r\n\t\t\t\t\r\n\t\t\t\t<a href=\"whatsapp:\/\/send?text=https%3A%2F%2Fwww.salon-environnement-de-travail-achats.fr%2Fen%2Fconference%2Fbureaux-du-coeur\" data-network=\"whatsapp\" aria-label=\"WhatsApp\" style=\"--official-color: #5bba67\" rel=\"noopener noreferrer nofollow\">\r\n\t\t\t\t\t<span class=\"icon-container\">\r\n\t\t\t\t\t\t<svg width=\"20px\" height=\"20px\" viewBox=\"0 0 20 20\" aria-hidden=\"true\">\r\n\t\t\t\t\t\t\t<path d=\"M10,0C4.5,0,0,4.5,0,10c0,1.9,0.5,3.6,1.4,5.1L0.1,20l5-1.3C6.5,19.5,8.2,20,10,20c5.5,0,10-4.5,10-10S15.5,0,10,0zM6.6,5.3c0.2,0,0.3,0,0.5,0c0.2,0,0.4,0,0.6,0.4c0.2,0.5,0.7,1.7,0.8,1.8c0.1,0.1,0.1,0.3,0,0.4C8.3,8.2,8.3,8.3,8.1,8.5C8,8.6,7.9,8.8,7.8,8.9C7.7,9,7.5,9.1,7.7,9.4c0.1,0.2,0.6,1.1,1.4,1.7c0.9,0.8,1.7,1.1,2,1.2c0.2,0.1,0.4,0.1,0.5-0.1c0.1-0.2,0.6-0.7,0.8-1c0.2-0.2,0.3-0.2,0.6-0.1c0.2,0.1,1.4,0.7,1.7,0.8s0.4,0.2,0.5,0.3c0.1,0.1,0.1,0.6-0.1,1.2c-0.2,0.6-1.2,1.1-1.7,1.2c-0.5,0-0.9,0.2-3-0.6c-2.5-1-4.1-3.6-4.2-3.7c-0.1-0.2-1-1.3-1-2.6c0-1.2,0.6-1.8,0.9-2.1C6.1,5.4,6.4,5.3,6.6,5.3z\"><\/path>\r\n\t\t\t\t\t\t<\/svg>\r\n\t\t\t\t\t<\/span>\r\n\t\t\t\t<\/a>\r\n\t\t\t<\/div>\r\n\t\t\t<\/div>\r\n<\/div>\t\t\t\t\t\t\t<div class=\"conferences-accordion-item\" data-date=\"2026-03-25T00:00:00\" data-type=\"exhibitors-workshops\">\r\n\t<div class=\"conferences-accordion-header\">\r\n\t\t<div class=\"conference-infos\">\r\n\t\t\t<span class=\"conference-date\">\r\n\t\t\t\t<svg xmlns=\"http:\/\/www.w3.org\/2000\/svg\" height=\"1em\" viewBox=\"0 0 448 512\"><path d=\"M96 32V64H48C21.5 64 0 85.5 0 112v48H448V112c0-26.5-21.5-48-48-48H352V32c0-17.7-14.3-32-32-32s-32 14.3-32 32V64H160V32c0-17.7-14.3-32-32-32S96 14.3 96 32zM448 192H0V464c0 26.5 21.5 48 48 48H400c26.5 0 48-21.5 48-48V192z\"\/><\/svg>\r\n\t\t\t\t25 March 2026\t\t\t<\/span>\r\n\t\t\t<span class=\"conference-time\">\r\n\t\t\t\t<svg xmlns=\"http:\/\/www.w3.org\/2000\/svg\" height=\"1em\" viewBox=\"0 0 512 512\"><path d=\"M256 0a256 256 0 1 1 0 512A256 256 0 1 1 256 0zM232 120V256c0 8 4 15.5 10.7 20l96 64c11 7.4 25.9 4.4 33.3-6.7s4.4-25.9-6.7-33.3L280 243.2V120c0-13.3-10.7-24-24-24s-24 10.7-24 24z\"\/><\/svg>\r\n\t\t\t\t10h00 to 10h30\t\t\t<\/span>\r\n\t\t\t<span class=\"conference-location\">\r\n\t\t\t\t<svg xmlns=\"http:\/\/www.w3.org\/2000\/svg\" height=\"1em\" viewBox=\"0 0 384 512\"><path d=\"M215.7 499.2C267 435 384 279.4 384 192C384 86 298 0 192 0S0 86 0 192c0 87.4 117 243 168.3 307.2c12.3 15.3 35.1 15.3 47.4 0zM192 128a64 64 0 1 1 0 128 64 64 0 1 1 0-128z\"\/><\/svg>\r\n\t\t\t\tAgora\t\t\t<\/span>\r\n\t\t\t\r\n\t\t\t\t\t\t\t<span class=\"conference-type\">\r\n\t\t\t\t\t<svg xmlns=\"http:\/\/www.w3.org\/2000\/svg\" height=\"1em\" viewBox=\"0 0 384 512\"><path d=\"M0 48V487.7C0 501.1 10.9 512 24.3 512c5 0 9.9-1.5 14-4.4L192 400 345.7 507.6c4.1 2.9 9 4.4 14 4.4c13.4 0 24.3-10.9 24.3-24.3V48c0-26.5-21.5-48-48-48H48C21.5 0 0 21.5 0 48z\"\/><\/svg>\r\n\t\t\t\t\tExhibitors Workshops\t\t\t\t<\/span>\r\n\t\t\t\t\t<\/div>\r\n\t\t\r\n\t\t<h3 class=\"conference-title\">Workshop ELECTRIC OASIS : charging stations in your parking lots: why put yourself through the stress of a massive construction project?<\/h3>\r\n\t\t\r\n\t\t\t\t\t<p class=\"organized-by\">\r\n\t\t\t\tOrganized by electric OASIS\t\t\t<\/p>\r\n\t\t\t\t\r\n\t\t<a class=\"read-more\" href=\"#\">Continue reading<\/a>\r\n\t<\/div>\r\n\t\t\t\t\t\t\t\t\r\n\t<div class=\"conferences-accordion-panel\">\r\n\t\t\r\n\t\t\t\t\t\t<img decoding=\"async\" src=\"https:\/\/weyou.blob.core.windows.net\/images\/exposant\/14a25b80-e438-4378-b66c-d7f6959254d7.jpg\" class=\"exhibitor-logo\" alt=\"electric OASIS\">\r\n\t\t\t\t\t\r\n\t\t<div class=\"conference-description\">\r\n\t\t\t\r\n<p>Jacques Kraemer will present electric OASIS and its plug-and-play charging solution for corporate parking facilities, requiring no civil engineering works.<br>The first part of the workshop will focus on explaining the installation process and showcasing how an electric OASIS \u201cexpress deployment\u201d is carried out, through a video filmed at \u00c9lectricit\u00e9 de Strasbourg. Jacques Kraemer will share his initial encounter with e-mobility in a previous professional chapter, how recurring pain points were identified, and the intuition behind creating a standardized product designed for phased rollouts that do not \u201ctear up\u201d parking lots. In short, the story behind the creation of electric OASIS.<br>The second part will be an open discussion with the audience : an interactive session where participants can share their experiences with charging station installations, the evolution of their electric fleets, and the solutions they currently use to charge vehicles on site. This exchange will help identify common challenges in equipping parking facilities and explore concrete solution pathways.<br>Finally, the last segment of the workshop will be dedicated to a live Q&amp;A, giving participants the opportunity to ask Jacques Kraemer questions directly and dive deeper into technical, organizational, or strategic aspects of electric vehicle charging in a corporate context.<br>Through this workshop, our objective is threefold : to enable participants to share real-world installation experiences ; to introduce a simple, fast, and scalable solution for electrifying corporate parking lots ; and to collectively define best practices for a progressive, low-friction rollout of charging infrastructure.<br><\/p>\r\n\t\t<\/div>\r\n\t\t\t\r\n\t\t\t\t\t<p class=\"speakers-title\">Conference Moderator:<\/p>\r\n\t\t\t<div class=\"speakers\">\r\n\t\t\t\t\t\t\t\t\t<div class=\"speaker\">\r\n\t<img decoding=\"async\" src=\"https:\/\/weyou.blob.core.windows.net\/images\/conferencier\/d5fa7f92-9d46-4b70-909f-65efc5d85aa0.jpg\" alt=\"Jean-Marie NAZARENKO\"><p><strong>Jean-Marie NAZARENKO<\/strong><br\/>Head of Communications &ndash; ELECTRIC OASIS<\/p><\/div>\t\t\t\t\t\t\t<\/div>\r\n\t\t\t\t\r\n\t\t\t\t\t<p class=\"speakers-title\">Speaker:<\/p>\r\n\t\t\t<div class=\"speakers\">\r\n\t\t\t\t\t\t\t\t\t<div class=\"speaker\">\r\n\t<img decoding=\"async\" src=\"https:\/\/weyou.blob.core.windows.net\/images\/conferencier\/3fce9c4d-c0bf-461f-a088-5d87e1ec5d06.jpg\" alt=\"Jacques KRAEMER\"><p><strong>Jacques KRAEMER<\/strong><br\/>Founder and CEO &ndash; ELECTRIC OASIS<\/p><\/div>\t\t\t\t\t\t\t<\/div>\r\n\t\t\t\t\r\n\t\t\t\t\t<div class=\"exhibitor-share-box\">\r\n\t\t\t\t\t\t\t\t<a href=\"https:\/\/www.facebook.com\/sharer\/sharer.php?u=https%3A%2F%2Fwww.salon-environnement-de-travail-achats.fr%2Fen%2Fconference%2Felectric-oasis\" data-network=\"facebook\" aria-label=\"Facebook\" style=\"--official-color: #557dbc\" rel=\"noopener noreferrer nofollow\">\r\n\t\t\t\t\t<span class=\"icon-container\">\r\n\t\t\t\t\t\t<svg width=\"20px\" height=\"20px\" viewBox=\"0 0 20 20\" aria-hidden=\"true\">\r\n\t\t\t\t\t\t\t<path d=\"M20,10.1c0-5.5-4.5-10-10-10S0,4.5,0,10.1c0,5,3.7,9.1,8.4,9.9v-7H5.9v-2.9h2.5V7.9C8.4,5.4,9.9,4,12.2,4c1.1,0,2.2,0.2,2.2,0.2v2.5h-1.3c-1.2,0-1.6,0.8-1.6,1.6v1.9h2.8L13.9,13h-2.3v7C16.3,19.2,20,15.1,20,10.1z\"><\/path>\r\n\t\t\t\t\t\t<\/svg>\r\n\t\t\t\t\t<\/span>\r\n\t\t\t\t<\/a>\r\n\t\t\t\t\t\t\t\r\n\t\t\t\t<a href=\"https:\/\/twitter.com\/share?url=https%3A%2F%2Fwww.salon-environnement-de-travail-achats.fr%2Fen%2Fconference%2Felectric-oasis&text=Conferences & workshops organized by electric OASIS - Le Salon des Achats et de L&#039;environnement de Travail\" data-network=\"twitter\" aria-label=\"Twitter\" style=\"--official-color: #7acdee\" rel=\"noopener noreferrer nofollow\">\r\n\t\t\t\t\t<span class=\"icon-container\">\r\n\t\t\t\t\t\t<svg width=\"20px\" height=\"20px\" viewBox=\"0 0 20 20\" aria-hidden=\"true\">\r\n\t\t\t\t\t\t\t<path d=\"M20,3.8c-0.7,0.3-1.5,0.5-2.4,0.6c0.8-0.5,1.5-1.3,1.8-2.3c-0.8,0.5-1.7,0.8-2.6,1c-0.7-0.8-1.8-1.3-3-1.3c-2.3,0-4.1,1.8-4.1,4.1c0,0.3,0,0.6,0.1,0.9C6.4,6.7,3.4,5.1,1.4,2.6C1,3.2,0.8,3.9,0.8,4.7c0,1.4,0.7,2.7,1.8,3.4C2,8.1,1.4,7.9,0.8,7.6c0,0,0,0,0,0.1c0,2,1.4,3.6,3.3,4c-0.3,0.1-0.7,0.1-1.1,0.1c-0.3,0-0.5,0-0.8-0.1c0.5,1.6,2,2.8,3.8,2.8c-1.4,1.1-3.2,1.8-5.1,1.8c-0.3,0-0.7,0-1-0.1c1.8,1.2,4,1.8,6.3,1.8c7.5,0,11.7-6.3,11.7-11.7c0-0.2,0-0.4,0-0.5C18.8,5.3,19.4,4.6,20,3.8z\"><\/path>\r\n\t\t\t\t\t\t<\/svg>\r\n\t\t\t\t\t<\/span>\r\n\t\t\t\t<\/a>\r\n\r\n\t\t\t\t<a href=\"https:\/\/www.linkedin.com\/shareArticle?url=https%3A%2F%2Fwww.salon-environnement-de-travail-achats.fr%2Fen%2Fconference%2Felectric-oasis&title=Conferences & workshops organized by electric OASIS - Le Salon des Achats et de L&#039;environnement de Travail\" data-network=\"linkedin\" aria-label=\"LinkedIn\" style=\"--official-color: #1c86c6\" rel=\"noopener noreferrer nofollow\">\r\n\t\t\t\t\t<span class=\"icon-container\">\r\n\t\t\t\t\t\t<svg width=\"20px\" height=\"20px\" viewBox=\"0 0 20 20\" aria-hidden=\"true\">\r\n\t\t\t\t\t\t\t<path d=\"M18.6,0H1.4C0.6,0,0,0.6,0,1.4v17.1C0,19.4,0.6,20,1.4,20h17.1c0.8,0,1.4-0.6,1.4-1.4V1.4C20,0.6,19.4,0,18.6,0z M6,17.1h-3V7.6h3L6,17.1L6,17.1zM4.6,6.3c-1,0-1.7-0.8-1.7-1.7s0.8-1.7,1.7-1.7c0.9,0,1.7,0.8,1.7,1.7C6.3,5.5,5.5,6.3,4.6,6.3z M17.2,17.1h-3v-4.6c0-1.1,0-2.5-1.5-2.5c-1.5,0-1.8,1.2-1.8,2.5v4.7h-3V7.6h2.8v1.3h0c0.4-0.8,1.4-1.5,2.8-1.5c3,0,3.6,2,3.6,4.5V17.1z\"><\/path>\r\n\t\t\t\t\t\t<\/svg>\r\n\t\t\t\t\t<\/span>\r\n\t\t\t\t<\/a>\r\n\t\t\t\t\r\n\t\t\t\t<a href=\"whatsapp:\/\/send?text=https%3A%2F%2Fwww.salon-environnement-de-travail-achats.fr%2Fen%2Fconference%2Felectric-oasis\" data-network=\"whatsapp\" aria-label=\"WhatsApp\" style=\"--official-color: #5bba67\" rel=\"noopener noreferrer nofollow\">\r\n\t\t\t\t\t<span class=\"icon-container\">\r\n\t\t\t\t\t\t<svg width=\"20px\" height=\"20px\" viewBox=\"0 0 20 20\" aria-hidden=\"true\">\r\n\t\t\t\t\t\t\t<path d=\"M10,0C4.5,0,0,4.5,0,10c0,1.9,0.5,3.6,1.4,5.1L0.1,20l5-1.3C6.5,19.5,8.2,20,10,20c5.5,0,10-4.5,10-10S15.5,0,10,0zM6.6,5.3c0.2,0,0.3,0,0.5,0c0.2,0,0.4,0,0.6,0.4c0.2,0.5,0.7,1.7,0.8,1.8c0.1,0.1,0.1,0.3,0,0.4C8.3,8.2,8.3,8.3,8.1,8.5C8,8.6,7.9,8.8,7.8,8.9C7.7,9,7.5,9.1,7.7,9.4c0.1,0.2,0.6,1.1,1.4,1.7c0.9,0.8,1.7,1.1,2,1.2c0.2,0.1,0.4,0.1,0.5-0.1c0.1-0.2,0.6-0.7,0.8-1c0.2-0.2,0.3-0.2,0.6-0.1c0.2,0.1,1.4,0.7,1.7,0.8s0.4,0.2,0.5,0.3c0.1,0.1,0.1,0.6-0.1,1.2c-0.2,0.6-1.2,1.1-1.7,1.2c-0.5,0-0.9,0.2-3-0.6c-2.5-1-4.1-3.6-4.2-3.7c-0.1-0.2-1-1.3-1-2.6c0-1.2,0.6-1.8,0.9-2.1C6.1,5.4,6.4,5.3,6.6,5.3z\"><\/path>\r\n\t\t\t\t\t\t<\/svg>\r\n\t\t\t\t\t<\/span>\r\n\t\t\t\t<\/a>\r\n\t\t\t<\/div>\r\n\t\t\t<\/div>\r\n<\/div>\t\t\t\t\t\t\t<div class=\"conferences-accordion-item\" data-date=\"2026-03-25T00:00:00\" data-type=\"exhibitors-workshops\">\r\n\t<div class=\"conferences-accordion-header\">\r\n\t\t<div class=\"conference-infos\">\r\n\t\t\t<span class=\"conference-date\">\r\n\t\t\t\t<svg xmlns=\"http:\/\/www.w3.org\/2000\/svg\" height=\"1em\" viewBox=\"0 0 448 512\"><path d=\"M96 32V64H48C21.5 64 0 85.5 0 112v48H448V112c0-26.5-21.5-48-48-48H352V32c0-17.7-14.3-32-32-32s-32 14.3-32 32V64H160V32c0-17.7-14.3-32-32-32S96 14.3 96 32zM448 192H0V464c0 26.5 21.5 48 48 48H400c26.5 0 48-21.5 48-48V192z\"\/><\/svg>\r\n\t\t\t\t25 March 2026\t\t\t<\/span>\r\n\t\t\t<span class=\"conference-time\">\r\n\t\t\t\t<svg xmlns=\"http:\/\/www.w3.org\/2000\/svg\" height=\"1em\" viewBox=\"0 0 512 512\"><path d=\"M256 0a256 256 0 1 1 0 512A256 256 0 1 1 256 0zM232 120V256c0 8 4 15.5 10.7 20l96 64c11 7.4 25.9 4.4 33.3-6.7s4.4-25.9-6.7-33.3L280 243.2V120c0-13.3-10.7-24-24-24s-24 10.7-24 24z\"\/><\/svg>\r\n\t\t\t\t10h45 to 11h15\t\t\t<\/span>\r\n\t\t\t<span class=\"conference-location\">\r\n\t\t\t\t<svg xmlns=\"http:\/\/www.w3.org\/2000\/svg\" height=\"1em\" viewBox=\"0 0 384 512\"><path d=\"M215.7 499.2C267 435 384 279.4 384 192C384 86 298 0 192 0S0 86 0 192c0 87.4 117 243 168.3 307.2c12.3 15.3 35.1 15.3 47.4 0zM192 128a64 64 0 1 1 0 128 64 64 0 1 1 0-128z\"\/><\/svg>\r\n\t\t\t\tAgora\t\t\t<\/span>\r\n\t\t\t\r\n\t\t\t\t\t\t\t<span class=\"conference-type\">\r\n\t\t\t\t\t<svg xmlns=\"http:\/\/www.w3.org\/2000\/svg\" height=\"1em\" viewBox=\"0 0 384 512\"><path d=\"M0 48V487.7C0 501.1 10.9 512 24.3 512c5 0 9.9-1.5 14-4.4L192 400 345.7 507.6c4.1 2.9 9 4.4 14 4.4c13.4 0 24.3-10.9 24.3-24.3V48c0-26.5-21.5-48-48-48H48C21.5 0 0 21.5 0 48z\"\/><\/svg>\r\n\t\t\t\t\tExhibitors Workshops\t\t\t\t<\/span>\r\n\t\t\t\t\t<\/div>\r\n\t\t\r\n\t\t<h3 class=\"conference-title\">Maintenance, logistics, and performance: making the workplace a sustainable and strategic asset<\/h3>\r\n\t\t\r\n\t\t\t\t\t<p class=\"organized-by\">\r\n\t\t\t\tOrganized by CIRCULARPLACE\t\t\t<\/p>\r\n\t\t\t\t\r\n\t\t<a class=\"read-more\" href=\"#\">Continue reading<\/a>\r\n\t<\/div>\r\n\t\t\t\t\t\t\t\t\r\n\t<div class=\"conferences-accordion-panel\">\r\n\t\t\r\n\t\t\t\t\t\t<img decoding=\"async\" src=\"https:\/\/weyou.blob.core.windows.net\/images\/exposant\/646fb386-47a1-4ea9-bbb5-daa7521ef7aa.jpg\" class=\"exhibitor-logo\" alt=\"CIRCULARPLACE\">\r\n\t\t\t\t\t\r\n\t\t<div class=\"conference-description\">\r\n\t\t\t\r\n\r\n<p>In a context where real estate &amp; facilities, procurement, and workplace departments are expected to deliver on both economic performance and environmental impact, logistics management and inventory control play a key role: improved visibility of assets, rationalization of space, reduction of dormant and remote inventory, and trade-offs between internal transfers, repairs, refurbishment, and new purchases. At the crossroads of reuse, data, logistics, and the operational challenges faced by facility managers, this round table will bring together complementary players in the value chain.<\/p>\r\n<br>\t\t<\/div>\r\n\t\t\t\r\n\t\t\t\t\t<p class=\"speakers-title\">Conference Moderator:<\/p>\r\n\t\t\t<div class=\"speakers\">\r\n\t\t\t\t\t\t\t\t\t<div class=\"speaker\">\r\n\t<img decoding=\"async\" src=\"https:\/\/weyou.blob.core.windows.net\/images\/conferencier\/c3cd55f3-0549-4557-9274-0b24413c9e73.jpg\" alt=\"Marion ENARD\"><p><strong>Marion ENARD<\/strong><br\/> &ndash; FINDLE<\/p><\/div>\t\t\t\t\t\t\t<\/div>\r\n\t\t\t\t\r\n\t\t\t\t\t<p class=\"speakers-title\">Speakers:<\/p>\r\n\t\t\t<div class=\"speakers\">\r\n\t\t\t\t\t\t\t\t\t<div class=\"speaker\">\r\n\t<img decoding=\"async\" src=\"https:\/\/weyou.blob.core.windows.net\/images\/conferencier\/85af7af1-bc52-4057-b3cc-880184fd4e88.jpg\" alt=\"Maxime VIGNIER\"><p><strong>Maxime VIGNIER<\/strong><br\/> &ndash; BNP PARIBAS<\/p><\/div>\t\t\t\t\t\t\t\t\t<div class=\"speaker\">\r\n\t<img decoding=\"async\" src=\"https:\/\/weyou.blob.core.windows.net\/images\/conferencier\/8ba7cbe7-eb7b-4d11-ad1a-452fee2deec8.jpg\" alt=\"Guillaume CHAMPEL\"><p><strong>Guillaume CHAMPEL<\/strong><br\/> &ndash; BLB TRANSFERT<\/p><\/div>\t\t\t\t\t\t\t\t\t<div class=\"speaker\">\r\n\t<img decoding=\"async\" src=\"https:\/\/weyou.blob.core.windows.net\/images\/conferencier\/d718ab29-9142-4a00-836e-2c111c4e527e.jpg\" alt=\"Giulia ZIINO\"><p><strong>Giulia ZIINO<\/strong><br\/> &ndash; CIRCULARPLACE<\/p><\/div>\t\t\t\t\t\t\t<\/div>\r\n\t\t\t\t\r\n\t\t\t\t\t<div class=\"exhibitor-share-box\">\r\n\t\t\t\t\t\t\t\t<a href=\"https:\/\/www.facebook.com\/sharer\/sharer.php?u=https%3A%2F%2Fwww.salon-environnement-de-travail-achats.fr%2Fen%2Fconference%2Fcircularplace\" data-network=\"facebook\" aria-label=\"Facebook\" style=\"--official-color: #557dbc\" rel=\"noopener noreferrer nofollow\">\r\n\t\t\t\t\t<span class=\"icon-container\">\r\n\t\t\t\t\t\t<svg width=\"20px\" height=\"20px\" viewBox=\"0 0 20 20\" aria-hidden=\"true\">\r\n\t\t\t\t\t\t\t<path d=\"M20,10.1c0-5.5-4.5-10-10-10S0,4.5,0,10.1c0,5,3.7,9.1,8.4,9.9v-7H5.9v-2.9h2.5V7.9C8.4,5.4,9.9,4,12.2,4c1.1,0,2.2,0.2,2.2,0.2v2.5h-1.3c-1.2,0-1.6,0.8-1.6,1.6v1.9h2.8L13.9,13h-2.3v7C16.3,19.2,20,15.1,20,10.1z\"><\/path>\r\n\t\t\t\t\t\t<\/svg>\r\n\t\t\t\t\t<\/span>\r\n\t\t\t\t<\/a>\r\n\t\t\t\t\t\t\t\r\n\t\t\t\t<a href=\"https:\/\/twitter.com\/share?url=https%3A%2F%2Fwww.salon-environnement-de-travail-achats.fr%2Fen%2Fconference%2Fcircularplace&text=Conferences & workshops organized by CIRCULARPLACE - Le Salon des Achats et de L&#039;environnement de Travail\" data-network=\"twitter\" aria-label=\"Twitter\" style=\"--official-color: #7acdee\" rel=\"noopener noreferrer nofollow\">\r\n\t\t\t\t\t<span class=\"icon-container\">\r\n\t\t\t\t\t\t<svg width=\"20px\" height=\"20px\" viewBox=\"0 0 20 20\" aria-hidden=\"true\">\r\n\t\t\t\t\t\t\t<path d=\"M20,3.8c-0.7,0.3-1.5,0.5-2.4,0.6c0.8-0.5,1.5-1.3,1.8-2.3c-0.8,0.5-1.7,0.8-2.6,1c-0.7-0.8-1.8-1.3-3-1.3c-2.3,0-4.1,1.8-4.1,4.1c0,0.3,0,0.6,0.1,0.9C6.4,6.7,3.4,5.1,1.4,2.6C1,3.2,0.8,3.9,0.8,4.7c0,1.4,0.7,2.7,1.8,3.4C2,8.1,1.4,7.9,0.8,7.6c0,0,0,0,0,0.1c0,2,1.4,3.6,3.3,4c-0.3,0.1-0.7,0.1-1.1,0.1c-0.3,0-0.5,0-0.8-0.1c0.5,1.6,2,2.8,3.8,2.8c-1.4,1.1-3.2,1.8-5.1,1.8c-0.3,0-0.7,0-1-0.1c1.8,1.2,4,1.8,6.3,1.8c7.5,0,11.7-6.3,11.7-11.7c0-0.2,0-0.4,0-0.5C18.8,5.3,19.4,4.6,20,3.8z\"><\/path>\r\n\t\t\t\t\t\t<\/svg>\r\n\t\t\t\t\t<\/span>\r\n\t\t\t\t<\/a>\r\n\r\n\t\t\t\t<a href=\"https:\/\/www.linkedin.com\/shareArticle?url=https%3A%2F%2Fwww.salon-environnement-de-travail-achats.fr%2Fen%2Fconference%2Fcircularplace&title=Conferences & workshops organized by CIRCULARPLACE - Le Salon des Achats et de L&#039;environnement de Travail\" data-network=\"linkedin\" aria-label=\"LinkedIn\" style=\"--official-color: #1c86c6\" rel=\"noopener noreferrer nofollow\">\r\n\t\t\t\t\t<span class=\"icon-container\">\r\n\t\t\t\t\t\t<svg width=\"20px\" height=\"20px\" viewBox=\"0 0 20 20\" aria-hidden=\"true\">\r\n\t\t\t\t\t\t\t<path d=\"M18.6,0H1.4C0.6,0,0,0.6,0,1.4v17.1C0,19.4,0.6,20,1.4,20h17.1c0.8,0,1.4-0.6,1.4-1.4V1.4C20,0.6,19.4,0,18.6,0z M6,17.1h-3V7.6h3L6,17.1L6,17.1zM4.6,6.3c-1,0-1.7-0.8-1.7-1.7s0.8-1.7,1.7-1.7c0.9,0,1.7,0.8,1.7,1.7C6.3,5.5,5.5,6.3,4.6,6.3z M17.2,17.1h-3v-4.6c0-1.1,0-2.5-1.5-2.5c-1.5,0-1.8,1.2-1.8,2.5v4.7h-3V7.6h2.8v1.3h0c0.4-0.8,1.4-1.5,2.8-1.5c3,0,3.6,2,3.6,4.5V17.1z\"><\/path>\r\n\t\t\t\t\t\t<\/svg>\r\n\t\t\t\t\t<\/span>\r\n\t\t\t\t<\/a>\r\n\t\t\t\t\r\n\t\t\t\t<a href=\"whatsapp:\/\/send?text=https%3A%2F%2Fwww.salon-environnement-de-travail-achats.fr%2Fen%2Fconference%2Fcircularplace\" data-network=\"whatsapp\" aria-label=\"WhatsApp\" style=\"--official-color: #5bba67\" rel=\"noopener noreferrer nofollow\">\r\n\t\t\t\t\t<span class=\"icon-container\">\r\n\t\t\t\t\t\t<svg width=\"20px\" height=\"20px\" viewBox=\"0 0 20 20\" aria-hidden=\"true\">\r\n\t\t\t\t\t\t\t<path d=\"M10,0C4.5,0,0,4.5,0,10c0,1.9,0.5,3.6,1.4,5.1L0.1,20l5-1.3C6.5,19.5,8.2,20,10,20c5.5,0,10-4.5,10-10S15.5,0,10,0zM6.6,5.3c0.2,0,0.3,0,0.5,0c0.2,0,0.4,0,0.6,0.4c0.2,0.5,0.7,1.7,0.8,1.8c0.1,0.1,0.1,0.3,0,0.4C8.3,8.2,8.3,8.3,8.1,8.5C8,8.6,7.9,8.8,7.8,8.9C7.7,9,7.5,9.1,7.7,9.4c0.1,0.2,0.6,1.1,1.4,1.7c0.9,0.8,1.7,1.1,2,1.2c0.2,0.1,0.4,0.1,0.5-0.1c0.1-0.2,0.6-0.7,0.8-1c0.2-0.2,0.3-0.2,0.6-0.1c0.2,0.1,1.4,0.7,1.7,0.8s0.4,0.2,0.5,0.3c0.1,0.1,0.1,0.6-0.1,1.2c-0.2,0.6-1.2,1.1-1.7,1.2c-0.5,0-0.9,0.2-3-0.6c-2.5-1-4.1-3.6-4.2-3.7c-0.1-0.2-1-1.3-1-2.6c0-1.2,0.6-1.8,0.9-2.1C6.1,5.4,6.4,5.3,6.6,5.3z\"><\/path>\r\n\t\t\t\t\t\t<\/svg>\r\n\t\t\t\t\t<\/span>\r\n\t\t\t\t<\/a>\r\n\t\t\t<\/div>\r\n\t\t\t<\/div>\r\n<\/div>\t\t\t\t\t\t\t<div class=\"conferences-accordion-item\" data-date=\"2026-03-25T00:00:00\" data-type=\"exhibitors-workshops\">\r\n\t<div class=\"conferences-accordion-header\">\r\n\t\t<div class=\"conference-infos\">\r\n\t\t\t<span class=\"conference-date\">\r\n\t\t\t\t<svg xmlns=\"http:\/\/www.w3.org\/2000\/svg\" height=\"1em\" viewBox=\"0 0 448 512\"><path d=\"M96 32V64H48C21.5 64 0 85.5 0 112v48H448V112c0-26.5-21.5-48-48-48H352V32c0-17.7-14.3-32-32-32s-32 14.3-32 32V64H160V32c0-17.7-14.3-32-32-32S96 14.3 96 32zM448 192H0V464c0 26.5 21.5 48 48 48H400c26.5 0 48-21.5 48-48V192z\"\/><\/svg>\r\n\t\t\t\t25 March 2026\t\t\t<\/span>\r\n\t\t\t<span class=\"conference-time\">\r\n\t\t\t\t<svg xmlns=\"http:\/\/www.w3.org\/2000\/svg\" height=\"1em\" viewBox=\"0 0 512 512\"><path d=\"M256 0a256 256 0 1 1 0 512A256 256 0 1 1 256 0zM232 120V256c0 8 4 15.5 10.7 20l96 64c11 7.4 25.9 4.4 33.3-6.7s4.4-25.9-6.7-33.3L280 243.2V120c0-13.3-10.7-24-24-24s-24 10.7-24 24z\"\/><\/svg>\r\n\t\t\t\t11h30 to 12h00\t\t\t<\/span>\r\n\t\t\t<span class=\"conference-location\">\r\n\t\t\t\t<svg xmlns=\"http:\/\/www.w3.org\/2000\/svg\" height=\"1em\" viewBox=\"0 0 384 512\"><path d=\"M215.7 499.2C267 435 384 279.4 384 192C384 86 298 0 192 0S0 86 0 192c0 87.4 117 243 168.3 307.2c12.3 15.3 35.1 15.3 47.4 0zM192 128a64 64 0 1 1 0 128 64 64 0 1 1 0-128z\"\/><\/svg>\r\n\t\t\t\tAgora\t\t\t<\/span>\r\n\t\t\t\r\n\t\t\t\t\t\t\t<span class=\"conference-type\">\r\n\t\t\t\t\t<svg xmlns=\"http:\/\/www.w3.org\/2000\/svg\" height=\"1em\" viewBox=\"0 0 384 512\"><path d=\"M0 48V487.7C0 501.1 10.9 512 24.3 512c5 0 9.9-1.5 14-4.4L192 400 345.7 507.6c4.1 2.9 9 4.4 14 4.4c13.4 0 24.3-10.9 24.3-24.3V48c0-26.5-21.5-48-48-48H48C21.5 0 0 21.5 0 48z\"\/><\/svg>\r\n\t\t\t\t\tExhibitors Workshops\t\t\t\t<\/span>\r\n\t\t\t\t\t<\/div>\r\n\t\t\r\n\t\t<h3 class=\"conference-title\"> Electric Mobility : Everything You Need to Know to Successfully Roll It Out and Get Employees On Board<\/h3>\r\n\t\t\r\n\t\t\t\t\t<p class=\"organized-by\">\r\n\t\t\t\tOrganized by Theblueway - E-Mobility Expert\t\t\t<\/p>\r\n\t\t\t\t\r\n\t\t<a class=\"read-more\" href=\"#\">Continue reading<\/a>\r\n\t<\/div>\r\n\t\t\t\t\t\t\t\t\r\n\t<div class=\"conferences-accordion-panel\">\r\n\t\t\r\n\t\t\t\t\t\t<img decoding=\"async\" src=\"https:\/\/weyou.blob.core.windows.net\/images\/exposant\/e71efb67-6c07-491c-b30d-3531845c90ec.jpg\" class=\"exhibitor-logo\" alt=\"Theblueway - E-Mobility Expert\">\r\n\t\t\t\t\t\r\n\t\t<div class=\"conference-description\">\r\n\t\t\t\r\n\r\n<p>Benefits in kind, annual incentive tax, etc. : taxation is pushing companies to make a rapid transition to electric vehicles.<\/p>\r\n<p>Choice of models, TCO, infrastructure deployment, and home charging are the ingredients for successful deployment.<\/p>\r\n<p>One major challenge remains: how to convince and support employees ?<\/p>\r\n<br>\t\t<\/div>\r\n\t\t\t\r\n\t\t\t\t\t<p class=\"speakers-title\">Conference Moderators:<\/p>\r\n\t\t\t<div class=\"speakers\">\r\n\t\t\t\t\t\t\t\t\t<div class=\"speaker\">\r\n\t<img decoding=\"async\" src=\"https:\/\/weyou.blob.core.windows.net\/images\/conferencier\/e1db4ce5-7039-4224-bfd3-fdf9e99534f1.jpg\" alt=\"S\u00e9bastien PINAULDT\"><p><strong>S\u00e9bastien PINAULDT<\/strong><br\/>Funder &ndash; THEBLUEWAY<\/p><\/div>\t\t\t\t\t\t\t\t\t<div class=\"speaker\">\r\n\t<img decoding=\"async\" src=\"https:\/\/weyou.blob.core.windows.net\/images\/conferencier\/894af9ac-71d4-423e-8332-a3a3fc66baa5.jpg\" alt=\"Daniel KOVACS\"><p><strong>Daniel KOVACS<\/strong><br\/>CEO &ndash; E-MOBILITY EXPERT<\/p><\/div>\t\t\t\t\t\t\t<\/div>\r\n\t\t\t\t\r\n\t\t\t\t\r\n\t\t\t\t\t<div class=\"exhibitor-share-box\">\r\n\t\t\t\t\t\t\t\t<a href=\"https:\/\/www.facebook.com\/sharer\/sharer.php?u=https%3A%2F%2Fwww.salon-environnement-de-travail-achats.fr%2Fen%2Fconference%2Ftheblueway-e-mobility-expert\" data-network=\"facebook\" aria-label=\"Facebook\" style=\"--official-color: #557dbc\" rel=\"noopener noreferrer nofollow\">\r\n\t\t\t\t\t<span class=\"icon-container\">\r\n\t\t\t\t\t\t<svg width=\"20px\" height=\"20px\" viewBox=\"0 0 20 20\" aria-hidden=\"true\">\r\n\t\t\t\t\t\t\t<path d=\"M20,10.1c0-5.5-4.5-10-10-10S0,4.5,0,10.1c0,5,3.7,9.1,8.4,9.9v-7H5.9v-2.9h2.5V7.9C8.4,5.4,9.9,4,12.2,4c1.1,0,2.2,0.2,2.2,0.2v2.5h-1.3c-1.2,0-1.6,0.8-1.6,1.6v1.9h2.8L13.9,13h-2.3v7C16.3,19.2,20,15.1,20,10.1z\"><\/path>\r\n\t\t\t\t\t\t<\/svg>\r\n\t\t\t\t\t<\/span>\r\n\t\t\t\t<\/a>\r\n\t\t\t\t\t\t\t\r\n\t\t\t\t<a href=\"https:\/\/twitter.com\/share?url=https%3A%2F%2Fwww.salon-environnement-de-travail-achats.fr%2Fen%2Fconference%2Ftheblueway-e-mobility-expert&text=Conferences & workshops organized by Theblueway - E-Mobility Expert - Le Salon des Achats et de L&#039;environnement de Travail\" data-network=\"twitter\" aria-label=\"Twitter\" style=\"--official-color: #7acdee\" rel=\"noopener noreferrer nofollow\">\r\n\t\t\t\t\t<span class=\"icon-container\">\r\n\t\t\t\t\t\t<svg width=\"20px\" height=\"20px\" viewBox=\"0 0 20 20\" aria-hidden=\"true\">\r\n\t\t\t\t\t\t\t<path d=\"M20,3.8c-0.7,0.3-1.5,0.5-2.4,0.6c0.8-0.5,1.5-1.3,1.8-2.3c-0.8,0.5-1.7,0.8-2.6,1c-0.7-0.8-1.8-1.3-3-1.3c-2.3,0-4.1,1.8-4.1,4.1c0,0.3,0,0.6,0.1,0.9C6.4,6.7,3.4,5.1,1.4,2.6C1,3.2,0.8,3.9,0.8,4.7c0,1.4,0.7,2.7,1.8,3.4C2,8.1,1.4,7.9,0.8,7.6c0,0,0,0,0,0.1c0,2,1.4,3.6,3.3,4c-0.3,0.1-0.7,0.1-1.1,0.1c-0.3,0-0.5,0-0.8-0.1c0.5,1.6,2,2.8,3.8,2.8c-1.4,1.1-3.2,1.8-5.1,1.8c-0.3,0-0.7,0-1-0.1c1.8,1.2,4,1.8,6.3,1.8c7.5,0,11.7-6.3,11.7-11.7c0-0.2,0-0.4,0-0.5C18.8,5.3,19.4,4.6,20,3.8z\"><\/path>\r\n\t\t\t\t\t\t<\/svg>\r\n\t\t\t\t\t<\/span>\r\n\t\t\t\t<\/a>\r\n\r\n\t\t\t\t<a href=\"https:\/\/www.linkedin.com\/shareArticle?url=https%3A%2F%2Fwww.salon-environnement-de-travail-achats.fr%2Fen%2Fconference%2Ftheblueway-e-mobility-expert&title=Conferences & workshops organized by Theblueway - E-Mobility Expert - Le Salon des Achats et de L&#039;environnement de Travail\" data-network=\"linkedin\" aria-label=\"LinkedIn\" style=\"--official-color: #1c86c6\" rel=\"noopener noreferrer nofollow\">\r\n\t\t\t\t\t<span class=\"icon-container\">\r\n\t\t\t\t\t\t<svg width=\"20px\" height=\"20px\" viewBox=\"0 0 20 20\" aria-hidden=\"true\">\r\n\t\t\t\t\t\t\t<path d=\"M18.6,0H1.4C0.6,0,0,0.6,0,1.4v17.1C0,19.4,0.6,20,1.4,20h17.1c0.8,0,1.4-0.6,1.4-1.4V1.4C20,0.6,19.4,0,18.6,0z M6,17.1h-3V7.6h3L6,17.1L6,17.1zM4.6,6.3c-1,0-1.7-0.8-1.7-1.7s0.8-1.7,1.7-1.7c0.9,0,1.7,0.8,1.7,1.7C6.3,5.5,5.5,6.3,4.6,6.3z M17.2,17.1h-3v-4.6c0-1.1,0-2.5-1.5-2.5c-1.5,0-1.8,1.2-1.8,2.5v4.7h-3V7.6h2.8v1.3h0c0.4-0.8,1.4-1.5,2.8-1.5c3,0,3.6,2,3.6,4.5V17.1z\"><\/path>\r\n\t\t\t\t\t\t<\/svg>\r\n\t\t\t\t\t<\/span>\r\n\t\t\t\t<\/a>\r\n\t\t\t\t\r\n\t\t\t\t<a href=\"whatsapp:\/\/send?text=https%3A%2F%2Fwww.salon-environnement-de-travail-achats.fr%2Fen%2Fconference%2Ftheblueway-e-mobility-expert\" data-network=\"whatsapp\" aria-label=\"WhatsApp\" style=\"--official-color: #5bba67\" rel=\"noopener noreferrer nofollow\">\r\n\t\t\t\t\t<span class=\"icon-container\">\r\n\t\t\t\t\t\t<svg width=\"20px\" height=\"20px\" viewBox=\"0 0 20 20\" aria-hidden=\"true\">\r\n\t\t\t\t\t\t\t<path d=\"M10,0C4.5,0,0,4.5,0,10c0,1.9,0.5,3.6,1.4,5.1L0.1,20l5-1.3C6.5,19.5,8.2,20,10,20c5.5,0,10-4.5,10-10S15.5,0,10,0zM6.6,5.3c0.2,0,0.3,0,0.5,0c0.2,0,0.4,0,0.6,0.4c0.2,0.5,0.7,1.7,0.8,1.8c0.1,0.1,0.1,0.3,0,0.4C8.3,8.2,8.3,8.3,8.1,8.5C8,8.6,7.9,8.8,7.8,8.9C7.7,9,7.5,9.1,7.7,9.4c0.1,0.2,0.6,1.1,1.4,1.7c0.9,0.8,1.7,1.1,2,1.2c0.2,0.1,0.4,0.1,0.5-0.1c0.1-0.2,0.6-0.7,0.8-1c0.2-0.2,0.3-0.2,0.6-0.1c0.2,0.1,1.4,0.7,1.7,0.8s0.4,0.2,0.5,0.3c0.1,0.1,0.1,0.6-0.1,1.2c-0.2,0.6-1.2,1.1-1.7,1.2c-0.5,0-0.9,0.2-3-0.6c-2.5-1-4.1-3.6-4.2-3.7c-0.1-0.2-1-1.3-1-2.6c0-1.2,0.6-1.8,0.9-2.1C6.1,5.4,6.4,5.3,6.6,5.3z\"><\/path>\r\n\t\t\t\t\t\t<\/svg>\r\n\t\t\t\t\t<\/span>\r\n\t\t\t\t<\/a>\r\n\t\t\t<\/div>\r\n\t\t\t<\/div>\r\n<\/div>\t\t\t\t\t\t\t<div class=\"conferences-accordion-item\" data-date=\"2026-03-25T00:00:00\" data-type=\"partner-conference\">\r\n\t<div class=\"conferences-accordion-header\">\r\n\t\t<div class=\"conference-infos\">\r\n\t\t\t<span class=\"conference-date\">\r\n\t\t\t\t<svg xmlns=\"http:\/\/www.w3.org\/2000\/svg\" height=\"1em\" viewBox=\"0 0 448 512\"><path d=\"M96 32V64H48C21.5 64 0 85.5 0 112v48H448V112c0-26.5-21.5-48-48-48H352V32c0-17.7-14.3-32-32-32s-32 14.3-32 32V64H160V32c0-17.7-14.3-32-32-32S96 14.3 96 32zM448 192H0V464c0 26.5 21.5 48 48 48H400c26.5 0 48-21.5 48-48V192z\"\/><\/svg>\r\n\t\t\t\t25 March 2026\t\t\t<\/span>\r\n\t\t\t<span class=\"conference-time\">\r\n\t\t\t\t<svg xmlns=\"http:\/\/www.w3.org\/2000\/svg\" height=\"1em\" viewBox=\"0 0 512 512\"><path d=\"M256 0a256 256 0 1 1 0 512A256 256 0 1 1 256 0zM232 120V256c0 8 4 15.5 10.7 20l96 64c11 7.4 25.9 4.4 33.3-6.7s4.4-25.9-6.7-33.3L280 243.2V120c0-13.3-10.7-24-24-24s-24 10.7-24 24z\"\/><\/svg>\r\n\t\t\t\t11H30 to 12H00\t\t\t<\/span>\r\n\t\t\t<span class=\"conference-location\">\r\n\t\t\t\t<svg xmlns=\"http:\/\/www.w3.org\/2000\/svg\" height=\"1em\" viewBox=\"0 0 384 512\"><path d=\"M215.7 499.2C267 435 384 279.4 384 192C384 86 298 0 192 0S0 86 0 192c0 87.4 117 243 168.3 307.2c12.3 15.3 35.1 15.3 47.4 0zM192 128a64 64 0 1 1 0 128 64 64 0 1 1 0-128z\"\/><\/svg>\r\n\t\t\t\tPerspectives room\t\t\t<\/span>\r\n\t\t\t\r\n\t\t\t\t\t\t\t<span class=\"conference-type\">\r\n\t\t\t\t\t<svg xmlns=\"http:\/\/www.w3.org\/2000\/svg\" height=\"1em\" viewBox=\"0 0 384 512\"><path d=\"M0 48V487.7C0 501.1 10.9 512 24.3 512c5 0 9.9-1.5 14-4.4L192 400 345.7 507.6c4.1 2.9 9 4.4 14 4.4c13.4 0 24.3-10.9 24.3-24.3V48c0-26.5-21.5-48-48-48H48C21.5 0 0 21.5 0 48z\"\/><\/svg>\r\n\t\t\t\t\tPartner Conference\t\t\t\t<\/span>\r\n\t\t\t\t\t<\/div>\r\n\t\t\r\n\t\t<h3 class=\"conference-title\">Turn your disability obligation into a performance lever<\/h3>\r\n\t\t\r\n\t\t\t\t\t<p class=\"organized-by\">\r\n\t\t\t\tOrganized by APF FRANCE HANDICAP\t\t\t<\/p>\r\n\t\t\t\t\r\n\t\t<a class=\"read-more\" href=\"#\">Continue reading<\/a>\r\n\t<\/div>\r\n\t\t\t\t\t\t\t\t\r\n\t<div class=\"conferences-accordion-panel\">\r\n\t\t\r\n\t\t\t\t\r\n\t\t<div class=\"conference-description\">\r\n\t\t\t<p>What if your obligation to employ disabled workers became a real strategic opportunity?<br>At this conference, discover how partnering with the adapted and protected sector, alongside APF France handicap, can strengthen your teams, optimize your costs, and reduce your OETH contribution.<br>APF Entreprises, the APF France handicap business network, is the leading national player in the adapted and protected sector. Its mission: to promote the sustainable professional integration of people with disabilities. A key player in the social and solidarity economy, the network creates jobs and offers tailor-made solutions to its economic and institutional partners.<br>We will share concrete examples, the most represented professions, and the advantages of a flexible model: no recruitment, simplified monitoring, and outsourced services.<br>On the agenda:<br>&ndash; Understanding the 6% obligation and the calculation of the OETH contribution<br>&ndash; Identifying levers for reduction through outsourcing and service provision<br>&ndash; Integrating complementary skills without direct hiring<br>&ndash; Concrete examples: organization, costs, and operational gains<br>&ndash; The most common professions and services in companies<br>&ndash; Setting up a simple, fast, and secure partnership with APF Entreprises<\/p>\n\t\t<\/div>\r\n\t\t\t\r\n\t\t\t\t\t<p class=\"speakers-title\">Conference Moderator:<\/p>\r\n\t\t\t<div class=\"speakers\">\r\n\t\t\t\t\t\t\t\t\t<div class=\"speaker\">\r\n\t<img decoding=\"async\" src=\"https:\/\/www.salon-environnement-de-travail-achats.fr\/wp-content\/plugins\/weyou-exhibitions\/\/public\/img\/user.png\" alt=\"Saphia HACHEM\"><p><strong>Saphia HACHEM<\/strong><br\/>Sales Manager &ndash; APF FRANCE HANDICAP<\/p><\/div>\t\t\t\t\t\t\t<\/div>\r\n\t\t\t\t\r\n\t\t\t\t\t<p class=\"speakers-title\">Speakers:<\/p>\r\n\t\t\t<div class=\"speakers\">\r\n\t\t\t\t\t\t\t\t\t<div class=\"speaker\">\r\n\t<p><strong>Christel DELBARRY <\/strong><br\/>Responsable Partenariats &ndash; APF FRANCE HANDICAP<\/p><\/div>\t\t\t\t\t\t\t\t\t<div class=\"speaker\">\r\n\t<p><strong>Patrick NATUREL<\/strong><br\/>Project Manager \u2013 National Technical Coordinator Textile Sector \u2013 National Directorate &ndash; APF ENTREPRISES <\/p><\/div>\t\t\t\t\t\t\t\t\t<div class=\"speaker\">\r\n\t<p><strong>Amine BENNIS<\/strong><br\/>Adjoint de Direction de P\u00f4le &ndash; APF FRANCE HANDICAP<\/p><\/div>\t\t\t\t\t\t\t<\/div>\r\n\t\t\t\t\r\n\t\t\t\t\t<div class=\"exhibitor-share-box\">\r\n\t\t\t\t\t\t\t\t<a href=\"https:\/\/www.facebook.com\/sharer\/sharer.php?u=https%3A%2F%2Fwww.salon-environnement-de-travail-achats.fr%2Fen%2Fconference%2Fapf-france-handicap\" data-network=\"facebook\" aria-label=\"Facebook\" style=\"--official-color: #557dbc\" rel=\"noopener noreferrer nofollow\">\r\n\t\t\t\t\t<span class=\"icon-container\">\r\n\t\t\t\t\t\t<svg width=\"20px\" height=\"20px\" viewBox=\"0 0 20 20\" aria-hidden=\"true\">\r\n\t\t\t\t\t\t\t<path d=\"M20,10.1c0-5.5-4.5-10-10-10S0,4.5,0,10.1c0,5,3.7,9.1,8.4,9.9v-7H5.9v-2.9h2.5V7.9C8.4,5.4,9.9,4,12.2,4c1.1,0,2.2,0.2,2.2,0.2v2.5h-1.3c-1.2,0-1.6,0.8-1.6,1.6v1.9h2.8L13.9,13h-2.3v7C16.3,19.2,20,15.1,20,10.1z\"><\/path>\r\n\t\t\t\t\t\t<\/svg>\r\n\t\t\t\t\t<\/span>\r\n\t\t\t\t<\/a>\r\n\t\t\t\t\t\t\t\r\n\t\t\t\t<a href=\"https:\/\/twitter.com\/share?url=https%3A%2F%2Fwww.salon-environnement-de-travail-achats.fr%2Fen%2Fconference%2Fapf-france-handicap&text=Conferences & workshops organized by APF FRANCE HANDICAP - Le Salon des Achats et de L&#039;environnement de Travail\" data-network=\"twitter\" aria-label=\"Twitter\" style=\"--official-color: #7acdee\" rel=\"noopener noreferrer nofollow\">\r\n\t\t\t\t\t<span class=\"icon-container\">\r\n\t\t\t\t\t\t<svg width=\"20px\" height=\"20px\" viewBox=\"0 0 20 20\" aria-hidden=\"true\">\r\n\t\t\t\t\t\t\t<path d=\"M20,3.8c-0.7,0.3-1.5,0.5-2.4,0.6c0.8-0.5,1.5-1.3,1.8-2.3c-0.8,0.5-1.7,0.8-2.6,1c-0.7-0.8-1.8-1.3-3-1.3c-2.3,0-4.1,1.8-4.1,4.1c0,0.3,0,0.6,0.1,0.9C6.4,6.7,3.4,5.1,1.4,2.6C1,3.2,0.8,3.9,0.8,4.7c0,1.4,0.7,2.7,1.8,3.4C2,8.1,1.4,7.9,0.8,7.6c0,0,0,0,0,0.1c0,2,1.4,3.6,3.3,4c-0.3,0.1-0.7,0.1-1.1,0.1c-0.3,0-0.5,0-0.8-0.1c0.5,1.6,2,2.8,3.8,2.8c-1.4,1.1-3.2,1.8-5.1,1.8c-0.3,0-0.7,0-1-0.1c1.8,1.2,4,1.8,6.3,1.8c7.5,0,11.7-6.3,11.7-11.7c0-0.2,0-0.4,0-0.5C18.8,5.3,19.4,4.6,20,3.8z\"><\/path>\r\n\t\t\t\t\t\t<\/svg>\r\n\t\t\t\t\t<\/span>\r\n\t\t\t\t<\/a>\r\n\r\n\t\t\t\t<a href=\"https:\/\/www.linkedin.com\/shareArticle?url=https%3A%2F%2Fwww.salon-environnement-de-travail-achats.fr%2Fen%2Fconference%2Fapf-france-handicap&title=Conferences & workshops organized by APF FRANCE HANDICAP - Le Salon des Achats et de L&#039;environnement de Travail\" data-network=\"linkedin\" aria-label=\"LinkedIn\" style=\"--official-color: #1c86c6\" rel=\"noopener noreferrer nofollow\">\r\n\t\t\t\t\t<span class=\"icon-container\">\r\n\t\t\t\t\t\t<svg width=\"20px\" height=\"20px\" viewBox=\"0 0 20 20\" aria-hidden=\"true\">\r\n\t\t\t\t\t\t\t<path d=\"M18.6,0H1.4C0.6,0,0,0.6,0,1.4v17.1C0,19.4,0.6,20,1.4,20h17.1c0.8,0,1.4-0.6,1.4-1.4V1.4C20,0.6,19.4,0,18.6,0z M6,17.1h-3V7.6h3L6,17.1L6,17.1zM4.6,6.3c-1,0-1.7-0.8-1.7-1.7s0.8-1.7,1.7-1.7c0.9,0,1.7,0.8,1.7,1.7C6.3,5.5,5.5,6.3,4.6,6.3z M17.2,17.1h-3v-4.6c0-1.1,0-2.5-1.5-2.5c-1.5,0-1.8,1.2-1.8,2.5v4.7h-3V7.6h2.8v1.3h0c0.4-0.8,1.4-1.5,2.8-1.5c3,0,3.6,2,3.6,4.5V17.1z\"><\/path>\r\n\t\t\t\t\t\t<\/svg>\r\n\t\t\t\t\t<\/span>\r\n\t\t\t\t<\/a>\r\n\t\t\t\t\r\n\t\t\t\t<a href=\"whatsapp:\/\/send?text=https%3A%2F%2Fwww.salon-environnement-de-travail-achats.fr%2Fen%2Fconference%2Fapf-france-handicap\" data-network=\"whatsapp\" aria-label=\"WhatsApp\" style=\"--official-color: #5bba67\" rel=\"noopener noreferrer nofollow\">\r\n\t\t\t\t\t<span class=\"icon-container\">\r\n\t\t\t\t\t\t<svg width=\"20px\" height=\"20px\" viewBox=\"0 0 20 20\" aria-hidden=\"true\">\r\n\t\t\t\t\t\t\t<path d=\"M10,0C4.5,0,0,4.5,0,10c0,1.9,0.5,3.6,1.4,5.1L0.1,20l5-1.3C6.5,19.5,8.2,20,10,20c5.5,0,10-4.5,10-10S15.5,0,10,0zM6.6,5.3c0.2,0,0.3,0,0.5,0c0.2,0,0.4,0,0.6,0.4c0.2,0.5,0.7,1.7,0.8,1.8c0.1,0.1,0.1,0.3,0,0.4C8.3,8.2,8.3,8.3,8.1,8.5C8,8.6,7.9,8.8,7.8,8.9C7.7,9,7.5,9.1,7.7,9.4c0.1,0.2,0.6,1.1,1.4,1.7c0.9,0.8,1.7,1.1,2,1.2c0.2,0.1,0.4,0.1,0.5-0.1c0.1-0.2,0.6-0.7,0.8-1c0.2-0.2,0.3-0.2,0.6-0.1c0.2,0.1,1.4,0.7,1.7,0.8s0.4,0.2,0.5,0.3c0.1,0.1,0.1,0.6-0.1,1.2c-0.2,0.6-1.2,1.1-1.7,1.2c-0.5,0-0.9,0.2-3-0.6c-2.5-1-4.1-3.6-4.2-3.7c-0.1-0.2-1-1.3-1-2.6c0-1.2,0.6-1.8,0.9-2.1C6.1,5.4,6.4,5.3,6.6,5.3z\"><\/path>\r\n\t\t\t\t\t\t<\/svg>\r\n\t\t\t\t\t<\/span>\r\n\t\t\t\t<\/a>\r\n\t\t\t<\/div>\r\n\t\t\t<\/div>\r\n<\/div>\t\t\t\t\t\t\t<div class=\"conferences-accordion-item\" data-date=\"2026-03-25T00:00:00\" data-type=\"exhibitors-workshops\">\r\n\t<div class=\"conferences-accordion-header\">\r\n\t\t<div class=\"conference-infos\">\r\n\t\t\t<span class=\"conference-date\">\r\n\t\t\t\t<svg xmlns=\"http:\/\/www.w3.org\/2000\/svg\" height=\"1em\" viewBox=\"0 0 448 512\"><path d=\"M96 32V64H48C21.5 64 0 85.5 0 112v48H448V112c0-26.5-21.5-48-48-48H352V32c0-17.7-14.3-32-32-32s-32 14.3-32 32V64H160V32c0-17.7-14.3-32-32-32S96 14.3 96 32zM448 192H0V464c0 26.5 21.5 48 48 48H400c26.5 0 48-21.5 48-48V192z\"\/><\/svg>\r\n\t\t\t\t25 March 2026\t\t\t<\/span>\r\n\t\t\t<span class=\"conference-time\">\r\n\t\t\t\t<svg xmlns=\"http:\/\/www.w3.org\/2000\/svg\" height=\"1em\" viewBox=\"0 0 512 512\"><path d=\"M256 0a256 256 0 1 1 0 512A256 256 0 1 1 256 0zM232 120V256c0 8 4 15.5 10.7 20l96 64c11 7.4 25.9 4.4 33.3-6.7s4.4-25.9-6.7-33.3L280 243.2V120c0-13.3-10.7-24-24-24s-24 10.7-24 24z\"\/><\/svg>\r\n\t\t\t\t12h15 to 12h45\t\t\t<\/span>\r\n\t\t\t<span class=\"conference-location\">\r\n\t\t\t\t<svg xmlns=\"http:\/\/www.w3.org\/2000\/svg\" height=\"1em\" viewBox=\"0 0 384 512\"><path d=\"M215.7 499.2C267 435 384 279.4 384 192C384 86 298 0 192 0S0 86 0 192c0 87.4 117 243 168.3 307.2c12.3 15.3 35.1 15.3 47.4 0zM192 128a64 64 0 1 1 0 128 64 64 0 1 1 0-128z\"\/><\/svg>\r\n\t\t\t\tAgora\t\t\t<\/span>\r\n\t\t\t\r\n\t\t\t\t\t\t\t<span class=\"conference-type\">\r\n\t\t\t\t\t<svg xmlns=\"http:\/\/www.w3.org\/2000\/svg\" height=\"1em\" viewBox=\"0 0 384 512\"><path d=\"M0 48V487.7C0 501.1 10.9 512 24.3 512c5 0 9.9-1.5 14-4.4L192 400 345.7 507.6c4.1 2.9 9 4.4 14 4.4c13.4 0 24.3-10.9 24.3-24.3V48c0-26.5-21.5-48-48-48H48C21.5 0 0 21.5 0 48z\"\/><\/svg>\r\n\t\t\t\t\tExhibitors Workshops\t\t\t\t<\/span>\r\n\t\t\t\t\t<\/div>\r\n\t\t\r\n\t\t<h3 class=\"conference-title\">Turn your waste into carbon credits!<\/h3>\r\n\t\t\r\n\t\t\t\t\t<p class=\"organized-by\">\r\n\t\t\t\tOrganized by ECOLOGIC\t\t\t<\/p>\r\n\t\t\t\t\r\n\t\t<a class=\"read-more\" href=\"#\">Continue reading<\/a>\r\n\t<\/div>\r\n\t\t\t\t\t\t\t\t\r\n\t<div class=\"conferences-accordion-panel\">\r\n\t\t\r\n\t\t\t\t\t\t<img decoding=\"async\" src=\"https:\/\/weyou.blob.core.windows.net\/images\/exposant\/c790744f-a195-4a50-9753-25186e040bcd.jpg\" class=\"exhibitor-logo\" alt=\"ECOLOGIC\">\r\n\t\t\t\t\t\r\n\t\t<div class=\"conference-description\">\r\n\t\t\t<p>Effective management of WEEE promotes carbon savings.<\/p>\n\n<p>This conference will explain how the e-waste solution from the eco-organization Ecologic ensures traceability, regulatory compliance, and material recovery, leading to measurable environmental benefits that are useful for carbon footprint assessments, CSR reporting, and CSRD compliance.<\/p>\n\t\t<\/div>\r\n\t\t\t\r\n\t\t\t\t\r\n\t\t\t\t\r\n\t\t\t\t\t<div class=\"exhibitor-share-box\">\r\n\t\t\t\t\t\t\t\t<a href=\"https:\/\/www.facebook.com\/sharer\/sharer.php?u=https%3A%2F%2Fwww.salon-environnement-de-travail-achats.fr%2Fen%2Fconference%2Fecologic\" data-network=\"facebook\" aria-label=\"Facebook\" style=\"--official-color: #557dbc\" rel=\"noopener noreferrer nofollow\">\r\n\t\t\t\t\t<span class=\"icon-container\">\r\n\t\t\t\t\t\t<svg width=\"20px\" height=\"20px\" viewBox=\"0 0 20 20\" aria-hidden=\"true\">\r\n\t\t\t\t\t\t\t<path d=\"M20,10.1c0-5.5-4.5-10-10-10S0,4.5,0,10.1c0,5,3.7,9.1,8.4,9.9v-7H5.9v-2.9h2.5V7.9C8.4,5.4,9.9,4,12.2,4c1.1,0,2.2,0.2,2.2,0.2v2.5h-1.3c-1.2,0-1.6,0.8-1.6,1.6v1.9h2.8L13.9,13h-2.3v7C16.3,19.2,20,15.1,20,10.1z\"><\/path>\r\n\t\t\t\t\t\t<\/svg>\r\n\t\t\t\t\t<\/span>\r\n\t\t\t\t<\/a>\r\n\t\t\t\t\t\t\t\r\n\t\t\t\t<a href=\"https:\/\/twitter.com\/share?url=https%3A%2F%2Fwww.salon-environnement-de-travail-achats.fr%2Fen%2Fconference%2Fecologic&text=Conferences & workshops organized by ECOLOGIC - Le Salon des Achats et de L&#039;environnement de Travail\" data-network=\"twitter\" aria-label=\"Twitter\" style=\"--official-color: #7acdee\" rel=\"noopener noreferrer nofollow\">\r\n\t\t\t\t\t<span class=\"icon-container\">\r\n\t\t\t\t\t\t<svg width=\"20px\" height=\"20px\" viewBox=\"0 0 20 20\" aria-hidden=\"true\">\r\n\t\t\t\t\t\t\t<path d=\"M20,3.8c-0.7,0.3-1.5,0.5-2.4,0.6c0.8-0.5,1.5-1.3,1.8-2.3c-0.8,0.5-1.7,0.8-2.6,1c-0.7-0.8-1.8-1.3-3-1.3c-2.3,0-4.1,1.8-4.1,4.1c0,0.3,0,0.6,0.1,0.9C6.4,6.7,3.4,5.1,1.4,2.6C1,3.2,0.8,3.9,0.8,4.7c0,1.4,0.7,2.7,1.8,3.4C2,8.1,1.4,7.9,0.8,7.6c0,0,0,0,0,0.1c0,2,1.4,3.6,3.3,4c-0.3,0.1-0.7,0.1-1.1,0.1c-0.3,0-0.5,0-0.8-0.1c0.5,1.6,2,2.8,3.8,2.8c-1.4,1.1-3.2,1.8-5.1,1.8c-0.3,0-0.7,0-1-0.1c1.8,1.2,4,1.8,6.3,1.8c7.5,0,11.7-6.3,11.7-11.7c0-0.2,0-0.4,0-0.5C18.8,5.3,19.4,4.6,20,3.8z\"><\/path>\r\n\t\t\t\t\t\t<\/svg>\r\n\t\t\t\t\t<\/span>\r\n\t\t\t\t<\/a>\r\n\r\n\t\t\t\t<a href=\"https:\/\/www.linkedin.com\/shareArticle?url=https%3A%2F%2Fwww.salon-environnement-de-travail-achats.fr%2Fen%2Fconference%2Fecologic&title=Conferences & workshops organized by ECOLOGIC - Le Salon des Achats et de L&#039;environnement de Travail\" data-network=\"linkedin\" aria-label=\"LinkedIn\" style=\"--official-color: #1c86c6\" rel=\"noopener noreferrer nofollow\">\r\n\t\t\t\t\t<span class=\"icon-container\">\r\n\t\t\t\t\t\t<svg width=\"20px\" height=\"20px\" viewBox=\"0 0 20 20\" aria-hidden=\"true\">\r\n\t\t\t\t\t\t\t<path d=\"M18.6,0H1.4C0.6,0,0,0.6,0,1.4v17.1C0,19.4,0.6,20,1.4,20h17.1c0.8,0,1.4-0.6,1.4-1.4V1.4C20,0.6,19.4,0,18.6,0z M6,17.1h-3V7.6h3L6,17.1L6,17.1zM4.6,6.3c-1,0-1.7-0.8-1.7-1.7s0.8-1.7,1.7-1.7c0.9,0,1.7,0.8,1.7,1.7C6.3,5.5,5.5,6.3,4.6,6.3z M17.2,17.1h-3v-4.6c0-1.1,0-2.5-1.5-2.5c-1.5,0-1.8,1.2-1.8,2.5v4.7h-3V7.6h2.8v1.3h0c0.4-0.8,1.4-1.5,2.8-1.5c3,0,3.6,2,3.6,4.5V17.1z\"><\/path>\r\n\t\t\t\t\t\t<\/svg>\r\n\t\t\t\t\t<\/span>\r\n\t\t\t\t<\/a>\r\n\t\t\t\t\r\n\t\t\t\t<a href=\"whatsapp:\/\/send?text=https%3A%2F%2Fwww.salon-environnement-de-travail-achats.fr%2Fen%2Fconference%2Fecologic\" data-network=\"whatsapp\" aria-label=\"WhatsApp\" style=\"--official-color: #5bba67\" rel=\"noopener noreferrer nofollow\">\r\n\t\t\t\t\t<span class=\"icon-container\">\r\n\t\t\t\t\t\t<svg width=\"20px\" height=\"20px\" viewBox=\"0 0 20 20\" aria-hidden=\"true\">\r\n\t\t\t\t\t\t\t<path d=\"M10,0C4.5,0,0,4.5,0,10c0,1.9,0.5,3.6,1.4,5.1L0.1,20l5-1.3C6.5,19.5,8.2,20,10,20c5.5,0,10-4.5,10-10S15.5,0,10,0zM6.6,5.3c0.2,0,0.3,0,0.5,0c0.2,0,0.4,0,0.6,0.4c0.2,0.5,0.7,1.7,0.8,1.8c0.1,0.1,0.1,0.3,0,0.4C8.3,8.2,8.3,8.3,8.1,8.5C8,8.6,7.9,8.8,7.8,8.9C7.7,9,7.5,9.1,7.7,9.4c0.1,0.2,0.6,1.1,1.4,1.7c0.9,0.8,1.7,1.1,2,1.2c0.2,0.1,0.4,0.1,0.5-0.1c0.1-0.2,0.6-0.7,0.8-1c0.2-0.2,0.3-0.2,0.6-0.1c0.2,0.1,1.4,0.7,1.7,0.8s0.4,0.2,0.5,0.3c0.1,0.1,0.1,0.6-0.1,1.2c-0.2,0.6-1.2,1.1-1.7,1.2c-0.5,0-0.9,0.2-3-0.6c-2.5-1-4.1-3.6-4.2-3.7c-0.1-0.2-1-1.3-1-2.6c0-1.2,0.6-1.8,0.9-2.1C6.1,5.4,6.4,5.3,6.6,5.3z\"><\/path>\r\n\t\t\t\t\t\t<\/svg>\r\n\t\t\t\t\t<\/span>\r\n\t\t\t\t<\/a>\r\n\t\t\t<\/div>\r\n\t\t\t<\/div>\r\n<\/div>\t\t\t\t\t\t\t<div class=\"conferences-accordion-item\" data-date=\"2026-03-25T00:00:00\" data-type=\"exhibitors-workshops\">\r\n\t<div class=\"conferences-accordion-header\">\r\n\t\t<div class=\"conference-infos\">\r\n\t\t\t<span class=\"conference-date\">\r\n\t\t\t\t<svg xmlns=\"http:\/\/www.w3.org\/2000\/svg\" height=\"1em\" viewBox=\"0 0 448 512\"><path d=\"M96 32V64H48C21.5 64 0 85.5 0 112v48H448V112c0-26.5-21.5-48-48-48H352V32c0-17.7-14.3-32-32-32s-32 14.3-32 32V64H160V32c0-17.7-14.3-32-32-32S96 14.3 96 32zM448 192H0V464c0 26.5 21.5 48 48 48H400c26.5 0 48-21.5 48-48V192z\"\/><\/svg>\r\n\t\t\t\t25 March 2026\t\t\t<\/span>\r\n\t\t\t<span class=\"conference-time\">\r\n\t\t\t\t<svg xmlns=\"http:\/\/www.w3.org\/2000\/svg\" height=\"1em\" viewBox=\"0 0 512 512\"><path d=\"M256 0a256 256 0 1 1 0 512A256 256 0 1 1 256 0zM232 120V256c0 8 4 15.5 10.7 20l96 64c11 7.4 25.9 4.4 33.3-6.7s4.4-25.9-6.7-33.3L280 243.2V120c0-13.3-10.7-24-24-24s-24 10.7-24 24z\"\/><\/svg>\r\n\t\t\t\t14h00 to 14h30\t\t\t<\/span>\r\n\t\t\t<span class=\"conference-location\">\r\n\t\t\t\t<svg xmlns=\"http:\/\/www.w3.org\/2000\/svg\" height=\"1em\" viewBox=\"0 0 384 512\"><path d=\"M215.7 499.2C267 435 384 279.4 384 192C384 86 298 0 192 0S0 86 0 192c0 87.4 117 243 168.3 307.2c12.3 15.3 35.1 15.3 47.4 0zM192 128a64 64 0 1 1 0 128 64 64 0 1 1 0-128z\"\/><\/svg>\r\n\t\t\t\tAgora\t\t\t<\/span>\r\n\t\t\t\r\n\t\t\t\t\t\t\t<span class=\"conference-type\">\r\n\t\t\t\t\t<svg xmlns=\"http:\/\/www.w3.org\/2000\/svg\" height=\"1em\" viewBox=\"0 0 384 512\"><path d=\"M0 48V487.7C0 501.1 10.9 512 24.3 512c5 0 9.9-1.5 14-4.4L192 400 345.7 507.6c4.1 2.9 9 4.4 14 4.4c13.4 0 24.3-10.9 24.3-24.3V48c0-26.5-21.5-48-48-48H48C21.5 0 0 21.5 0 48z\"\/><\/svg>\r\n\t\t\t\t\tExhibitors Workshops\t\t\t\t<\/span>\r\n\t\t\t\t\t<\/div>\r\n\t\t\r\n\t\t<h3 class=\"conference-title\">The impact of food on employee engagement in today\u2019s workplace.<\/h3>\r\n\t\t\r\n\t\t\t\t\t<p class=\"organized-by\">\r\n\t\t\t\tOrganized by Deliveroo for Work\t\t\t<\/p>\r\n\t\t\t\t\r\n\t\t<a class=\"read-more\" href=\"#\">Continue reading<\/a>\r\n\t<\/div>\r\n\t\t\t\t\t\t\t\t\r\n\t<div class=\"conferences-accordion-panel\">\r\n\t\t\r\n\t\t\t\t\t\t<img decoding=\"async\" src=\"https:\/\/weyou.blob.core.windows.net\/images\/exposant\/5002f493-854c-4ddf-b11e-dda00c707470.jpg\" class=\"exhibitor-logo\" alt=\"Deliveroo for Work\">\r\n\t\t\t\t\t\r\n\t\t<div class=\"conference-description\">\r\n\t\t\t\r\n\r\n\r\n<p>Food is more than a benefit. It is a powerful driver of culture, connection and employee engagement.<\/p>\r\n<p>In this session, we will explore how workplace food policies are evolving alongside the changing ways of working and rising employee expectations. We will look at how everyday food moments influence motivation, satisfaction and loyalty, and how companies, including Deliveroo, are using food to strengthen engagement and bring teams closer together.<\/p>\r\n<p>With a focus on the current French market, we will also discuss why lunch remains a key cultural moment, the role of meal vouchers, and how Deliveroo\u2019s wide selection of restaurants responds to employees\u2019 growing expectations for choice, flexibility, and diversity.<\/p>\r\n<br>\t\t<\/div>\r\n\t\t\t\r\n\t\t\t\t\t<p class=\"speakers-title\">Conference Moderator:<\/p>\r\n\t\t\t<div class=\"speakers\">\r\n\t\t\t\t\t\t\t\t\t<div class=\"speaker\">\r\n\t<img decoding=\"async\" src=\"https:\/\/www.salon-environnement-de-travail-achats.fr\/wp-content\/plugins\/weyou-exhibitions\/\/public\/img\/user.png\" alt=\"Sarah CAGET\"><p><strong>Sarah CAGET<\/strong><br\/>Head of Deliveroo for Work Europe &ndash; DELIVEROO<\/p><\/div>\t\t\t\t\t\t\t<\/div>\r\n\t\t\t\t\r\n\t\t\t\t\t<p class=\"speakers-title\">Speaker:<\/p>\r\n\t\t\t<div class=\"speakers\">\r\n\t\t\t\t\t\t\t\t\t<div class=\"speaker\">\r\n\t<img decoding=\"async\" src=\"https:\/\/weyou.blob.core.windows.net\/images\/conferencier\/aa304cf1-3b3e-421f-9120-13d3fe441615.jpg\" alt=\"Karine GACHOT\"><p><strong>Karine GACHOT<\/strong><br\/>DRH France & Belgique &ndash; DELIVEROO<\/p><\/div>\t\t\t\t\t\t\t<\/div>\r\n\t\t\t\t\r\n\t\t\t\t\t<div class=\"exhibitor-share-box\">\r\n\t\t\t\t\t\t\t\t<a href=\"https:\/\/www.facebook.com\/sharer\/sharer.php?u=https%3A%2F%2Fwww.salon-environnement-de-travail-achats.fr%2Fen%2Fconference%2Fdeliveroo-for-work\" data-network=\"facebook\" aria-label=\"Facebook\" style=\"--official-color: #557dbc\" rel=\"noopener noreferrer nofollow\">\r\n\t\t\t\t\t<span class=\"icon-container\">\r\n\t\t\t\t\t\t<svg width=\"20px\" height=\"20px\" viewBox=\"0 0 20 20\" aria-hidden=\"true\">\r\n\t\t\t\t\t\t\t<path d=\"M20,10.1c0-5.5-4.5-10-10-10S0,4.5,0,10.1c0,5,3.7,9.1,8.4,9.9v-7H5.9v-2.9h2.5V7.9C8.4,5.4,9.9,4,12.2,4c1.1,0,2.2,0.2,2.2,0.2v2.5h-1.3c-1.2,0-1.6,0.8-1.6,1.6v1.9h2.8L13.9,13h-2.3v7C16.3,19.2,20,15.1,20,10.1z\"><\/path>\r\n\t\t\t\t\t\t<\/svg>\r\n\t\t\t\t\t<\/span>\r\n\t\t\t\t<\/a>\r\n\t\t\t\t\t\t\t\r\n\t\t\t\t<a href=\"https:\/\/twitter.com\/share?url=https%3A%2F%2Fwww.salon-environnement-de-travail-achats.fr%2Fen%2Fconference%2Fdeliveroo-for-work&text=Conferences & workshops organized by Deliveroo for Work - Le Salon des Achats et de L&#039;environnement de Travail\" data-network=\"twitter\" aria-label=\"Twitter\" style=\"--official-color: #7acdee\" rel=\"noopener noreferrer nofollow\">\r\n\t\t\t\t\t<span class=\"icon-container\">\r\n\t\t\t\t\t\t<svg width=\"20px\" height=\"20px\" viewBox=\"0 0 20 20\" aria-hidden=\"true\">\r\n\t\t\t\t\t\t\t<path d=\"M20,3.8c-0.7,0.3-1.5,0.5-2.4,0.6c0.8-0.5,1.5-1.3,1.8-2.3c-0.8,0.5-1.7,0.8-2.6,1c-0.7-0.8-1.8-1.3-3-1.3c-2.3,0-4.1,1.8-4.1,4.1c0,0.3,0,0.6,0.1,0.9C6.4,6.7,3.4,5.1,1.4,2.6C1,3.2,0.8,3.9,0.8,4.7c0,1.4,0.7,2.7,1.8,3.4C2,8.1,1.4,7.9,0.8,7.6c0,0,0,0,0,0.1c0,2,1.4,3.6,3.3,4c-0.3,0.1-0.7,0.1-1.1,0.1c-0.3,0-0.5,0-0.8-0.1c0.5,1.6,2,2.8,3.8,2.8c-1.4,1.1-3.2,1.8-5.1,1.8c-0.3,0-0.7,0-1-0.1c1.8,1.2,4,1.8,6.3,1.8c7.5,0,11.7-6.3,11.7-11.7c0-0.2,0-0.4,0-0.5C18.8,5.3,19.4,4.6,20,3.8z\"><\/path>\r\n\t\t\t\t\t\t<\/svg>\r\n\t\t\t\t\t<\/span>\r\n\t\t\t\t<\/a>\r\n\r\n\t\t\t\t<a href=\"https:\/\/www.linkedin.com\/shareArticle?url=https%3A%2F%2Fwww.salon-environnement-de-travail-achats.fr%2Fen%2Fconference%2Fdeliveroo-for-work&title=Conferences & workshops organized by Deliveroo for Work - Le Salon des Achats et de L&#039;environnement de Travail\" data-network=\"linkedin\" aria-label=\"LinkedIn\" style=\"--official-color: #1c86c6\" rel=\"noopener noreferrer nofollow\">\r\n\t\t\t\t\t<span class=\"icon-container\">\r\n\t\t\t\t\t\t<svg width=\"20px\" height=\"20px\" viewBox=\"0 0 20 20\" aria-hidden=\"true\">\r\n\t\t\t\t\t\t\t<path d=\"M18.6,0H1.4C0.6,0,0,0.6,0,1.4v17.1C0,19.4,0.6,20,1.4,20h17.1c0.8,0,1.4-0.6,1.4-1.4V1.4C20,0.6,19.4,0,18.6,0z M6,17.1h-3V7.6h3L6,17.1L6,17.1zM4.6,6.3c-1,0-1.7-0.8-1.7-1.7s0.8-1.7,1.7-1.7c0.9,0,1.7,0.8,1.7,1.7C6.3,5.5,5.5,6.3,4.6,6.3z M17.2,17.1h-3v-4.6c0-1.1,0-2.5-1.5-2.5c-1.5,0-1.8,1.2-1.8,2.5v4.7h-3V7.6h2.8v1.3h0c0.4-0.8,1.4-1.5,2.8-1.5c3,0,3.6,2,3.6,4.5V17.1z\"><\/path>\r\n\t\t\t\t\t\t<\/svg>\r\n\t\t\t\t\t<\/span>\r\n\t\t\t\t<\/a>\r\n\t\t\t\t\r\n\t\t\t\t<a href=\"whatsapp:\/\/send?text=https%3A%2F%2Fwww.salon-environnement-de-travail-achats.fr%2Fen%2Fconference%2Fdeliveroo-for-work\" data-network=\"whatsapp\" aria-label=\"WhatsApp\" style=\"--official-color: #5bba67\" rel=\"noopener noreferrer nofollow\">\r\n\t\t\t\t\t<span class=\"icon-container\">\r\n\t\t\t\t\t\t<svg width=\"20px\" height=\"20px\" viewBox=\"0 0 20 20\" aria-hidden=\"true\">\r\n\t\t\t\t\t\t\t<path d=\"M10,0C4.5,0,0,4.5,0,10c0,1.9,0.5,3.6,1.4,5.1L0.1,20l5-1.3C6.5,19.5,8.2,20,10,20c5.5,0,10-4.5,10-10S15.5,0,10,0zM6.6,5.3c0.2,0,0.3,0,0.5,0c0.2,0,0.4,0,0.6,0.4c0.2,0.5,0.7,1.7,0.8,1.8c0.1,0.1,0.1,0.3,0,0.4C8.3,8.2,8.3,8.3,8.1,8.5C8,8.6,7.9,8.8,7.8,8.9C7.7,9,7.5,9.1,7.7,9.4c0.1,0.2,0.6,1.1,1.4,1.7c0.9,0.8,1.7,1.1,2,1.2c0.2,0.1,0.4,0.1,0.5-0.1c0.1-0.2,0.6-0.7,0.8-1c0.2-0.2,0.3-0.2,0.6-0.1c0.2,0.1,1.4,0.7,1.7,0.8s0.4,0.2,0.5,0.3c0.1,0.1,0.1,0.6-0.1,1.2c-0.2,0.6-1.2,1.1-1.7,1.2c-0.5,0-0.9,0.2-3-0.6c-2.5-1-4.1-3.6-4.2-3.7c-0.1-0.2-1-1.3-1-2.6c0-1.2,0.6-1.8,0.9-2.1C6.1,5.4,6.4,5.3,6.6,5.3z\"><\/path>\r\n\t\t\t\t\t\t<\/svg>\r\n\t\t\t\t\t<\/span>\r\n\t\t\t\t<\/a>\r\n\t\t\t<\/div>\r\n\t\t\t<\/div>\r\n<\/div>\t\t\t\t\t\t\t<div class=\"conferences-accordion-item\" data-date=\"2026-03-25T00:00:00\" data-type=\"idet-conference\">\r\n\t<div class=\"conferences-accordion-header\">\r\n\t\t<div class=\"conference-infos\">\r\n\t\t\t<span class=\"conference-date\">\r\n\t\t\t\t<svg xmlns=\"http:\/\/www.w3.org\/2000\/svg\" height=\"1em\" viewBox=\"0 0 448 512\"><path d=\"M96 32V64H48C21.5 64 0 85.5 0 112v48H448V112c0-26.5-21.5-48-48-48H352V32c0-17.7-14.3-32-32-32s-32 14.3-32 32V64H160V32c0-17.7-14.3-32-32-32S96 14.3 96 32zM448 192H0V464c0 26.5 21.5 48 48 48H400c26.5 0 48-21.5 48-48V192z\"\/><\/svg>\r\n\t\t\t\t25 March 2026\t\t\t<\/span>\r\n\t\t\t<span class=\"conference-time\">\r\n\t\t\t\t<svg xmlns=\"http:\/\/www.w3.org\/2000\/svg\" height=\"1em\" viewBox=\"0 0 512 512\"><path d=\"M256 0a256 256 0 1 1 0 512A256 256 0 1 1 256 0zM232 120V256c0 8 4 15.5 10.7 20l96 64c11 7.4 25.9 4.4 33.3-6.7s4.4-25.9-6.7-33.3L280 243.2V120c0-13.3-10.7-24-24-24s-24 10.7-24 24z\"\/><\/svg>\r\n\t\t\t\t14H15 to 15H15\t\t\t<\/span>\r\n\t\t\t<span class=\"conference-location\">\r\n\t\t\t\t<svg xmlns=\"http:\/\/www.w3.org\/2000\/svg\" height=\"1em\" viewBox=\"0 0 384 512\"><path d=\"M215.7 499.2C267 435 384 279.4 384 192C384 86 298 0 192 0S0 86 0 192c0 87.4 117 243 168.3 307.2c12.3 15.3 35.1 15.3 47.4 0zM192 128a64 64 0 1 1 0 128 64 64 0 1 1 0-128z\"\/><\/svg>\r\n\t\t\t\tPerspectives room\t\t\t<\/span>\r\n\t\t\t\r\n\t\t\t\t\t\t\t<span class=\"conference-type\">\r\n\t\t\t\t\t<svg xmlns=\"http:\/\/www.w3.org\/2000\/svg\" height=\"1em\" viewBox=\"0 0 384 512\"><path d=\"M0 48V487.7C0 501.1 10.9 512 24.3 512c5 0 9.9-1.5 14-4.4L192 400 345.7 507.6c4.1 2.9 9 4.4 14 4.4c13.4 0 24.3-10.9 24.3-24.3V48c0-26.5-21.5-48-48-48H48C21.5 0 0 21.5 0 48z\"\/><\/svg>\r\n\t\t\t\t\tIDET Conference\t\t\t\t<\/span>\r\n\t\t\t\t\t<\/div>\r\n\t\t\r\n\t\t<h3 class=\"conference-title\">New ways of working: is the weakening of the collective inevitable?<\/h3>\r\n\t\t\r\n\t\t\t\t\t<p class=\"organized-by\">\r\n\t\t\t\tOrganized by IDET\t\t\t<\/p>\r\n\t\t\t\t\r\n\t\t<a class=\"read-more\" href=\"#\">Continue reading<\/a>\r\n\t<\/div>\r\n\t\t\t\t\t\t\t\t\r\n\t<div class=\"conferences-accordion-panel\">\r\n\t\t\r\n\t\t\t\t\t\t<img decoding=\"async\" src=\"https:\/\/weyou.blob.core.windows.net\/images\/exposant\/8e355e85-df27-4d0f-8e16-2dccfd59f805.jpg\" class=\"exhibitor-logo\" alt=\"IDET\">\r\n\t\t\t\t\t\r\n\t\t<div class=\"conference-description\">\r\n\t\t\t<p>New ways of working emphasize flexibility, which has many benefits, but also presents risks for the collective: isolation, rise of individualism, reduced commitment, loss of cohesion, reduced attachment to the company, etc. So how can we maintain collective momentum in this context? How can we reconcile flexibility and cohesion?&nbsp;<\/p>\n\t\t<\/div>\r\n\t\t\t\r\n\t\t\t\t\r\n\t\t\t\t\t<p class=\"speakers-title\">Speakers:<\/p>\r\n\t\t\t<div class=\"speakers\">\r\n\t\t\t\t\t\t\t\t\t<div class=\"speaker\">\r\n\t<p><strong>Pierre GRENIER<\/strong><br\/>Partner &ndash; MIO&CO<\/p><\/div>\t\t\t\t\t\t\t\t\t<div class=\"speaker\">\r\n\t<p><strong>Hubert LABOUCHE<\/strong><br\/>Director of Work Environment and Safety, Deputy Secretary General of IDET &ndash; BNP PARIBAS PERSONAL FINANCE<\/p><\/div>\t\t\t\t\t\t\t<\/div>\r\n\t\t\t\t\r\n\t\t\t\t\t<div class=\"exhibitor-share-box\">\r\n\t\t\t\t\t\t\t\t<a href=\"https:\/\/www.facebook.com\/sharer\/sharer.php?u=https%3A%2F%2Fwww.salon-environnement-de-travail-achats.fr%2Fen%2Fconference%2Fidet\" data-network=\"facebook\" aria-label=\"Facebook\" style=\"--official-color: #557dbc\" rel=\"noopener noreferrer nofollow\">\r\n\t\t\t\t\t<span class=\"icon-container\">\r\n\t\t\t\t\t\t<svg width=\"20px\" height=\"20px\" viewBox=\"0 0 20 20\" aria-hidden=\"true\">\r\n\t\t\t\t\t\t\t<path d=\"M20,10.1c0-5.5-4.5-10-10-10S0,4.5,0,10.1c0,5,3.7,9.1,8.4,9.9v-7H5.9v-2.9h2.5V7.9C8.4,5.4,9.9,4,12.2,4c1.1,0,2.2,0.2,2.2,0.2v2.5h-1.3c-1.2,0-1.6,0.8-1.6,1.6v1.9h2.8L13.9,13h-2.3v7C16.3,19.2,20,15.1,20,10.1z\"><\/path>\r\n\t\t\t\t\t\t<\/svg>\r\n\t\t\t\t\t<\/span>\r\n\t\t\t\t<\/a>\r\n\t\t\t\t\t\t\t\r\n\t\t\t\t<a href=\"https:\/\/twitter.com\/share?url=https%3A%2F%2Fwww.salon-environnement-de-travail-achats.fr%2Fen%2Fconference%2Fidet&text=Conferences & workshops organized by IDET - Le Salon des Achats et de L&#039;environnement de Travail\" data-network=\"twitter\" aria-label=\"Twitter\" style=\"--official-color: #7acdee\" rel=\"noopener noreferrer nofollow\">\r\n\t\t\t\t\t<span class=\"icon-container\">\r\n\t\t\t\t\t\t<svg width=\"20px\" height=\"20px\" viewBox=\"0 0 20 20\" aria-hidden=\"true\">\r\n\t\t\t\t\t\t\t<path d=\"M20,3.8c-0.7,0.3-1.5,0.5-2.4,0.6c0.8-0.5,1.5-1.3,1.8-2.3c-0.8,0.5-1.7,0.8-2.6,1c-0.7-0.8-1.8-1.3-3-1.3c-2.3,0-4.1,1.8-4.1,4.1c0,0.3,0,0.6,0.1,0.9C6.4,6.7,3.4,5.1,1.4,2.6C1,3.2,0.8,3.9,0.8,4.7c0,1.4,0.7,2.7,1.8,3.4C2,8.1,1.4,7.9,0.8,7.6c0,0,0,0,0,0.1c0,2,1.4,3.6,3.3,4c-0.3,0.1-0.7,0.1-1.1,0.1c-0.3,0-0.5,0-0.8-0.1c0.5,1.6,2,2.8,3.8,2.8c-1.4,1.1-3.2,1.8-5.1,1.8c-0.3,0-0.7,0-1-0.1c1.8,1.2,4,1.8,6.3,1.8c7.5,0,11.7-6.3,11.7-11.7c0-0.2,0-0.4,0-0.5C18.8,5.3,19.4,4.6,20,3.8z\"><\/path>\r\n\t\t\t\t\t\t<\/svg>\r\n\t\t\t\t\t<\/span>\r\n\t\t\t\t<\/a>\r\n\r\n\t\t\t\t<a href=\"https:\/\/www.linkedin.com\/shareArticle?url=https%3A%2F%2Fwww.salon-environnement-de-travail-achats.fr%2Fen%2Fconference%2Fidet&title=Conferences & workshops organized by IDET - Le Salon des Achats et de L&#039;environnement de Travail\" data-network=\"linkedin\" aria-label=\"LinkedIn\" style=\"--official-color: #1c86c6\" rel=\"noopener noreferrer nofollow\">\r\n\t\t\t\t\t<span class=\"icon-container\">\r\n\t\t\t\t\t\t<svg width=\"20px\" height=\"20px\" viewBox=\"0 0 20 20\" aria-hidden=\"true\">\r\n\t\t\t\t\t\t\t<path d=\"M18.6,0H1.4C0.6,0,0,0.6,0,1.4v17.1C0,19.4,0.6,20,1.4,20h17.1c0.8,0,1.4-0.6,1.4-1.4V1.4C20,0.6,19.4,0,18.6,0z M6,17.1h-3V7.6h3L6,17.1L6,17.1zM4.6,6.3c-1,0-1.7-0.8-1.7-1.7s0.8-1.7,1.7-1.7c0.9,0,1.7,0.8,1.7,1.7C6.3,5.5,5.5,6.3,4.6,6.3z M17.2,17.1h-3v-4.6c0-1.1,0-2.5-1.5-2.5c-1.5,0-1.8,1.2-1.8,2.5v4.7h-3V7.6h2.8v1.3h0c0.4-0.8,1.4-1.5,2.8-1.5c3,0,3.6,2,3.6,4.5V17.1z\"><\/path>\r\n\t\t\t\t\t\t<\/svg>\r\n\t\t\t\t\t<\/span>\r\n\t\t\t\t<\/a>\r\n\t\t\t\t\r\n\t\t\t\t<a href=\"whatsapp:\/\/send?text=https%3A%2F%2Fwww.salon-environnement-de-travail-achats.fr%2Fen%2Fconference%2Fidet\" data-network=\"whatsapp\" aria-label=\"WhatsApp\" style=\"--official-color: #5bba67\" rel=\"noopener noreferrer nofollow\">\r\n\t\t\t\t\t<span class=\"icon-container\">\r\n\t\t\t\t\t\t<svg width=\"20px\" height=\"20px\" viewBox=\"0 0 20 20\" aria-hidden=\"true\">\r\n\t\t\t\t\t\t\t<path d=\"M10,0C4.5,0,0,4.5,0,10c0,1.9,0.5,3.6,1.4,5.1L0.1,20l5-1.3C6.5,19.5,8.2,20,10,20c5.5,0,10-4.5,10-10S15.5,0,10,0zM6.6,5.3c0.2,0,0.3,0,0.5,0c0.2,0,0.4,0,0.6,0.4c0.2,0.5,0.7,1.7,0.8,1.8c0.1,0.1,0.1,0.3,0,0.4C8.3,8.2,8.3,8.3,8.1,8.5C8,8.6,7.9,8.8,7.8,8.9C7.7,9,7.5,9.1,7.7,9.4c0.1,0.2,0.6,1.1,1.4,1.7c0.9,0.8,1.7,1.1,2,1.2c0.2,0.1,0.4,0.1,0.5-0.1c0.1-0.2,0.6-0.7,0.8-1c0.2-0.2,0.3-0.2,0.6-0.1c0.2,0.1,1.4,0.7,1.7,0.8s0.4,0.2,0.5,0.3c0.1,0.1,0.1,0.6-0.1,1.2c-0.2,0.6-1.2,1.1-1.7,1.2c-0.5,0-0.9,0.2-3-0.6c-2.5-1-4.1-3.6-4.2-3.7c-0.1-0.2-1-1.3-1-2.6c0-1.2,0.6-1.8,0.9-2.1C6.1,5.4,6.4,5.3,6.6,5.3z\"><\/path>\r\n\t\t\t\t\t\t<\/svg>\r\n\t\t\t\t\t<\/span>\r\n\t\t\t\t<\/a>\r\n\t\t\t<\/div>\r\n\t\t\t<\/div>\r\n<\/div>\t\t\t\t\t\t\t<div class=\"conferences-accordion-item\" data-date=\"2026-03-25T00:00:00\" data-type=\"partner-conference\">\r\n\t<div class=\"conferences-accordion-header\">\r\n\t\t<div class=\"conference-infos\">\r\n\t\t\t<span class=\"conference-date\">\r\n\t\t\t\t<svg xmlns=\"http:\/\/www.w3.org\/2000\/svg\" height=\"1em\" viewBox=\"0 0 448 512\"><path d=\"M96 32V64H48C21.5 64 0 85.5 0 112v48H448V112c0-26.5-21.5-48-48-48H352V32c0-17.7-14.3-32-32-32s-32 14.3-32 32V64H160V32c0-17.7-14.3-32-32-32S96 14.3 96 32zM448 192H0V464c0 26.5 21.5 48 48 48H400c26.5 0 48-21.5 48-48V192z\"\/><\/svg>\r\n\t\t\t\t25 March 2026\t\t\t<\/span>\r\n\t\t\t<span class=\"conference-time\">\r\n\t\t\t\t<svg xmlns=\"http:\/\/www.w3.org\/2000\/svg\" height=\"1em\" viewBox=\"0 0 512 512\"><path d=\"M256 0a256 256 0 1 1 0 512A256 256 0 1 1 256 0zM232 120V256c0 8 4 15.5 10.7 20l96 64c11 7.4 25.9 4.4 33.3-6.7s4.4-25.9-6.7-33.3L280 243.2V120c0-13.3-10.7-24-24-24s-24 10.7-24 24z\"\/><\/svg>\r\n\t\t\t\t14H30 to 15H30\t\t\t<\/span>\r\n\t\t\t<span class=\"conference-location\">\r\n\t\t\t\t<svg xmlns=\"http:\/\/www.w3.org\/2000\/svg\" height=\"1em\" viewBox=\"0 0 384 512\"><path d=\"M215.7 499.2C267 435 384 279.4 384 192C384 86 298 0 192 0S0 86 0 192c0 87.4 117 243 168.3 307.2c12.3 15.3 35.1 15.3 47.4 0zM192 128a64 64 0 1 1 0 128 64 64 0 1 1 0-128z\"\/><\/svg>\r\n\t\t\t\tAgora\t\t\t<\/span>\r\n\t\t\t\r\n\t\t\t\t\t\t\t<span class=\"conference-type\">\r\n\t\t\t\t\t<svg xmlns=\"http:\/\/www.w3.org\/2000\/svg\" height=\"1em\" viewBox=\"0 0 384 512\"><path d=\"M0 48V487.7C0 501.1 10.9 512 24.3 512c5 0 9.9-1.5 14-4.4L192 400 345.7 507.6c4.1 2.9 9 4.4 14 4.4c13.4 0 24.3-10.9 24.3-24.3V48c0-26.5-21.5-48-48-48H48C21.5 0 0 21.5 0 48z\"\/><\/svg>\r\n\t\t\t\t\tPartner Conference\t\t\t\t<\/span>\r\n\t\t\t\t\t<\/div>\r\n\t\t\r\n\t\t<h3 class=\"conference-title\">How is the hotel industry reinventing the relationship between workspaces and services?  <\/h3>\r\n\t\t\r\n\t\t\t\t\t<p class=\"organized-by\">\r\n\t\t\t\tOrganized by WORKPLACE MAGAZINE\t\t\t<\/p>\r\n\t\t\t\t\r\n\t\t<a class=\"read-more\" href=\"#\">Continue reading<\/a>\r\n\t<\/div>\r\n\t\t\t\t\t\t\t\t\r\n\t<div class=\"conferences-accordion-panel\">\r\n\t\t\r\n\t\t\t\t\r\n\t\t<div class=\"conference-description\">\r\n\t\t\t<p>The strength of the hotel industry lies in its ability to immediately give meaning to a place. Circulation, uses, and expected behaviors are embedded in the architecture, design, atmosphere, and quality of service. In a matter of seconds, without any instructions, everyone understands where they are, how the space works, and what they can do there. Hall, lobby, lounge, restaurant: each place is clear, intuitive, almost obvious. &nbsp;<br>What if the hotel industry was one step ahead in designing places that are immediately clear, desirable, and useful? What if this culture of experience, spatial storytelling, and service was precisely what workspaces were still missing to become clear, engaging, and lively again?&nbsp;<\/p>\n\t\t<\/div>\r\n\t\t\t\r\n\t\t\t\t\r\n\t\t\t\t\t<p class=\"speakers-title\">Speakers:<\/p>\r\n\t\t\t<div class=\"speakers\">\r\n\t\t\t\t\t\t\t\t\t<div class=\"speaker\">\r\n\t<p><strong>Jean-Philippe  CORDINA<\/strong><br\/>Associate creative director  &ndash; SAGUEZ & PARTNERS <\/p><\/div>\t\t\t\t\t\t\t\t\t<div class=\"speaker\">\r\n\t<p><strong>Olivier RIQUARD<\/strong><br\/>Director of Support Functions & Purchasing  &ndash; GIE AXA<\/p><\/div>\t\t\t\t\t\t\t\t\t<div class=\"speaker\">\r\n\t<p><strong>Flor PICHEVIN<\/strong><br\/>Directrice Exp\u00e9rience &ndash; CLIENT WELLIO FRANCE<\/p><\/div>\t\t\t\t\t\t\t<\/div>\r\n\t\t\t\t\r\n\t\t\t\t\t<div class=\"exhibitor-share-box\">\r\n\t\t\t\t\t\t\t\t<a href=\"https:\/\/www.facebook.com\/sharer\/sharer.php?u=https%3A%2F%2Fwww.salon-environnement-de-travail-achats.fr%2Fen%2Fconference%2Fworkplace-magazine\" data-network=\"facebook\" aria-label=\"Facebook\" style=\"--official-color: #557dbc\" rel=\"noopener noreferrer nofollow\">\r\n\t\t\t\t\t<span class=\"icon-container\">\r\n\t\t\t\t\t\t<svg width=\"20px\" height=\"20px\" viewBox=\"0 0 20 20\" aria-hidden=\"true\">\r\n\t\t\t\t\t\t\t<path d=\"M20,10.1c0-5.5-4.5-10-10-10S0,4.5,0,10.1c0,5,3.7,9.1,8.4,9.9v-7H5.9v-2.9h2.5V7.9C8.4,5.4,9.9,4,12.2,4c1.1,0,2.2,0.2,2.2,0.2v2.5h-1.3c-1.2,0-1.6,0.8-1.6,1.6v1.9h2.8L13.9,13h-2.3v7C16.3,19.2,20,15.1,20,10.1z\"><\/path>\r\n\t\t\t\t\t\t<\/svg>\r\n\t\t\t\t\t<\/span>\r\n\t\t\t\t<\/a>\r\n\t\t\t\t\t\t\t\r\n\t\t\t\t<a href=\"https:\/\/twitter.com\/share?url=https%3A%2F%2Fwww.salon-environnement-de-travail-achats.fr%2Fen%2Fconference%2Fworkplace-magazine&text=Conferences & workshops organized by WORKPLACE MAGAZINE - Le Salon des Achats et de L&#039;environnement de Travail\" data-network=\"twitter\" aria-label=\"Twitter\" style=\"--official-color: #7acdee\" rel=\"noopener noreferrer nofollow\">\r\n\t\t\t\t\t<span class=\"icon-container\">\r\n\t\t\t\t\t\t<svg width=\"20px\" height=\"20px\" viewBox=\"0 0 20 20\" aria-hidden=\"true\">\r\n\t\t\t\t\t\t\t<path d=\"M20,3.8c-0.7,0.3-1.5,0.5-2.4,0.6c0.8-0.5,1.5-1.3,1.8-2.3c-0.8,0.5-1.7,0.8-2.6,1c-0.7-0.8-1.8-1.3-3-1.3c-2.3,0-4.1,1.8-4.1,4.1c0,0.3,0,0.6,0.1,0.9C6.4,6.7,3.4,5.1,1.4,2.6C1,3.2,0.8,3.9,0.8,4.7c0,1.4,0.7,2.7,1.8,3.4C2,8.1,1.4,7.9,0.8,7.6c0,0,0,0,0,0.1c0,2,1.4,3.6,3.3,4c-0.3,0.1-0.7,0.1-1.1,0.1c-0.3,0-0.5,0-0.8-0.1c0.5,1.6,2,2.8,3.8,2.8c-1.4,1.1-3.2,1.8-5.1,1.8c-0.3,0-0.7,0-1-0.1c1.8,1.2,4,1.8,6.3,1.8c7.5,0,11.7-6.3,11.7-11.7c0-0.2,0-0.4,0-0.5C18.8,5.3,19.4,4.6,20,3.8z\"><\/path>\r\n\t\t\t\t\t\t<\/svg>\r\n\t\t\t\t\t<\/span>\r\n\t\t\t\t<\/a>\r\n\r\n\t\t\t\t<a href=\"https:\/\/www.linkedin.com\/shareArticle?url=https%3A%2F%2Fwww.salon-environnement-de-travail-achats.fr%2Fen%2Fconference%2Fworkplace-magazine&title=Conferences & workshops organized by WORKPLACE MAGAZINE - Le Salon des Achats et de L&#039;environnement de Travail\" data-network=\"linkedin\" aria-label=\"LinkedIn\" style=\"--official-color: #1c86c6\" rel=\"noopener noreferrer nofollow\">\r\n\t\t\t\t\t<span class=\"icon-container\">\r\n\t\t\t\t\t\t<svg width=\"20px\" height=\"20px\" viewBox=\"0 0 20 20\" aria-hidden=\"true\">\r\n\t\t\t\t\t\t\t<path d=\"M18.6,0H1.4C0.6,0,0,0.6,0,1.4v17.1C0,19.4,0.6,20,1.4,20h17.1c0.8,0,1.4-0.6,1.4-1.4V1.4C20,0.6,19.4,0,18.6,0z M6,17.1h-3V7.6h3L6,17.1L6,17.1zM4.6,6.3c-1,0-1.7-0.8-1.7-1.7s0.8-1.7,1.7-1.7c0.9,0,1.7,0.8,1.7,1.7C6.3,5.5,5.5,6.3,4.6,6.3z M17.2,17.1h-3v-4.6c0-1.1,0-2.5-1.5-2.5c-1.5,0-1.8,1.2-1.8,2.5v4.7h-3V7.6h2.8v1.3h0c0.4-0.8,1.4-1.5,2.8-1.5c3,0,3.6,2,3.6,4.5V17.1z\"><\/path>\r\n\t\t\t\t\t\t<\/svg>\r\n\t\t\t\t\t<\/span>\r\n\t\t\t\t<\/a>\r\n\t\t\t\t\r\n\t\t\t\t<a href=\"whatsapp:\/\/send?text=https%3A%2F%2Fwww.salon-environnement-de-travail-achats.fr%2Fen%2Fconference%2Fworkplace-magazine\" data-network=\"whatsapp\" aria-label=\"WhatsApp\" style=\"--official-color: #5bba67\" rel=\"noopener noreferrer nofollow\">\r\n\t\t\t\t\t<span class=\"icon-container\">\r\n\t\t\t\t\t\t<svg width=\"20px\" height=\"20px\" viewBox=\"0 0 20 20\" aria-hidden=\"true\">\r\n\t\t\t\t\t\t\t<path d=\"M10,0C4.5,0,0,4.5,0,10c0,1.9,0.5,3.6,1.4,5.1L0.1,20l5-1.3C6.5,19.5,8.2,20,10,20c5.5,0,10-4.5,10-10S15.5,0,10,0zM6.6,5.3c0.2,0,0.3,0,0.5,0c0.2,0,0.4,0,0.6,0.4c0.2,0.5,0.7,1.7,0.8,1.8c0.1,0.1,0.1,0.3,0,0.4C8.3,8.2,8.3,8.3,8.1,8.5C8,8.6,7.9,8.8,7.8,8.9C7.7,9,7.5,9.1,7.7,9.4c0.1,0.2,0.6,1.1,1.4,1.7c0.9,0.8,1.7,1.1,2,1.2c0.2,0.1,0.4,0.1,0.5-0.1c0.1-0.2,0.6-0.7,0.8-1c0.2-0.2,0.3-0.2,0.6-0.1c0.2,0.1,1.4,0.7,1.7,0.8s0.4,0.2,0.5,0.3c0.1,0.1,0.1,0.6-0.1,1.2c-0.2,0.6-1.2,1.1-1.7,1.2c-0.5,0-0.9,0.2-3-0.6c-2.5-1-4.1-3.6-4.2-3.7c-0.1-0.2-1-1.3-1-2.6c0-1.2,0.6-1.8,0.9-2.1C6.1,5.4,6.4,5.3,6.6,5.3z\"><\/path>\r\n\t\t\t\t\t\t<\/svg>\r\n\t\t\t\t\t<\/span>\r\n\t\t\t\t<\/a>\r\n\t\t\t<\/div>\r\n\t\t\t<\/div>\r\n<\/div>\t\t\t\t\t\t\t<div class=\"conferences-accordion-item\" data-date=\"2026-03-25T00:00:00\" data-type=\"exhibitors-workshops\">\r\n\t<div class=\"conferences-accordion-header\">\r\n\t\t<div class=\"conference-infos\">\r\n\t\t\t<span class=\"conference-date\">\r\n\t\t\t\t<svg xmlns=\"http:\/\/www.w3.org\/2000\/svg\" height=\"1em\" viewBox=\"0 0 448 512\"><path d=\"M96 32V64H48C21.5 64 0 85.5 0 112v48H448V112c0-26.5-21.5-48-48-48H352V32c0-17.7-14.3-32-32-32s-32 14.3-32 32V64H160V32c0-17.7-14.3-32-32-32S96 14.3 96 32zM448 192H0V464c0 26.5 21.5 48 48 48H400c26.5 0 48-21.5 48-48V192z\"\/><\/svg>\r\n\t\t\t\t25 March 2026\t\t\t<\/span>\r\n\t\t\t<span class=\"conference-time\">\r\n\t\t\t\t<svg xmlns=\"http:\/\/www.w3.org\/2000\/svg\" height=\"1em\" viewBox=\"0 0 512 512\"><path d=\"M256 0a256 256 0 1 1 0 512A256 256 0 1 1 256 0zM232 120V256c0 8 4 15.5 10.7 20l96 64c11 7.4 25.9 4.4 33.3-6.7s4.4-25.9-6.7-33.3L280 243.2V120c0-13.3-10.7-24-24-24s-24 10.7-24 24z\"\/><\/svg>\r\n\t\t\t\t15H45 to 16H15\t\t\t<\/span>\r\n\t\t\t<span class=\"conference-location\">\r\n\t\t\t\t<svg xmlns=\"http:\/\/www.w3.org\/2000\/svg\" height=\"1em\" viewBox=\"0 0 384 512\"><path d=\"M215.7 499.2C267 435 384 279.4 384 192C384 86 298 0 192 0S0 86 0 192c0 87.4 117 243 168.3 307.2c12.3 15.3 35.1 15.3 47.4 0zM192 128a64 64 0 1 1 0 128 64 64 0 1 1 0-128z\"\/><\/svg>\r\n\t\t\t\tAgora\t\t\t<\/span>\r\n\t\t\t\r\n\t\t\t\t\t\t\t<span class=\"conference-type\">\r\n\t\t\t\t\t<svg xmlns=\"http:\/\/www.w3.org\/2000\/svg\" height=\"1em\" viewBox=\"0 0 384 512\"><path d=\"M0 48V487.7C0 501.1 10.9 512 24.3 512c5 0 9.9-1.5 14-4.4L192 400 345.7 507.6c4.1 2.9 9 4.4 14 4.4c13.4 0 24.3-10.9 24.3-24.3V48c0-26.5-21.5-48-48-48H48C21.5 0 0 21.5 0 48z\"\/><\/svg>\r\n\t\t\t\t\tExhibitors Workshops\t\t\t\t<\/span>\r\n\t\t\t\t\t<\/div>\r\n\t\t\r\n\t\t<h3 class=\"conference-title\">The Case Against the Flexible Office<\/h3>\r\n\t\t\r\n\t\t\t\t\t<p class=\"organized-by\">\r\n\t\t\t\tOrganized by DESKARE\t\t\t<\/p>\r\n\t\t\t\t\r\n\t\t<a class=\"read-more\" href=\"#\">Continue reading<\/a>\r\n\t<\/div>\r\n\t\t\t\t\t\t\t\t\r\n\t<div class=\"conferences-accordion-panel\">\r\n\t\t\r\n\t\t\t\t\t\t<img decoding=\"async\" src=\"https:\/\/weyou.blob.core.windows.net\/images\/exposant\/991a47e2-11f0-46db-ae96-77288d5e863c.jpg\" class=\"exhibitor-logo\" alt=\"DESKARE\">\r\n\t\t\t\t\t\r\n\t\t<div class=\"conference-description\">\r\n\t\t\t<p>At a special hearing, the flex office will have to answer to three charges brought against it:<br>&bull; &nbsp; &nbsp;Dehumanization of workspaces<br>&bull; &nbsp; &nbsp;Hindrance to productivity and performance<br>&bull; &nbsp; &nbsp;Destruction of the employee experience in favor of corporate cost savings<br>Will the flex office be found guilty&hellip; or acquitted?<br>It&rsquo;s up to YOU to decide!<\/p>\n\t\t<\/div>\r\n\t\t\t\r\n\t\t\t\t\r\n\t\t\t\t\t<p class=\"speakers-title\">Speakers:<\/p>\r\n\t\t\t<div class=\"speakers\">\r\n\t\t\t\t\t\t\t\t\t<div class=\"speaker\">\r\n\t<p><strong>Vianney  GOATER <\/strong><br\/>CEO &ndash; DESKARE<\/p><\/div>\t\t\t\t\t\t\t\t\t<div class=\"speaker\">\r\n\t<p><strong>Cl\u00e9ment ROUCHER <\/strong><br\/>CEO &ndash; GREENWORKING<\/p><\/div>\t\t\t\t\t\t\t\t\t<div class=\"speaker\">\r\n\t<p><strong>Muriel HAVAS<\/strong><br\/>Workplace & Real Estate Director &ndash; BLABLACAR<\/p><\/div>\t\t\t\t\t\t\t\t\t<div class=\"speaker\">\r\n\t<p><strong>Carlos  MARTINS<\/strong><br\/>Head Of Workplace Innovation &ndash; ALLIANZ<\/p><\/div>\t\t\t\t\t\t\t<\/div>\r\n\t\t\t\t\r\n\t\t\t\t\t<div class=\"exhibitor-share-box\">\r\n\t\t\t\t\t\t\t\t<a href=\"https:\/\/www.facebook.com\/sharer\/sharer.php?u=https%3A%2F%2Fwww.salon-environnement-de-travail-achats.fr%2Fen%2Fconference%2Fdeskare\" data-network=\"facebook\" aria-label=\"Facebook\" style=\"--official-color: #557dbc\" rel=\"noopener noreferrer nofollow\">\r\n\t\t\t\t\t<span class=\"icon-container\">\r\n\t\t\t\t\t\t<svg width=\"20px\" height=\"20px\" viewBox=\"0 0 20 20\" aria-hidden=\"true\">\r\n\t\t\t\t\t\t\t<path d=\"M20,10.1c0-5.5-4.5-10-10-10S0,4.5,0,10.1c0,5,3.7,9.1,8.4,9.9v-7H5.9v-2.9h2.5V7.9C8.4,5.4,9.9,4,12.2,4c1.1,0,2.2,0.2,2.2,0.2v2.5h-1.3c-1.2,0-1.6,0.8-1.6,1.6v1.9h2.8L13.9,13h-2.3v7C16.3,19.2,20,15.1,20,10.1z\"><\/path>\r\n\t\t\t\t\t\t<\/svg>\r\n\t\t\t\t\t<\/span>\r\n\t\t\t\t<\/a>\r\n\t\t\t\t\t\t\t\r\n\t\t\t\t<a href=\"https:\/\/twitter.com\/share?url=https%3A%2F%2Fwww.salon-environnement-de-travail-achats.fr%2Fen%2Fconference%2Fdeskare&text=Conferences & workshops organized by DESKARE - Le Salon des Achats et de L&#039;environnement de Travail\" data-network=\"twitter\" aria-label=\"Twitter\" style=\"--official-color: #7acdee\" rel=\"noopener noreferrer nofollow\">\r\n\t\t\t\t\t<span class=\"icon-container\">\r\n\t\t\t\t\t\t<svg width=\"20px\" height=\"20px\" viewBox=\"0 0 20 20\" aria-hidden=\"true\">\r\n\t\t\t\t\t\t\t<path d=\"M20,3.8c-0.7,0.3-1.5,0.5-2.4,0.6c0.8-0.5,1.5-1.3,1.8-2.3c-0.8,0.5-1.7,0.8-2.6,1c-0.7-0.8-1.8-1.3-3-1.3c-2.3,0-4.1,1.8-4.1,4.1c0,0.3,0,0.6,0.1,0.9C6.4,6.7,3.4,5.1,1.4,2.6C1,3.2,0.8,3.9,0.8,4.7c0,1.4,0.7,2.7,1.8,3.4C2,8.1,1.4,7.9,0.8,7.6c0,0,0,0,0,0.1c0,2,1.4,3.6,3.3,4c-0.3,0.1-0.7,0.1-1.1,0.1c-0.3,0-0.5,0-0.8-0.1c0.5,1.6,2,2.8,3.8,2.8c-1.4,1.1-3.2,1.8-5.1,1.8c-0.3,0-0.7,0-1-0.1c1.8,1.2,4,1.8,6.3,1.8c7.5,0,11.7-6.3,11.7-11.7c0-0.2,0-0.4,0-0.5C18.8,5.3,19.4,4.6,20,3.8z\"><\/path>\r\n\t\t\t\t\t\t<\/svg>\r\n\t\t\t\t\t<\/span>\r\n\t\t\t\t<\/a>\r\n\r\n\t\t\t\t<a href=\"https:\/\/www.linkedin.com\/shareArticle?url=https%3A%2F%2Fwww.salon-environnement-de-travail-achats.fr%2Fen%2Fconference%2Fdeskare&title=Conferences & workshops organized by DESKARE - Le Salon des Achats et de L&#039;environnement de Travail\" data-network=\"linkedin\" aria-label=\"LinkedIn\" style=\"--official-color: #1c86c6\" rel=\"noopener noreferrer nofollow\">\r\n\t\t\t\t\t<span class=\"icon-container\">\r\n\t\t\t\t\t\t<svg width=\"20px\" height=\"20px\" viewBox=\"0 0 20 20\" aria-hidden=\"true\">\r\n\t\t\t\t\t\t\t<path d=\"M18.6,0H1.4C0.6,0,0,0.6,0,1.4v17.1C0,19.4,0.6,20,1.4,20h17.1c0.8,0,1.4-0.6,1.4-1.4V1.4C20,0.6,19.4,0,18.6,0z M6,17.1h-3V7.6h3L6,17.1L6,17.1zM4.6,6.3c-1,0-1.7-0.8-1.7-1.7s0.8-1.7,1.7-1.7c0.9,0,1.7,0.8,1.7,1.7C6.3,5.5,5.5,6.3,4.6,6.3z M17.2,17.1h-3v-4.6c0-1.1,0-2.5-1.5-2.5c-1.5,0-1.8,1.2-1.8,2.5v4.7h-3V7.6h2.8v1.3h0c0.4-0.8,1.4-1.5,2.8-1.5c3,0,3.6,2,3.6,4.5V17.1z\"><\/path>\r\n\t\t\t\t\t\t<\/svg>\r\n\t\t\t\t\t<\/span>\r\n\t\t\t\t<\/a>\r\n\t\t\t\t\r\n\t\t\t\t<a href=\"whatsapp:\/\/send?text=https%3A%2F%2Fwww.salon-environnement-de-travail-achats.fr%2Fen%2Fconference%2Fdeskare\" data-network=\"whatsapp\" aria-label=\"WhatsApp\" style=\"--official-color: #5bba67\" rel=\"noopener noreferrer nofollow\">\r\n\t\t\t\t\t<span class=\"icon-container\">\r\n\t\t\t\t\t\t<svg width=\"20px\" height=\"20px\" viewBox=\"0 0 20 20\" aria-hidden=\"true\">\r\n\t\t\t\t\t\t\t<path d=\"M10,0C4.5,0,0,4.5,0,10c0,1.9,0.5,3.6,1.4,5.1L0.1,20l5-1.3C6.5,19.5,8.2,20,10,20c5.5,0,10-4.5,10-10S15.5,0,10,0zM6.6,5.3c0.2,0,0.3,0,0.5,0c0.2,0,0.4,0,0.6,0.4c0.2,0.5,0.7,1.7,0.8,1.8c0.1,0.1,0.1,0.3,0,0.4C8.3,8.2,8.3,8.3,8.1,8.5C8,8.6,7.9,8.8,7.8,8.9C7.7,9,7.5,9.1,7.7,9.4c0.1,0.2,0.6,1.1,1.4,1.7c0.9,0.8,1.7,1.1,2,1.2c0.2,0.1,0.4,0.1,0.5-0.1c0.1-0.2,0.6-0.7,0.8-1c0.2-0.2,0.3-0.2,0.6-0.1c0.2,0.1,1.4,0.7,1.7,0.8s0.4,0.2,0.5,0.3c0.1,0.1,0.1,0.6-0.1,1.2c-0.2,0.6-1.2,1.1-1.7,1.2c-0.5,0-0.9,0.2-3-0.6c-2.5-1-4.1-3.6-4.2-3.7c-0.1-0.2-1-1.3-1-2.6c0-1.2,0.6-1.8,0.9-2.1C6.1,5.4,6.4,5.3,6.6,5.3z\"><\/path>\r\n\t\t\t\t\t\t<\/svg>\r\n\t\t\t\t\t<\/span>\r\n\t\t\t\t<\/a>\r\n\t\t\t<\/div>\r\n\t\t\t<\/div>\r\n<\/div>\t\t\t\t\t\t\t<div class=\"conferences-accordion-item\" data-date=\"2026-03-25T00:00:00\" data-type=\"idet-conference\">\r\n\t<div class=\"conferences-accordion-header\">\r\n\t\t<div class=\"conference-infos\">\r\n\t\t\t<span class=\"conference-date\">\r\n\t\t\t\t<svg xmlns=\"http:\/\/www.w3.org\/2000\/svg\" height=\"1em\" viewBox=\"0 0 448 512\"><path d=\"M96 32V64H48C21.5 64 0 85.5 0 112v48H448V112c0-26.5-21.5-48-48-48H352V32c0-17.7-14.3-32-32-32s-32 14.3-32 32V64H160V32c0-17.7-14.3-32-32-32S96 14.3 96 32zM448 192H0V464c0 26.5 21.5 48 48 48H400c26.5 0 48-21.5 48-48V192z\"\/><\/svg>\r\n\t\t\t\t25 March 2026\t\t\t<\/span>\r\n\t\t\t<span class=\"conference-time\">\r\n\t\t\t\t<svg xmlns=\"http:\/\/www.w3.org\/2000\/svg\" height=\"1em\" viewBox=\"0 0 512 512\"><path d=\"M256 0a256 256 0 1 1 0 512A256 256 0 1 1 256 0zM232 120V256c0 8 4 15.5 10.7 20l96 64c11 7.4 25.9 4.4 33.3-6.7s4.4-25.9-6.7-33.3L280 243.2V120c0-13.3-10.7-24-24-24s-24 10.7-24 24z\"\/><\/svg>\r\n\t\t\t\t16h30 to 17h30\t\t\t<\/span>\r\n\t\t\t<span class=\"conference-location\">\r\n\t\t\t\t<svg xmlns=\"http:\/\/www.w3.org\/2000\/svg\" height=\"1em\" viewBox=\"0 0 384 512\"><path d=\"M215.7 499.2C267 435 384 279.4 384 192C384 86 298 0 192 0S0 86 0 192c0 87.4 117 243 168.3 307.2c12.3 15.3 35.1 15.3 47.4 0zM192 128a64 64 0 1 1 0 128 64 64 0 1 1 0-128z\"\/><\/svg>\r\n\t\t\t\tPerspectives room\t\t\t<\/span>\r\n\t\t\t\r\n\t\t\t\t\t\t\t<span class=\"conference-type\">\r\n\t\t\t\t\t<svg xmlns=\"http:\/\/www.w3.org\/2000\/svg\" height=\"1em\" viewBox=\"0 0 384 512\"><path d=\"M0 48V487.7C0 501.1 10.9 512 24.3 512c5 0 9.9-1.5 14-4.4L192 400 345.7 507.6c4.1 2.9 9 4.4 14 4.4c13.4 0 24.3-10.9 24.3-24.3V48c0-26.5-21.5-48-48-48H48C21.5 0 0 21.5 0 48z\"\/><\/svg>\r\n\t\t\t\t\tIDET Conference\t\t\t\t<\/span>\r\n\t\t\t\t\t<\/div>\r\n\t\t\r\n\t\t<h3 class=\"conference-title\">How can you promote a friendly atmosphere in the office? <\/h3>\r\n\t\t\r\n\t\t\t\t\t<p class=\"organized-by\">\r\n\t\t\t\tOrganized by IDET\t\t\t<\/p>\r\n\t\t\t\t\r\n\t\t<a class=\"read-more\" href=\"#\">Continue reading<\/a>\r\n\t<\/div>\r\n\t\t\t\t\t\t\t\t\r\n\t<div class=\"conferences-accordion-panel\">\r\n\t\t\r\n\t\t\t\t\t\t<img decoding=\"async\" src=\"https:\/\/weyou.blob.core.windows.net\/images\/exposant\/8e355e85-df27-4d0f-8e16-2dccfd59f805.jpg\" class=\"exhibitor-logo\" alt=\"IDET\">\r\n\t\t\t\t\t\r\n\t\t<div class=\"conference-description\">\r\n\t\t\t<p>When considering office occupancy, it is important to understand what makes a workplace pleasant and turns it into a lively place for interaction. The challenge is to explore the idea that people come to the office also (or mainly?) for the people who bring it to life. But to do that, we need to be able to meet them and talk to them in an atmosphere conducive to exchange...&nbsp;<br>Service experience, collaborative spaces, dynamic reception areas, living spaces, etc. What frameworks, systems, and layouts are likely to promote friendly interactions between employees?<\/p>\n\t\t<\/div>\r\n\t\t\t\r\n\t\t\t\t\t<p class=\"speakers-title\">Conference Moderator:<\/p>\r\n\t\t\t<div class=\"speakers\">\r\n\t\t\t\t\t\t\t\t\t<div class=\"speaker\">\r\n\t<img decoding=\"async\" src=\"https:\/\/www.salon-environnement-de-travail-achats.fr\/wp-content\/plugins\/weyou-exhibitions\/\/public\/img\/user.png\" alt=\"V\u00e9ronique GU\u00c9LAIN \"><p><strong>V\u00e9ronique GU\u00c9LAIN <\/strong><br\/>DET, COSUR IDET &ndash; MACIF<\/p><\/div>\t\t\t\t\t\t\t<\/div>\r\n\t\t\t\t\r\n\t\t\t\t\t<p class=\"speakers-title\">Speakers:<\/p>\r\n\t\t\t<div class=\"speakers\">\r\n\t\t\t\t\t\t\t\t\t<div class=\"speaker\">\r\n\t<p><strong>Dominique  DELATTRE DEMETZ <\/strong><br\/>Director of Workplace Operations, , Membre du Conseil de Surveillance de l\u2019IDET &ndash; CHATEAUFORM<\/p><\/div>\t\t\t\t\t\t\t\t\t<div class=\"speaker\">\r\n\t<p><strong>Laurence  THEBAULT <\/strong><br\/>OCS Market Manager &ndash; CAF\u00c9S RICHARD<\/p><\/div>\t\t\t\t\t\t\t<\/div>\r\n\t\t\t\t\r\n\t\t\t\t\t<div class=\"exhibitor-share-box\">\r\n\t\t\t\t\t\t\t\t<a href=\"https:\/\/www.facebook.com\/sharer\/sharer.php?u=https%3A%2F%2Fwww.salon-environnement-de-travail-achats.fr%2Fen%2Fconference%2Fidet\" data-network=\"facebook\" aria-label=\"Facebook\" style=\"--official-color: #557dbc\" rel=\"noopener noreferrer nofollow\">\r\n\t\t\t\t\t<span class=\"icon-container\">\r\n\t\t\t\t\t\t<svg width=\"20px\" height=\"20px\" viewBox=\"0 0 20 20\" aria-hidden=\"true\">\r\n\t\t\t\t\t\t\t<path d=\"M20,10.1c0-5.5-4.5-10-10-10S0,4.5,0,10.1c0,5,3.7,9.1,8.4,9.9v-7H5.9v-2.9h2.5V7.9C8.4,5.4,9.9,4,12.2,4c1.1,0,2.2,0.2,2.2,0.2v2.5h-1.3c-1.2,0-1.6,0.8-1.6,1.6v1.9h2.8L13.9,13h-2.3v7C16.3,19.2,20,15.1,20,10.1z\"><\/path>\r\n\t\t\t\t\t\t<\/svg>\r\n\t\t\t\t\t<\/span>\r\n\t\t\t\t<\/a>\r\n\t\t\t\t\t\t\t\r\n\t\t\t\t<a href=\"https:\/\/twitter.com\/share?url=https%3A%2F%2Fwww.salon-environnement-de-travail-achats.fr%2Fen%2Fconference%2Fidet&text=Conferences & workshops organized by IDET - Le Salon des Achats et de L&#039;environnement de Travail\" data-network=\"twitter\" aria-label=\"Twitter\" style=\"--official-color: #7acdee\" rel=\"noopener noreferrer nofollow\">\r\n\t\t\t\t\t<span class=\"icon-container\">\r\n\t\t\t\t\t\t<svg width=\"20px\" height=\"20px\" viewBox=\"0 0 20 20\" aria-hidden=\"true\">\r\n\t\t\t\t\t\t\t<path d=\"M20,3.8c-0.7,0.3-1.5,0.5-2.4,0.6c0.8-0.5,1.5-1.3,1.8-2.3c-0.8,0.5-1.7,0.8-2.6,1c-0.7-0.8-1.8-1.3-3-1.3c-2.3,0-4.1,1.8-4.1,4.1c0,0.3,0,0.6,0.1,0.9C6.4,6.7,3.4,5.1,1.4,2.6C1,3.2,0.8,3.9,0.8,4.7c0,1.4,0.7,2.7,1.8,3.4C2,8.1,1.4,7.9,0.8,7.6c0,0,0,0,0,0.1c0,2,1.4,3.6,3.3,4c-0.3,0.1-0.7,0.1-1.1,0.1c-0.3,0-0.5,0-0.8-0.1c0.5,1.6,2,2.8,3.8,2.8c-1.4,1.1-3.2,1.8-5.1,1.8c-0.3,0-0.7,0-1-0.1c1.8,1.2,4,1.8,6.3,1.8c7.5,0,11.7-6.3,11.7-11.7c0-0.2,0-0.4,0-0.5C18.8,5.3,19.4,4.6,20,3.8z\"><\/path>\r\n\t\t\t\t\t\t<\/svg>\r\n\t\t\t\t\t<\/span>\r\n\t\t\t\t<\/a>\r\n\r\n\t\t\t\t<a href=\"https:\/\/www.linkedin.com\/shareArticle?url=https%3A%2F%2Fwww.salon-environnement-de-travail-achats.fr%2Fen%2Fconference%2Fidet&title=Conferences & workshops organized by IDET - Le Salon des Achats et de L&#039;environnement de Travail\" data-network=\"linkedin\" aria-label=\"LinkedIn\" style=\"--official-color: #1c86c6\" rel=\"noopener noreferrer nofollow\">\r\n\t\t\t\t\t<span class=\"icon-container\">\r\n\t\t\t\t\t\t<svg width=\"20px\" height=\"20px\" viewBox=\"0 0 20 20\" aria-hidden=\"true\">\r\n\t\t\t\t\t\t\t<path d=\"M18.6,0H1.4C0.6,0,0,0.6,0,1.4v17.1C0,19.4,0.6,20,1.4,20h17.1c0.8,0,1.4-0.6,1.4-1.4V1.4C20,0.6,19.4,0,18.6,0z M6,17.1h-3V7.6h3L6,17.1L6,17.1zM4.6,6.3c-1,0-1.7-0.8-1.7-1.7s0.8-1.7,1.7-1.7c0.9,0,1.7,0.8,1.7,1.7C6.3,5.5,5.5,6.3,4.6,6.3z M17.2,17.1h-3v-4.6c0-1.1,0-2.5-1.5-2.5c-1.5,0-1.8,1.2-1.8,2.5v4.7h-3V7.6h2.8v1.3h0c0.4-0.8,1.4-1.5,2.8-1.5c3,0,3.6,2,3.6,4.5V17.1z\"><\/path>\r\n\t\t\t\t\t\t<\/svg>\r\n\t\t\t\t\t<\/span>\r\n\t\t\t\t<\/a>\r\n\t\t\t\t\r\n\t\t\t\t<a href=\"whatsapp:\/\/send?text=https%3A%2F%2Fwww.salon-environnement-de-travail-achats.fr%2Fen%2Fconference%2Fidet\" data-network=\"whatsapp\" aria-label=\"WhatsApp\" style=\"--official-color: #5bba67\" rel=\"noopener noreferrer nofollow\">\r\n\t\t\t\t\t<span class=\"icon-container\">\r\n\t\t\t\t\t\t<svg width=\"20px\" height=\"20px\" viewBox=\"0 0 20 20\" aria-hidden=\"true\">\r\n\t\t\t\t\t\t\t<path d=\"M10,0C4.5,0,0,4.5,0,10c0,1.9,0.5,3.6,1.4,5.1L0.1,20l5-1.3C6.5,19.5,8.2,20,10,20c5.5,0,10-4.5,10-10S15.5,0,10,0zM6.6,5.3c0.2,0,0.3,0,0.5,0c0.2,0,0.4,0,0.6,0.4c0.2,0.5,0.7,1.7,0.8,1.8c0.1,0.1,0.1,0.3,0,0.4C8.3,8.2,8.3,8.3,8.1,8.5C8,8.6,7.9,8.8,7.8,8.9C7.7,9,7.5,9.1,7.7,9.4c0.1,0.2,0.6,1.1,1.4,1.7c0.9,0.8,1.7,1.1,2,1.2c0.2,0.1,0.4,0.1,0.5-0.1c0.1-0.2,0.6-0.7,0.8-1c0.2-0.2,0.3-0.2,0.6-0.1c0.2,0.1,1.4,0.7,1.7,0.8s0.4,0.2,0.5,0.3c0.1,0.1,0.1,0.6-0.1,1.2c-0.2,0.6-1.2,1.1-1.7,1.2c-0.5,0-0.9,0.2-3-0.6c-2.5-1-4.1-3.6-4.2-3.7c-0.1-0.2-1-1.3-1-2.6c0-1.2,0.6-1.8,0.9-2.1C6.1,5.4,6.4,5.3,6.6,5.3z\"><\/path>\r\n\t\t\t\t\t\t<\/svg>\r\n\t\t\t\t\t<\/span>\r\n\t\t\t\t<\/a>\r\n\t\t\t<\/div>\r\n\t\t\t<\/div>\r\n<\/div>\t\t\t\t\t\t\t<div class=\"conferences-accordion-item\" data-date=\"2026-03-25T00:00:00\" data-type=\"exhibitors-workshops\">\r\n\t<div class=\"conferences-accordion-header\">\r\n\t\t<div class=\"conference-infos\">\r\n\t\t\t<span class=\"conference-date\">\r\n\t\t\t\t<svg xmlns=\"http:\/\/www.w3.org\/2000\/svg\" height=\"1em\" viewBox=\"0 0 448 512\"><path d=\"M96 32V64H48C21.5 64 0 85.5 0 112v48H448V112c0-26.5-21.5-48-48-48H352V32c0-17.7-14.3-32-32-32s-32 14.3-32 32V64H160V32c0-17.7-14.3-32-32-32S96 14.3 96 32zM448 192H0V464c0 26.5 21.5 48 48 48H400c26.5 0 48-21.5 48-48V192z\"\/><\/svg>\r\n\t\t\t\t25 March 2026\t\t\t<\/span>\r\n\t\t\t<span class=\"conference-time\">\r\n\t\t\t\t<svg xmlns=\"http:\/\/www.w3.org\/2000\/svg\" height=\"1em\" viewBox=\"0 0 512 512\"><path d=\"M256 0a256 256 0 1 1 0 512A256 256 0 1 1 256 0zM232 120V256c0 8 4 15.5 10.7 20l96 64c11 7.4 25.9 4.4 33.3-6.7s4.4-25.9-6.7-33.3L280 243.2V120c0-13.3-10.7-24-24-24s-24 10.7-24 24z\"\/><\/svg>\r\n\t\t\t\t16h45 to 17h15\t\t\t<\/span>\r\n\t\t\t<span class=\"conference-location\">\r\n\t\t\t\t<svg xmlns=\"http:\/\/www.w3.org\/2000\/svg\" height=\"1em\" viewBox=\"0 0 384 512\"><path d=\"M215.7 499.2C267 435 384 279.4 384 192C384 86 298 0 192 0S0 86 0 192c0 87.4 117 243 168.3 307.2c12.3 15.3 35.1 15.3 47.4 0zM192 128a64 64 0 1 1 0 128 64 64 0 1 1 0-128z\"\/><\/svg>\r\n\t\t\t\tAgora\t\t\t<\/span>\r\n\t\t\t\r\n\t\t\t\t\t\t\t<span class=\"conference-type\">\r\n\t\t\t\t\t<svg xmlns=\"http:\/\/www.w3.org\/2000\/svg\" height=\"1em\" viewBox=\"0 0 384 512\"><path d=\"M0 48V487.7C0 501.1 10.9 512 24.3 512c5 0 9.9-1.5 14-4.4L192 400 345.7 507.6c4.1 2.9 9 4.4 14 4.4c13.4 0 24.3-10.9 24.3-24.3V48c0-26.5-21.5-48-48-48H48C21.5 0 0 21.5 0 48z\"\/><\/svg>\r\n\t\t\t\t\tExhibitors Workshops\t\t\t\t<\/span>\r\n\t\t\t\t\t<\/div>\r\n\t\t\r\n\t\t<h3 class=\"conference-title\">Your 2 p.m. coffee break is no longer cutting it: Find out why.<\/h3>\r\n\t\t\r\n\t\t\t\t\t<p class=\"organized-by\">\r\n\t\t\t\tOrganized by FOODCHERI\t\t\t<\/p>\r\n\t\t\t\t\r\n\t\t<a class=\"read-more\" href=\"#\">Continue reading<\/a>\r\n\t<\/div>\r\n\t\t\t\t\t\t\t\t\r\n\t<div class=\"conferences-accordion-panel\">\r\n\t\t\r\n\t\t\t\t\t\t<img decoding=\"async\" src=\"https:\/\/weyou.blob.core.windows.net\/images\/exposant\/4eb3c725-6d0e-49e3-a058-4fdbb070ecc1.jpg\" class=\"exhibitor-logo\" alt=\"FOODCHERI\">\r\n\t\t\t\t\t\r\n\t\t<div class=\"conference-description\">\r\n\t\t\t\r\n\r\n<p>How FoodCh\u00e9ri balances company performance and employee well-being.<\/p>\r\n<p>That afternoon energy slump has a direct impact on well-being and concentration at work. At FoodCh\u00e9ri, we've decided to tackle this aspect of quality of life at work. By offering balanced meals that boost energy levels rather than drain them, everyone can keep their energy levels up. It's an approach where employee health becomes the driving force behind lasting efficiency.<\/p>\r\n<br><p>Translated with DeepL.com&nbsp;(free version)<\/p>\r\n<br>\t\t<\/div>\r\n\t\t\t\r\n\t\t\t\t\t<p class=\"speakers-title\">Conference Moderators:<\/p>\r\n\t\t\t<div class=\"speakers\">\r\n\t\t\t\t\t\t\t\t\t<div class=\"speaker\">\r\n\t<img decoding=\"async\" src=\"https:\/\/www.salon-environnement-de-travail-achats.fr\/wp-content\/plugins\/weyou-exhibitions\/\/public\/img\/user.png\" alt=\"Edouard BORIE\"><p><strong>Edouard BORIE<\/strong><br\/>Chief Revenue Officer &ndash; FOODCH\u00c9RI<\/p><\/div>\t\t\t\t\t\t\t\t\t<div class=\"speaker\">\r\n\t<img decoding=\"async\" src=\"https:\/\/www.salon-environnement-de-travail-achats.fr\/wp-content\/plugins\/weyou-exhibitions\/\/public\/img\/user.png\" alt=\"Hugo FERNANDEZ-INIGO\"><p><strong>Hugo FERNANDEZ-INIGO<\/strong><br\/>Chief CSR  &ndash; FOODCH\u00c9RI<\/p><\/div>\t\t\t\t\t\t\t<\/div>\r\n\t\t\t\t\r\n\t\t\t\t\r\n\t\t\t\t\t<div class=\"exhibitor-share-box\">\r\n\t\t\t\t\t\t\t\t<a href=\"https:\/\/www.facebook.com\/sharer\/sharer.php?u=https%3A%2F%2Fwww.salon-environnement-de-travail-achats.fr%2Fen%2Fconference%2Ffoodcheri\" data-network=\"facebook\" aria-label=\"Facebook\" style=\"--official-color: #557dbc\" rel=\"noopener noreferrer nofollow\">\r\n\t\t\t\t\t<span class=\"icon-container\">\r\n\t\t\t\t\t\t<svg width=\"20px\" height=\"20px\" viewBox=\"0 0 20 20\" aria-hidden=\"true\">\r\n\t\t\t\t\t\t\t<path d=\"M20,10.1c0-5.5-4.5-10-10-10S0,4.5,0,10.1c0,5,3.7,9.1,8.4,9.9v-7H5.9v-2.9h2.5V7.9C8.4,5.4,9.9,4,12.2,4c1.1,0,2.2,0.2,2.2,0.2v2.5h-1.3c-1.2,0-1.6,0.8-1.6,1.6v1.9h2.8L13.9,13h-2.3v7C16.3,19.2,20,15.1,20,10.1z\"><\/path>\r\n\t\t\t\t\t\t<\/svg>\r\n\t\t\t\t\t<\/span>\r\n\t\t\t\t<\/a>\r\n\t\t\t\t\t\t\t\r\n\t\t\t\t<a href=\"https:\/\/twitter.com\/share?url=https%3A%2F%2Fwww.salon-environnement-de-travail-achats.fr%2Fen%2Fconference%2Ffoodcheri&text=Conferences & workshops organized by FOODCHERI - Le Salon des Achats et de L&#039;environnement de Travail\" data-network=\"twitter\" aria-label=\"Twitter\" style=\"--official-color: #7acdee\" rel=\"noopener noreferrer nofollow\">\r\n\t\t\t\t\t<span class=\"icon-container\">\r\n\t\t\t\t\t\t<svg width=\"20px\" height=\"20px\" viewBox=\"0 0 20 20\" aria-hidden=\"true\">\r\n\t\t\t\t\t\t\t<path d=\"M20,3.8c-0.7,0.3-1.5,0.5-2.4,0.6c0.8-0.5,1.5-1.3,1.8-2.3c-0.8,0.5-1.7,0.8-2.6,1c-0.7-0.8-1.8-1.3-3-1.3c-2.3,0-4.1,1.8-4.1,4.1c0,0.3,0,0.6,0.1,0.9C6.4,6.7,3.4,5.1,1.4,2.6C1,3.2,0.8,3.9,0.8,4.7c0,1.4,0.7,2.7,1.8,3.4C2,8.1,1.4,7.9,0.8,7.6c0,0,0,0,0,0.1c0,2,1.4,3.6,3.3,4c-0.3,0.1-0.7,0.1-1.1,0.1c-0.3,0-0.5,0-0.8-0.1c0.5,1.6,2,2.8,3.8,2.8c-1.4,1.1-3.2,1.8-5.1,1.8c-0.3,0-0.7,0-1-0.1c1.8,1.2,4,1.8,6.3,1.8c7.5,0,11.7-6.3,11.7-11.7c0-0.2,0-0.4,0-0.5C18.8,5.3,19.4,4.6,20,3.8z\"><\/path>\r\n\t\t\t\t\t\t<\/svg>\r\n\t\t\t\t\t<\/span>\r\n\t\t\t\t<\/a>\r\n\r\n\t\t\t\t<a href=\"https:\/\/www.linkedin.com\/shareArticle?url=https%3A%2F%2Fwww.salon-environnement-de-travail-achats.fr%2Fen%2Fconference%2Ffoodcheri&title=Conferences & workshops organized by FOODCHERI - Le Salon des Achats et de L&#039;environnement de Travail\" data-network=\"linkedin\" aria-label=\"LinkedIn\" style=\"--official-color: #1c86c6\" rel=\"noopener noreferrer nofollow\">\r\n\t\t\t\t\t<span class=\"icon-container\">\r\n\t\t\t\t\t\t<svg width=\"20px\" height=\"20px\" viewBox=\"0 0 20 20\" aria-hidden=\"true\">\r\n\t\t\t\t\t\t\t<path d=\"M18.6,0H1.4C0.6,0,0,0.6,0,1.4v17.1C0,19.4,0.6,20,1.4,20h17.1c0.8,0,1.4-0.6,1.4-1.4V1.4C20,0.6,19.4,0,18.6,0z M6,17.1h-3V7.6h3L6,17.1L6,17.1zM4.6,6.3c-1,0-1.7-0.8-1.7-1.7s0.8-1.7,1.7-1.7c0.9,0,1.7,0.8,1.7,1.7C6.3,5.5,5.5,6.3,4.6,6.3z M17.2,17.1h-3v-4.6c0-1.1,0-2.5-1.5-2.5c-1.5,0-1.8,1.2-1.8,2.5v4.7h-3V7.6h2.8v1.3h0c0.4-0.8,1.4-1.5,2.8-1.5c3,0,3.6,2,3.6,4.5V17.1z\"><\/path>\r\n\t\t\t\t\t\t<\/svg>\r\n\t\t\t\t\t<\/span>\r\n\t\t\t\t<\/a>\r\n\t\t\t\t\r\n\t\t\t\t<a href=\"whatsapp:\/\/send?text=https%3A%2F%2Fwww.salon-environnement-de-travail-achats.fr%2Fen%2Fconference%2Ffoodcheri\" data-network=\"whatsapp\" aria-label=\"WhatsApp\" style=\"--official-color: #5bba67\" rel=\"noopener noreferrer nofollow\">\r\n\t\t\t\t\t<span class=\"icon-container\">\r\n\t\t\t\t\t\t<svg width=\"20px\" height=\"20px\" viewBox=\"0 0 20 20\" aria-hidden=\"true\">\r\n\t\t\t\t\t\t\t<path d=\"M10,0C4.5,0,0,4.5,0,10c0,1.9,0.5,3.6,1.4,5.1L0.1,20l5-1.3C6.5,19.5,8.2,20,10,20c5.5,0,10-4.5,10-10S15.5,0,10,0zM6.6,5.3c0.2,0,0.3,0,0.5,0c0.2,0,0.4,0,0.6,0.4c0.2,0.5,0.7,1.7,0.8,1.8c0.1,0.1,0.1,0.3,0,0.4C8.3,8.2,8.3,8.3,8.1,8.5C8,8.6,7.9,8.8,7.8,8.9C7.7,9,7.5,9.1,7.7,9.4c0.1,0.2,0.6,1.1,1.4,1.7c0.9,0.8,1.7,1.1,2,1.2c0.2,0.1,0.4,0.1,0.5-0.1c0.1-0.2,0.6-0.7,0.8-1c0.2-0.2,0.3-0.2,0.6-0.1c0.2,0.1,1.4,0.7,1.7,0.8s0.4,0.2,0.5,0.3c0.1,0.1,0.1,0.6-0.1,1.2c-0.2,0.6-1.2,1.1-1.7,1.2c-0.5,0-0.9,0.2-3-0.6c-2.5-1-4.1-3.6-4.2-3.7c-0.1-0.2-1-1.3-1-2.6c0-1.2,0.6-1.8,0.9-2.1C6.1,5.4,6.4,5.3,6.6,5.3z\"><\/path>\r\n\t\t\t\t\t\t<\/svg>\r\n\t\t\t\t\t<\/span>\r\n\t\t\t\t<\/a>\r\n\t\t\t<\/div>\r\n\t\t\t<\/div>\r\n<\/div>\t\t\t\t\t\t\t<div class=\"conferences-accordion-item\" data-date=\"2026-03-26T00:00:00\" data-type=\"idet-conference\">\r\n\t<div class=\"conferences-accordion-header\">\r\n\t\t<div class=\"conference-infos\">\r\n\t\t\t<span class=\"conference-date\">\r\n\t\t\t\t<svg xmlns=\"http:\/\/www.w3.org\/2000\/svg\" height=\"1em\" viewBox=\"0 0 448 512\"><path d=\"M96 32V64H48C21.5 64 0 85.5 0 112v48H448V112c0-26.5-21.5-48-48-48H352V32c0-17.7-14.3-32-32-32s-32 14.3-32 32V64H160V32c0-17.7-14.3-32-32-32S96 14.3 96 32zM448 192H0V464c0 26.5 21.5 48 48 48H400c26.5 0 48-21.5 48-48V192z\"\/><\/svg>\r\n\t\t\t\t26 March 2026\t\t\t<\/span>\r\n\t\t\t<span class=\"conference-time\">\r\n\t\t\t\t<svg xmlns=\"http:\/\/www.w3.org\/2000\/svg\" height=\"1em\" viewBox=\"0 0 512 512\"><path d=\"M256 0a256 256 0 1 1 0 512A256 256 0 1 1 256 0zM232 120V256c0 8 4 15.5 10.7 20l96 64c11 7.4 25.9 4.4 33.3-6.7s4.4-25.9-6.7-33.3L280 243.2V120c0-13.3-10.7-24-24-24s-24 10.7-24 24z\"\/><\/svg>\r\n\t\t\t\t09h45 to 10h45\t\t\t<\/span>\r\n\t\t\t<span class=\"conference-location\">\r\n\t\t\t\t<svg xmlns=\"http:\/\/www.w3.org\/2000\/svg\" height=\"1em\" viewBox=\"0 0 384 512\"><path d=\"M215.7 499.2C267 435 384 279.4 384 192C384 86 298 0 192 0S0 86 0 192c0 87.4 117 243 168.3 307.2c12.3 15.3 35.1 15.3 47.4 0zM192 128a64 64 0 1 1 0 128 64 64 0 1 1 0-128z\"\/><\/svg>\r\n\t\t\t\tPerspectives room\t\t\t<\/span>\r\n\t\t\t\r\n\t\t\t\t\t\t\t<span class=\"conference-type\">\r\n\t\t\t\t\t<svg xmlns=\"http:\/\/www.w3.org\/2000\/svg\" height=\"1em\" viewBox=\"0 0 384 512\"><path d=\"M0 48V487.7C0 501.1 10.9 512 24.3 512c5 0 9.9-1.5 14-4.4L192 400 345.7 507.6c4.1 2.9 9 4.4 14 4.4c13.4 0 24.3-10.9 24.3-24.3V48c0-26.5-21.5-48-48-48H48C21.5 0 0 21.5 0 48z\"\/><\/svg>\r\n\t\t\t\t\tIDET Conference\t\t\t\t<\/span>\r\n\t\t\t\t\t<\/div>\r\n\t\t\r\n\t\t<h3 class=\"conference-title\">Circular economy: recycling during a move<\/h3>\r\n\t\t\r\n\t\t\t\t\t<p class=\"organized-by\">\r\n\t\t\t\tOrganized by IDET\t\t\t<\/p>\r\n\t\t\t\t\r\n\t\t<a class=\"read-more\" href=\"#\">Continue reading<\/a>\r\n\t<\/div>\r\n\t\t\t\t\t\t\t\t\r\n\t<div class=\"conferences-accordion-panel\">\r\n\t\t\r\n\t\t\t\t\t\t<img decoding=\"async\" src=\"https:\/\/weyou.blob.core.windows.net\/images\/exposant\/8e355e85-df27-4d0f-8e16-2dccfd59f805.jpg\" class=\"exhibitor-logo\" alt=\"IDET\">\r\n\t\t\t\t\t\r\n\t\t<div class=\"conference-description\">\r\n\t\t\t<p>Managing a move is, in many ways, strategic for workplace managers. It has become particularly important in terms of environmental responsibility. Recycling, upcycling, reuse: how are workplace managers getting in tune with sustainability when moving?&nbsp;<\/p>\n\t\t<\/div>\r\n\t\t\t\r\n\t\t\t\t\r\n\t\t\t\t\t<p class=\"speakers-title\">Speakers:<\/p>\r\n\t\t\t<div class=\"speakers\">\r\n\t\t\t\t\t\t\t\t\t<div class=\"speaker\">\r\n\t<p><strong>Kamel AISSAOUI <\/strong><br\/>Head of Real Estate Operations for the Paris Region, Member of the Supervisory Board of IDET &ndash; BOUYGUES TELECOM<\/p><\/div>\t\t\t\t\t\t\t\t\t<div class=\"speaker\">\r\n\t<p><strong>Lionel  PITHOUD<\/strong><br\/>Director of Furniture Division &ndash; RE.YOU, <\/p><\/div>\t\t\t\t\t\t\t<\/div>\r\n\t\t\t\t\r\n\t\t\t\t\t<div class=\"exhibitor-share-box\">\r\n\t\t\t\t\t\t\t\t<a href=\"https:\/\/www.facebook.com\/sharer\/sharer.php?u=https%3A%2F%2Fwww.salon-environnement-de-travail-achats.fr%2Fen%2Fconference%2Fidet\" data-network=\"facebook\" aria-label=\"Facebook\" style=\"--official-color: #557dbc\" rel=\"noopener noreferrer nofollow\">\r\n\t\t\t\t\t<span class=\"icon-container\">\r\n\t\t\t\t\t\t<svg width=\"20px\" height=\"20px\" viewBox=\"0 0 20 20\" aria-hidden=\"true\">\r\n\t\t\t\t\t\t\t<path d=\"M20,10.1c0-5.5-4.5-10-10-10S0,4.5,0,10.1c0,5,3.7,9.1,8.4,9.9v-7H5.9v-2.9h2.5V7.9C8.4,5.4,9.9,4,12.2,4c1.1,0,2.2,0.2,2.2,0.2v2.5h-1.3c-1.2,0-1.6,0.8-1.6,1.6v1.9h2.8L13.9,13h-2.3v7C16.3,19.2,20,15.1,20,10.1z\"><\/path>\r\n\t\t\t\t\t\t<\/svg>\r\n\t\t\t\t\t<\/span>\r\n\t\t\t\t<\/a>\r\n\t\t\t\t\t\t\t\r\n\t\t\t\t<a href=\"https:\/\/twitter.com\/share?url=https%3A%2F%2Fwww.salon-environnement-de-travail-achats.fr%2Fen%2Fconference%2Fidet&text=Conferences & workshops organized by IDET - Le Salon des Achats et de L&#039;environnement de Travail\" data-network=\"twitter\" aria-label=\"Twitter\" style=\"--official-color: #7acdee\" rel=\"noopener noreferrer nofollow\">\r\n\t\t\t\t\t<span class=\"icon-container\">\r\n\t\t\t\t\t\t<svg width=\"20px\" height=\"20px\" viewBox=\"0 0 20 20\" aria-hidden=\"true\">\r\n\t\t\t\t\t\t\t<path d=\"M20,3.8c-0.7,0.3-1.5,0.5-2.4,0.6c0.8-0.5,1.5-1.3,1.8-2.3c-0.8,0.5-1.7,0.8-2.6,1c-0.7-0.8-1.8-1.3-3-1.3c-2.3,0-4.1,1.8-4.1,4.1c0,0.3,0,0.6,0.1,0.9C6.4,6.7,3.4,5.1,1.4,2.6C1,3.2,0.8,3.9,0.8,4.7c0,1.4,0.7,2.7,1.8,3.4C2,8.1,1.4,7.9,0.8,7.6c0,0,0,0,0,0.1c0,2,1.4,3.6,3.3,4c-0.3,0.1-0.7,0.1-1.1,0.1c-0.3,0-0.5,0-0.8-0.1c0.5,1.6,2,2.8,3.8,2.8c-1.4,1.1-3.2,1.8-5.1,1.8c-0.3,0-0.7,0-1-0.1c1.8,1.2,4,1.8,6.3,1.8c7.5,0,11.7-6.3,11.7-11.7c0-0.2,0-0.4,0-0.5C18.8,5.3,19.4,4.6,20,3.8z\"><\/path>\r\n\t\t\t\t\t\t<\/svg>\r\n\t\t\t\t\t<\/span>\r\n\t\t\t\t<\/a>\r\n\r\n\t\t\t\t<a href=\"https:\/\/www.linkedin.com\/shareArticle?url=https%3A%2F%2Fwww.salon-environnement-de-travail-achats.fr%2Fen%2Fconference%2Fidet&title=Conferences & workshops organized by IDET - Le Salon des Achats et de L&#039;environnement de Travail\" data-network=\"linkedin\" aria-label=\"LinkedIn\" style=\"--official-color: #1c86c6\" rel=\"noopener noreferrer nofollow\">\r\n\t\t\t\t\t<span class=\"icon-container\">\r\n\t\t\t\t\t\t<svg width=\"20px\" height=\"20px\" viewBox=\"0 0 20 20\" aria-hidden=\"true\">\r\n\t\t\t\t\t\t\t<path d=\"M18.6,0H1.4C0.6,0,0,0.6,0,1.4v17.1C0,19.4,0.6,20,1.4,20h17.1c0.8,0,1.4-0.6,1.4-1.4V1.4C20,0.6,19.4,0,18.6,0z M6,17.1h-3V7.6h3L6,17.1L6,17.1zM4.6,6.3c-1,0-1.7-0.8-1.7-1.7s0.8-1.7,1.7-1.7c0.9,0,1.7,0.8,1.7,1.7C6.3,5.5,5.5,6.3,4.6,6.3z M17.2,17.1h-3v-4.6c0-1.1,0-2.5-1.5-2.5c-1.5,0-1.8,1.2-1.8,2.5v4.7h-3V7.6h2.8v1.3h0c0.4-0.8,1.4-1.5,2.8-1.5c3,0,3.6,2,3.6,4.5V17.1z\"><\/path>\r\n\t\t\t\t\t\t<\/svg>\r\n\t\t\t\t\t<\/span>\r\n\t\t\t\t<\/a>\r\n\t\t\t\t\r\n\t\t\t\t<a href=\"whatsapp:\/\/send?text=https%3A%2F%2Fwww.salon-environnement-de-travail-achats.fr%2Fen%2Fconference%2Fidet\" data-network=\"whatsapp\" aria-label=\"WhatsApp\" style=\"--official-color: #5bba67\" rel=\"noopener noreferrer nofollow\">\r\n\t\t\t\t\t<span class=\"icon-container\">\r\n\t\t\t\t\t\t<svg width=\"20px\" height=\"20px\" viewBox=\"0 0 20 20\" aria-hidden=\"true\">\r\n\t\t\t\t\t\t\t<path d=\"M10,0C4.5,0,0,4.5,0,10c0,1.9,0.5,3.6,1.4,5.1L0.1,20l5-1.3C6.5,19.5,8.2,20,10,20c5.5,0,10-4.5,10-10S15.5,0,10,0zM6.6,5.3c0.2,0,0.3,0,0.5,0c0.2,0,0.4,0,0.6,0.4c0.2,0.5,0.7,1.7,0.8,1.8c0.1,0.1,0.1,0.3,0,0.4C8.3,8.2,8.3,8.3,8.1,8.5C8,8.6,7.9,8.8,7.8,8.9C7.7,9,7.5,9.1,7.7,9.4c0.1,0.2,0.6,1.1,1.4,1.7c0.9,0.8,1.7,1.1,2,1.2c0.2,0.1,0.4,0.1,0.5-0.1c0.1-0.2,0.6-0.7,0.8-1c0.2-0.2,0.3-0.2,0.6-0.1c0.2,0.1,1.4,0.7,1.7,0.8s0.4,0.2,0.5,0.3c0.1,0.1,0.1,0.6-0.1,1.2c-0.2,0.6-1.2,1.1-1.7,1.2c-0.5,0-0.9,0.2-3-0.6c-2.5-1-4.1-3.6-4.2-3.7c-0.1-0.2-1-1.3-1-2.6c0-1.2,0.6-1.8,0.9-2.1C6.1,5.4,6.4,5.3,6.6,5.3z\"><\/path>\r\n\t\t\t\t\t\t<\/svg>\r\n\t\t\t\t\t<\/span>\r\n\t\t\t\t<\/a>\r\n\t\t\t<\/div>\r\n\t\t\t<\/div>\r\n<\/div>\t\t\t\t\t\t\t<div class=\"conferences-accordion-item\" data-date=\"2026-03-26T00:00:00\" data-type=\"partner-conference\">\r\n\t<div class=\"conferences-accordion-header\">\r\n\t\t<div class=\"conference-infos\">\r\n\t\t\t<span class=\"conference-date\">\r\n\t\t\t\t<svg xmlns=\"http:\/\/www.w3.org\/2000\/svg\" height=\"1em\" viewBox=\"0 0 448 512\"><path d=\"M96 32V64H48C21.5 64 0 85.5 0 112v48H448V112c0-26.5-21.5-48-48-48H352V32c0-17.7-14.3-32-32-32s-32 14.3-32 32V64H160V32c0-17.7-14.3-32-32-32S96 14.3 96 32zM448 192H0V464c0 26.5 21.5 48 48 48H400c26.5 0 48-21.5 48-48V192z\"\/><\/svg>\r\n\t\t\t\t26 March 2026\t\t\t<\/span>\r\n\t\t\t<span class=\"conference-time\">\r\n\t\t\t\t<svg xmlns=\"http:\/\/www.w3.org\/2000\/svg\" height=\"1em\" viewBox=\"0 0 512 512\"><path d=\"M256 0a256 256 0 1 1 0 512A256 256 0 1 1 256 0zM232 120V256c0 8 4 15.5 10.7 20l96 64c11 7.4 25.9 4.4 33.3-6.7s4.4-25.9-6.7-33.3L280 243.2V120c0-13.3-10.7-24-24-24s-24 10.7-24 24z\"\/><\/svg>\r\n\t\t\t\t10H45 to 11H45\t\t\t<\/span>\r\n\t\t\t<span class=\"conference-location\">\r\n\t\t\t\t<svg xmlns=\"http:\/\/www.w3.org\/2000\/svg\" height=\"1em\" viewBox=\"0 0 384 512\"><path d=\"M215.7 499.2C267 435 384 279.4 384 192C384 86 298 0 192 0S0 86 0 192c0 87.4 117 243 168.3 307.2c12.3 15.3 35.1 15.3 47.4 0zM192 128a64 64 0 1 1 0 128 64 64 0 1 1 0-128z\"\/><\/svg>\r\n\t\t\t\tAgora\t\t\t<\/span>\r\n\t\t\t\r\n\t\t\t\t\t\t\t<span class=\"conference-type\">\r\n\t\t\t\t\t<svg xmlns=\"http:\/\/www.w3.org\/2000\/svg\" height=\"1em\" viewBox=\"0 0 384 512\"><path d=\"M0 48V487.7C0 501.1 10.9 512 24.3 512c5 0 9.9-1.5 14-4.4L192 400 345.7 507.6c4.1 2.9 9 4.4 14 4.4c13.4 0 24.3-10.9 24.3-24.3V48c0-26.5-21.5-48-48-48H48C21.5 0 0 21.5 0 48z\"\/><\/svg>\r\n\t\t\t\t\tPartner Conference\t\t\t\t<\/span>\r\n\t\t\t\t\t<\/div>\r\n\t\t\r\n\t\t<h3 class=\"conference-title\">Commitment: French unease <\/h3>\r\n\t\t\r\n\t\t\t\t\t<p class=\"organized-by\">\r\n\t\t\t\tOrganized by WORKPLACE MAGAZINE\t\t\t<\/p>\r\n\t\t\t\t\r\n\t\t<a class=\"read-more\" href=\"#\">Continue reading<\/a>\r\n\t<\/div>\r\n\t\t\t\t\t\t\t\t\r\n\t<div class=\"conferences-accordion-panel\">\r\n\t\t\r\n\t\t\t\t\r\n\t\t<div class=\"conference-description\">\r\n\t\t\t<p>8%: that&#39;s the percentage of French employees who say they are truly engaged in their work today. This is an alarming figure, far below the global average (25%) and even the European average (14%). And yet, paradoxically, the French are also among those who say they are most attached to their professional lives.&nbsp;<br>How can this disconnect be explained? Why does engagement remain at a standstill when initiatives promoting quality of life at work, well-being, and meaning in the workplace are multiplying in companies? And above all, in this already fragile context, how will the massive arrival of artificial intelligence transform&mdash;or disrupt&mdash;the relationship to work, motivation, and engagement?&nbsp;<\/p>\n\t\t<\/div>\r\n\t\t\t\r\n\t\t\t\t\r\n\t\t\t\t\t<p class=\"speakers-title\">Speakers:<\/p>\r\n\t\t\t<div class=\"speakers\">\r\n\t\t\t\t\t\t\t\t\t<div class=\"speaker\">\r\n\t<p><strong>Alexandra BIDET<\/strong><br\/>Research fellow in sociology  &ndash; CNRS<\/p><\/div>\t\t\t\t\t\t\t\t\t<div class=\"speaker\">\r\n\t<p><strong>Benoit SERRE<\/strong><br\/>Co-chairman of Cercle Humania and HR Director  &ndash; BOSTON CONSULTING GROUP<\/p><\/div>\t\t\t\t\t\t\t\t\t<div class=\"speaker\">\r\n\t<p><strong>Romain  BENDAVID<\/strong><br\/>Associate Expert  &ndash; FONDATION JEAN-JAUR\u00c8S<\/p><\/div>\t\t\t\t\t\t\t<\/div>\r\n\t\t\t\t\r\n\t\t\t\t\t<div class=\"exhibitor-share-box\">\r\n\t\t\t\t\t\t\t\t<a href=\"https:\/\/www.facebook.com\/sharer\/sharer.php?u=https%3A%2F%2Fwww.salon-environnement-de-travail-achats.fr%2Fen%2Fconference%2Fworkplace-magazine\" data-network=\"facebook\" aria-label=\"Facebook\" style=\"--official-color: #557dbc\" rel=\"noopener noreferrer nofollow\">\r\n\t\t\t\t\t<span class=\"icon-container\">\r\n\t\t\t\t\t\t<svg width=\"20px\" height=\"20px\" viewBox=\"0 0 20 20\" aria-hidden=\"true\">\r\n\t\t\t\t\t\t\t<path d=\"M20,10.1c0-5.5-4.5-10-10-10S0,4.5,0,10.1c0,5,3.7,9.1,8.4,9.9v-7H5.9v-2.9h2.5V7.9C8.4,5.4,9.9,4,12.2,4c1.1,0,2.2,0.2,2.2,0.2v2.5h-1.3c-1.2,0-1.6,0.8-1.6,1.6v1.9h2.8L13.9,13h-2.3v7C16.3,19.2,20,15.1,20,10.1z\"><\/path>\r\n\t\t\t\t\t\t<\/svg>\r\n\t\t\t\t\t<\/span>\r\n\t\t\t\t<\/a>\r\n\t\t\t\t\t\t\t\r\n\t\t\t\t<a href=\"https:\/\/twitter.com\/share?url=https%3A%2F%2Fwww.salon-environnement-de-travail-achats.fr%2Fen%2Fconference%2Fworkplace-magazine&text=Conferences & workshops organized by WORKPLACE MAGAZINE - Le Salon des Achats et de L&#039;environnement de Travail\" data-network=\"twitter\" aria-label=\"Twitter\" style=\"--official-color: #7acdee\" rel=\"noopener noreferrer nofollow\">\r\n\t\t\t\t\t<span class=\"icon-container\">\r\n\t\t\t\t\t\t<svg width=\"20px\" height=\"20px\" viewBox=\"0 0 20 20\" aria-hidden=\"true\">\r\n\t\t\t\t\t\t\t<path d=\"M20,3.8c-0.7,0.3-1.5,0.5-2.4,0.6c0.8-0.5,1.5-1.3,1.8-2.3c-0.8,0.5-1.7,0.8-2.6,1c-0.7-0.8-1.8-1.3-3-1.3c-2.3,0-4.1,1.8-4.1,4.1c0,0.3,0,0.6,0.1,0.9C6.4,6.7,3.4,5.1,1.4,2.6C1,3.2,0.8,3.9,0.8,4.7c0,1.4,0.7,2.7,1.8,3.4C2,8.1,1.4,7.9,0.8,7.6c0,0,0,0,0,0.1c0,2,1.4,3.6,3.3,4c-0.3,0.1-0.7,0.1-1.1,0.1c-0.3,0-0.5,0-0.8-0.1c0.5,1.6,2,2.8,3.8,2.8c-1.4,1.1-3.2,1.8-5.1,1.8c-0.3,0-0.7,0-1-0.1c1.8,1.2,4,1.8,6.3,1.8c7.5,0,11.7-6.3,11.7-11.7c0-0.2,0-0.4,0-0.5C18.8,5.3,19.4,4.6,20,3.8z\"><\/path>\r\n\t\t\t\t\t\t<\/svg>\r\n\t\t\t\t\t<\/span>\r\n\t\t\t\t<\/a>\r\n\r\n\t\t\t\t<a href=\"https:\/\/www.linkedin.com\/shareArticle?url=https%3A%2F%2Fwww.salon-environnement-de-travail-achats.fr%2Fen%2Fconference%2Fworkplace-magazine&title=Conferences & workshops organized by WORKPLACE MAGAZINE - Le Salon des Achats et de L&#039;environnement de Travail\" data-network=\"linkedin\" aria-label=\"LinkedIn\" style=\"--official-color: #1c86c6\" rel=\"noopener noreferrer nofollow\">\r\n\t\t\t\t\t<span class=\"icon-container\">\r\n\t\t\t\t\t\t<svg width=\"20px\" height=\"20px\" viewBox=\"0 0 20 20\" aria-hidden=\"true\">\r\n\t\t\t\t\t\t\t<path d=\"M18.6,0H1.4C0.6,0,0,0.6,0,1.4v17.1C0,19.4,0.6,20,1.4,20h17.1c0.8,0,1.4-0.6,1.4-1.4V1.4C20,0.6,19.4,0,18.6,0z M6,17.1h-3V7.6h3L6,17.1L6,17.1zM4.6,6.3c-1,0-1.7-0.8-1.7-1.7s0.8-1.7,1.7-1.7c0.9,0,1.7,0.8,1.7,1.7C6.3,5.5,5.5,6.3,4.6,6.3z M17.2,17.1h-3v-4.6c0-1.1,0-2.5-1.5-2.5c-1.5,0-1.8,1.2-1.8,2.5v4.7h-3V7.6h2.8v1.3h0c0.4-0.8,1.4-1.5,2.8-1.5c3,0,3.6,2,3.6,4.5V17.1z\"><\/path>\r\n\t\t\t\t\t\t<\/svg>\r\n\t\t\t\t\t<\/span>\r\n\t\t\t\t<\/a>\r\n\t\t\t\t\r\n\t\t\t\t<a href=\"whatsapp:\/\/send?text=https%3A%2F%2Fwww.salon-environnement-de-travail-achats.fr%2Fen%2Fconference%2Fworkplace-magazine\" data-network=\"whatsapp\" aria-label=\"WhatsApp\" style=\"--official-color: #5bba67\" rel=\"noopener noreferrer nofollow\">\r\n\t\t\t\t\t<span class=\"icon-container\">\r\n\t\t\t\t\t\t<svg width=\"20px\" height=\"20px\" viewBox=\"0 0 20 20\" aria-hidden=\"true\">\r\n\t\t\t\t\t\t\t<path d=\"M10,0C4.5,0,0,4.5,0,10c0,1.9,0.5,3.6,1.4,5.1L0.1,20l5-1.3C6.5,19.5,8.2,20,10,20c5.5,0,10-4.5,10-10S15.5,0,10,0zM6.6,5.3c0.2,0,0.3,0,0.5,0c0.2,0,0.4,0,0.6,0.4c0.2,0.5,0.7,1.7,0.8,1.8c0.1,0.1,0.1,0.3,0,0.4C8.3,8.2,8.3,8.3,8.1,8.5C8,8.6,7.9,8.8,7.8,8.9C7.7,9,7.5,9.1,7.7,9.4c0.1,0.2,0.6,1.1,1.4,1.7c0.9,0.8,1.7,1.1,2,1.2c0.2,0.1,0.4,0.1,0.5-0.1c0.1-0.2,0.6-0.7,0.8-1c0.2-0.2,0.3-0.2,0.6-0.1c0.2,0.1,1.4,0.7,1.7,0.8s0.4,0.2,0.5,0.3c0.1,0.1,0.1,0.6-0.1,1.2c-0.2,0.6-1.2,1.1-1.7,1.2c-0.5,0-0.9,0.2-3-0.6c-2.5-1-4.1-3.6-4.2-3.7c-0.1-0.2-1-1.3-1-2.6c0-1.2,0.6-1.8,0.9-2.1C6.1,5.4,6.4,5.3,6.6,5.3z\"><\/path>\r\n\t\t\t\t\t\t<\/svg>\r\n\t\t\t\t\t<\/span>\r\n\t\t\t\t<\/a>\r\n\t\t\t<\/div>\r\n\t\t\t<\/div>\r\n<\/div>\t\t\t\t\t\t\t<div class=\"conferences-accordion-item\" data-date=\"2026-03-26T00:00:00\" data-type=\"exhibitors-workshops\">\r\n\t<div class=\"conferences-accordion-header\">\r\n\t\t<div class=\"conference-infos\">\r\n\t\t\t<span class=\"conference-date\">\r\n\t\t\t\t<svg xmlns=\"http:\/\/www.w3.org\/2000\/svg\" height=\"1em\" viewBox=\"0 0 448 512\"><path d=\"M96 32V64H48C21.5 64 0 85.5 0 112v48H448V112c0-26.5-21.5-48-48-48H352V32c0-17.7-14.3-32-32-32s-32 14.3-32 32V64H160V32c0-17.7-14.3-32-32-32S96 14.3 96 32zM448 192H0V464c0 26.5 21.5 48 48 48H400c26.5 0 48-21.5 48-48V192z\"\/><\/svg>\r\n\t\t\t\t26 March 2026\t\t\t<\/span>\r\n\t\t\t<span class=\"conference-time\">\r\n\t\t\t\t<svg xmlns=\"http:\/\/www.w3.org\/2000\/svg\" height=\"1em\" viewBox=\"0 0 512 512\"><path d=\"M256 0a256 256 0 1 1 0 512A256 256 0 1 1 256 0zM232 120V256c0 8 4 15.5 10.7 20l96 64c11 7.4 25.9 4.4 33.3-6.7s4.4-25.9-6.7-33.3L280 243.2V120c0-13.3-10.7-24-24-24s-24 10.7-24 24z\"\/><\/svg>\r\n\t\t\t\t12h00 to 12h30\t\t\t<\/span>\r\n\t\t\t<span class=\"conference-location\">\r\n\t\t\t\t<svg xmlns=\"http:\/\/www.w3.org\/2000\/svg\" height=\"1em\" viewBox=\"0 0 384 512\"><path d=\"M215.7 499.2C267 435 384 279.4 384 192C384 86 298 0 192 0S0 86 0 192c0 87.4 117 243 168.3 307.2c12.3 15.3 35.1 15.3 47.4 0zM192 128a64 64 0 1 1 0 128 64 64 0 1 1 0-128z\"\/><\/svg>\r\n\t\t\t\tAgora\t\t\t<\/span>\r\n\t\t\t\r\n\t\t\t\t\t\t\t<span class=\"conference-type\">\r\n\t\t\t\t\t<svg xmlns=\"http:\/\/www.w3.org\/2000\/svg\" height=\"1em\" viewBox=\"0 0 384 512\"><path d=\"M0 48V487.7C0 501.1 10.9 512 24.3 512c5 0 9.9-1.5 14-4.4L192 400 345.7 507.6c4.1 2.9 9 4.4 14 4.4c13.4 0 24.3-10.9 24.3-24.3V48c0-26.5-21.5-48-48-48H48C21.5 0 0 21.5 0 48z\"\/><\/svg>\r\n\t\t\t\t\tExhibitors Workshops\t\t\t\t<\/span>\r\n\t\t\t\t\t<\/div>\r\n\t\t\r\n\t\t<h3 class=\"conference-title\">Electric Mobility : Everything You Need to Know to Successfully Roll It Out and Get Employees On Board<\/h3>\r\n\t\t\r\n\t\t\t\t\t<p class=\"organized-by\">\r\n\t\t\t\tOrganized by Theblueway - E-Mobility Expert\t\t\t<\/p>\r\n\t\t\t\t\r\n\t\t<a class=\"read-more\" href=\"#\">Continue reading<\/a>\r\n\t<\/div>\r\n\t\t\t\t\t\t\t\t\r\n\t<div class=\"conferences-accordion-panel\">\r\n\t\t\r\n\t\t\t\t\t\t<img decoding=\"async\" src=\"https:\/\/weyou.blob.core.windows.net\/images\/exposant\/e71efb67-6c07-491c-b30d-3531845c90ec.jpg\" class=\"exhibitor-logo\" alt=\"Theblueway - E-Mobility Expert\">\r\n\t\t\t\t\t\r\n\t\t<div class=\"conference-description\">\r\n\t\t\t\r\n<p>&nbsp;Benefits in kind, annual incentive tax, etc. : taxation is pushing companies to make a rapid transition to electric vehicles.<\/p>\r\n<p>Choice of models, TCO, infrastructure deployment, and home charging are the ingredients for successful deployment.<\/p>\r\n<p>One major challenge remains: how to convince and support employees ?<\/p>\r\n<br>\t\t<\/div>\r\n\t\t\t\r\n\t\t\t\t\t<p class=\"speakers-title\">Conference Moderators:<\/p>\r\n\t\t\t<div class=\"speakers\">\r\n\t\t\t\t\t\t\t\t\t<div class=\"speaker\">\r\n\t<img decoding=\"async\" src=\"https:\/\/weyou.blob.core.windows.net\/images\/conferencier\/b1e4b8c8-98e6-447b-9105-bed008b361af.jpg\" alt=\"S\u00e9bastien PINAULDT\"><p><strong>S\u00e9bastien PINAULDT<\/strong><br\/>CEO &ndash; THEBLUEWAY<\/p><\/div>\t\t\t\t\t\t\t\t\t<div class=\"speaker\">\r\n\t<img decoding=\"async\" src=\"https:\/\/weyou.blob.core.windows.net\/images\/conferencier\/5b19b9b7-4df3-43ca-a182-4508a514ca42.jpg\" alt=\"Daniel KOVACS\"><p><strong>Daniel KOVACS<\/strong><br\/>CEO &ndash; E-MOBILITY EXPERT<\/p><\/div>\t\t\t\t\t\t\t<\/div>\r\n\t\t\t\t\r\n\t\t\t\t\r\n\t\t\t\t\t<div class=\"exhibitor-share-box\">\r\n\t\t\t\t\t\t\t\t<a href=\"https:\/\/www.facebook.com\/sharer\/sharer.php?u=https%3A%2F%2Fwww.salon-environnement-de-travail-achats.fr%2Fen%2Fconference%2Ftheblueway-e-mobility-expert\" data-network=\"facebook\" aria-label=\"Facebook\" style=\"--official-color: #557dbc\" rel=\"noopener noreferrer nofollow\">\r\n\t\t\t\t\t<span class=\"icon-container\">\r\n\t\t\t\t\t\t<svg width=\"20px\" height=\"20px\" viewBox=\"0 0 20 20\" aria-hidden=\"true\">\r\n\t\t\t\t\t\t\t<path d=\"M20,10.1c0-5.5-4.5-10-10-10S0,4.5,0,10.1c0,5,3.7,9.1,8.4,9.9v-7H5.9v-2.9h2.5V7.9C8.4,5.4,9.9,4,12.2,4c1.1,0,2.2,0.2,2.2,0.2v2.5h-1.3c-1.2,0-1.6,0.8-1.6,1.6v1.9h2.8L13.9,13h-2.3v7C16.3,19.2,20,15.1,20,10.1z\"><\/path>\r\n\t\t\t\t\t\t<\/svg>\r\n\t\t\t\t\t<\/span>\r\n\t\t\t\t<\/a>\r\n\t\t\t\t\t\t\t\r\n\t\t\t\t<a href=\"https:\/\/twitter.com\/share?url=https%3A%2F%2Fwww.salon-environnement-de-travail-achats.fr%2Fen%2Fconference%2Ftheblueway-e-mobility-expert&text=Conferences & workshops organized by Theblueway - E-Mobility Expert - Le Salon des Achats et de L&#039;environnement de Travail\" data-network=\"twitter\" aria-label=\"Twitter\" style=\"--official-color: #7acdee\" rel=\"noopener noreferrer nofollow\">\r\n\t\t\t\t\t<span class=\"icon-container\">\r\n\t\t\t\t\t\t<svg width=\"20px\" height=\"20px\" viewBox=\"0 0 20 20\" aria-hidden=\"true\">\r\n\t\t\t\t\t\t\t<path d=\"M20,3.8c-0.7,0.3-1.5,0.5-2.4,0.6c0.8-0.5,1.5-1.3,1.8-2.3c-0.8,0.5-1.7,0.8-2.6,1c-0.7-0.8-1.8-1.3-3-1.3c-2.3,0-4.1,1.8-4.1,4.1c0,0.3,0,0.6,0.1,0.9C6.4,6.7,3.4,5.1,1.4,2.6C1,3.2,0.8,3.9,0.8,4.7c0,1.4,0.7,2.7,1.8,3.4C2,8.1,1.4,7.9,0.8,7.6c0,0,0,0,0,0.1c0,2,1.4,3.6,3.3,4c-0.3,0.1-0.7,0.1-1.1,0.1c-0.3,0-0.5,0-0.8-0.1c0.5,1.6,2,2.8,3.8,2.8c-1.4,1.1-3.2,1.8-5.1,1.8c-0.3,0-0.7,0-1-0.1c1.8,1.2,4,1.8,6.3,1.8c7.5,0,11.7-6.3,11.7-11.7c0-0.2,0-0.4,0-0.5C18.8,5.3,19.4,4.6,20,3.8z\"><\/path>\r\n\t\t\t\t\t\t<\/svg>\r\n\t\t\t\t\t<\/span>\r\n\t\t\t\t<\/a>\r\n\r\n\t\t\t\t<a href=\"https:\/\/www.linkedin.com\/shareArticle?url=https%3A%2F%2Fwww.salon-environnement-de-travail-achats.fr%2Fen%2Fconference%2Ftheblueway-e-mobility-expert&title=Conferences & workshops organized by Theblueway - E-Mobility Expert - Le Salon des Achats et de L&#039;environnement de Travail\" data-network=\"linkedin\" aria-label=\"LinkedIn\" style=\"--official-color: #1c86c6\" rel=\"noopener noreferrer nofollow\">\r\n\t\t\t\t\t<span class=\"icon-container\">\r\n\t\t\t\t\t\t<svg width=\"20px\" height=\"20px\" viewBox=\"0 0 20 20\" aria-hidden=\"true\">\r\n\t\t\t\t\t\t\t<path d=\"M18.6,0H1.4C0.6,0,0,0.6,0,1.4v17.1C0,19.4,0.6,20,1.4,20h17.1c0.8,0,1.4-0.6,1.4-1.4V1.4C20,0.6,19.4,0,18.6,0z M6,17.1h-3V7.6h3L6,17.1L6,17.1zM4.6,6.3c-1,0-1.7-0.8-1.7-1.7s0.8-1.7,1.7-1.7c0.9,0,1.7,0.8,1.7,1.7C6.3,5.5,5.5,6.3,4.6,6.3z M17.2,17.1h-3v-4.6c0-1.1,0-2.5-1.5-2.5c-1.5,0-1.8,1.2-1.8,2.5v4.7h-3V7.6h2.8v1.3h0c0.4-0.8,1.4-1.5,2.8-1.5c3,0,3.6,2,3.6,4.5V17.1z\"><\/path>\r\n\t\t\t\t\t\t<\/svg>\r\n\t\t\t\t\t<\/span>\r\n\t\t\t\t<\/a>\r\n\t\t\t\t\r\n\t\t\t\t<a href=\"whatsapp:\/\/send?text=https%3A%2F%2Fwww.salon-environnement-de-travail-achats.fr%2Fen%2Fconference%2Ftheblueway-e-mobility-expert\" data-network=\"whatsapp\" aria-label=\"WhatsApp\" style=\"--official-color: #5bba67\" rel=\"noopener noreferrer nofollow\">\r\n\t\t\t\t\t<span class=\"icon-container\">\r\n\t\t\t\t\t\t<svg width=\"20px\" height=\"20px\" viewBox=\"0 0 20 20\" aria-hidden=\"true\">\r\n\t\t\t\t\t\t\t<path d=\"M10,0C4.5,0,0,4.5,0,10c0,1.9,0.5,3.6,1.4,5.1L0.1,20l5-1.3C6.5,19.5,8.2,20,10,20c5.5,0,10-4.5,10-10S15.5,0,10,0zM6.6,5.3c0.2,0,0.3,0,0.5,0c0.2,0,0.4,0,0.6,0.4c0.2,0.5,0.7,1.7,0.8,1.8c0.1,0.1,0.1,0.3,0,0.4C8.3,8.2,8.3,8.3,8.1,8.5C8,8.6,7.9,8.8,7.8,8.9C7.7,9,7.5,9.1,7.7,9.4c0.1,0.2,0.6,1.1,1.4,1.7c0.9,0.8,1.7,1.1,2,1.2c0.2,0.1,0.4,0.1,0.5-0.1c0.1-0.2,0.6-0.7,0.8-1c0.2-0.2,0.3-0.2,0.6-0.1c0.2,0.1,1.4,0.7,1.7,0.8s0.4,0.2,0.5,0.3c0.1,0.1,0.1,0.6-0.1,1.2c-0.2,0.6-1.2,1.1-1.7,1.2c-0.5,0-0.9,0.2-3-0.6c-2.5-1-4.1-3.6-4.2-3.7c-0.1-0.2-1-1.3-1-2.6c0-1.2,0.6-1.8,0.9-2.1C6.1,5.4,6.4,5.3,6.6,5.3z\"><\/path>\r\n\t\t\t\t\t\t<\/svg>\r\n\t\t\t\t\t<\/span>\r\n\t\t\t\t<\/a>\r\n\t\t\t<\/div>\r\n\t\t\t<\/div>\r\n<\/div>\t\t\t\t\t\t\t<div class=\"conferences-accordion-item\" data-date=\"2026-03-26T00:00:00\" data-type=\"idet-conference\">\r\n\t<div class=\"conferences-accordion-header\">\r\n\t\t<div class=\"conference-infos\">\r\n\t\t\t<span class=\"conference-date\">\r\n\t\t\t\t<svg xmlns=\"http:\/\/www.w3.org\/2000\/svg\" height=\"1em\" viewBox=\"0 0 448 512\"><path d=\"M96 32V64H48C21.5 64 0 85.5 0 112v48H448V112c0-26.5-21.5-48-48-48H352V32c0-17.7-14.3-32-32-32s-32 14.3-32 32V64H160V32c0-17.7-14.3-32-32-32S96 14.3 96 32zM448 192H0V464c0 26.5 21.5 48 48 48H400c26.5 0 48-21.5 48-48V192z\"\/><\/svg>\r\n\t\t\t\t26 March 2026\t\t\t<\/span>\r\n\t\t\t<span class=\"conference-time\">\r\n\t\t\t\t<svg xmlns=\"http:\/\/www.w3.org\/2000\/svg\" height=\"1em\" viewBox=\"0 0 512 512\"><path d=\"M256 0a256 256 0 1 1 0 512A256 256 0 1 1 256 0zM232 120V256c0 8 4 15.5 10.7 20l96 64c11 7.4 25.9 4.4 33.3-6.7s4.4-25.9-6.7-33.3L280 243.2V120c0-13.3-10.7-24-24-24s-24 10.7-24 24z\"\/><\/svg>\r\n\t\t\t\t14H30 to 15H30\t\t\t<\/span>\r\n\t\t\t<span class=\"conference-location\">\r\n\t\t\t\t<svg xmlns=\"http:\/\/www.w3.org\/2000\/svg\" height=\"1em\" viewBox=\"0 0 384 512\"><path d=\"M215.7 499.2C267 435 384 279.4 384 192C384 86 298 0 192 0S0 86 0 192c0 87.4 117 243 168.3 307.2c12.3 15.3 35.1 15.3 47.4 0zM192 128a64 64 0 1 1 0 128 64 64 0 1 1 0-128z\"\/><\/svg>\r\n\t\t\t\tPerspectives room\t\t\t<\/span>\r\n\t\t\t\r\n\t\t\t\t\t\t\t<span class=\"conference-type\">\r\n\t\t\t\t\t<svg xmlns=\"http:\/\/www.w3.org\/2000\/svg\" height=\"1em\" viewBox=\"0 0 384 512\"><path d=\"M0 48V487.7C0 501.1 10.9 512 24.3 512c5 0 9.9-1.5 14-4.4L192 400 345.7 507.6c4.1 2.9 9 4.4 14 4.4c13.4 0 24.3-10.9 24.3-24.3V48c0-26.5-21.5-48-48-48H48C21.5 0 0 21.5 0 48z\"\/><\/svg>\r\n\t\t\t\t\tIDET Conference\t\t\t\t<\/span>\r\n\t\t\t\t\t<\/div>\r\n\t\t\r\n\t\t<h3 class=\"conference-title\">The mix of generations in the company<\/h3>\r\n\t\t\r\n\t\t\t\t\t<p class=\"organized-by\">\r\n\t\t\t\tOrganized by IDET\t\t\t<\/p>\r\n\t\t\t\t\r\n\t\t<a class=\"read-more\" href=\"#\">Continue reading<\/a>\r\n\t<\/div>\r\n\t\t\t\t\t\t\t\t\r\n\t<div class=\"conferences-accordion-panel\">\r\n\t\t\r\n\t\t\t\t\t\t<img decoding=\"async\" src=\"https:\/\/weyou.blob.core.windows.net\/images\/exposant\/8e355e85-df27-4d0f-8e16-2dccfd59f805.jpg\" class=\"exhibitor-logo\" alt=\"IDET\">\r\n\t\t\t\t\t\r\n\t\t<div class=\"conference-description\">\r\n\t\t\t<p>&ldquo;Generation X,&rdquo; &ldquo;Millennials,&rdquo; &ldquo;Generation Z&rdquo;: distinctions between generations have become increasingly popular, but what about their expectations of companies? More importantly, how do these generations mix and interact? What role can HR departments play in promoting intergenerational cohesion?<\/p>\n\t\t<\/div>\r\n\t\t\t\r\n\t\t\t\t\r\n\t\t\t\t\t<p class=\"speakers-title\">Speakers:<\/p>\r\n\t\t\t<div class=\"speakers\">\r\n\t\t\t\t\t\t\t\t\t<div class=\"speaker\">\r\n\t<p><strong>S\u00e9verine PILVERDIER <\/strong><br\/>Director of Work Environment and Real Estate, President of IDET &ndash; BNP PARIBAS RE, IDET<\/p><\/div>\t\t\t\t\t\t\t\t\t<div class=\"speaker\">\r\n\t<p><strong>Fanny  LAMARQUE <\/strong><br\/>Director of Real Estate and Work Environment, member of the IDET Supervisory Board  &ndash; PMU<\/p><\/div>\t\t\t\t\t\t\t<\/div>\r\n\t\t\t\t\r\n\t\t\t\t\t<div class=\"exhibitor-share-box\">\r\n\t\t\t\t\t\t\t\t<a href=\"https:\/\/www.facebook.com\/sharer\/sharer.php?u=https%3A%2F%2Fwww.salon-environnement-de-travail-achats.fr%2Fen%2Fconference%2Fidet\" data-network=\"facebook\" aria-label=\"Facebook\" style=\"--official-color: #557dbc\" rel=\"noopener noreferrer nofollow\">\r\n\t\t\t\t\t<span class=\"icon-container\">\r\n\t\t\t\t\t\t<svg width=\"20px\" height=\"20px\" viewBox=\"0 0 20 20\" aria-hidden=\"true\">\r\n\t\t\t\t\t\t\t<path d=\"M20,10.1c0-5.5-4.5-10-10-10S0,4.5,0,10.1c0,5,3.7,9.1,8.4,9.9v-7H5.9v-2.9h2.5V7.9C8.4,5.4,9.9,4,12.2,4c1.1,0,2.2,0.2,2.2,0.2v2.5h-1.3c-1.2,0-1.6,0.8-1.6,1.6v1.9h2.8L13.9,13h-2.3v7C16.3,19.2,20,15.1,20,10.1z\"><\/path>\r\n\t\t\t\t\t\t<\/svg>\r\n\t\t\t\t\t<\/span>\r\n\t\t\t\t<\/a>\r\n\t\t\t\t\t\t\t\r\n\t\t\t\t<a href=\"https:\/\/twitter.com\/share?url=https%3A%2F%2Fwww.salon-environnement-de-travail-achats.fr%2Fen%2Fconference%2Fidet&text=Conferences & workshops organized by IDET - Le Salon des Achats et de L&#039;environnement de Travail\" data-network=\"twitter\" aria-label=\"Twitter\" style=\"--official-color: #7acdee\" rel=\"noopener noreferrer nofollow\">\r\n\t\t\t\t\t<span class=\"icon-container\">\r\n\t\t\t\t\t\t<svg width=\"20px\" height=\"20px\" viewBox=\"0 0 20 20\" aria-hidden=\"true\">\r\n\t\t\t\t\t\t\t<path d=\"M20,3.8c-0.7,0.3-1.5,0.5-2.4,0.6c0.8-0.5,1.5-1.3,1.8-2.3c-0.8,0.5-1.7,0.8-2.6,1c-0.7-0.8-1.8-1.3-3-1.3c-2.3,0-4.1,1.8-4.1,4.1c0,0.3,0,0.6,0.1,0.9C6.4,6.7,3.4,5.1,1.4,2.6C1,3.2,0.8,3.9,0.8,4.7c0,1.4,0.7,2.7,1.8,3.4C2,8.1,1.4,7.9,0.8,7.6c0,0,0,0,0,0.1c0,2,1.4,3.6,3.3,4c-0.3,0.1-0.7,0.1-1.1,0.1c-0.3,0-0.5,0-0.8-0.1c0.5,1.6,2,2.8,3.8,2.8c-1.4,1.1-3.2,1.8-5.1,1.8c-0.3,0-0.7,0-1-0.1c1.8,1.2,4,1.8,6.3,1.8c7.5,0,11.7-6.3,11.7-11.7c0-0.2,0-0.4,0-0.5C18.8,5.3,19.4,4.6,20,3.8z\"><\/path>\r\n\t\t\t\t\t\t<\/svg>\r\n\t\t\t\t\t<\/span>\r\n\t\t\t\t<\/a>\r\n\r\n\t\t\t\t<a href=\"https:\/\/www.linkedin.com\/shareArticle?url=https%3A%2F%2Fwww.salon-environnement-de-travail-achats.fr%2Fen%2Fconference%2Fidet&title=Conferences & workshops organized by IDET - Le Salon des Achats et de L&#039;environnement de Travail\" data-network=\"linkedin\" aria-label=\"LinkedIn\" style=\"--official-color: #1c86c6\" rel=\"noopener noreferrer nofollow\">\r\n\t\t\t\t\t<span class=\"icon-container\">\r\n\t\t\t\t\t\t<svg width=\"20px\" height=\"20px\" viewBox=\"0 0 20 20\" aria-hidden=\"true\">\r\n\t\t\t\t\t\t\t<path d=\"M18.6,0H1.4C0.6,0,0,0.6,0,1.4v17.1C0,19.4,0.6,20,1.4,20h17.1c0.8,0,1.4-0.6,1.4-1.4V1.4C20,0.6,19.4,0,18.6,0z M6,17.1h-3V7.6h3L6,17.1L6,17.1zM4.6,6.3c-1,0-1.7-0.8-1.7-1.7s0.8-1.7,1.7-1.7c0.9,0,1.7,0.8,1.7,1.7C6.3,5.5,5.5,6.3,4.6,6.3z M17.2,17.1h-3v-4.6c0-1.1,0-2.5-1.5-2.5c-1.5,0-1.8,1.2-1.8,2.5v4.7h-3V7.6h2.8v1.3h0c0.4-0.8,1.4-1.5,2.8-1.5c3,0,3.6,2,3.6,4.5V17.1z\"><\/path>\r\n\t\t\t\t\t\t<\/svg>\r\n\t\t\t\t\t<\/span>\r\n\t\t\t\t<\/a>\r\n\t\t\t\t\r\n\t\t\t\t<a href=\"whatsapp:\/\/send?text=https%3A%2F%2Fwww.salon-environnement-de-travail-achats.fr%2Fen%2Fconference%2Fidet\" data-network=\"whatsapp\" aria-label=\"WhatsApp\" style=\"--official-color: #5bba67\" rel=\"noopener noreferrer nofollow\">\r\n\t\t\t\t\t<span class=\"icon-container\">\r\n\t\t\t\t\t\t<svg width=\"20px\" height=\"20px\" viewBox=\"0 0 20 20\" aria-hidden=\"true\">\r\n\t\t\t\t\t\t\t<path d=\"M10,0C4.5,0,0,4.5,0,10c0,1.9,0.5,3.6,1.4,5.1L0.1,20l5-1.3C6.5,19.5,8.2,20,10,20c5.5,0,10-4.5,10-10S15.5,0,10,0zM6.6,5.3c0.2,0,0.3,0,0.5,0c0.2,0,0.4,0,0.6,0.4c0.2,0.5,0.7,1.7,0.8,1.8c0.1,0.1,0.1,0.3,0,0.4C8.3,8.2,8.3,8.3,8.1,8.5C8,8.6,7.9,8.8,7.8,8.9C7.7,9,7.5,9.1,7.7,9.4c0.1,0.2,0.6,1.1,1.4,1.7c0.9,0.8,1.7,1.1,2,1.2c0.2,0.1,0.4,0.1,0.5-0.1c0.1-0.2,0.6-0.7,0.8-1c0.2-0.2,0.3-0.2,0.6-0.1c0.2,0.1,1.4,0.7,1.7,0.8s0.4,0.2,0.5,0.3c0.1,0.1,0.1,0.6-0.1,1.2c-0.2,0.6-1.2,1.1-1.7,1.2c-0.5,0-0.9,0.2-3-0.6c-2.5-1-4.1-3.6-4.2-3.7c-0.1-0.2-1-1.3-1-2.6c0-1.2,0.6-1.8,0.9-2.1C6.1,5.4,6.4,5.3,6.6,5.3z\"><\/path>\r\n\t\t\t\t\t\t<\/svg>\r\n\t\t\t\t\t<\/span>\r\n\t\t\t\t<\/a>\r\n\t\t\t<\/div>\r\n\t\t\t<\/div>\r\n<\/div>\t\t\t\t\t<\/div>\r\n\t<\/div>\r\n<\/div>[\/vc_column_inner][\/vc_row_inner][\/vc_column][\/vc_row][\/vc_section]<\/p>\n<\/div>","protected":false},"excerpt":{"rendered":"<p>[vc_row][vc_column][\/vc_column][\/vc_row][vc_section][vc_row][vc_column][vc_row_inner][vc_column_inner][\/vc_column_inner][\/vc_row_inner][\/vc_column][\/vc_row][\/vc_section]<\/p>\n","protected":false},"author":7,"featured_media":0,"parent":0,"menu_order":0,"comment_status":"closed","ping_status":"closed","template":"","meta":{"footnotes":""},"class_list":["post-855","page","type-page","status-publish","hentry"],"yoast_head":"<!-- This site is optimized with the Yoast SEO plugin v26.9 - https:\/\/yoast.com\/product\/yoast-seo-wordpress\/ -->\n<title>Whole program - Le Salon des Achats et de L&#039;environnement de Travail<\/title>\n<meta name=\"robots\" content=\"index, follow, max-snippet:-1, max-image-preview:large, max-video-preview:-1\" \/>\n<link rel=\"canonical\" href=\"https:\/\/www.salon-environnement-de-travail-achats.fr\/en\/whole-program\" \/>\n<meta property=\"og:locale\" content=\"en_US\" \/>\n<meta property=\"og:type\" content=\"article\" \/>\n<meta property=\"og:title\" content=\"Whole program - Le Salon des Achats et de L&#039;environnement de Travail\" \/>\n<meta property=\"og:description\" content=\"[vc_row][vc_column][\/vc_column][\/vc_row][vc_section][vc_row][vc_column][vc_row_inner][vc_column_inner][\/vc_column_inner][\/vc_row_inner][\/vc_column][\/vc_row][\/vc_section]\" \/>\n<meta property=\"og:url\" content=\"https:\/\/www.salon-environnement-de-travail-achats.fr\/en\/whole-program\" \/>\n<meta property=\"og:site_name\" content=\"Le Salon des Achats et de L&#039;environnement de Travail\" \/>\n<meta property=\"article:publisher\" content=\"https:\/\/www.facebook.com\/achatsetenvrionnementdetravail\/\" \/>\n<meta property=\"article:modified_time\" content=\"2026-02-02T14:31:09+00:00\" \/>\n<meta name=\"twitter:card\" content=\"summary_large_image\" \/>\n<meta name=\"twitter:site\" content=\"@AchatsTravail\" \/>\n<meta name=\"twitter:label1\" content=\"Est. reading time\" \/>\n\t<meta name=\"twitter:data1\" content=\"1 minute\" \/>\n<script type=\"application\/ld+json\" class=\"yoast-schema-graph\">{\"@context\":\"https:\/\/schema.org\",\"@graph\":[{\"@type\":\"WebPage\",\"@id\":\"https:\/\/www.salon-environnement-de-travail-achats.fr\/en\/whole-program\",\"url\":\"https:\/\/www.salon-environnement-de-travail-achats.fr\/en\/whole-program\",\"name\":\"Whole program - Le Salon des Achats et de L&#039;environnement de Travail\",\"isPartOf\":{\"@id\":\"https:\/\/www.salon-environnement-de-travail-achats.fr\/en#website\"},\"datePublished\":\"2020-01-24T15:58:12+00:00\",\"dateModified\":\"2026-02-02T14:31:09+00:00\",\"breadcrumb\":{\"@id\":\"https:\/\/www.salon-environnement-de-travail-achats.fr\/en\/whole-program#breadcrumb\"},\"inLanguage\":\"en-US\",\"potentialAction\":[{\"@type\":\"ReadAction\",\"target\":[\"https:\/\/www.salon-environnement-de-travail-achats.fr\/en\/whole-program\"]}]},{\"@type\":\"BreadcrumbList\",\"@id\":\"https:\/\/www.salon-environnement-de-travail-achats.fr\/en\/whole-program#breadcrumb\",\"itemListElement\":[{\"@type\":\"ListItem\",\"position\":1,\"name\":\"Home\",\"item\":\"https:\/\/salons.weyou-cms.com\/saet\/en\"},{\"@type\":\"ListItem\",\"position\":2,\"name\":\"Whole program\"}]},{\"@type\":\"WebSite\",\"@id\":\"https:\/\/www.salon-environnement-de-travail-achats.fr\/en#website\",\"url\":\"https:\/\/www.salon-environnement-de-travail-achats.fr\/en\",\"name\":\"Le Salon des Achats et de L&#039;environnement de Travail\",\"description\":\"\",\"publisher\":{\"@id\":\"https:\/\/www.salon-environnement-de-travail-achats.fr\/en#organization\"},\"potentialAction\":[{\"@type\":\"SearchAction\",\"target\":{\"@type\":\"EntryPoint\",\"urlTemplate\":\"https:\/\/www.salon-environnement-de-travail-achats.fr\/en?s={search_term_string}\"},\"query-input\":{\"@type\":\"PropertyValueSpecification\",\"valueRequired\":true,\"valueName\":\"search_term_string\"}}],\"inLanguage\":\"en-US\"},{\"@type\":\"Organization\",\"@id\":\"https:\/\/www.salon-environnement-de-travail-achats.fr\/en#organization\",\"name\":\"Le salon des Achats & Environnement de travail\",\"url\":\"https:\/\/www.salon-environnement-de-travail-achats.fr\/en\",\"logo\":{\"@type\":\"ImageObject\",\"inLanguage\":\"en-US\",\"@id\":\"https:\/\/www.salon-environnement-de-travail-achats.fr\/en#\/schema\/logo\/image\/\",\"url\":\"https:\/\/weyoumedia.blob.core.windows.net\/saet\/sites\/7\/2024\/04\/SETA_LOGO_2024_site_couleur.png\",\"contentUrl\":\"https:\/\/weyoumedia.blob.core.windows.net\/saet\/sites\/7\/2024\/04\/SETA_LOGO_2024_site_couleur.png\",\"width\":230,\"height\":111,\"caption\":\"Le salon des Achats & Environnement de travail\"},\"image\":{\"@id\":\"https:\/\/www.salon-environnement-de-travail-achats.fr\/en#\/schema\/logo\/image\/\"},\"sameAs\":[\"https:\/\/www.facebook.com\/achatsetenvrionnementdetravail\/\",\"https:\/\/x.com\/AchatsTravail\",\"https:\/\/www.linkedin.com\/company\/le-salon-des-achats-et-de-l'environnement-de-travail\/\"]}]}<\/script>\n<!-- \/ Yoast SEO plugin. -->","yoast_head_json":{"title":"Whole program - Le Salon des Achats et de L&#039;environnement de Travail","robots":{"index":"index","follow":"follow","max-snippet":"max-snippet:-1","max-image-preview":"max-image-preview:large","max-video-preview":"max-video-preview:-1"},"canonical":"https:\/\/www.salon-environnement-de-travail-achats.fr\/en\/whole-program","og_locale":"en_US","og_type":"article","og_title":"Whole program - Le Salon des Achats et de L&#039;environnement de Travail","og_description":"[vc_row][vc_column][\/vc_column][\/vc_row][vc_section][vc_row][vc_column][vc_row_inner][vc_column_inner][\/vc_column_inner][\/vc_row_inner][\/vc_column][\/vc_row][\/vc_section]","og_url":"https:\/\/www.salon-environnement-de-travail-achats.fr\/en\/whole-program","og_site_name":"Le Salon des Achats et de L&#039;environnement de Travail","article_publisher":"https:\/\/www.facebook.com\/achatsetenvrionnementdetravail\/","article_modified_time":"2026-02-02T14:31:09+00:00","twitter_card":"summary_large_image","twitter_site":"@AchatsTravail","twitter_misc":{"Est. reading time":"1 minute"},"schema":{"@context":"https:\/\/schema.org","@graph":[{"@type":"WebPage","@id":"https:\/\/www.salon-environnement-de-travail-achats.fr\/en\/whole-program","url":"https:\/\/www.salon-environnement-de-travail-achats.fr\/en\/whole-program","name":"Whole program - Le Salon des Achats et de L&#039;environnement de Travail","isPartOf":{"@id":"https:\/\/www.salon-environnement-de-travail-achats.fr\/en#website"},"datePublished":"2020-01-24T15:58:12+00:00","dateModified":"2026-02-02T14:31:09+00:00","breadcrumb":{"@id":"https:\/\/www.salon-environnement-de-travail-achats.fr\/en\/whole-program#breadcrumb"},"inLanguage":"en-US","potentialAction":[{"@type":"ReadAction","target":["https:\/\/www.salon-environnement-de-travail-achats.fr\/en\/whole-program"]}]},{"@type":"BreadcrumbList","@id":"https:\/\/www.salon-environnement-de-travail-achats.fr\/en\/whole-program#breadcrumb","itemListElement":[{"@type":"ListItem","position":1,"name":"Home","item":"https:\/\/salons.weyou-cms.com\/saet\/en"},{"@type":"ListItem","position":2,"name":"Whole program"}]},{"@type":"WebSite","@id":"https:\/\/www.salon-environnement-de-travail-achats.fr\/en#website","url":"https:\/\/www.salon-environnement-de-travail-achats.fr\/en","name":"Le Salon des Achats et de L&#039;environnement de Travail","description":"","publisher":{"@id":"https:\/\/www.salon-environnement-de-travail-achats.fr\/en#organization"},"potentialAction":[{"@type":"SearchAction","target":{"@type":"EntryPoint","urlTemplate":"https:\/\/www.salon-environnement-de-travail-achats.fr\/en?s={search_term_string}"},"query-input":{"@type":"PropertyValueSpecification","valueRequired":true,"valueName":"search_term_string"}}],"inLanguage":"en-US"},{"@type":"Organization","@id":"https:\/\/www.salon-environnement-de-travail-achats.fr\/en#organization","name":"Le salon des Achats & Environnement de travail","url":"https:\/\/www.salon-environnement-de-travail-achats.fr\/en","logo":{"@type":"ImageObject","inLanguage":"en-US","@id":"https:\/\/www.salon-environnement-de-travail-achats.fr\/en#\/schema\/logo\/image\/","url":"https:\/\/weyoumedia.blob.core.windows.net\/saet\/sites\/7\/2024\/04\/SETA_LOGO_2024_site_couleur.png","contentUrl":"https:\/\/weyoumedia.blob.core.windows.net\/saet\/sites\/7\/2024\/04\/SETA_LOGO_2024_site_couleur.png","width":230,"height":111,"caption":"Le salon des Achats & Environnement de travail"},"image":{"@id":"https:\/\/www.salon-environnement-de-travail-achats.fr\/en#\/schema\/logo\/image\/"},"sameAs":["https:\/\/www.facebook.com\/achatsetenvrionnementdetravail\/","https:\/\/x.com\/AchatsTravail","https:\/\/www.linkedin.com\/company\/le-salon-des-achats-et-de-l'environnement-de-travail\/"]}]}},"_links":{"self":[{"href":"https:\/\/www.salon-environnement-de-travail-achats.fr\/en\/wp-json\/wp\/v2\/pages\/855","targetHints":{"allow":["GET"]}}],"collection":[{"href":"https:\/\/www.salon-environnement-de-travail-achats.fr\/en\/wp-json\/wp\/v2\/pages"}],"about":[{"href":"https:\/\/www.salon-environnement-de-travail-achats.fr\/en\/wp-json\/wp\/v2\/types\/page"}],"author":[{"embeddable":true,"href":"https:\/\/www.salon-environnement-de-travail-achats.fr\/en\/wp-json\/wp\/v2\/users\/7"}],"replies":[{"embeddable":true,"href":"https:\/\/www.salon-environnement-de-travail-achats.fr\/en\/wp-json\/wp\/v2\/comments?post=855"}],"version-history":[{"count":8,"href":"https:\/\/www.salon-environnement-de-travail-achats.fr\/en\/wp-json\/wp\/v2\/pages\/855\/revisions"}],"predecessor-version":[{"id":5500,"href":"https:\/\/www.salon-environnement-de-travail-achats.fr\/en\/wp-json\/wp\/v2\/pages\/855\/revisions\/5500"}],"wp:attachment":[{"href":"https:\/\/www.salon-environnement-de-travail-achats.fr\/en\/wp-json\/wp\/v2\/media?parent=855"}],"curies":[{"name":"wp","href":"https:\/\/api.w.org\/{rel}","templated":true}]}}